{"id":26,"date":"2019-09-18T08:54:51","date_gmt":"2019-09-18T08:54:51","guid":{"rendered":"https:\/\/www.embl.org\/groups\/diz-munoz\/members\/"},"modified":"2021-05-04T14:09:31","modified_gmt":"2021-05-04T14:09:31","slug":"members","status":"publish","type":"page","link":"https:\/\/www.embl.org\/groups\/diz-munoz\/members\/","title":{"rendered":"Members"},"content":{"rendered":"<div class=\"vf-content-hub-html vf-grid vf-grid__col-2 | vf-u-margin__bottom--800\" data-cache=\"0da00f2d\">\n      <!-- Generated by: http:\/\/content.embl.org\/api\/v1\/pattern.html?filter-content-type=person&amp;filter-field-contains%5Bfield_person_positions.entity.field_position_team.entity.title%5D=Diz-Mu%C3%B1oz%20Group&amp;filter-field-value-not%5Bfield_person_positions.entity.field_position_membership%5D=leader&amp;filter-fields-empty=field_person_visible_internally&amp;filter-ref-entity%5Bfield_person_positions%5D%5Btitle%5D=&amp;filter-ref-entity%5Bfield_person_positions%5D%5Bfield_position_primary%5D=1&amp;hide%5Bteam%2C%5D=1&amp;limit=50&amp;pattern=vf-profile-inline&amp;sort-field-value%5Bfield_person_full_name%5D=ASC -->\n                \n                            <article class=\"vf-profile vf-profile--very-easy vf-profile--medium vf-profile--inline\" data-embl-js-conditional-edit=\"169637\">\n              <img decoding=\"async\" class=\"vf-profile__image\" src=\"https:\/\/content.embl.org\/\/sites\/default\/files\/styles\/medium\/public\/persons\/CP-60039874.jpg?itok=hUwQLg5n\" alt=\"image of Adil Temirgaliyev\" \/>\n      \n              <h3 class=\"vf-profile__title\">\n                      <a href=\"https:\/\/www.embl.org\/people\/person\/adil-temirgaliyev\" class=\"vf-profile__link\">Adil Temirgaliyev<\/a>\n                  <\/h3>\n      \n              <p class=\"vf-profile__job-title\">\n          Predoctoral Fellow\n        <\/p>\n      \n      \n      \n              \n                  <p class=\"vf-profile__email | vf-u-last-item\">\n            adil.temirgaliyev [at] embl.de\n          <\/p>\n              \n      \n      \n              <p class=\"vf-profile__uuid\">\n          <span>ORCID:<\/span>\n          <a class=\"vf-profile__link vf-profile__link--secondary\" href=\"https:\/\/europepmc.org\/authors\/0000-0002-0291-6704\">\n            0000-0002-0291-6704\n          <\/a>\n        <\/p>\n            <a class=\"vf-text vf-text--body-r vf-link embl-conditional-edit\" rel=\"noopener noreferrer nofollow\" href=\"\/node\/169637\/169637\" target=\"_blank\">\n        Edit\n      <\/a>\n    <\/article>\n                \n                      <article class=\"vf-profile vf-profile--very-easy vf-profile--medium vf-profile--inline\" data-embl-js-conditional-edit=\"196961\">\n              <img decoding=\"async\" class=\"vf-profile__image\" src=\"https:\/\/assets.emblstatic.net\/vf\/v2.4.14\/assets\/vf-summary\/assets\/vf-icon--avatar.svg\" alt=\"image of Anna Wittek\" \/>\n      \n              <h3 class=\"vf-profile__title\">\n                      <a href=\"https:\/\/www.embl.org\/people\/person\/anna-laura-wittek\" class=\"vf-profile__link\">Anna Wittek<\/a>\n                  <\/h3>\n      \n              <p class=\"vf-profile__job-title\">\n          Laboratory Officer\n        <\/p>\n      \n      \n      \n      \n      \n      \n            <a class=\"vf-text vf-text--body-r vf-link embl-conditional-edit\" rel=\"noopener noreferrer nofollow\" href=\"\/node\/196961\/196961\" target=\"_blank\">\n        Edit\n      <\/a>\n    <\/article>\n                \n                            <article class=\"vf-profile vf-profile--very-easy vf-profile--medium vf-profile--inline\" data-embl-js-conditional-edit=\"783083\">\n              <img decoding=\"async\" class=\"vf-profile__image\" src=\"https:\/\/content.embl.org\/\/sites\/default\/files\/styles\/medium\/public\/persons\/CP-60100246.jpg?itok=29aNh6Lw\" alt=\"image of Deniz Germen\" \/>\n      \n              <h3 class=\"vf-profile__title\">\n                      <a href=\"https:\/\/www.embl.org\/people\/person\/deniz-germen\" class=\"vf-profile__link\">Deniz Germen<\/a>\n                  <\/h3>\n      \n              <p class=\"vf-profile__job-title\">\n          Predoctoral Fellow\n        <\/p>\n      \n      \n      \n              \n                  <p class=\"vf-profile__email | vf-u-last-item\">\n            deniz.germen [at] embl.de\n          <\/p>\n              \n      \n      \n            <a class=\"vf-text vf-text--body-r vf-link embl-conditional-edit\" rel=\"noopener noreferrer nofollow\" href=\"\/node\/783083\/783083\" target=\"_blank\">\n        Edit\n      <\/a>\n    <\/article>\n                \n                      <article class=\"vf-profile vf-profile--very-easy vf-profile--medium vf-profile--inline\" data-embl-js-conditional-edit=\"725455\">\n              <img decoding=\"async\" class=\"vf-profile__image\" src=\"https:\/\/assets.emblstatic.net\/vf\/v2.4.14\/assets\/vf-summary\/assets\/vf-icon--avatar.svg\" alt=\"image of Eva Flucht\" \/>\n      \n              <h3 class=\"vf-profile__title\">\n                      <a href=\"https:\/\/www.embl.org\/people\/person\/eva-flucht\" class=\"vf-profile__link\">Eva Flucht<\/a>\n                  <\/h3>\n      \n              <p class=\"vf-profile__job-title\">\n          Visitor\n        <\/p>\n      \n      \n      \n      \n      \n      \n            <a class=\"vf-text vf-text--body-r vf-link embl-conditional-edit\" rel=\"noopener noreferrer nofollow\" href=\"\/node\/725455\/725455\" target=\"_blank\">\n        Edit\n      <\/a>\n    <\/article>\n                \n                            <article class=\"vf-profile vf-profile--very-easy vf-profile--medium vf-profile--inline\" data-embl-js-conditional-edit=\"168711\">\n              <img decoding=\"async\" class=\"vf-profile__image\" src=\"https:\/\/content.embl.org\/\/sites\/default\/files\/styles\/medium\/public\/persons\/CP-60039583.jpg?itok=rH5ZGh7m\" alt=\"image of Eva Pillai\" \/>\n      \n              <h3 class=\"vf-profile__title\">\n                      <a href=\"https:\/\/www.embl.org\/people\/person\/eva-pillai\" class=\"vf-profile__link\">Eva Pillai<\/a>\n                  <\/h3>\n      \n              <p class=\"vf-profile__job-title\">\n          Postdoctoral Fellow\n        <\/p>\n      \n      \n      \n      \n      \n      \n              <p class=\"vf-profile__uuid\">\n          <span>ORCID:<\/span>\n          <a class=\"vf-profile__link vf-profile__link--secondary\" href=\"https:\/\/europepmc.org\/authors\/0000-0002-4662-3356\">\n            0000-0002-4662-3356\n          <\/a>\n        <\/p>\n            <a class=\"vf-text vf-text--body-r vf-link embl-conditional-edit\" rel=\"noopener noreferrer nofollow\" href=\"\/node\/168711\/168711\" target=\"_blank\">\n        Edit\n      <\/a>\n    <\/article>\n                \n                            <article class=\"vf-profile vf-profile--very-easy vf-profile--medium vf-profile--inline\" data-embl-js-conditional-edit=\"958873\">\n              <img decoding=\"async\" class=\"vf-profile__image\" src=\"https:\/\/content.embl.org\/\/sites\/default\/files\/styles\/medium\/public\/persons\/CP-60100792.jpg?itok=P26qfIgE\" alt=\"image of Ivan Palaia\" \/>\n      \n              <h3 class=\"vf-profile__title\">\n                      <a href=\"https:\/\/www.embl.org\/people\/person\/ivan-palaia\" class=\"vf-profile__link\">Ivan Palaia<\/a>\n                  <\/h3>\n      \n              <p class=\"vf-profile__job-title\">\n          Visitor\n        <\/p>\n      \n      \n      \n      \n      \n      \n            <a class=\"vf-text vf-text--body-r vf-link embl-conditional-edit\" rel=\"noopener noreferrer nofollow\" href=\"\/node\/958873\/958873\" target=\"_blank\">\n        Edit\n      <\/a>\n    <\/article>\n                \n                            <article class=\"vf-profile vf-profile--very-easy vf-profile--medium vf-profile--inline\" data-embl-js-conditional-edit=\"153256\">\n              <img decoding=\"async\" class=\"vf-profile__image\" src=\"https:\/\/content.embl.org\/\/sites\/default\/files\/styles\/medium\/public\/persons\/CP-60038007.jpg?itok=anjflZnX\" alt=\"image of Filipe Nunes Vicente\" \/>\n      \n              <h3 class=\"vf-profile__title\">\n                      <a href=\"https:\/\/www.embl.org\/people\/person\/filipe-nunes\" class=\"vf-profile__link\">Filipe Nunes Vicente<\/a>\n                  <\/h3>\n      \n              <p class=\"vf-profile__job-title\">\n          Postdoctoral Fellow\n        <\/p>\n      \n      \n      \n      \n      \n      \n              <p class=\"vf-profile__uuid\">\n          <span>ORCID:<\/span>\n          <a class=\"vf-profile__link vf-profile__link--secondary\" href=\"https:\/\/europepmc.org\/authors\/0000-0001-5107-0461\">\n            0000-0001-5107-0461\n          <\/a>\n        <\/p>\n            <a class=\"vf-text vf-text--body-r vf-link embl-conditional-edit\" rel=\"noopener noreferrer nofollow\" href=\"\/node\/153256\/153256\" target=\"_blank\">\n        Edit\n      <\/a>\n    <\/article>\n                \n                            <article class=\"vf-profile vf-profile--very-easy vf-profile--medium vf-profile--inline\" data-embl-js-conditional-edit=\"191219\">\n              <img decoding=\"async\" class=\"vf-profile__image\" src=\"https:\/\/content.embl.org\/\/sites\/default\/files\/styles\/medium\/public\/persons\/CP-60045215.jpg?itok=a9g43VDv\" alt=\"image of Julie Gauchoux--Bruna\" \/>\n      \n              <h3 class=\"vf-profile__title\">\n                      <a href=\"https:\/\/www.embl.org\/people\/person\/julie-alice-gauchoux-bruna\" class=\"vf-profile__link\">Julie Gauchoux&#8211;Bruna<\/a>\n                  <\/h3>\n      \n              <p class=\"vf-profile__job-title\">\n          Postdoctoral Fellow\n        <\/p>\n      \n      \n      \n              \n                  <p class=\"vf-profile__email | vf-u-last-item\">\n            julie.gauchouxbruna [at] embl.de\n          <\/p>\n              \n      \n      \n            <a class=\"vf-text vf-text--body-r vf-link embl-conditional-edit\" rel=\"noopener noreferrer nofollow\" href=\"\/node\/191219\/191219\" target=\"_blank\">\n        Edit\n      <\/a>\n    <\/article>\n                \n                      <article class=\"vf-profile vf-profile--very-easy vf-profile--medium vf-profile--inline\" data-embl-js-conditional-edit=\"188813\">\n              <img decoding=\"async\" class=\"vf-profile__image\" src=\"https:\/\/assets.emblstatic.net\/vf\/v2.4.14\/assets\/vf-summary\/assets\/vf-icon--avatar.svg\" alt=\"image of Lena Fischer\" \/>\n      \n              <h3 class=\"vf-profile__title\">\n                      <a href=\"https:\/\/www.embl.org\/people\/person\/lena-martina-fischer\" class=\"vf-profile__link\">Lena Fischer<\/a>\n                  <\/h3>\n      \n              <p class=\"vf-profile__job-title\">\n          Laboratory Officer\n        <\/p>\n      \n      \n      \n      \n      \n      \n            <a class=\"vf-text vf-text--body-r vf-link embl-conditional-edit\" rel=\"noopener noreferrer nofollow\" href=\"\/node\/188813\/188813\" target=\"_blank\">\n        Edit\n      <\/a>\n    <\/article>\n                \n                            <article class=\"vf-profile vf-profile--very-easy vf-profile--medium vf-profile--inline\" data-embl-js-conditional-edit=\"149464\">\n              <img decoding=\"async\" class=\"vf-profile__image\" src=\"https:\/\/content.embl.org\/\/sites\/default\/files\/styles\/medium\/public\/persons\/CP-60037597.jpg?itok=_0gH9Wwo\" alt=\"image of Linda Decker\" \/>\n      \n              <h3 class=\"vf-profile__title\">\n                      <a href=\"https:\/\/www.embl.org\/people\/person\/linda-decker\" class=\"vf-profile__link\">Linda Decker<\/a>\n                  <\/h3>\n      \n              <p class=\"vf-profile__job-title\">\n          Predoctoral Fellow\n        <\/p>\n      \n      \n      \n      \n      \n      \n              <p class=\"vf-profile__uuid\">\n          <span>ORCID:<\/span>\n          <a class=\"vf-profile__link vf-profile__link--secondary\" href=\"https:\/\/europepmc.org\/authors\/0000-0001-5495-2611\">\n            0000-0001-5495-2611\n          <\/a>\n        <\/p>\n            <a class=\"vf-text vf-text--body-r vf-link embl-conditional-edit\" rel=\"noopener noreferrer nofollow\" href=\"\/node\/149464\/149464\" target=\"_blank\">\n        Edit\n      <\/a>\n    <\/article>\n                \n                            <article class=\"vf-profile vf-profile--very-easy vf-profile--medium vf-profile--inline\" data-embl-js-conditional-edit=\"196271\">\n              <img decoding=\"async\" class=\"vf-profile__image\" src=\"https:\/\/content.embl.org\/\/sites\/default\/files\/styles\/medium\/public\/persons\/CP-60100185.jpg?itok=zUvMrF9N\" alt=\"image of Magdalena Glotzer\" \/>\n      \n              <h3 class=\"vf-profile__title\">\n                      <a href=\"https:\/\/www.embl.org\/people\/person\/magdalena-glotzer\" class=\"vf-profile__link\">Magdalena Glotzer<\/a>\n                  <\/h3>\n      \n              <p class=\"vf-profile__job-title\">\n          Administrative Officer\n        <\/p>\n      \n      \n      \n              \n                  <p class=\"vf-profile__email | vf-u-last-item\">\n            magdalena.glotzer [at] embl.de\n          <\/p>\n              \n      \n      \n            <a class=\"vf-text vf-text--body-r vf-link embl-conditional-edit\" rel=\"noopener noreferrer nofollow\" href=\"\/node\/196271\/196271\" target=\"_blank\">\n        Edit\n      <\/a>\n    <\/article>\n                \n                      <article class=\"vf-profile vf-profile--very-easy vf-profile--medium vf-profile--inline\" data-embl-js-conditional-edit=\"1613481\">\n              <img decoding=\"async\" class=\"vf-profile__image\" src=\"https:\/\/assets.emblstatic.net\/vf\/v2.4.14\/assets\/vf-summary\/assets\/vf-icon--avatar.svg\" alt=\"image of Mar\u00eda Fernanda Manr\u00edquez Garc\u00eda\" \/>\n      \n              <h3 class=\"vf-profile__title\">\n                      <a href=\"https:\/\/www.embl.org\/people\/person\/maria-fernanda-manriquez-garcia\" class=\"vf-profile__link\">Mar\u00eda Fernanda Manr\u00edquez Garc\u00eda<\/a>\n                  <\/h3>\n      \n              <p class=\"vf-profile__job-title\">\n          Bachelor Student\n        <\/p>\n      \n      \n      \n      \n      \n      \n            <a class=\"vf-text vf-text--body-r vf-link embl-conditional-edit\" rel=\"noopener noreferrer nofollow\" href=\"\/node\/1613481\/1613481\" target=\"_blank\">\n        Edit\n      <\/a>\n    <\/article>\n                \n                            <article class=\"vf-profile vf-profile--very-easy vf-profile--medium vf-profile--inline\" data-embl-js-conditional-edit=\"190951\">\n              <img decoding=\"async\" class=\"vf-profile__image\" src=\"https:\/\/content.embl.org\/\/sites\/default\/files\/styles\/medium\/public\/persons\/CP-60044958.jpg?itok=rmf7ZVfZ\" alt=\"image of Markus Koerbel\" \/>\n      \n              <h3 class=\"vf-profile__title\">\n                      <a href=\"https:\/\/www.embl.org\/people\/person\/markus-koerbel\" class=\"vf-profile__link\">Markus Koerbel<\/a>\n                  <\/h3>\n      \n              <p class=\"vf-profile__job-title\">\n          Postdoctoral Fellow (EIPOD)\n        <\/p>\n      \n      \n      \n      \n      \n      \n              <p class=\"vf-profile__uuid\">\n          <span>ORCID:<\/span>\n          <a class=\"vf-profile__link vf-profile__link--secondary\" href=\"https:\/\/europepmc.org\/authors\/0000-0002-8344-8016\">\n            0000-0002-8344-8016\n          <\/a>\n        <\/p>\n            <a class=\"vf-text vf-text--body-r vf-link embl-conditional-edit\" rel=\"noopener noreferrer nofollow\" href=\"\/node\/190951\/190951\" target=\"_blank\">\n        Edit\n      <\/a>\n    <\/article>\n                \n                            <article class=\"vf-profile vf-profile--very-easy vf-profile--medium vf-profile--inline\" data-embl-js-conditional-edit=\"86256\">\n              <img decoding=\"async\" class=\"vf-profile__image\" src=\"https:\/\/content.embl.org\/\/sites\/default\/files\/styles\/medium\/public\/persons\/CP-60024981.jpg?itok=R9OUuapX\" alt=\"image of Martin Bergert\" \/>\n      \n              <h3 class=\"vf-profile__title\">\n                      <a href=\"https:\/\/www.embl.org\/people\/person\/martin-bergert\" class=\"vf-profile__link\">Martin Bergert<\/a>\n                  <\/h3>\n      \n              <p class=\"vf-profile__job-title\">\n          Laboratory Officer in Charge\n        <\/p>\n      \n      \n      \n      \n      \n      \n              <p class=\"vf-profile__uuid\">\n          <span>ORCID:<\/span>\n          <a class=\"vf-profile__link vf-profile__link--secondary\" href=\"https:\/\/europepmc.org\/authors\/0000-0002-3222-8929\">\n            0000-0002-3222-8929\n          <\/a>\n        <\/p>\n            <a class=\"vf-text vf-text--body-r vf-link embl-conditional-edit\" rel=\"noopener noreferrer nofollow\" href=\"\/node\/86256\/86256\" target=\"_blank\">\n        Edit\n      <\/a>\n    <\/article>\n                \n                            <article class=\"vf-profile vf-profile--very-easy vf-profile--medium vf-profile--inline\" data-embl-js-conditional-edit=\"182759\">\n              <img decoding=\"async\" class=\"vf-profile__image\" src=\"https:\/\/content.embl.org\/\/sites\/default\/files\/styles\/medium\/public\/persons\/CP-60042442.jpg?itok=iBk_yumE\" alt=\"image of Nikolai Kureev\" \/>\n      \n              <h3 class=\"vf-profile__title\">\n                      <a href=\"https:\/\/www.embl.org\/people\/person\/nikolai-kureev\" class=\"vf-profile__link\">Nikolai Kureev<\/a>\n                  <\/h3>\n      \n              <p class=\"vf-profile__job-title\">\n          Predoctoral Fellow\n        <\/p>\n      \n      \n      \n      \n      \n      \n              <p class=\"vf-profile__uuid\">\n          <span>ORCID:<\/span>\n          <a class=\"vf-profile__link vf-profile__link--secondary\" href=\"https:\/\/europepmc.org\/authors\/0009-0004-9387-2234\">\n            0009-0004-9387-2234\n          <\/a>\n        <\/p>\n            <a class=\"vf-text vf-text--body-r vf-link embl-conditional-edit\" rel=\"noopener noreferrer nofollow\" href=\"\/node\/182759\/182759\" target=\"_blank\">\n        Edit\n      <\/a>\n    <\/article>\n                \n                      <article class=\"vf-profile vf-profile--very-easy vf-profile--medium vf-profile--inline\" data-embl-js-conditional-edit=\"1497851\">\n              <img decoding=\"async\" class=\"vf-profile__image\" src=\"https:\/\/assets.emblstatic.net\/vf\/v2.4.14\/assets\/vf-summary\/assets\/vf-icon--avatar.svg\" alt=\"image of Philip Noah Pirch\" \/>\n      \n              <h3 class=\"vf-profile__title\">\n                      <a href=\"https:\/\/www.embl.org\/people\/person\/philip-noah-pirch\" class=\"vf-profile__link\">Philip Noah Pirch<\/a>\n                  <\/h3>\n      \n              <p class=\"vf-profile__job-title\">\n          Master Student\n        <\/p>\n      \n      \n      \n      \n      \n      \n            <a class=\"vf-text vf-text--body-r vf-link embl-conditional-edit\" rel=\"noopener noreferrer nofollow\" href=\"\/node\/1497851\/1497851\" target=\"_blank\">\n        Edit\n      <\/a>\n    <\/article>\n                \n                            <article class=\"vf-profile vf-profile--very-easy vf-profile--medium vf-profile--inline\" data-embl-js-conditional-edit=\"171425\">\n              <img decoding=\"async\" class=\"vf-profile__image\" src=\"https:\/\/content.embl.org\/\/sites\/default\/files\/styles\/medium\/public\/persons\/CP-60040101.jpg?itok=MNQEKDBh\" alt=\"image of Ruben Tesoro Moreno\" \/>\n      \n              <h3 class=\"vf-profile__title\">\n                      <a href=\"https:\/\/www.embl.org\/people\/person\/ruben-tesoro\" class=\"vf-profile__link\">Ruben Tesoro Moreno<\/a>\n                  <\/h3>\n      \n              <p class=\"vf-profile__job-title\">\n          Predoctoral Fellow\n        <\/p>\n      \n      \n      \n              \n                  <p class=\"vf-profile__email | vf-u-last-item\">\n            ruben.tesoro [at] embl.de\n          <\/p>\n              \n      \n      \n              <p class=\"vf-profile__uuid\">\n          <span>ORCID:<\/span>\n          <a class=\"vf-profile__link vf-profile__link--secondary\" href=\"https:\/\/europepmc.org\/authors\/0000-0003-1509-1390\">\n            0000-0003-1509-1390\n          <\/a>\n        <\/p>\n            <a class=\"vf-text vf-text--body-r vf-link embl-conditional-edit\" rel=\"noopener noreferrer nofollow\" href=\"\/node\/171425\/171425\" target=\"_blank\">\n        Edit\n      <\/a>\n    <\/article>\n                \n                      <article class=\"vf-profile vf-profile--very-easy vf-profile--medium vf-profile--inline\" data-embl-js-conditional-edit=\"183181\">\n              <img decoding=\"async\" class=\"vf-profile__image\" src=\"https:\/\/assets.emblstatic.net\/vf\/v2.4.14\/assets\/vf-summary\/assets\/vf-icon--avatar.svg\" alt=\"image of Samuel Gerard\" \/>\n      \n              <h3 class=\"vf-profile__title\">\n                      <a href=\"https:\/\/www.embl.org\/people\/person\/samuel-francois-gerard\" class=\"vf-profile__link\">Samuel Gerard<\/a>\n                  <\/h3>\n      \n              <p class=\"vf-profile__job-title\">\n          Postdoctoral Fellow\n        <\/p>\n      \n      \n      \n      \n      \n      \n            <a class=\"vf-text vf-text--body-r vf-link embl-conditional-edit\" rel=\"noopener noreferrer nofollow\" href=\"\/node\/183181\/183181\" target=\"_blank\">\n        Edit\n      <\/a>\n    <\/article>\n                \n                      <article class=\"vf-profile vf-profile--very-easy vf-profile--medium vf-profile--inline\" data-embl-js-conditional-edit=\"187263\">\n              <img decoding=\"async\" class=\"vf-profile__image\" src=\"https:\/\/assets.emblstatic.net\/vf\/v2.4.14\/assets\/vf-summary\/assets\/vf-icon--avatar.svg\" alt=\"image of Sarah Katherine Foster\" \/>\n      \n              <h3 class=\"vf-profile__title\">\n                      <a href=\"https:\/\/www.embl.org\/people\/person\/sarah-katherine-foster\" class=\"vf-profile__link\">Sarah Katherine Foster<\/a>\n                  <\/h3>\n      \n              <p class=\"vf-profile__job-title\">\n          Scientific Officer\n        <\/p>\n      \n      \n      \n      \n      \n      \n            <a class=\"vf-text vf-text--body-r vf-link embl-conditional-edit\" rel=\"noopener noreferrer nofollow\" href=\"\/node\/187263\/187263\" target=\"_blank\">\n        Edit\n      <\/a>\n    <\/article>\n                \n                      <article class=\"vf-profile vf-profile--very-easy vf-profile--medium vf-profile--inline\" data-embl-js-conditional-edit=\"108286\">\n              <img decoding=\"async\" class=\"vf-profile__image\" src=\"https:\/\/assets.emblstatic.net\/vf\/v2.4.14\/assets\/vf-summary\/assets\/vf-icon--avatar.svg\" alt=\"image of Sergii Mamedov\" \/>\n      \n              <h3 class=\"vf-profile__title\">\n                      <a href=\"https:\/\/www.embl.org\/people\/person\/sergii-mamedov\" class=\"vf-profile__link\">Sergii Mamedov<\/a>\n                  <\/h3>\n      \n              <p class=\"vf-profile__job-title\">\n          Software Engineer\n        <\/p>\n      \n      \n      \n      \n      \n      \n              <p class=\"vf-profile__uuid\">\n          <span>ORCID:<\/span>\n          <a class=\"vf-profile__link vf-profile__link--secondary\" href=\"https:\/\/europepmc.org\/authors\/0000-0002-5701-5735\">\n            0000-0002-5701-5735\n          <\/a>\n        <\/p>\n            <a class=\"vf-text vf-text--body-r vf-link embl-conditional-edit\" rel=\"noopener noreferrer nofollow\" href=\"\/node\/108286\/108286\" target=\"_blank\">\n        Edit\n      <\/a>\n    <\/article>\n                \n                            <article class=\"vf-profile vf-profile--very-easy vf-profile--medium vf-profile--inline\" data-embl-js-conditional-edit=\"82814\">\n              <img decoding=\"async\" class=\"vf-profile__image\" src=\"https:\/\/content.embl.org\/\/sites\/default\/files\/styles\/medium\/public\/persons\/CP-60029751.jpg?itok=MYDX3uW-\" alt=\"image of Srishti Dar\" \/>\n      \n              <h3 class=\"vf-profile__title\">\n                      <a href=\"https:\/\/www.embl.org\/people\/person\/srishti-dar\" class=\"vf-profile__link\">Srishti Dar<\/a>\n                  <\/h3>\n      \n              <p class=\"vf-profile__job-title\">\n          Research Scientist\n        <\/p>\n      \n      \n      \n      \n      \n      \n              <p class=\"vf-profile__uuid\">\n          <span>ORCID:<\/span>\n          <a class=\"vf-profile__link vf-profile__link--secondary\" href=\"https:\/\/europepmc.org\/authors\/0000-0003-0250-5128\">\n            0000-0003-0250-5128\n          <\/a>\n        <\/p>\n            <a class=\"vf-text vf-text--body-r vf-link embl-conditional-edit\" rel=\"noopener noreferrer nofollow\" href=\"\/node\/82814\/82814\" target=\"_blank\">\n        Edit\n      <\/a>\n    <\/article>\n                \n                      <article class=\"vf-profile vf-profile--very-easy vf-profile--medium vf-profile--inline\" data-embl-js-conditional-edit=\"190581\">\n              <img decoding=\"async\" class=\"vf-profile__image\" src=\"https:\/\/assets.emblstatic.net\/vf\/v2.4.14\/assets\/vf-summary\/assets\/vf-icon--avatar.svg\" alt=\"image of Tom Kuhn\" \/>\n      \n              <h3 class=\"vf-profile__title\">\n                      <a href=\"https:\/\/www.embl.org\/people\/person\/tom-kuhn\" class=\"vf-profile__link\">Tom Kuhn<\/a>\n                  <\/h3>\n      \n              <p class=\"vf-profile__job-title\">\n          Visiting Postdoctoral Fellow\n        <\/p>\n      \n      \n      \n      \n      \n      \n            <a class=\"vf-text vf-text--body-r vf-link embl-conditional-edit\" rel=\"noopener noreferrer nofollow\" href=\"\/node\/190581\/190581\" target=\"_blank\">\n        Edit\n      <\/a>\n    <\/article>\n  <\/div>\n","protected":false},"excerpt":{"rendered":"","protected":false},"author":1,"featured_media":0,"parent":0,"menu_order":0,"comment_status":"closed","ping_status":"closed","template":"template-members.php","meta":{"_acf_changed":false,"footnotes":""},"embl_taxonomy":[],"class_list":["post-26","page","type-page","status-publish","hentry"],"acf":[],"embl_taxonomy_terms":[],"_links":{"self":[{"href":"https:\/\/www.embl.org\/groups\/diz-munoz\/wp-json\/wp\/v2\/pages\/26","targetHints":{"allow":["GET"]}}],"collection":[{"href":"https:\/\/www.embl.org\/groups\/diz-munoz\/wp-json\/wp\/v2\/pages"}],"about":[{"href":"https:\/\/www.embl.org\/groups\/diz-munoz\/wp-json\/wp\/v2\/types\/page"}],"author":[{"embeddable":true,"href":"https:\/\/www.embl.org\/groups\/diz-munoz\/wp-json\/wp\/v2\/users\/1"}],"replies":[{"embeddable":true,"href":"https:\/\/www.embl.org\/groups\/diz-munoz\/wp-json\/wp\/v2\/comments?post=26"}],"version-history":[{"count":1,"href":"https:\/\/www.embl.org\/groups\/diz-munoz\/wp-json\/wp\/v2\/pages\/26\/revisions"}],"predecessor-version":[{"id":187,"href":"https:\/\/www.embl.org\/groups\/diz-munoz\/wp-json\/wp\/v2\/pages\/26\/revisions\/187"}],"wp:attachment":[{"href":"https:\/\/www.embl.org\/groups\/diz-munoz\/wp-json\/wp\/v2\/media?parent=26"}],"wp:term":[{"taxonomy":"embl_taxonomy","embeddable":true,"href":"https:\/\/www.embl.org\/groups\/diz-munoz\/wp-json\/wp\/v2\/embl_taxonomy?post=26"}],"curies":[{"name":"wp","href":"https:\/\/api.w.org\/{rel}","templated":true}]}}