{"id":26,"date":"2020-06-22T11:31:30","date_gmt":"2020-06-22T11:31:30","guid":{"rendered":"https:\/\/www.embl.org\/groups\/dey\/members\/"},"modified":"2020-06-22T11:31:30","modified_gmt":"2020-06-22T11:31:30","slug":"members","status":"publish","type":"page","link":"https:\/\/www.embl.org\/groups\/dey\/members\/","title":{"rendered":"Members"},"content":{"rendered":"<div class=\"vf-content-hub-html vf-grid vf-grid__col-2 | vf-u-margin__bottom--800\" data-cache=\"66b9758e\">\n      <!-- Generated by: http:\/\/content.embl.org\/api\/v1\/pattern.html?filter-content-type=person&amp;filter-field-contains%5Bfield_person_positions.entity.field_position_team.entity.title%5D=Dey%20Group&amp;filter-field-value-not%5Bfield_person_positions.entity.field_position_membership%5D=leader&amp;filter-fields-empty=field_person_visible_internally&amp;filter-ref-entity%5Bfield_person_positions%5D%5Btitle%5D=&amp;filter-ref-entity%5Bfield_person_positions%5D%5Bfield_position_primary%5D=1&amp;hide%5Bteam%2C%5D=1&amp;limit=50&amp;pattern=vf-profile-inline&amp;sort-field-value%5Bfield_person_full_name%5D=ASC -->\n                \n                            <article class=\"vf-profile vf-profile--very-easy vf-profile--medium vf-profile--inline\" data-embl-js-conditional-edit=\"153448\">\n              <img decoding=\"async\" class=\"vf-profile__image\" src=\"https:\/\/content.embl.org\/\/sites\/default\/files\/styles\/medium\/public\/persons\/CP-60038194.jpg?itok=dZnULzxy\" alt=\"image of Caroline Simon\" \/>\n      \n              <h3 class=\"vf-profile__title\">\n                      <a href=\"https:\/\/www.embl.org\/people\/person\/caroline-simon\" class=\"vf-profile__link\">Caroline Simon<\/a>\n                  <\/h3>\n      \n              <p class=\"vf-profile__job-title\">\n          Postdoctoral Fellow\n        <\/p>\n      \n      \n      \n      \n      \n      \n              <p class=\"vf-profile__uuid\">\n          <span>ORCID:<\/span>\n          <a class=\"vf-profile__link vf-profile__link--secondary\" href=\"https:\/\/europepmc.org\/authors\/0000-0003-4838-7964\">\n            0000-0003-4838-7964\n          <\/a>\n        <\/p>\n            <a class=\"vf-text vf-text--body-r vf-link embl-conditional-edit\" rel=\"noopener noreferrer nofollow\" href=\"\/node\/153448\/153448\" target=\"_blank\">\n        Edit\n      <\/a>\n    <\/article>\n                \n                      <article class=\"vf-profile vf-profile--very-easy vf-profile--medium vf-profile--inline\" data-embl-js-conditional-edit=\"189739\">\n              <img decoding=\"async\" class=\"vf-profile__image\" src=\"https:\/\/assets.emblstatic.net\/vf\/v2.4.14\/assets\/vf-summary\/assets\/vf-icon--avatar.svg\" alt=\"image of Eliott Marie Flaum\" \/>\n      \n              <h3 class=\"vf-profile__title\">\n                      <a href=\"https:\/\/www.embl.org\/people\/person\/eliottmarie-flaum\" class=\"vf-profile__link\">Eliott Marie Flaum<\/a>\n                  <\/h3>\n      \n              <p class=\"vf-profile__job-title\">\n          Postdoctoral Fellow (EIPOD)\n        <\/p>\n      \n      \n      \n      \n      \n      \n              <p class=\"vf-profile__uuid\">\n          <span>ORCID:<\/span>\n          <a class=\"vf-profile__link vf-profile__link--secondary\" href=\"https:\/\/europepmc.org\/authors\/0000-0001-8737-7967\">\n            0000-0001-8737-7967\n          <\/a>\n        <\/p>\n            <a class=\"vf-text vf-text--body-r vf-link embl-conditional-edit\" rel=\"noopener noreferrer nofollow\" href=\"\/node\/189739\/189739\" target=\"_blank\">\n        Edit\n      <\/a>\n    <\/article>\n                \n                            <article class=\"vf-profile vf-profile--very-easy vf-profile--medium vf-profile--inline\" data-embl-js-conditional-edit=\"190497\">\n              <img decoding=\"async\" class=\"vf-profile__image\" src=\"https:\/\/content.embl.org\/\/sites\/default\/files\/styles\/medium\/public\/persons\/CP-60044689.jpg?itok=hcq4PbNh\" alt=\"image of Elizaveta Gubanova\" \/>\n      \n              <h3 class=\"vf-profile__title\">\n                      <a href=\"https:\/\/www.embl.org\/people\/person\/elizaveta-gubanova\" class=\"vf-profile__link\">Elizaveta Gubanova<\/a>\n                  <\/h3>\n      \n              <p class=\"vf-profile__job-title\">\n          Predoctoral Fellow\n        <\/p>\n      \n      \n      \n      \n      \n      \n            <a class=\"vf-text vf-text--body-r vf-link embl-conditional-edit\" rel=\"noopener noreferrer nofollow\" href=\"\/node\/190497\/190497\" target=\"_blank\">\n        Edit\n      <\/a>\n    <\/article>\n                \n                            <article class=\"vf-profile vf-profile--very-easy vf-profile--medium vf-profile--inline\" data-embl-js-conditional-edit=\"110620\">\n              <img decoding=\"async\" class=\"vf-profile__image\" src=\"https:\/\/content.embl.org\/\/sites\/default\/files\/styles\/medium\/public\/persons\/CP-60036076.jpg?itok=BQjo05mz\" alt=\"image of Hiral Shah\" \/>\n      \n              <h3 class=\"vf-profile__title\">\n                      <a href=\"https:\/\/www.embl.org\/people\/person\/hiral-shah\" class=\"vf-profile__link\">Hiral Shah<\/a>\n                  <\/h3>\n      \n              <p class=\"vf-profile__job-title\">\n          Postdoctoral Fellow\n        <\/p>\n      \n      \n      \n      \n      \n      \n              <p class=\"vf-profile__uuid\">\n          <span>ORCID:<\/span>\n          <a class=\"vf-profile__link vf-profile__link--secondary\" href=\"https:\/\/europepmc.org\/authors\/0000-0002-8143-8244\">\n            0000-0002-8143-8244\n          <\/a>\n        <\/p>\n            <a class=\"vf-text vf-text--body-r vf-link embl-conditional-edit\" rel=\"noopener noreferrer nofollow\" href=\"\/node\/110620\/110620\" target=\"_blank\">\n        Edit\n      <\/a>\n    <\/article>\n                \n                            <article class=\"vf-profile vf-profile--very-easy vf-profile--medium vf-profile--inline\" data-embl-js-conditional-edit=\"807649\">\n              <img decoding=\"async\" class=\"vf-profile__image\" src=\"https:\/\/content.embl.org\/\/sites\/default\/files\/styles\/medium\/public\/persons\/CP-60100558.jpg?itok=XXdbZDv9\" alt=\"image of Iva Verbanac\" \/>\n      \n              <h3 class=\"vf-profile__title\">\n                      <a href=\"https:\/\/www.embl.org\/people\/person\/iva-verbanac\" class=\"vf-profile__link\">Iva Verbanac<\/a>\n                  <\/h3>\n      \n              <p class=\"vf-profile__job-title\">\n          Predoctoral Fellow\n        <\/p>\n      \n      \n      \n      \n      \n      \n            <a class=\"vf-text vf-text--body-r vf-link embl-conditional-edit\" rel=\"noopener noreferrer nofollow\" href=\"\/node\/807649\/807649\" target=\"_blank\">\n        Edit\n      <\/a>\n    <\/article>\n                \n                            <article class=\"vf-profile vf-profile--very-easy vf-profile--medium vf-profile--inline\" data-embl-js-conditional-edit=\"109616\">\n              <img decoding=\"async\" class=\"vf-profile__image\" src=\"https:\/\/content.embl.org\/\/sites\/default\/files\/styles\/medium\/public\/persons\/CP-60036099.jpg?itok=kO-KP5Uh\" alt=\"image of Jana Helsen\" \/>\n      \n              <h3 class=\"vf-profile__title\">\n                      <a href=\"https:\/\/www.embl.org\/people\/person\/jana-helsen\" class=\"vf-profile__link\">Jana Helsen<\/a>\n                  <\/h3>\n      \n              <p class=\"vf-profile__job-title\">\n          Postdoctoral Fellow\n        <\/p>\n      \n      \n      \n      \n      \n      \n              <p class=\"vf-profile__uuid\">\n          <span>ORCID:<\/span>\n          <a class=\"vf-profile__link vf-profile__link--secondary\" href=\"https:\/\/europepmc.org\/authors\/0000-0002-2637-7047\">\n            0000-0002-2637-7047\n          <\/a>\n        <\/p>\n            <a class=\"vf-text vf-text--body-r vf-link embl-conditional-edit\" rel=\"noopener noreferrer nofollow\" href=\"\/node\/109616\/109616\" target=\"_blank\">\n        Edit\n      <\/a>\n    <\/article>\n                \n                            <article class=\"vf-profile vf-profile--very-easy vf-profile--medium vf-profile--inline\" data-embl-js-conditional-edit=\"111636\">\n              <img decoding=\"async\" class=\"vf-profile__image\" src=\"https:\/\/content.embl.org\/\/sites\/default\/files\/styles\/medium\/public\/persons\/CP-60036305.jpg?itok=SqbjRjOI\" alt=\"image of Jonas Hellgoth\" \/>\n      \n              <h3 class=\"vf-profile__title\">\n                      <a href=\"https:\/\/www.embl.org\/people\/person\/jonas-hellgoth\" class=\"vf-profile__link\">Jonas Hellgoth<\/a>\n                  <\/h3>\n      \n              <p class=\"vf-profile__job-title\">\n          Predoctoral Fellow\n        <\/p>\n      \n      \n      \n      \n      \n      \n              <p class=\"vf-profile__uuid\">\n          <span>ORCID:<\/span>\n          <a class=\"vf-profile__link vf-profile__link--secondary\" href=\"https:\/\/europepmc.org\/authors\/0000-0003-0758-1680\">\n            0000-0003-0758-1680\n          <\/a>\n        <\/p>\n            <a class=\"vf-text vf-text--body-r vf-link embl-conditional-edit\" rel=\"noopener noreferrer nofollow\" href=\"\/node\/111636\/111636\" target=\"_blank\">\n        Edit\n      <\/a>\n    <\/article>\n                \n                            <article class=\"vf-profile vf-profile--very-easy vf-profile--medium vf-profile--inline\" data-embl-js-conditional-edit=\"954539\">\n              <img decoding=\"async\" class=\"vf-profile__image\" src=\"https:\/\/content.embl.org\/\/sites\/default\/files\/styles\/medium\/public\/persons\/CP-60100777.jpg?itok=e6BSRAFy\" alt=\"image of Karla Azucena Ju\u00e1rez N\u00fa\u00f1ez\" \/>\n      \n              <h3 class=\"vf-profile__title\">\n                      <a href=\"https:\/\/www.embl.org\/people\/person\/karla-azucena-juarez-nunez\" class=\"vf-profile__link\">Karla Azucena Ju\u00e1rez N\u00fa\u00f1ez<\/a>\n                  <\/h3>\n      \n              <p class=\"vf-profile__job-title\">\n          Research Technician &#8211; Expansion Microscopy\n        <\/p>\n      \n      \n      \n      \n      \n      \n              <p class=\"vf-profile__uuid\">\n          <span>ORCID:<\/span>\n          <a class=\"vf-profile__link vf-profile__link--secondary\" href=\"https:\/\/europepmc.org\/authors\/0000-0002-6373-1914\">\n            0000-0002-6373-1914\n          <\/a>\n        <\/p>\n            <a class=\"vf-text vf-text--body-r vf-link embl-conditional-edit\" rel=\"noopener noreferrer nofollow\" href=\"\/node\/954539\/954539\" target=\"_blank\">\n        Edit\n      <\/a>\n    <\/article>\n                \n                            <article class=\"vf-profile vf-profile--very-easy vf-profile--medium vf-profile--inline\" data-embl-js-conditional-edit=\"81050\">\n              <img decoding=\"async\" class=\"vf-profile__image\" src=\"https:\/\/content.embl.org\/\/sites\/default\/files\/styles\/medium\/public\/persons\/CP-60034626.jpg?itok=xZi0V0TX\" alt=\"image of Kausthubh Ramachandran\" \/>\n      \n              <h3 class=\"vf-profile__title\">\n                      <a href=\"https:\/\/www.embl.org\/people\/person\/kausthubh-ramachandran\" class=\"vf-profile__link\">Kausthubh Ramachandran<\/a>\n                  <\/h3>\n      \n              <p class=\"vf-profile__job-title\">\n          Postdoctoral Fellow (Bridging)\n        <\/p>\n      \n      \n      \n      \n      \n      \n              <p class=\"vf-profile__uuid\">\n          <span>ORCID:<\/span>\n          <a class=\"vf-profile__link vf-profile__link--secondary\" href=\"https:\/\/europepmc.org\/authors\/0000-0002-6221-8166\">\n            0000-0002-6221-8166\n          <\/a>\n        <\/p>\n            <a class=\"vf-text vf-text--body-r vf-link embl-conditional-edit\" rel=\"noopener noreferrer nofollow\" href=\"\/node\/81050\/81050\" target=\"_blank\">\n        Edit\n      <\/a>\n    <\/article>\n                \n                      <article class=\"vf-profile vf-profile--very-easy vf-profile--medium vf-profile--inline\" data-embl-js-conditional-edit=\"177989\">\n              <img decoding=\"async\" class=\"vf-profile__image\" src=\"https:\/\/assets.emblstatic.net\/vf\/v2.4.14\/assets\/vf-summary\/assets\/vf-icon--avatar.svg\" alt=\"image of Marie Jacobovitz\" \/>\n      \n              <h3 class=\"vf-profile__title\">\n                      <a href=\"https:\/\/www.embl.org\/people\/person\/marie-rose-jacobovitz\" class=\"vf-profile__link\">Marie Jacobovitz<\/a>\n                  <\/h3>\n      \n              <p class=\"vf-profile__job-title\">\n          Postdoctoral Fellow\n        <\/p>\n      \n      \n      \n      \n      \n      \n              <p class=\"vf-profile__uuid\">\n          <span>ORCID:<\/span>\n          <a class=\"vf-profile__link vf-profile__link--secondary\" href=\"https:\/\/europepmc.org\/authors\/0000-0001-9246-2314\">\n            0000-0001-9246-2314\n          <\/a>\n        <\/p>\n            <a class=\"vf-text vf-text--body-r vf-link embl-conditional-edit\" rel=\"noopener noreferrer nofollow\" href=\"\/node\/177989\/177989\" target=\"_blank\">\n        Edit\n      <\/a>\n    <\/article>\n                \n                      <article class=\"vf-profile vf-profile--very-easy vf-profile--medium vf-profile--inline\" data-embl-js-conditional-edit=\"185825\">\n              <img decoding=\"async\" class=\"vf-profile__image\" src=\"https:\/\/assets.emblstatic.net\/vf\/v2.4.14\/assets\/vf-summary\/assets\/vf-icon--avatar.svg\" alt=\"image of Niklas Steube\" \/>\n      \n              <h3 class=\"vf-profile__title\">\n                      <a href=\"https:\/\/www.embl.org\/people\/person\/niklas-benjamin-steube\" class=\"vf-profile__link\">Niklas Steube<\/a>\n                  <\/h3>\n      \n              <p class=\"vf-profile__job-title\">\n          Postdoctoral Fellow (EIPOD)\n        <\/p>\n      \n      \n      \n      \n      \n      \n              <p class=\"vf-profile__uuid\">\n          <span>ORCID:<\/span>\n          <a class=\"vf-profile__link vf-profile__link--secondary\" href=\"https:\/\/europepmc.org\/authors\/0000-0001-7661-1893\">\n            0000-0001-7661-1893\n          <\/a>\n        <\/p>\n            <a class=\"vf-text vf-text--body-r vf-link embl-conditional-edit\" rel=\"noopener noreferrer nofollow\" href=\"\/node\/185825\/185825\" target=\"_blank\">\n        Edit\n      <\/a>\n    <\/article>\n                \n                      <article class=\"vf-profile vf-profile--very-easy vf-profile--medium vf-profile--inline\" data-embl-js-conditional-edit=\"1746107\">\n              <img decoding=\"async\" class=\"vf-profile__image\" src=\"https:\/\/assets.emblstatic.net\/vf\/v2.4.14\/assets\/vf-summary\/assets\/vf-icon--avatar.svg\" alt=\"image of Paula Llanos Fuentes\" \/>\n      \n              <h3 class=\"vf-profile__title\">\n                      <a href=\"https:\/\/www.embl.org\/people\/person\/paula-llanos-fuentes\" class=\"vf-profile__link\">Paula Llanos Fuentes<\/a>\n                  <\/h3>\n      \n              <p class=\"vf-profile__job-title\">\n          Postdoctoral Fellow (ARISE2)\n        <\/p>\n      \n      \n      \n      \n      \n      \n            <a class=\"vf-text vf-text--body-r vf-link embl-conditional-edit\" rel=\"noopener noreferrer nofollow\" href=\"\/node\/1746107\/1746107\" target=\"_blank\">\n        Edit\n      <\/a>\n    <\/article>\n                \n                            <article class=\"vf-profile vf-profile--very-easy vf-profile--medium vf-profile--inline\" data-embl-js-conditional-edit=\"189753\">\n              <img decoding=\"async\" class=\"vf-profile__image\" src=\"https:\/\/content.embl.org\/\/sites\/default\/files\/styles\/medium\/public\/persons\/CP-60044701.jpg?itok=e2SrmZgs\" alt=\"image of Priyesh Parihar\" \/>\n      \n              <h3 class=\"vf-profile__title\">\n                      <a href=\"https:\/\/www.embl.org\/people\/person\/priyesh-singh-parihar\" class=\"vf-profile__link\">Priyesh Parihar<\/a>\n                  <\/h3>\n      \n              <p class=\"vf-profile__job-title\">\n          Predoctoral Fellow\n        <\/p>\n      \n      \n      \n      \n      \n      \n              <p class=\"vf-profile__uuid\">\n          <span>ORCID:<\/span>\n          <a class=\"vf-profile__link vf-profile__link--secondary\" href=\"https:\/\/europepmc.org\/authors\/0009-0009-7305-3289\">\n            0009-0009-7305-3289\n          <\/a>\n        <\/p>\n            <a class=\"vf-text vf-text--body-r vf-link embl-conditional-edit\" rel=\"noopener noreferrer nofollow\" href=\"\/node\/189753\/189753\" target=\"_blank\">\n        Edit\n      <\/a>\n    <\/article>\n                \n                            <article class=\"vf-profile vf-profile--very-easy vf-profile--medium vf-profile--inline\" data-embl-js-conditional-edit=\"108390\">\n              <img decoding=\"async\" class=\"vf-profile__image\" src=\"https:\/\/content.embl.org\/\/sites\/default\/files\/styles\/medium\/public\/persons\/CP-60035581.jpg?itok=-slfSBD6\" alt=\"image of Ricardo Carvalho\" \/>\n      \n              <h3 class=\"vf-profile__title\">\n                      <a href=\"https:\/\/www.embl.org\/people\/person\/ricardo-carvalho\" class=\"vf-profile__link\">Ricardo Carvalho<\/a>\n                  <\/h3>\n      \n              <p class=\"vf-profile__job-title\">\n          Scientific Officer\n        <\/p>\n      \n      \n      \n      \n      \n      \n              <p class=\"vf-profile__uuid\">\n          <span>ORCID:<\/span>\n          <a class=\"vf-profile__link vf-profile__link--secondary\" href=\"https:\/\/europepmc.org\/authors\/0000-0002-5994-0094\">\n            0000-0002-5994-0094\n          <\/a>\n        <\/p>\n            <a class=\"vf-text vf-text--body-r vf-link embl-conditional-edit\" rel=\"noopener noreferrer nofollow\" href=\"\/node\/108390\/108390\" target=\"_blank\">\n        Edit\n      <\/a>\n    <\/article>\n                \n                      <article class=\"vf-profile vf-profile--very-easy vf-profile--medium vf-profile--inline\" data-embl-js-conditional-edit=\"865547\">\n              <img decoding=\"async\" class=\"vf-profile__image\" src=\"https:\/\/assets.emblstatic.net\/vf\/v2.4.14\/assets\/vf-summary\/assets\/vf-icon--avatar.svg\" alt=\"image of Zehra Ozdemir\" \/>\n      \n              <h3 class=\"vf-profile__title\">\n                      <a href=\"https:\/\/www.embl.org\/people\/person\/zehra-ozdemir\" class=\"vf-profile__link\">Zehra Ozdemir<\/a>\n                  <\/h3>\n      \n              <p class=\"vf-profile__job-title\">\n          Scientific Trainee\n        <\/p>\n      \n      \n      \n      \n      \n      \n            <a class=\"vf-text vf-text--body-r vf-link embl-conditional-edit\" rel=\"noopener noreferrer nofollow\" href=\"\/node\/865547\/865547\" target=\"_blank\">\n        Edit\n      <\/a>\n    <\/article>\n  <\/div>\n","protected":false},"excerpt":{"rendered":"","protected":false},"author":0,"featured_media":0,"parent":0,"menu_order":0,"comment_status":"closed","ping_status":"closed","template":"template-members.php","meta":{"_acf_changed":false,"footnotes":""},"embl_taxonomy":[],"class_list":["post-26","page","type-page","status-publish","hentry"],"acf":[],"embl_taxonomy_terms":[],"_links":{"self":[{"href":"https:\/\/www.embl.org\/groups\/dey\/wp-json\/wp\/v2\/pages\/26","targetHints":{"allow":["GET"]}}],"collection":[{"href":"https:\/\/www.embl.org\/groups\/dey\/wp-json\/wp\/v2\/pages"}],"about":[{"href":"https:\/\/www.embl.org\/groups\/dey\/wp-json\/wp\/v2\/types\/page"}],"replies":[{"embeddable":true,"href":"https:\/\/www.embl.org\/groups\/dey\/wp-json\/wp\/v2\/comments?post=26"}],"version-history":[{"count":0,"href":"https:\/\/www.embl.org\/groups\/dey\/wp-json\/wp\/v2\/pages\/26\/revisions"}],"wp:attachment":[{"href":"https:\/\/www.embl.org\/groups\/dey\/wp-json\/wp\/v2\/media?parent=26"}],"wp:term":[{"taxonomy":"embl_taxonomy","embeddable":true,"href":"https:\/\/www.embl.org\/groups\/dey\/wp-json\/wp\/v2\/embl_taxonomy?post=26"}],"curies":[{"name":"wp","href":"https:\/\/api.w.org\/{rel}","templated":true}]}}