{"id":24728,"date":"2020-01-05T20:31:29","date_gmt":"2020-01-05T20:31:29","guid":{"rendered":"http:\/\/emblog.embl.de\/ells\/?post_type=learninglab&#038;p=24728"},"modified":"2021-06-21T13:37:15","modified_gmt":"2021-06-21T13:37:15","slug":"fluoreszenzmikroskopie-im-klassenzimmer-2020","status":"publish","type":"learninglab","link":"https:\/\/www.embl.org\/ells\/training\/fluoreszenzmikroskopie-im-klassenzimmer-2020\/","title":{"rendered":"Resources Edition: Fluoreszenzmikroskopie im Klassenzimmer, 2020"},"content":{"rendered":"\n<div class=\"vf-tabs\"><ul class=\"vf-tabs__list\" data-vf-js-tabs=\"true\"><li class=\"vf-tabs__item\"><a class=\"vf-tabs__link\" href=\"#vf-tabs__section-f355e016-98f6-4529-b265-c9ca4e37d4d4\">\u00dcber das ELLS LearningLAB<\/a><\/li><li class=\"vf-tabs__item\"><a class=\"vf-tabs__link\" href=\"#vf-tabs__section-d8c79ee9-e668-4642-af0f-994828525300\">Vorl\u00e4ufiger Ablauf<\/a><\/li><li class=\"vf-tabs__item\"><a class=\"vf-tabs__link\" href=\"#vf-tabs__section-a4f8ba1f-e7f5-4036-bf00-41ade337639b\">Verantstaltungsort \/ Anreise<\/a><\/li><li class=\"vf-tabs__item\"><a class=\"vf-tabs__link\" href=\"#vf-tabs__section-c78bc9a1-b6e3-42ab-ac82-514156003f5b\">Unterkunft \/ Reisekosten<\/a><\/li><li class=\"vf-tabs__item\"><a class=\"vf-tabs__link\" href=\"#vf-tabs__section-23833dd8-4e06-4666-8161-e081e95d5330\">Bewerbung<\/a><\/li><li class=\"vf-tabs__item\"><a class=\"vf-tabs__link\" href=\"#vf-tabs__section-107024f4-6dfc-4e50-81b9-4f7d358f94a7\">Teilnahme und Absage<\/a><\/li><\/ul><div class=\"vf-tabs-content\" data-vf-js-tabs-content=\"true\">\n<section class=\"vf-tabs__section\" id=\"vf-tabs__section-f355e016-98f6-4529-b265-c9ca4e37d4d4\"><h2>\u00dcber das ELLS LearningLAB<\/h2>\n<p>Das European Learning Laboratory for the Life Sciences (ELLS) l\u00e4dt deutschsprachige Lehrkr\u00e4fte der Klassenstufen 5 &#8211; 13 dazu ein, sich f\u00fcr das&nbsp;<strong>ELLS LearningLAB <em>Resources Edition<\/em> \u201cFluoreszenzmikroskopie im Klassenzimmer\u201d <\/strong>zu bewerben. Die 4,5-st\u00fcndige Fortbildung wird am EMBL Heidelberg stattfinden und zweimal angeboten, am 27. Januar 2020 sowie am 5. M\u00e4rz 2020. Die Teilnehmerzahl ist auf jeweils 12 Personen begrenzt.<\/p>\n\n\n\n<p>Dieser 4,5-st\u00fcndige Workshop gibt eine Einf\u00fchrung in die Fluoreszenzmikroskopie und die Lehrressource&nbsp;<a rel=\"noreferrer noopener\" href=\"http:\/\/emblog.embl.de\/ells\/blog\/microscope-in-action\/\" target=\"_blank\">\u201eMikroskop in Aktion\u201d<\/a>. Nach einem wissenschaftlichen Vortrag, der Einsicht in moderne Anwendungsm\u00f6glichkeiten der Fluoreszenzmikroskopie in der Forschung gibt, werden wir mithilfe praktischer \u00dcbungen Unterrichtseinheiten imitieren und Ihnen auf diese Art und Weise zeigen, wie Sie diese einfach im Unterricht einbauen k\u00f6nnen. Die \u00dcbungen werden Sie mit dem Zusammenbau des Mikroskops, der Herstellung verschiedener Probenarten und der Bildanalyse vertraut machen. In Kombination mit der anschlie\u00dfenden Diskussion wird Ihnen dies ausreichend Hintergrundwissen bieten, um die Lehrressource erfolgreich in Ihren Unterricht zu integrieren. Ein gemeinsames Abendessen am EMBL ist im Kurs enthalten.<\/p>\n\n\n\n<p>Die Fortbildung:<\/p>\n\n\n\n<ul class=\"wp-block-list\"><li>Gibt Einblick in die Fluoreszenzmikroskopie und aktuelle Anwendungen in der Forschung.<\/li><li>Macht Sie mit dem Zusammenbau und der Funktionsweise des Mikroskops vertraut.<\/li><li>Gibt \u00dcbersicht \u00fcber die durch ELLS entwickelten Unterrichtseinheiten und hilft bei der erfolgreichen Integration dieser in den Unterricht.<\/li><li>Informiert Sie \u00fcber das Vorgehen beim Ausleihen des Mikroskops und der begleitenden Lehrressourcen.<\/li><li>Bringt Sie in Kontakt mit anderen engagierten Lehrkr\u00e4ften und bietet Ihnen Raum f\u00fcr Ideenaustausch.<\/li><\/ul>\n\n\n\n<p>Der Kurs richtet sich an deutschsprachige Lehrkr\u00e4fte, die Kinder und Jugendliche ab 11 Jahren in den F\u00e4chern Biologie, Physik, Chemie, Naturwissenschaften und vergleichbaren F\u00e4chern unterrichten. Ein grundlegendes Verst\u00e4ndnis f\u00fcr Optik und Fluoreszenz wird vorausgesetzt, um den Kurs einheitlich gestalten zu k\u00f6nnen. Nachdem wir Ihre Teilnahme best\u00e4tigt haben, werden wir Ihnen eine PDF-Datei mit den vorausgesetzten Kenntnissen zukommen lassen, so dass Sie sich ggf. vor Kursbeginn einarbeiten k\u00f6nnen.Au\u00dferdem bitten wir die Teilnehmenden sich mit Hilfe bereitgestellter Lernmaterialien auf den Kurs vorzubereiten.<\/p>\n\n\n\n<p><strong>EMBLs Europ\u00e4isches Lernlabor f\u00fcr die Lebenswissenschaften (EMBL-ELLS)<\/strong><br>Das Europ\u00e4ische Lernlabor f\u00fcr die Lebenswissenschaften (EMBL-ELLS) ist eine Bildungseinrichtung des EMBL, die einen Br\u00fcckenschlag zwischen Forschung und Schulen anstrebt. Vielseitige Bildungsprogramme und Trainingsangebote geben europ\u00e4ischen Lehrkr\u00e4ften und Sch\u00fclerinnen und Sch\u00fclern die M\u00f6glichkeit, Einblick in modernste Forschung in den Lebenswissenschaften zu erhalten. Neben Fortbildungen f\u00fcr Lehrkr\u00e4fte und der Entwicklung von Lehrressourcen, organisieren und leiten wir das EMBL School Ambassador Programm, Projekte mit lokalen Schulen sowie Schulbesuche am EMBL. Auf unserer <a href=\"http:\/\/embl.org\/ells\">Website<\/a> k\u00f6nnen Sie mehr Informationen zu unseren Veranstaltungen finden<a href=\"http:\/\/emblog.embl.de\/ells\/\">.<\/a><\/p>\n\n\n\n<p>Die Lehrrresessource \u201eMikroskop in Aktion\u201c wird im Rahmen des Projekts&nbsp;\u201eVon Natur bis Technik \u2013 Mikroskope in Aktion (MiA): innovative MINT-F\u00f6rderung in Schulen der MRN\u201c durch den&nbsp;Verein&nbsp;Zukunft Metropolregion Rhein-Neckar&nbsp;e.V. unterst\u00fctzt.<\/p>\n<\/section>\n\n\n\n<section class=\"vf-tabs__section\" id=\"vf-tabs__section-d8c79ee9-e668-4642-af0f-994828525300\"><h2>Vorl\u00e4ufiger Ablauf<\/h2>\n<p><strong>Start- und Endzeit:<\/strong>&nbsp;14:00 bis 18:30 Uhr; anschlie\u00dfend ein kleiner Imbiss<\/p>\n\n\n\n<ol class=\"wp-block-list\"><li>Einf\u00fchrung \u2013 Kurs und Materialien<\/li><li>Wissenschaftlicher Vortrag<\/li><li>\u00dcbung \u2013 Probenvorbereitung<\/li><li>Kaffeepause<\/li><li>\u00dcbung \u2013 Zusammenbau des Mikroskops<\/li><li>\u00dcbung \u2013 Bildanalyse<\/li><li>Diskussionsrunde<\/li><li>abendlicher Imbiss<\/li><\/ol>\n<\/section>\n\n\n\n<section class=\"vf-tabs__section\" id=\"vf-tabs__section-a4f8ba1f-e7f5-4036-bf00-41ade337639b\"><h2>Verantstaltungsort \/ Anreise<\/h2>\n<h3 class=\"wp-block-heading\">Verantstaltungsort<\/h3>\n\n\n\n<p>Beide Termine werden am EMBL Heidelberg im Advanced Training Centre (ATC) stattfinden.<\/p>\n\n\n\n<h3 class=\"wp-block-heading\">Anreise<\/h3>\n\n\n\n<p>Allgemeine Informationen zur Anreise an das EMBL k\u00f6nnen Sie hier finden:&nbsp;<a href=\"http:\/\/www.embl.de\/aboutus\/contact\/travel\/index.html\" target=\"_blank\" rel=\"noreferrer noopener\">Travel to EMBL Heidelberg<\/a><br>Wenn Sie mit dem Auto anreisen, nutzen Sie bitte den kostenlosen Parkplatz \u201cP1\u201d auf der linken Seite der Meyerhofstra\u00dfe. Das ATC befindet sich oberhalb des Weges, der den H\u00fcgel hinauff\u00fchrt.<\/p>\n<\/section>\n\n\n\n<section class=\"vf-tabs__section\" id=\"vf-tabs__section-c78bc9a1-b6e3-42ab-ac82-514156003f5b\"><h2>Unterkunft \/ Reisekosten<\/h2>\n<h3 class=\"wp-block-heading\">Unterkunft<\/h3>\n\n\n\n<p>Aufgrund der K\u00fcrze dieser Fortbildung k\u00f6nnen wir Ihnen leider keine Unterkunft oder eine Verg\u00fctung entstehender Unterkunftskosten anbieten.<\/p>\n\n\n\n<h3 class=\"wp-block-heading\">Reisekosten<\/h3>\n\n\n\n<p>Die durch An- und Abreise entstehende Kosten m\u00fcssen von den Teilnehmenden selbst \u00fcbernommen werden.<\/p>\n<\/section>\n\n\n\n<section class=\"vf-tabs__section\" id=\"vf-tabs__section-23833dd8-4e06-4666-8161-e081e95d5330\"><h2>Bewerbung<\/h2>\n<h3 class=\"wp-block-heading\">Bewerbung<\/h3>\n\n\n\n<p>Bevor Sie sich bewerben, lesen Sie sich bitte alle Informationen sorgf\u00e4ltig durch und gehen Sie sicher, dass Sie am Veranstaltungsdatum verf\u00fcgbar sind.<\/p>\n\n\n\n<p>Die Bewerbung findet \u00fcber das folgende Formular statt:&nbsp;<a href=\"https:\/\/www.surveymonkey.de\/r\/LLAB012020\" target=\"_blank\" rel=\"noreferrer noopener\"><strong>Bewerbungsformular<\/strong><\/a><\/p>\n\n\n\n<p><strong>Bewerbungsfrist f\u00fcr LearningLAB 27. Januar: Sonntag, 12. Januar 2020 (23:59 CET) oder sobald die Pl\u00e4tze vergeben sind<br>Bewerbungsfrist f\u00fcr LearningLAB 5. M\u00e4rz: Sonntag, 2. Februar 2020 (23:59 CET) oder sobald die Pl\u00e4tze vergeben sind<\/strong><\/p>\n\n\n\n<p>\u00dcber das Ergebnis Ihrer Bewerbung werden Sie drei Tage nach Bewerbungsschluss per E-Mail benachrichtigt.<\/p>\n\n\n\n<p><em>Minimale Teilnehmerzahl: 6; Maximale Teilnehmerzahl: 12. Bei einer Teilnehmerzahl unter 6 behalten wir uns vor den Workshop abzusagen.<\/em><\/p>\n<\/section>\n\n\n\n<section class=\"vf-tabs__section\" id=\"vf-tabs__section-107024f4-6dfc-4e50-81b9-4f7d358f94a7\"><h2>Teilnahme und Absage<\/h2>\n<h3 class=\"wp-block-heading\">Teilnahme und Absage<\/h3>\n\n\n\n<p>Wir bitten Sie darum, sich nur dann zu bewerben, wenn Sie am gesamten Workshop teilnehmen k\u00f6nnen und sich mit den bereitgestellten Materialien auf den Kurs vorbereiten k\u00f6nnen. Falls Sie Ihre Teilnahme nach der Best\u00e4tigung dennoch absagen m\u00fcssen, setzen Sie uns bitte so schnell wie m\u00f6glich davon in Kenntnis, so dass wir Ihren Platz weitergeben k\u00f6nnen.<\/p>\n\n\n\n<p>Absagen und Abwesenheit k\u00f6nnen die Realisierbarkeit des Workshops gef\u00e4hrden, weshalb wir es uns vorbehalten, im Falle einer Absage Annulierungskosten zu berechnen<\/p>\n<\/section>\n<\/div><\/div>\n\n\n\n<p><\/p>\n","protected":false},"excerpt":{"rendered":"<p>Einf\u00fchrung in die Fluoreszenzmikroskopie und die Lehrressource \u201eMikroskop in Aktion\u201d<\/p>\n","protected":false},"featured_media":500,"parent":0,"menu_order":0,"template":"","class_list":["post-24728","learninglab","type-learninglab","status-publish","has-post-thumbnail","hentry","llabs-type-ells-learninglab","llabs-format-face-to-face","llabs-location-germany","topic-area-microscopy-imaging"],"acf":[],"_links":{"self":[{"href":"https:\/\/www.embl.org\/ells\/wp-json\/wp\/v2\/training\/24728","targetHints":{"allow":["GET"]}}],"collection":[{"href":"https:\/\/www.embl.org\/ells\/wp-json\/wp\/v2\/training"}],"about":[{"href":"https:\/\/www.embl.org\/ells\/wp-json\/wp\/v2\/types\/learninglab"}],"wp:featuredmedia":[{"embeddable":true,"href":"https:\/\/www.embl.org\/ells\/wp-json\/wp\/v2\/media\/500"}],"wp:attachment":[{"href":"https:\/\/www.embl.org\/ells\/wp-json\/wp\/v2\/media?parent=24728"}],"curies":[{"name":"wp","href":"https:\/\/api.w.org\/{rel}","templated":true}]}}