{"id":8148,"date":"2021-06-24T13:53:39","date_gmt":"2021-06-24T12:53:39","guid":{"rendered":"https:\/\/www.embl.org\/about\/info\/course-and-conference-office\/?post_type=vf_event&#038;p=8148"},"modified":"2022-09-12T14:12:22","modified_gmt":"2022-09-12T13:12:22","slug":"cbb22-01","status":"publish","type":"vf_event","link":"https:\/\/www.embl.org\/about\/info\/course-and-conference-office\/events\/cbb22-01\/","title":{"rendered":"Current methods in cell biology"},"content":{"rendered":"\n<div class=\"vf-tabs\"><ul class=\"vf-tabs__list\" data-vf-js-tabs=\"true\"><li class=\"vf-tabs__item\"><a class=\"vf-tabs__link\" href=\"#vf-tabs__section-53de8397-0f08-449c-b4a4-0fdca47249f2\" data-vf-js-location-nearest-activation-target=\"\">Overview<\/a><\/li><li class=\"vf-tabs__item\"><a class=\"vf-tabs__link\" href=\"#vf-tabs__section-speakers\" data-vf-js-location-nearest-activation-target=\"\">Speakers<\/a><\/li><li class=\"vf-tabs__item\"><a class=\"vf-tabs__link\" href=\"#vf-tabs__section-2ad3e662-3736-4841-a073-4e198803a943\" data-vf-js-location-nearest-activation-target=\"\">Programme<\/a><\/li><li class=\"vf-tabs__item\"><a class=\"vf-tabs__link\" href=\"#vf-tabs__section-practical-information\" data-vf-js-location-nearest-activation-target=\"\">Practical information<\/a><\/li><li class=\"vf-tabs__item\"><a class=\"vf-tabs__link\" href=\"#vf-tabs__section-sponsors\" data-vf-js-location-nearest-activation-target=\"\">Sponsors<\/a><\/li><\/ul><div class=\"vf-tabs-content\" data-vf-js-tabs-content=\"true\">\n<section class=\"vf-tabs__section\" id=\"vf-tabs__section-53de8397-0f08-449c-b4a4-0fdca47249f2\"><h2 class=\"vf-u-sr-only\">Overview<\/h2>\n<p>Proof of COVID-19 vaccination or recovery is required to attend this on-site course. Please see EMBL&#8217;s <a href=\"https:\/\/www.embl.org\/about\/info\/course-and-conference-office\/?page_id=15120\" data-type=\"URL\" data-id=\"https:\/\/www.embl.org\/about\/info\/course-and-conference-office\/?page_id=15120\">COVID-19 safety policy<\/a> for on-site events.<\/p>\n\n\n\n<h2 class=\"wp-block-heading\">Course overview<\/h2>\n\n\n\n<p>Experience modern cell biology at work: not only see but also try out in practice how cutting-edge technologies can be used to answer questions at the frontiers of cell biology. <\/p>\n\n\n\n<p>It is a tradition that the entire faculty of the Cell Biology and Biophysics Unit of EMBL teaches the course to cover a broad spectrum of techniques. <\/p>\n\n\n\n<p>The course also provides an excellent opportunity for participants and course faculty to discuss current and future challenges in cell biology.<\/p>\n\n\n\n<h2 class=\"wp-block-heading\">Audience<\/h2>\n\n\n\n<p>The course will be primarily aimed at postdocs and advanced graduate students who have developed an interest in cell biology. We wish to attract cell biologists who want to acquire quantitative, biophysical, and computational methods as well as scientists (including early-career principle investigators) with different backgrounds (including physics, chemistry, engineering, informatics, etc) who want to use their expertise to address current problems in cell biology. <\/p>\n\n\n\n<p>We aim to balance the number of participants with a background in biology and participants coming from other disciplines. A key criteria for selection is the potential benefit of adding novel cell biological methods to the students\u2019 own research plans. <\/p>\n\n\n\n<p>Preference will be given to students where there is little or no possibility that the student can acquire these technologies at her\/his home institution.<\/p>\n\n\n\n<h2 class=\"wp-block-heading\">Modules<\/h2>\n\n\n\n<ul class=\"wp-block-list\"><li>Biological sample preparation<\/li><li>Microscopy<\/li><li>Image analysis<\/li><li>Fluorescent probes development<\/li><li>Mechanobiology<\/li><\/ul>\n\n\n\n<h2 class=\"wp-block-heading\">Learning outcomes<\/h2>\n\n\n\n<p>The course will provide an update on the latest developments from the beginning to the end of an experiment. This includes recent advances in fluorescent probe development (e.g. FRET-based activity probes), through new techniques and tricks of biological sample preparation (e.g. mounting of live organisms), novel approaches in molecular biology, cutting-edge microscopy (e.g. live imaging, super-resolution light microscopy and correlative light and electron microscopy) and mechanobiology \u2013 covering the complete range of biological complexity from single molecules to whole organisms. Participants will learn how to analyze imaging data using Cellprofiler and Ilastik.<\/p>\n\n\n\n<p>As the topics of the practicals are closely related to the current research in EMBL laboratories, they will cover many experimental model organisms (yeast, mammalian cells, fly, ascidian) and a wide variety of methods (fluorescence and electron microscopy, molecular biology, in silico approaches, image analysis). <\/p>\n\n\n\n<p>This course is kindly supported by the Cell Biology and Biophysics Unit of EMBL.<\/p>\n<\/section>\n\n\n\n<section class=\"vf-tabs__section\" id=\"vf-tabs__section-speakers\"><h2 class=\"vf-u-sr-only\">Speakers<\/h2>\n\n\n<h2 class=\"wp-block-heading\">Speakers, trainers, and staff<\/h2>\n\n\n\n<h2 class=\"wp-block-heading\"><\/h2>\n\n\n\n<div class=\"embl-grid\"><div class=\"\"><!--[vf\/content]-->\n<div class=\"vf-content\">\n\n<article class=\"vf-profile vf-profile--very-easy vf-profile--medium vf-profile--block | vf-u-margin__bottom--400\">\n\n    <img decoding=\"async\" width=\"155\" height=\"175\" src=\"https:\/\/www.embl.org\/about\/info\/course-and-conference-office\/wp-content\/uploads\/2021\/06\/niccolo-banterle.jpg\" class=\"vf-profile__image\" alt=\"\" loading=\"lazy\" itemprop=\"image\" \/>\n    <h3 class=\"vf-profile__title\" style=\"text-align: center;\">\n                    <a href=\"https:\/\/www.embl.org\/groups\/banterle\/\" target=\"_self\" class=\"vf-profile__link\">Niccol\u00f2 Banterle <\/a>\n            <\/h3>\n    \n                <p class=\"vf-profile__text\" style=\"text-align: center;\">\n                EMBL Heidelberg            <\/p>\n                <p class=\"vf-profile__text\" style=\"text-align: center;\">\n                Germany            <\/p>\n    \n    \n      \n\n    \n<\/article>\n\n<\/div>\n<\/div>\n\n\n<div class=\"\"><!--[vf\/content]-->\n<div class=\"vf-content\">\n\n<article class=\"vf-profile vf-profile--very-easy vf-profile--medium vf-profile--block | vf-u-margin__bottom--400\">\n\n    <img decoding=\"async\" width=\"155\" height=\"175\" src=\"https:\/\/www.embl.org\/about\/info\/course-and-conference-office\/wp-content\/uploads\/2021\/06\/sara-cuylen.jpg\" class=\"vf-profile__image\" alt=\"\" loading=\"lazy\" itemprop=\"image\" \/>\n    <h3 class=\"vf-profile__title\" style=\"text-align: center;\">\n                    <a href=\"https:\/\/www.embl.org\/groups\/cuylen\/\" target=\"_self\" class=\"vf-profile__link\">Sara Cuylen-H\u00e4ring<\/a>\n            <\/h3>\n    \n                <p class=\"vf-profile__text\" style=\"text-align: center;\">\n                EMBL Heidelberg            <\/p>\n                <p class=\"vf-profile__text\" style=\"text-align: center;\">\n                Germany            <\/p>\n    \n    \n      \n\n    \n<\/article>\n\n<\/div>\n<\/div>\n\n\n<div class=\"\"><!--[vf\/content]-->\n<div class=\"vf-content\">\n\n<article class=\"vf-profile vf-profile--very-easy vf-profile--medium vf-profile--block | vf-u-margin__bottom--400\">\n\n    <img decoding=\"async\" width=\"155\" height=\"175\" src=\"https:\/\/www.embl.org\/about\/info\/course-and-conference-office\/wp-content\/uploads\/2021\/06\/claire-deo.jpg\" class=\"vf-profile__image\" alt=\"\" loading=\"lazy\" itemprop=\"image\" \/>\n    <h3 class=\"vf-profile__title\" style=\"text-align: center;\">\n                    <a href=\"https:\/\/www.embl.org\/groups\/deo\/\" target=\"_self\" class=\"vf-profile__link\">Claire Deo<\/a>\n            <\/h3>\n    \n                <p class=\"vf-profile__text\" style=\"text-align: center;\">\n                EMBL Heidelberg            <\/p>\n                <p class=\"vf-profile__text\" style=\"text-align: center;\">\n                Germany            <\/p>\n    \n    \n      \n\n    \n<\/article>\n\n<\/div>\n<\/div>\n<\/div>\n\n\n\n<div class=\"embl-grid\"><div class=\"\"><!--[vf\/content]-->\n<div class=\"vf-content\">\n\n<article class=\"vf-profile vf-profile--very-easy vf-profile--medium vf-profile--block | vf-u-margin__bottom--400\">\n\n    <img decoding=\"async\" width=\"155\" height=\"175\" src=\"https:\/\/www.embl.org\/about\/info\/course-and-conference-office\/wp-content\/uploads\/2021\/06\/gautam-dey.jpg\" class=\"vf-profile__image\" alt=\"\" loading=\"lazy\" itemprop=\"image\" \/>\n    <h3 class=\"vf-profile__title\" style=\"text-align: center;\">\n                    <a href=\"https:\/\/www.embl.org\/groups\/dey\/\" target=\"_self\" class=\"vf-profile__link\">Gautam Dey<\/a>\n            <\/h3>\n    \n                <p class=\"vf-profile__text\" style=\"text-align: center;\">\n                EMBL Heidelberg            <\/p>\n                <p class=\"vf-profile__text\" style=\"text-align: center;\">\n                Germany            <\/p>\n    \n    \n      \n\n    \n<\/article>\n\n<\/div>\n<\/div>\n\n\n<div class=\"\"><!--[vf\/content]-->\n<div class=\"vf-content\">\n\n<article class=\"vf-profile vf-profile--very-easy vf-profile--medium vf-profile--block | vf-u-margin__bottom--400\">\n\n    <img decoding=\"async\" width=\"155\" height=\"175\" src=\"https:\/\/www.embl.org\/about\/info\/course-and-conference-office\/wp-content\/uploads\/2021\/06\/alba-diz.jpg\" class=\"vf-profile__image\" alt=\"\" loading=\"lazy\" itemprop=\"image\" \/>\n    <h3 class=\"vf-profile__title\" style=\"text-align: center;\">\n                    <a href=\"https:\/\/www.embl.org\/groups\/diz-munoz\/\" target=\"_self\" class=\"vf-profile__link\">Alba Diz-Mu\u00f1oz <\/a>\n            <\/h3>\n    \n                <p class=\"vf-profile__text\" style=\"text-align: center;\">\n                EMBL Heidelberg            <\/p>\n                <p class=\"vf-profile__text\" style=\"text-align: center;\">\n                Germany            <\/p>\n    \n    \n      \n\n    \n<\/article>\n\n<\/div>\n<\/div>\n\n\n<div class=\"\"><!--[vf\/content]-->\n<div class=\"vf-content\">\n\n<article class=\"vf-profile vf-profile--very-easy vf-profile--medium vf-profile--block | vf-u-margin__bottom--400\">\n\n    <img decoding=\"async\" width=\"115\" height=\"135\" src=\"https:\/\/www.embl.org\/about\/info\/course-and-conference-office\/wp-content\/uploads\/2021\/06\/Ejsing_Christer.jpg\" class=\"vf-profile__image\" alt=\"\" loading=\"lazy\" itemprop=\"image\" \/>\n    <h3 class=\"vf-profile__title\" style=\"text-align: center;\">\n                    <a href=\"https:\/\/www.embl.org\/research\/units\/cell-biology-biophysics\/\" target=\"_self\" class=\"vf-profile__link\">Christer Ejsing<\/a>\n            <\/h3>\n    \n                <p class=\"vf-profile__text\" style=\"text-align: center;\">\n                EMBL Heidelberg            <\/p>\n                <p class=\"vf-profile__text\" style=\"text-align: center;\">\n                Germany            <\/p>\n    \n    \n      \n\n    \n<\/article>\n\n<\/div>\n<\/div>\n<\/div>\n\n\n\n<div class=\"embl-grid\"><div class=\"\"><!--[vf\/content]-->\n<div class=\"vf-content\">\n\n<article class=\"vf-profile vf-profile--very-easy vf-profile--medium vf-profile--block | vf-u-margin__bottom--400\">\n\n    <img decoding=\"async\" width=\"155\" height=\"175\" src=\"https:\/\/www.embl.org\/about\/info\/course-and-conference-office\/wp-content\/uploads\/2021\/06\/jan-ellenberg.jpg\" class=\"vf-profile__image\" alt=\"\" loading=\"lazy\" itemprop=\"image\" \/>\n    <h3 class=\"vf-profile__title\" style=\"text-align: center;\">\n                    <a href=\"https:\/\/www.embl.org\/groups\/ellenberg\/\" target=\"_self\" class=\"vf-profile__link\">Jan Ellenberg<\/a>\n            <\/h3>\n    \n                <p class=\"vf-profile__text\" style=\"text-align: center;\">\n                EMBL Heidelberg            <\/p>\n                <p class=\"vf-profile__text\" style=\"text-align: center;\">\n                Germany            <\/p>\n    \n    \n      \n\n    \n<\/article>\n\n<\/div>\n<\/div>\n\n\n<div class=\"\"><!--[vf\/content]-->\n<div class=\"vf-content\">\n\n<article class=\"vf-profile vf-profile--very-easy vf-profile--medium vf-profile--block | vf-u-margin__bottom--400\">\n\n    <img decoding=\"async\" width=\"197\" height=\"300\" src=\"https:\/\/www.embl.org\/about\/info\/course-and-conference-office\/wp-content\/uploads\/2021\/06\/kai-johannson-197x300.jpg\" class=\"vf-profile__image\" alt=\"\" loading=\"lazy\" itemprop=\"image\" srcset=\"https:\/\/www.embl.org\/about\/info\/course-and-conference-office\/wp-content\/uploads\/2021\/06\/kai-johannson-197x300.jpg 197w, https:\/\/www.embl.org\/about\/info\/course-and-conference-office\/wp-content\/uploads\/2021\/06\/kai-johannson.jpg 495w\" sizes=\"auto, (max-width: 197px) 100vw, 197px\" \/>\n    <h3 class=\"vf-profile__title\" style=\"text-align: center;\">\n                    <a href=\"https:\/\/www.mr.mpg.de\/13990857\/curriculum-vitae\" target=\"_self\" class=\"vf-profile__link\">Kai Johnsson<\/a>\n            <\/h3>\n    \n                <p class=\"vf-profile__text\" style=\"text-align: center;\">\n                Max Planck Institute for Medical Research            <\/p>\n                <p class=\"vf-profile__text\" style=\"text-align: center;\">\n                Germany            <\/p>\n    \n    \n      \n\n    \n<\/article>\n\n<\/div>\n<\/div>\n\n\n<div class=\"\"><!--[vf\/content]-->\n<div class=\"vf-content\">\n\n<article class=\"vf-profile vf-profile--very-easy vf-profile--medium vf-profile--block | vf-u-margin__bottom--400\">\n\n    <img decoding=\"async\" width=\"155\" height=\"175\" src=\"https:\/\/www.embl.org\/about\/info\/course-and-conference-office\/wp-content\/uploads\/2021\/06\/simone-kohler.jpg\" class=\"vf-profile__image\" alt=\"\" loading=\"lazy\" itemprop=\"image\" \/>\n    <h3 class=\"vf-profile__title\" style=\"text-align: center;\">\n                    <a href=\"https:\/\/www.embl.org\/groups\/koehler\/\" target=\"_self\" class=\"vf-profile__link\">Simone K\u00f6hler<\/a>\n            <\/h3>\n    \n                <p class=\"vf-profile__text\" style=\"text-align: center;\">\n                EMBL Heidelberg            <\/p>\n                <p class=\"vf-profile__text\" style=\"text-align: center;\">\n                Germany            <\/p>\n    \n    \n      \n\n    \n<\/article>\n\n<\/div>\n<\/div>\n<\/div>\n\n\n\n<div class=\"embl-grid\"><div class=\"\"><!--[vf\/content]-->\n<div class=\"vf-content\">\n\n<article class=\"vf-profile vf-profile--very-easy vf-profile--medium vf-profile--block | vf-u-margin__bottom--400\">\n\n            <img decoding=\"async\" class=\"vf-profile__image\" src=\"https:\/\/dev.assets.emblstatic.net\/vf\/v2.0.0-alpha.6\/assets\/vf-summary\/assets\/vf-icon--avatar.svg\" > \n    \n    <h3 class=\"vf-profile__title\" style=\"text-align: center;\">\n                    <a href=\"https:\/\/www.embl.org\/groups\/kreshuk\/\" target=\"_self\" class=\"vf-profile__link\">Anna Kreshuk<\/a>\n            <\/h3>\n    \n                <p class=\"vf-profile__text\" style=\"text-align: center;\">\n                EMBL Heidelberg            <\/p>\n                <p class=\"vf-profile__text\" style=\"text-align: center;\">\n                Germany            <\/p>\n    \n    \n      \n\n    \n<\/article>\n\n<\/div>\n<\/div>\n\n\n<div class=\"\"><!--[vf\/content]-->\n<div class=\"vf-content\">\n\n<article class=\"vf-profile vf-profile--very-easy vf-profile--medium vf-profile--block | vf-u-margin__bottom--400\">\n\n    <img decoding=\"async\" width=\"232\" height=\"300\" src=\"https:\/\/www.embl.org\/about\/info\/course-and-conference-office\/wp-content\/uploads\/2021\/06\/peter-lenard-232x300.jpg\" class=\"vf-profile__image\" alt=\"\" loading=\"lazy\" itemprop=\"image\" srcset=\"https:\/\/www.embl.org\/about\/info\/course-and-conference-office\/wp-content\/uploads\/2021\/06\/peter-lenard-232x300.jpg 232w, https:\/\/www.embl.org\/about\/info\/course-and-conference-office\/wp-content\/uploads\/2021\/06\/peter-lenard.jpg 624w\" sizes=\"auto, (max-width: 232px) 100vw, 232px\" \/>\n    <h3 class=\"vf-profile__title\" style=\"text-align: center;\">\n                    <a href=\"https:\/\/www.mpibpc.mpg.de\/person\/53618\/16473669\" target=\"_self\" class=\"vf-profile__link\">Peter Lenart<\/a>\n            <\/h3>\n    \n                <p class=\"vf-profile__text\" style=\"text-align: center;\">\n                Max Planck Institute for Multidisciplinary Sciences, G\u00f6ttingen             <\/p>\n                <p class=\"vf-profile__text\" style=\"text-align: center;\">\n                Germany            <\/p>\n    \n    \n      \n\n    \n<\/article>\n\n<\/div>\n<\/div>\n\n\n<div class=\"\"><!--[vf\/content]-->\n<div class=\"vf-content\">\n\n<article class=\"vf-profile vf-profile--very-easy vf-profile--medium vf-profile--block | vf-u-margin__bottom--400\">\n\n    <img decoding=\"async\" width=\"155\" height=\"175\" src=\"https:\/\/www.embl.org\/about\/info\/course-and-conference-office\/wp-content\/uploads\/2021\/06\/julia-mahamid.jpg\" class=\"vf-profile__image\" alt=\"\" loading=\"lazy\" itemprop=\"image\" \/>\n    <h3 class=\"vf-profile__title\" style=\"text-align: center;\">\n                    <a href=\"https:\/\/www.embl.org\/groups\/mahamid\/\" target=\"_self\" class=\"vf-profile__link\">Julia\tMahamid<\/a>\n            <\/h3>\n    \n                <p class=\"vf-profile__text\" style=\"text-align: center;\">\n                EMBL Heidelberg            <\/p>\n                <p class=\"vf-profile__text\" style=\"text-align: center;\">\n                Germany            <\/p>\n    \n    \n      \n\n    \n<\/article>\n\n<\/div>\n<\/div>\n<\/div>\n\n\n\n<div class=\"embl-grid\"><div class=\"\"><!--[vf\/content]-->\n<div class=\"vf-content\">\n\n<article class=\"vf-profile vf-profile--very-easy vf-profile--medium vf-profile--block | vf-u-margin__bottom--400\">\n\n    <img decoding=\"async\" width=\"300\" height=\"279\" src=\"https:\/\/www.embl.org\/about\/info\/course-and-conference-office\/wp-content\/uploads\/2021\/06\/andrea-pauli-300x279.jpg\" class=\"vf-profile__image\" alt=\"\" loading=\"lazy\" itemprop=\"image\" srcset=\"https:\/\/www.embl.org\/about\/info\/course-and-conference-office\/wp-content\/uploads\/2021\/06\/andrea-pauli-300x279.jpg 300w, https:\/\/www.embl.org\/about\/info\/course-and-conference-office\/wp-content\/uploads\/2021\/06\/andrea-pauli.jpg 477w\" sizes=\"auto, (max-width: 300px) 100vw, 300px\" \/>\n    <h3 class=\"vf-profile__title\" style=\"text-align: center;\">\n                    <a href=\"http:\/\/paulilab.org\/\" target=\"_self\" class=\"vf-profile__link\">Andrea Pauli<\/a>\n            <\/h3>\n    \n                <p class=\"vf-profile__text\" style=\"text-align: center;\">\n                Research Institute of Molecular Pathology             <\/p>\n                <p class=\"vf-profile__text\" style=\"text-align: center;\">\n                Austria            <\/p>\n    \n    \n      \n\n    \n<\/article>\n\n<\/div>\n<\/div>\n\n\n<div class=\"\"><!--[vf\/content]-->\n<div class=\"vf-content\">\n\n<article class=\"vf-profile vf-profile--very-easy vf-profile--medium vf-profile--block | vf-u-margin__bottom--400\">\n\n    <img decoding=\"async\" width=\"155\" height=\"175\" src=\"https:\/\/www.embl.org\/about\/info\/course-and-conference-office\/wp-content\/uploads\/2021\/06\/rainer-pepperkok.jpg\" class=\"vf-profile__image\" alt=\"\" loading=\"lazy\" itemprop=\"image\" \/>\n    <h3 class=\"vf-profile__title\" style=\"text-align: center;\">\n                    <a href=\"https:\/\/www.embl.org\/groups\/pepperkok\/\" target=\"_self\" class=\"vf-profile__link\">Rainer Pepperkok<\/a>\n            <\/h3>\n    \n                <p class=\"vf-profile__text\" style=\"text-align: center;\">\n                EMBL Heidelberg            <\/p>\n                <p class=\"vf-profile__text\" style=\"text-align: center;\">\n                Germany            <\/p>\n    \n    \n      \n\n    \n<\/article>\n\n<\/div>\n<\/div>\n\n\n<div class=\"\"><!--[vf\/content]-->\n<div class=\"vf-content\">\n\n<article class=\"vf-profile vf-profile--very-easy vf-profile--medium vf-profile--block | vf-u-margin__bottom--400\">\n\n    <img decoding=\"async\" width=\"155\" height=\"175\" src=\"https:\/\/www.embl.org\/about\/info\/course-and-conference-office\/wp-content\/uploads\/2021\/06\/robert-prevedel.jpg\" class=\"vf-profile__image\" alt=\"\" loading=\"lazy\" itemprop=\"image\" \/>\n    <h3 class=\"vf-profile__title\" style=\"text-align: center;\">\n                    <a href=\"https:\/\/www.embl.org\/groups\/prevedel\/\" target=\"_self\" class=\"vf-profile__link\">Robert Prevedel<\/a>\n            <\/h3>\n    \n                <p class=\"vf-profile__text\" style=\"text-align: center;\">\n                EMBL Heidelberg            <\/p>\n                <p class=\"vf-profile__text\" style=\"text-align: center;\">\n                Germany            <\/p>\n    \n    \n      \n\n    \n<\/article>\n\n<\/div>\n<\/div>\n<\/div>\n\n\n\n<div class=\"embl-grid\"><div class=\"\"><!--[vf\/content]-->\n<div class=\"vf-content\">\n\n<article class=\"vf-profile vf-profile--very-easy vf-profile--medium vf-profile--block | vf-u-margin__bottom--400\">\n\n    <img decoding=\"async\" width=\"150\" height=\"191\" src=\"https:\/\/www.embl.org\/about\/info\/course-and-conference-office\/wp-content\/uploads\/2021\/06\/adrea-sarik.jpg\" class=\"vf-profile__image\" alt=\"\" loading=\"lazy\" itemprop=\"image\" \/>\n    <h3 class=\"vf-profile__title\" style=\"text-align: center;\">\n                    <a href=\"https:\/\/andelasaric.com\/\" target=\"_self\" class=\"vf-profile__link\">An\u0111ela \u0160ari\u0107 <\/a>\n            <\/h3>\n    \n                <p class=\"vf-profile__text\" style=\"text-align: center;\">\n                Institute of Science and Technology             <\/p>\n                <p class=\"vf-profile__text\" style=\"text-align: center;\">\n                Austria            <\/p>\n    \n    \n      \n\n    \n<\/article>\n\n<\/div>\n<\/div>\n\n\n<div class=\"\"><!--[vf\/content]-->\n<div class=\"vf-content\">\n\n<article class=\"vf-profile vf-profile--very-easy vf-profile--medium vf-profile--block | vf-u-margin__bottom--400\">\n\n    <img decoding=\"async\" width=\"155\" height=\"175\" src=\"https:\/\/www.embl.org\/about\/info\/course-and-conference-office\/wp-content\/uploads\/2021\/06\/yannick-schwab.jpg\" class=\"vf-profile__image\" alt=\"\" loading=\"lazy\" itemprop=\"image\" \/>\n    <h3 class=\"vf-profile__title\" style=\"text-align: center;\">\n                    <a href=\"https:\/\/www.embl.org\/groups\/schwab\/\" target=\"_self\" class=\"vf-profile__link\">Yannick Schwab<\/a>\n            <\/h3>\n    \n                <p class=\"vf-profile__text\" style=\"text-align: center;\">\n                EMBL Heidelberg            <\/p>\n                <p class=\"vf-profile__text\" style=\"text-align: center;\">\n                Germany            <\/p>\n    \n    \n      \n\n    \n<\/article>\n\n<\/div>\n<\/div>\n\n\n<div class=\"\"><!--[vf\/content]-->\n<div class=\"vf-content\">\n\n<article class=\"vf-profile vf-profile--very-easy vf-profile--medium vf-profile--block | vf-u-margin__bottom--400\">\n\n    <img decoding=\"async\" width=\"268\" height=\"300\" src=\"https:\/\/www.embl.org\/about\/info\/course-and-conference-office\/wp-content\/uploads\/2021\/06\/aubrey-weigel-268x300.jpg\" class=\"vf-profile__image\" alt=\"\" loading=\"lazy\" itemprop=\"image\" srcset=\"https:\/\/www.embl.org\/about\/info\/course-and-conference-office\/wp-content\/uploads\/2021\/06\/aubrey-weigel-268x300.jpg 268w, https:\/\/www.embl.org\/about\/info\/course-and-conference-office\/wp-content\/uploads\/2021\/06\/aubrey-weigel.jpg 280w\" sizes=\"auto, (max-width: 268px) 100vw, 268px\" \/>\n    <h3 class=\"vf-profile__title\" style=\"text-align: center;\">\n                    <a href=\"https:\/\/www.janelia.org\/people\/aubrey-weigel\" target=\"_self\" class=\"vf-profile__link\">Aubrey Weigel<\/a>\n            <\/h3>\n    \n                <p class=\"vf-profile__text\" style=\"text-align: center;\">\n                Janelia Research Campus            <\/p>\n                <p class=\"vf-profile__text\" style=\"text-align: center;\">\n                USA            <\/p>\n    \n    \n      \n\n    \n<\/article>\n\n<\/div>\n<\/div>\n<\/div>\n\n\n\n<div class=\"embl-grid\"><div class=\"\"><!--[vf\/content]-->\n<div class=\"vf-content\">\n\n<article class=\"vf-profile vf-profile--very-easy vf-profile--medium vf-profile--block | vf-u-margin__bottom--400\">\n\n    <img decoding=\"async\" width=\"155\" height=\"175\" src=\"https:\/\/www.embl.org\/about\/info\/course-and-conference-office\/wp-content\/uploads\/CP-60006382.jpg\" class=\"vf-profile__image\" alt=\"\" loading=\"lazy\" itemprop=\"image\" \/>\n    <h3 class=\"vf-profile__title\" style=\"text-align: center;\">\n                    <a href=\"https:\/\/www.embl.org\/groups\/zimmermann-timo\/\" target=\"_self\" class=\"vf-profile__link\">Timo Zimmermann<\/a>\n            <\/h3>\n    \n                <p class=\"vf-profile__text\" style=\"text-align: center;\">\n                EMBL Heidelberg            <\/p>\n                <p class=\"vf-profile__text\" style=\"text-align: center;\">\n                Germany            <\/p>\n    \n    \n      \n\n    \n<\/article>\n\n<\/div>\n<\/div>\n\n\n<div class=\"\"><!--[vf\/content]-->\n<div class=\"vf-content\">\n\n<\/div>\n<\/div>\n\n\n<div class=\"\"><!--[vf\/content]-->\n<div class=\"vf-content\">\n\n<\/div>\n<\/div>\n<\/div>\n\n\n\n<h2 class=\"wp-block-heading\">Trainers<\/h2>\n\n\n\n<figure class=\"wp-block-table is-style-regular\"><table><thead><tr><th><strong>Lab<\/strong><\/th><th><strong>People<\/strong><\/th><\/tr><\/thead><tbody><tr><td>Banterle\/Dey<\/td><td>Johanna Melisa &#8211; EMBL Heidelberg, Germany<br>Tocci Hiral Shah &#8211; EMBL Heidelberg, Germany<br>Felix Mikus &#8211; EMBL Heidelberg, Germany<\/td><\/tr><tr><td>Diz-Mu\u00f1oz <\/td><td>Filipe Nunes Vicente &#8211; EMBL Heidelberg, Germany<br>Jia Hui Lui &#8211; EMBL Heidelberg, Germany<br>Richard Bailleul &#8211; EMBL Heidelberg, Germany<br>Anusha Gopalan &#8211; EMBL Heidelberg, Germany<br>Linda Decker &#8211; EMBL Heidelberg, Germany<\/td><\/tr><tr><td>Ellenberg<\/td><td>Kai Sandvold Beckwith &#8211; EMBL Heidelberg, Germany<br>Andreas Brunner &#8211; EMBL Heidelberg, Germany<\/td><\/tr><tr><td>K\u00f6hler<\/td><td>Cristina Pi\u00f1eiro Lopez &#8211; EMBL Heidelberg, Germany<br>Ana Rita Rodrigues Neves &#8211; EMBL Heidelberg, Germany<br>Ivana \u010cavka &#8211; EMBL Heidelberg, Germany<\/td><\/tr><tr><td>Prevedel<\/td><td>Ivo Leite &#8211; EMBL Heidelberg, Germany<br>Sebastian Hambura &#8211; EMBL Heidelberg, Germany<br>Ling Wang &#8211; EMBL Heidelberg, Germany<\/td><\/tr><tr><td>Pepperkok<\/td><td>Muzamil Majid Khan &#8211; EMBL Heidelberg, Germany<br>Aliaksandr Halavatyi &#8211; EMBL Heidelberg, Germany<br>Giriram Mohana &#8211; EMBL Heidelberg, Germany<\/td><\/tr><tr><td>Ries<\/td><td>Aline Tschanz &#8211; EMBL Heidelberg, Germany<br>Yu-Le Wu &#8211; EMBL Heidelberg, Germany<br>Lucas M\u00fcller &#8211; EMBL Heidelberg, Germany<br>Takahiro Deguchi &#8211; EMBL Heidelberg, Germany<br>Soheil Mojiri &#8211; EMBL Heidelberg, Germany<br>Michal Skruzny &#8211; EMBL Heidelberg, Germany<br>Philipp Hoess &#8211; EMBL Heidelberg, Germany<\/td><\/tr><tr><td>Schwab<\/td><td>Nedal-Djamil Darif &#8211; EMBL Heidelberg, Germany<br>Marianne Sandvold-Beckwith &#8211; EMBL Heidelberg, Germany<br>In\u00e9s Romero Brey &#8211; EMBL Heidelberg, Germany<\/td><\/tr><tr><td>Zimmermann<\/td><td>Timo Zimmermann &#8211; EMBL Heidelberg, Germany<\/td><\/tr><tr><td>Cuylen<\/td><td>Yuki Hayashi &#8211; EMBL Heidelberg, Germany<br>Terra Kuhn &#8211; EMBL Heidelberg, Germany<\/td><\/tr><tr><td>Kreshuk<\/td><td>Dominik Kutra &#8211; EMBL Heidelberg, Germany<br>Fynn Beuttenm\u00fcller &#8211; EMBL Heidelberg, Germany<\/td><\/tr><tr><td><a href=\"https:\/\/www.embl.org\/about\/info\/course-and-conference-office\/events\/cbb22-01\/\" data-type=\"vf_event\" data-id=\"8148\">BAND Platform<\/a><\/td><td>Yi Sun &#8211; EMBL Bioimage ANalysis Desktop (BAND) Platform<br>Jean-Karim &#8211; EMBL Bioimage ANalysis Desktop (BAND) Platform<\/td><\/tr><\/tbody><\/table><\/figure>\n\n\n\n<h2 class=\"wp-block-heading\">Scientific organisers<\/h2>\n\n\n\n<div class=\"embl-grid\"><div class=\"\"><!--[vf\/content]-->\n<div class=\"vf-content\">\n\n<article class=\"vf-profile vf-profile--very-easy vf-profile--medium vf-profile--block | vf-u-margin__bottom--400\">\n\n    <img decoding=\"async\" width=\"155\" height=\"175\" src=\"https:\/\/www.embl.org\/about\/info\/course-and-conference-office\/wp-content\/uploads\/2021\/06\/sara-cuylen.jpg\" class=\"vf-profile__image\" alt=\"\" loading=\"lazy\" itemprop=\"image\" \/>\n    <h3 class=\"vf-profile__title\" style=\"text-align: center;\">\n                    <a href=\"https:\/\/www.embl.org\/groups\/cuylen\/\" target=\"_self\" class=\"vf-profile__link\">Sara\tCuylen-H\u00e4ring<\/a>\n            <\/h3>\n    \n                <p class=\"vf-profile__text\" style=\"text-align: center;\">\n                EMBL Heidelberg            <\/p>\n                <p class=\"vf-profile__text\" style=\"text-align: center;\">\n                Germany            <\/p>\n    \n    \n      \n\n    \n<\/article>\n\n<\/div>\n<\/div>\n\n\n<div class=\"\"><!--[vf\/content]-->\n<div class=\"vf-content\">\n\n<article class=\"vf-profile vf-profile--very-easy vf-profile--medium vf-profile--block | vf-u-margin__bottom--400\">\n\n    <img decoding=\"async\" width=\"155\" height=\"175\" src=\"https:\/\/www.embl.org\/about\/info\/course-and-conference-office\/wp-content\/uploads\/2021\/06\/simone-kohler.jpg\" class=\"vf-profile__image\" alt=\"\" loading=\"lazy\" itemprop=\"image\" \/>\n    <h3 class=\"vf-profile__title\" style=\"text-align: center;\">\n                    <a href=\"https:\/\/www.embl.org\/groups\/koehler\/\" target=\"_self\" class=\"vf-profile__link\">Simone K\u00f6hler<\/a>\n            <\/h3>\n    \n                <p class=\"vf-profile__text\" style=\"text-align: center;\">\n                EMBL Heidelberg            <\/p>\n                <p class=\"vf-profile__text\" style=\"text-align: center;\">\n                Germany            <\/p>\n    \n    \n      \n\n    \n<\/article>\n\n<\/div>\n<\/div>\n\n\n<div class=\"\"><!--[vf\/content]-->\n<div class=\"vf-content\">\n\n<\/div>\n<\/div>\n<\/div>\n\n\n\n<h2 class=\"wp-block-heading\">Course organisers<\/h2>\n\n\n\n<div class=\"embl-grid\"><div class=\"\"><!--[vf\/content]-->\n<div class=\"vf-content\">\n\n<article class=\"vf-profile vf-profile--very-easy vf-profile--medium vf-profile--block | vf-u-margin__bottom--400\">\n\n            <img decoding=\"async\" class=\"vf-profile__image\" src=\"https:\/\/dev.assets.emblstatic.net\/vf\/v2.0.0-alpha.6\/assets\/vf-summary\/assets\/vf-icon--avatar.svg\" > \n    \n    <h3 class=\"vf-profile__title\" style=\"text-align: center;\">\n                    <a href=\"https:\/\/www.embl.org\/people\/person\/37488db7b43e93160e3b9018f4db32a73e0321b0106670012e9242b7f7df8fa4\/\" target=\"_self\" class=\"vf-profile__link\">Raili Pall<\/a>\n            <\/h3>\n    \n                <p class=\"vf-profile__text\" style=\"text-align: center;\">\n                Course and Conference Officer            <\/p>\n                <p class=\"vf-profile__text\" style=\"text-align: center;\">\n                EMBL Heidelberg            <\/p>\n                <p class=\"vf-profile__text\" style=\"text-align: center;\">\n                Germany            <\/p>\n    \n    \n      \n\n    \n<\/article>\n\n<\/div>\n<\/div>\n\n\n<div class=\"\"><!--[vf\/content]-->\n<div class=\"vf-content\">\n\n<article class=\"vf-profile vf-profile--very-easy vf-profile--medium vf-profile--block | vf-u-margin__bottom--400\">\n\n    <img decoding=\"async\" width=\"100\" height=\"113\" src=\"https:\/\/www.embl.org\/about\/info\/course-and-conference-office\/wp-content\/uploads\/2021\/04\/Picture1.jpg\" class=\"vf-profile__image\" alt=\"\" loading=\"lazy\" itemprop=\"image\" \/>\n    <h3 class=\"vf-profile__title\" style=\"text-align: center;\">\n                    <a href=\"https:\/\/www.embl.org\/people\/person\/030842d02243d40f083070d1e57238b1a317a48de277e8871af45557e0913796\/\" target=\"_self\" class=\"vf-profile__link\">Irena Provaznikova<\/a>\n            <\/h3>\n    \n                <p class=\"vf-profile__text\" style=\"text-align: center;\">\n                Training Lab Technician            <\/p>\n                <p class=\"vf-profile__text\" style=\"text-align: center;\">\n                EMBL Heidelberg            <\/p>\n                <p class=\"vf-profile__text\" style=\"text-align: center;\">\n                Germany            <\/p>\n    \n    \n      \n\n    \n<\/article>\n\n<\/div>\n<\/div>\n\n\n<div class=\"\"><!--[vf\/content]-->\n<div class=\"vf-content\">\n\n<article class=\"vf-profile vf-profile--very-easy vf-profile--medium vf-profile--block | vf-u-margin__bottom--400\">\n\n    <img decoding=\"async\" width=\"240\" height=\"300\" src=\"https:\/\/www.embl.org\/about\/info\/course-and-conference-office\/wp-content\/uploads\/2021\/06\/Yeboah_Yvonne_21-03-240x300-1.jpg\" class=\"vf-profile__image\" alt=\"\" loading=\"lazy\" itemprop=\"image\" \/>\n    <h3 class=\"vf-profile__title\" style=\"text-align: center;\">\n                    <a href=\"https:\/\/www.embl.org\/people\/person\/944e4a87d7986e0451aac6c0bb423ebd975210c6dbdf8d38f9befb7ae312f407\/\" target=\"_self\" class=\"vf-profile__link\">Yvonne Yeboah<\/a>\n            <\/h3>\n    \n                <p class=\"vf-profile__text\" style=\"text-align: center;\">\n                Training Lab Manager            <\/p>\n                <p class=\"vf-profile__text\" style=\"text-align: center;\">\n                EMBL Heidelberg            <\/p>\n                <p class=\"vf-profile__text\" style=\"text-align: center;\">\n                Germany            <\/p>\n    \n    \n      \n\n    \n<\/article>\n\n<\/div>\n<\/div>\n<\/div>\n<\/section>\n\n\n\n<section class=\"vf-tabs__section\" id=\"vf-tabs__section-2ad3e662-3736-4841-a073-4e198803a943\"><h2>Programme<\/h2>\n<p id=\"block-1984fb46-4b9e-4350-bb7b-3decc4627750\">Got something to say? Tweet it with&nbsp;<strong>#EMBOCellBiology<\/strong><\/p>\n\n\n\n<ul class=\"wp-block-list\"><li>Some speakers may need to join virtually to give their lecture or Q&amp;A, and the programme is subject to change.<\/li><li>All times in the programme below are shown as the time in <strong>Europe\/Berlin.<\/strong><\/li><\/ul>\n\n\n\n<details  class=\"vf-details\" id=\"\"  >\n<summary class=\"vf-details--summary\">\nDay 1 &#8211; Sunday 4 September 2022<\/summary>\n<div class=\"acf-innerblocks-container\">\n\n<figure class=\"wp-block-table\"><table><thead><tr><th>Time<\/th><th>Speaker<\/th><th>Location<\/th><\/tr><\/thead><tbody><tr><td>16:45 &#8211; 17:00 <\/td><td><strong>Registration<\/strong><\/td><td>ISG Hotel<\/td><\/tr><tr><td>17:00 &#8211; 17:30<\/td><td><strong>Welcome and course overview<\/strong><br>Simone Koehler &#8211; EMBL Heidelberg, Germany<br>Sara Cuylen-Haering &#8211; EMBL Heidelberg, Germany<\/td><td>ISG Hotel<\/td><\/tr><tr><td>17:30 &#8211; 18:45<\/td><td><strong>Introduction by participants<\/strong> (flash talks)<\/td><td>ISG Hotel<\/td><\/tr><tr><td>19:00<\/td><td><strong>Buffet dinner <\/strong><\/td><td>ISG Hotel<\/td><\/tr><\/tbody><\/table><\/figure>\n\n<\/div>\n<\/details>\n\n\n\n<details  class=\"vf-details\" id=\"\"  >\n<summary class=\"vf-details--summary\">\nDay 2 &#8211; Monday 5 September 2022<\/summary>\n<div class=\"acf-innerblocks-container\">\n\n<figure class=\"wp-block-table\"><table><thead><tr><th>Time<\/th><th>Speaker<\/th><th>Location<\/th><\/tr><\/thead><tbody><tr><td>08:40<\/td><td><strong>Bus from ISG Hotel to EMBL Main entrance<\/strong><\/td><td>ISG <br>Bus stop<\/td><\/tr><tr><td>08:50 &#8211; 09:15<\/td><td><strong>Check in<\/strong><\/td><td>Room 202<\/td><\/tr><tr><td>9:15 &#8211; 10:00<\/td><td><strong>Lecture: Light microscopy: Basic principles <\/strong><br><strong>and concepts<\/strong><br>Robert Prevedel &#8211; EMBL Heidelberg, Germany<\/td><td>Room 202<\/td><\/tr><tr><td>10:00 &#8211; 10:30<\/td><td><strong>Coffee break<\/strong><\/td><td>Room 202<\/td><\/tr><tr><td>10:30 &#8211; 11:15<\/td><td><strong>Lecture: Superresolution Microscopy<\/strong><br>Timo Zimmermann &#8211; <br>EMBL Heidelberg, Germany<\/td><td>Room 202<\/td><\/tr><tr><td>11:30 &#8211; 14:00<\/td><td><strong>Poster session 1 (ODD numbers)<\/strong> <br><strong>with Lunch<\/strong><\/td><td>Operon Foyer<\/td><\/tr><tr><td>14:00 &#8211; 14:15<\/td><td><strong>Introduction to practicals<\/strong><\/td><td>Room 202<\/td><\/tr><tr><td>14:15 &#8211; 18:00<\/td><td><strong>Practical 1<\/strong><\/td><td>Room 202<\/td><\/tr><tr><td>18:00 &#8211; 18:45<\/td><td><strong>Lecture: Super-resolution applied: <\/strong><br><strong>the centriole case<\/strong><br>Niccolo Banterle &#8211; EMBL Heidelberg, Germany<\/td><td>Room 202<\/td><\/tr><tr><td>19:00 &#8211; 19:15<\/td><td><strong>Bus from EMBL Main entrance to ISG Hotel<\/strong><\/td><td>EMBL <br>Bus stop<\/td><\/tr><tr><td>19:15<\/td><td><strong>BBQ Dinner<\/strong><\/td><td>ISG Hotel<\/td><\/tr><\/tbody><\/table><\/figure>\n\n<\/div>\n<\/details>\n\n\n\n<details  class=\"vf-details\" id=\"\"  >\n<summary class=\"vf-details--summary\">\nDay 3 &#8211; Tuesday 6 September 2022<\/summary>\n<div class=\"acf-innerblocks-container\">\n\n<figure class=\"wp-block-table\"><table><thead><tr><th>Time<\/th><th>Speaker<\/th><th>Location<\/th><\/tr><\/thead><tbody><tr><td>08:40<\/td><td><strong>Bus from ISG Hotel to EMBL Main entrance<\/strong><\/td><td>ISG Bus stop<\/td><\/tr><tr><td>08:50 &#8211; 09:00<\/td><td><strong>Check in<\/strong><\/td><td>Room 202<\/td><\/tr><tr><td>09:00 &#8211; 09:45<\/td><td><strong>Lecture: Single cell biology at large scale <\/strong><br><strong>to study membrane traffic and <br>organelle biogenesis<\/strong><br>Rainer Pepperkok &#8211; EMBL <br>Heidelberg, Germany<\/td><td>Room 202<\/td><\/tr><tr><td>09:45 &#8211; 11:45<\/td><td><strong>Poster session 2<\/strong> <strong>(EVEN numbers)<\/strong><br><strong>with coffee break<\/strong><\/td><td>Operon Foyer<\/td><\/tr><tr><td>11:45 &#8211; 12:45<\/td><td><strong>Lunch<\/strong><\/td><td>EMBL Canteen<\/td><\/tr><tr><td>12:45 &#8211; 18:00<\/td><td><strong>Practical 1<\/strong><\/td><td>Room 202<\/td><\/tr><tr><td>18:00 &#8211; 18:45<\/td><td><strong>Lecture: Integrative analysis of <br>cell division across scales<\/strong><br>Jan Ellenberg &#8211; EMBL Heidelberg, Germany<\/td><td>Room 202<\/td><\/tr><tr><td>18:45 &#8211; 19:45<\/td><td><strong>Dinner <\/strong><\/td><td>EMBL Canteen<\/td><\/tr><tr><td>20:00<\/td><td><strong>Bus from EMBL Main entrance to ISG Hotel<\/strong><\/td><td>EMBL Bus stop<\/td><\/tr><\/tbody><\/table><\/figure>\n\n\n\n<p><\/p>\n\n<\/div>\n<\/details>\n\n\n\n<details  class=\"vf-details\" id=\"\"  >\n<summary class=\"vf-details--summary\">\nDay 4 &#8211; Wednesday 7 September 2022<\/summary>\n<div class=\"acf-innerblocks-container\">\n\n<figure class=\"wp-block-table\"><table><thead><tr><th>Time<\/th><th>Speaker<\/th><th>Location<\/th><\/tr><\/thead><tbody><tr><td>08:40<\/td><td><strong>Bus from ISG Hotel to EMBL Main entrance<\/strong><\/td><td>ISG Bus stop<\/td><\/tr><tr><td>08:50 &#8211; 09:00<\/td><td><strong>Check in<\/strong><\/td><td>Room 202<\/td><\/tr><tr><td>09:00 &#8211; 09:45<\/td><td><strong>Lecture: Measuring Cell Mechanics<\/strong><br>Alba Diz-Mu\u00f1oz &#8211; EMBL Heidelberg, Germany<\/td><td>Room 202<\/td><\/tr><tr><td>09:45 &#8211; 10:00<\/td><td><strong>Coffee break<\/strong><\/td><td>Room 202<\/td><\/tr><tr><td>10:00 &#8211; 11:00<\/td><td><strong>Seminar: Computer simulations for <\/strong><br><strong>cell reshaping<br><\/strong>Andela \u0160ari\u0107 &#8211; University College London, UK<\/td><td>Small Operon<\/td><\/tr><tr><td>11:00 &#8211; 11:45<\/td><td><strong>Meet the Speaker &#8211; Andela \u0160ari\u0107<\/strong><\/td><td>Room 202<\/td><\/tr><tr><td>11:45 &#8211; 12:45<\/td><td><strong>Lunch<\/strong><\/td><td>EMBL Canteen<\/td><\/tr><tr><td>12:45 &#8211; 13:00<\/td><td><strong>Group Photo<\/strong><\/td><td>Outside IC<\/td><\/tr><tr><td>12:45 &#8211; 18:00<\/td><td><strong>Practical 2<\/strong><\/td><td>Room 202<\/td><\/tr><tr><td>18:15 &#8211; 19:45<\/td><td><strong>Pizza dinner<\/strong><\/td><td>Operon Foyer<\/td><\/tr><tr><td>19:45<\/td><td><strong>Bus from EMBL Main entrance to ISG Hotel<\/strong><\/td><td>EMBL Bus stop<\/td><\/tr><\/tbody><\/table><\/figure>\n\n\n\n<p><\/p>\n\n<\/div>\n<\/details>\n\n\n\n<details  class=\"vf-details\" id=\"\"  >\n<summary class=\"vf-details--summary\">\nDay 5 &#8211; Thursday 8 September 2022<\/summary>\n<div class=\"acf-innerblocks-container\">\n\n<figure class=\"wp-block-table\"><table><thead><tr><th>Time<\/th><th>Speaker<\/th><th>Location<\/th><\/tr><\/thead><tbody><tr><td>08:40<\/td><td><strong>Bus from ISG Hotel to EMBL Main entrance<\/strong><\/td><td>ISG Bus stop<\/td><\/tr><tr><td>08:50 &#8211; 09:00<\/td><td><strong>Check in<\/strong><\/td><td>Room 202<\/td><\/tr><tr><td>09:00 &#8211; 09:45<\/td><td><strong>Lecture: Electron microscopy for Cell <\/strong><br><strong>Biology: from CLEM to volume SEM<\/strong><br>Yannick Schwab &#8211; EMBL Heidelberg, <br>Germany<\/td><td>Room 202<\/td><\/tr><tr><td>09:45 &#8211; 10:00<\/td><td><strong>Coffee break<\/strong><\/td><td>Room 202<\/td><\/tr><tr><td>10:00 &#8211; 11:00<\/td><td><strong>Seminar: Using phospho-proteomics and <\/strong><br><strong>imaging to reveal conserved mechanisms <\/strong><br><strong>of oocyte meiosis<\/strong><br>Peter Lenart &#8211; Max Planck Institute <br>for Multidisciplinary Sciences, G\u00f6ttingen<\/td><td>Small Operon<\/td><\/tr><tr><td>11:00 &#8211; 11:45<\/td><td><strong>Meet the Speaker &#8211; Peter Lenart<\/strong><\/td><td>Room 202<\/td><\/tr><tr><td>11:45 &#8211; 12:45<\/td><td><strong>Lunch<\/strong><\/td><td>EMBL Canteen<\/td><\/tr><tr><td>12:45 &#8211; 18:00<\/td><td><strong>Practical 2<\/strong><\/td><td>Room 202<\/td><\/tr><tr><td>18:00 &#8211; 18:45<\/td><td><strong>Lecture: Molecular Views into Cells by <\/strong><br><strong>in situ Cryo-Electron Tomography<\/strong><br>Julia Mahamid &#8211; EMBL Heidelberg, Germany<\/td><td>Room 202<\/td><\/tr><tr><td>18:45 &#8211; 19:45<\/td><td><strong>Dinner <\/strong><\/td><td>EMBL Canteen<\/td><\/tr><tr><td>20:00<\/td><td><strong>Bus from EMBL Main entrance to ISG Hotel<\/strong><\/td><td>EMBL Bus stop<\/td><\/tr><\/tbody><\/table><\/figure>\n\n<\/div>\n<\/details>\n\n\n\n<details  class=\"vf-details\" id=\"\"  >\n<summary class=\"vf-details--summary\">\nDay 6 &#8211; Friday 9 September 2022<\/summary>\n<div class=\"acf-innerblocks-container\">\n\n<figure class=\"wp-block-table\"><table><thead><tr><th>Time<\/th><th>Speaker<\/th><th>Location<\/th><\/tr><\/thead><tbody><tr><td>08:40<\/td><td><strong>Bus from ISG Hotel to EMBL Main entrance<\/strong><\/td><td>ISG Bus stop<\/td><\/tr><tr><td>08:50 &#8211; 09:00<\/td><td><strong>Check in<\/strong><\/td><td>Room 202<\/td><\/tr><tr><td>09:00 &#8211; 09:45<\/td><td><strong>Lecture: Small molecule fluorophores <\/strong><br><strong>for microscopy <br><\/strong>Claire Deo &#8211; EMBL Heidelberg, Germany<\/td><td>Room 202<\/td><\/tr><tr><td>09:45 &#8211; 10:00<\/td><td><strong>Coffee break<\/strong><\/td><td>Room 202<\/td><\/tr><tr><td>10:00 &#8211; 11:00<\/td><td><strong>Seminar: Fluorescent Probes for Cell <\/strong><br><strong>Biology<\/strong><br>Kai Johnsson &#8211; Max Planck Institute for <br>Medical Research, Germany<\/td><td>Small Operon<\/td><\/tr><tr><td>11:00 &#8211; 11:45<\/td><td><strong>Meet the Speaker &#8211; Kai Johnsson<\/strong><\/td><td>Room 202<\/td><\/tr><tr><td>11:45 &#8211; 12:45<\/td><td><strong>Lunch<\/strong><\/td><td>EMBL Canteen<\/td><\/tr><tr><td>12:45 &#8211; 17:15<\/td><td><strong>Practical 3<\/strong><\/td><td>Room 202<\/td><\/tr><tr><td>17:15 &#8211; 18:45<\/td><td><strong>Networking activity<\/strong> <strong>with dinner<\/strong><\/td><td>ATC <br>outdoor tent<\/td><\/tr><tr><td>18:45<\/td><td><strong>Bus from EMBL Main entrance to ISG Hotel<\/strong><\/td><td>EMBL Bus stop<\/td><\/tr><\/tbody><\/table><\/figure>\n\n<\/div>\n<\/details>\n\n\n\n<details  class=\"vf-details\" id=\"\"  >\n<summary class=\"vf-details--summary\">\nDay 7 &#8211; Saturday 10 September 2022<\/summary>\n<div class=\"acf-innerblocks-container\">\n\n<figure class=\"wp-block-table\"><table><thead><tr><th>Time<\/th><th>Speaker<\/th><th>Location<\/th><\/tr><\/thead><tbody><tr><td>09:30<\/td><td><strong>Bus from ISG Hotel to EMBL Main entrance<\/strong><\/td><td>ISG Bus stop<\/td><\/tr><tr><td>09:45 &#8211; 10:00<\/td><td><strong>Check in<\/strong><\/td><td>Room 202<\/td><\/tr><tr><td>10:00 &#8211; 10:45<\/td><td><strong>Lecture: Visualizing Meiosis<br><\/strong>Simone Koehler &#8211; EMBL Heidelberg, <br>Germany<\/td><td>Room 202<\/td><\/tr><tr><td>10:45 &#8211; 11:00<\/td><td><strong>Coffee break<\/strong><\/td><td>Room 202<\/td><\/tr><tr><td>11:00 &#8211; 11:45<\/td><td><strong>Lecture: Evolutionary Cell Biology<br><\/strong>Gautam Dey &#8211; EMBL Heidelberg, Germany<\/td><td>Room 202<\/td><\/tr><tr><td>11:45 &#8211; 12:00<\/td><td><strong>European Research Infrastructure <\/strong><br><strong>landscape and Euro-BioImaging<\/strong><br>Aastha Mathur &#8211; Euro-Bioimaging <br>Bio-Hub, Germany<\/td><td>Room 202 <\/td><\/tr><tr><td>12:00 &#8211; 12:45<\/td><td><strong>Lunch<\/strong><\/td><td>EMBL Canteen<\/td><\/tr><tr><td>12:45 &#8211; 13:15<\/td><td><strong>Tour of the Imaging Center<\/strong><br>Timo Zimmermann &#8211; EMBL Heidelberg<\/td><td>IC<\/td><\/tr><tr><td>13:15 &#8211; 18:00<\/td><td><strong>Practical 3<\/strong><\/td><td>Room 202<\/td><\/tr><tr><td>18:00<\/td><td><strong>Bus to ISG Hotel<\/strong><\/td><td>EMBL Bus stop<\/td><\/tr><tr><td>19:00<\/td><td><strong>Bus from ISG Hotel to Neckarm\u00fcnzplatz<\/strong><\/td><td>ISG Bus stop<\/td><\/tr><tr><td>19:30<\/td><td><strong>Dinner downtown<\/strong><\/td><td><\/td><\/tr><\/tbody><\/table><\/figure>\n\n<\/div>\n<\/details>\n\n\n\n<details  class=\"vf-details\" id=\"\"  >\n<summary class=\"vf-details--summary\">\nDay 8 &#8211; Sunday 11 September 2022<\/summary>\n<div class=\"acf-innerblocks-container\">\n\n<p><strong>Free day<\/strong><\/p>\n\n<\/div>\n<\/details>\n\n\n\n<details  class=\"vf-details\" id=\"\"  >\n<summary class=\"vf-details--summary\">\nDay 9 &#8211; Monday 12 September 2022<\/summary>\n<div class=\"acf-innerblocks-container\">\n\n<figure class=\"wp-block-table\"><table><thead><tr><th>Time<\/th><th>Speaker<\/th><th>Location<\/th><\/tr><\/thead><tbody><tr><td>08:40<\/td><td><strong>Bus from ISG Hotel to EMBL Main entrance<\/strong><\/td><td>ISG <br>Bus stop<\/td><\/tr><tr><td>08:50 &#8211; 09:00<\/td><td><strong>Check in<\/strong><\/td><td>Room 202<\/td><\/tr><tr><td>09:00 &#8211; 09:45<\/td><td><strong>Lecture:  Image Analysis<br><\/strong>Anna Kreshuk &#8211; EMBL Heidelberg, Germany<\/td><td>Room 202<\/td><\/tr><tr><td>09:45 &#8211; 10:00<\/td><td><strong>Coffee break<\/strong><\/td><td>Room 202<\/td><\/tr><tr><td>10:00 &#8211; 11:00<\/td><td><strong>Seminar: Segmentation of cellular <\/strong><br><strong>organelles <\/strong><br>Aubrey Weigel &#8211; Janelia Research <br>Campus, USA<\/td><td>Small Operon<\/td><\/tr><tr><td>11:00 &#8211; 11:45<\/td><td><strong>Meet the Speaker &#8211; Aubrey Weige<\/strong><\/td><td>Room 202<\/td><\/tr><tr><td>11:45 &#8211; 12:45<\/td><td><strong>Lunch<\/strong><\/td><td>EMBL Canteen<\/td><\/tr><tr><td>12:45 &#8211; 18:00<\/td><td><strong>Image analysis practical 1<\/strong><br><strong>(Cellprofiler or Ilastik)<\/strong><\/td><td>Computer <br>Training Lab\/<br>Room 202<\/td><\/tr><tr><td>18:00 &#8211; 18:45<\/td><td><strong>Lecture: From Screening to Cellular <\/strong><br><strong>Function: Discovery of a Cellular Surfactant<\/strong><br>Sara Cuylen-Haering &#8211; EMBL <br>Heidelberg, Germany<\/td><td>Room 202<\/td><\/tr><tr><td>18:45 &#8211; 19:45<\/td><td><strong>Tapas dinner<\/strong><\/td><td>ATC Foyer<\/td><\/tr><tr><td>20:00<\/td><td><strong>Bus from EMBL Main entrance to ISG Hotel<\/strong><\/td><td>EMBL <br>Bus stop<\/td><\/tr><\/tbody><\/table><\/figure>\n\n<\/div>\n<\/details>\n\n\n\n<details  class=\"vf-details\" id=\"\"  >\n<summary class=\"vf-details--summary\">\nDay 10 &#8211; Tuesday 13 September 2022<\/summary>\n<div class=\"acf-innerblocks-container\">\n\n<figure class=\"wp-block-table\"><table><thead><tr><th>Time<\/th><th>Speaker<\/th><th>Location<\/th><\/tr><\/thead><tbody><tr><td>08:40<\/td><td><strong>Bus from ISG Hotel to EMBL Main entrance<\/strong><\/td><td>ISG Bus stop<\/td><\/tr><tr><td>08:50 &#8211; 09:00<\/td><td><strong>Check in<\/strong><\/td><td>Room 202<\/td><\/tr><tr><td>09:00 &#8211; 09:45<\/td><td><strong>Lecture:<\/strong> <strong>A DNA toolset for spatial biology<\/strong><br>Sinem Saka &#8211; EMBL Heidelberg, Germany<\/td><td>Room 202<\/td><\/tr><tr><td>09:45 &#8211; 10:00<\/td><td><strong>Coffee break<\/strong><\/td><td>Room 202<\/td><\/tr><tr><td>10:00 &#8211; 11:00<\/td><td><strong>Seminar: Egg-to-embryo transition <br>in zebrafish<\/strong><br>Andrea Pauli &#8211; IMP Vienna, Austria<\/td><td>Small Operon<\/td><\/tr><tr><td>11:00 &#8211; 11:45<\/td><td><strong>Meet the Speaker &#8211; Andrea Pauli<\/strong><\/td><td>Room 202<\/td><\/tr><tr><td>11:45 &#8211; 12:45<\/td><td><strong>Lunch<\/strong><\/td><td>EMBL Canteen<\/td><\/tr><tr><td>12:45 &#8211; 18:00<\/td><td><strong>Image Analysis Practical 2<\/strong><br><strong>(Cellprofiler or Ilastik)<\/strong><\/td><td>Computer <br>Training Lab\/<br>Room 202<\/td><\/tr><tr><td>18:00 &#8211; 18:30<\/td><td><strong>Feedback Session<\/strong><\/td><td>Room 202<\/td><\/tr><tr><td>18:30 &#8211; 19:30<\/td><td><strong>Dinner at EMBL<\/strong><\/td><td>EMBL Canteen<\/td><\/tr><tr><td>19:45<\/td><td><strong>Bus from EMBL Main entrance to ISG Hotel<\/strong><\/td><td>EMBL Bus stop<\/td><\/tr><\/tbody><\/table><\/figure>\n\n<\/div>\n<\/details>\n<\/section>\n\n\n\n<section class=\"vf-tabs__section\" id=\"vf-tabs__section-practical-information\"><h2>Practical information<\/h2>\n<details  class=\"vf-details\" id=\"\"  >\n<summary class=\"vf-details--summary\">\nRegistration fees and motivation letter<\/summary>\n<div class=\"acf-innerblocks-container\">\n\n<p>The course is&nbsp;<strong>limited to 20 participants<\/strong>. For selection purposes, please note that your application will not be considered without a&nbsp;letter of motivation.<\/p>\n\n\n\n<h2 class=\"wp-block-heading\">Registration<\/h2>\n\n\n\n<p><strong><strong>Registration fees<\/strong>&nbsp;<\/strong>include admission, course materials, COVID-19 safety measures, meals and coffee breaks. <\/p>\n\n\n\n<p>This EMBO course includes accommodation and transportation to and from the ISG Hotel to the venue.<\/p>\n\n\n\n<figure class=\"wp-block-table is-style-regular\"><table><tbody><tr><td><strong>Academia<\/strong><\/td><td>\u20ac425<\/td><\/tr><tr><td><strong>PhD Student<\/strong><\/td><td>\u20ac425<\/td><\/tr><tr><td><strong>Industry<\/strong><\/td><td>\u20ac1000<\/td><\/tr><\/tbody><\/table><\/figure>\n\n\n\n<h2 class=\"wp-block-heading\">Confirmation and payment<\/h2>\n\n\n\n<p>The registration fee should be paid only after acceptance to the course.&nbsp;The results will be announced approximately 2-3 weeks after the application deadline.<\/p>\n\n\n\n<h2 class=\"wp-block-heading\" id=\"letter\">Motivation letter submission<\/h2>\n\n\n\n<p>After you have logged in and successfully registered, you will receive an email asking you to submit your motivation letter. Click on the link provided and enter your motivation letter in the text box provided. Alternatively you can submit your motivation letter by clicking on the link on the confirmation page directly after registering. <\/p>\n\n\n\n<p><strong>Instructions<\/strong><\/p>\n\n\n\n<ol class=\"wp-block-list\"><li>Include your relevant skills, experience and qualifications showing why you would be suitable for the course.<\/li><li>Explain why you would like to attend, including what you can contribute and how you think you will benefit from the course.<\/li><\/ol>\n\n\n\n<p>Please note: <\/p>\n\n\n\n<ul class=\"wp-block-list\"><li>The limit of 2000 characters refers to manually typed text and excludes spaces. If an error occurs try using a different web browser (preferably Google Chrome or Mozilla Firefox). <\/li><li>If you copy-paste the text into the form, hidden formatting might still be included which may cause the text to exceed the 2,000 character limit resulting in an error message. We recommend you clear all formatting before pasting in the text. <\/li><li>If you have special symbols in your text, make sure you are using Unicode characters, otherwise these will not be recognised. <\/li><\/ul>\n\n\n\n<p>For more detailed information, follow the instructions provided in our video on <a href=\"https:\/\/youtu.be\/M5OHYbAc4mA\">how to submit a course motivation letter<\/a>.<\/p>\n\n\n\n<h2 class=\"wp-block-heading\">Further details<\/h2>\n\n\n\n<p>For further information about registration and motivation letter submission please refer to the&nbsp;<a href=\"https:\/\/www.embl.org\/about\/info\/course-and-conference-office\/information-for-participants\/frequently-asked-questions\/\">FAQ page<\/a>.<\/p>\n\n<\/div>\n<\/details>\n\n\n\n<details  class=\"vf-details\" id=\"\"  >\n<summary class=\"vf-details--summary\">\nFinancial assistance<\/summary>\n<div class=\"acf-innerblocks-container\">\n\n<p>Limited financial assistance is provided by the EMBL Advanced Training Centre Corporate Partnership Programme and EMBO in the form of both&nbsp;<strong>registration fee waivers<\/strong>&nbsp;and&nbsp;<strong>travel grants<\/strong>.&nbsp;Availability is limited to participants attending on-site events in Heidelberg and will be indicated during the abstract or motivation letter submission process.<\/p>\n\n\n\n<p>Your place in the meeting is only confirmed by paying the registration fee, which is mandatory even when receiving a fee waiver.<\/p>\n\n\n\n<h3 class=\"wp-block-heading\">Registration fee waiver<\/h3>\n\n\n\n<p>The&nbsp;<strong>fee waiver<\/strong>&nbsp;will cover the registration sum that you have paid to attend the course or conference.<\/p>\n\n\n\n<h3 class=\"wp-block-heading\">Travel grant<\/h3>\n\n\n\n<p>The&nbsp;<strong>travel grant<\/strong>&nbsp;will cover the cost of travel (airfare, train, bus, taxi, accommodation, visa, and\/or registration fees*) and is provided up to specified caps which are normally as follows:<\/p>\n\n\n\n<p>\u2013 up to \u20ac400 for participants travelling to an EMBL Course, EMBL Conference or EMBO|EMBL Symposium from within Europe.<br>\u2013 up to \u20ac1000 for participants travelling to an EMBL Course, EMBL Conference or EMBO|EMBL Symposium from&nbsp;outside Europe.<br>\u2013 up to \u20ac500 for any participant travelling to an EMBO Practical Course or EMBO Workshop.<br>\u2013 up to \u20ac1000 for any participant working in Chile, India, Singapore or Taiwan travelling to an EMBO Practical Course or EMBO Workshop.<\/p>\n\n\n\n<p>*Registration fees are only covered for EMBO Practical Courses or EMBO Workshops<br><br>The organisers may reduce the grant cap to accommodate more participants. Recipients will be notified of their travel cap amount when they are informed of the outcome of their application. Original receipts must be provided with your signature for all costs incurred within two months of completion of travel. Scanned copies cannot be accepted.<\/p>\n\n\n\n<h3 class=\"wp-block-heading\">Childcare grant (EMBO practical courses and workshops only)<\/h3>\n\n\n\n<p>For EMBO Practical Course or EMBO Workshop participants with children, there is the possibility to apply for a childcare grant to offset child care costs incurred by participants or speakers when participating at a course or conference. Eligible costs include fees for a baby-sitter or child-care facility, travel costs for a care giver, or travel costs for taking the child to the meeting etc.&nbsp;Please note that priority will be given to early stage researchers. A maximum amount of 500 EUR can be awarded per participant applying for an EMBO Childcare Grant. In order to apply for this grant for EMBO Workshops, you must be registered by the abstract submission deadline.<\/p>\n\n\n\n<h3 class=\"wp-block-heading\">Boehringer Ingelheim Fonds travel grant<\/h3>\n\n\n\n<p>Applies to selected courses only. Availability will be indicated during the abstract or motivation letter submission process.<\/p>\n\n\n\n<p>This grant covers costs related to your attendance to the course (registration, travel and accommodation costs). The grant is restricted to PhD students and postdocs who conduct basic biomedical research.<br>Whether you are eligible to apply for a travel grant,&nbsp;depends on when you received your university entrance qualification (e.g. Abitur, A-Levels, High School Diploma, Final State Examination):<\/p>\n\n\n\n<p>\u2013 for PhD and MD students, as well as graduates, the university entrance qualification must not have been obtained more than 11 years ago at the time of the envisaged course<br>\u2013 for postdocs, the university entrance qualification must not have been obtained more than 13 years ago at the time of the envisaged course<\/p>\n\n\n\n<h2 class=\"wp-block-heading\"><strong>Application<\/strong><\/h2>\n\n\n\n<p>You may apply for financial assistance when submitting your motivation letter for courses, and abstract for conferences. In your application you will be asked to answer questions regarding why your lab cannot fund your attendance and how your attendance will make a difference to your career. Application for financial support will not affect the outcome of your registration application.<\/p>\n\n\n\n<p>For the Boehringer Ingelheim Fonds Travel Grant, there is a pre-application question during the motivation letter submission process, and if selected you will be requested to complete a standard form and documentation consisting of your travel expense estimation.<\/p>\n\n\n\n<h2 class=\"wp-block-heading\"><strong>Selection<\/strong><\/h2>\n\n\n\n<p>The scientific organisers will select the recipients of all financial assistance during the motivation letter or abstract selection process. Results will be announced approximately 6-8 weeks before the event start date, however for some events this may be delayed. Selection results do not impact your admission to the meeting. Selection is based on your current work or study location, the reasons for needing financial support and the impact this event will have on your career.<\/p>\n\n\n\n<h2 class=\"wp-block-heading\"><strong>Reimbursement<\/strong><\/h2>\n\n\n\n<p>Costs will be reimbursed after the meeting only once a reimbursement form and original receipts (from travel costs) have been received.<\/p>\n\n\n\n<h2 class=\"wp-block-heading\"><strong>Further details<\/strong><\/h2>\n\n\n\n<p>View our <a href=\"https:\/\/www.embl.org\/about\/info\/course-and-conference-office\/information-for-participants\/external-funding-sources\/\">list of external funding opportunities<\/a> and <a href=\"https:\/\/www.embl.org\/about\/info\/course-and-conference-office\/information-for-participants\/become-an-event-reporter\/\">information on attending a conference as an event reporter<\/a>.<\/p>\n\n\n\n<p>For further information about financial assistance please refer to the&nbsp;<a href=\"https:\/\/www.embl.org\/about\/info\/course-and-conference-office\/information-for-participants\/frequently-asked-questions\/\">FAQ page<\/a>.<\/p>\n\n<\/div>\n<\/details>\n\n\n\n<details  class=\"vf-details\" id=\"\"  >\n<summary class=\"vf-details--summary\">\nAccommodation and shuttles<\/summary>\n<div class=\"acf-innerblocks-container\">\n\n<p>Accommodation has been pre-booked for you at the <a href=\"http:\/\/en.isg-hotel.de\/\">ISG Hotel<\/a> for the default dates of Sunday 4 to Wednesday 14 September 2022 (10 nights). Please note that the course registration fee includes coverage of accommodation costs in twin rooms, including breakfasts, for your stay at the ISG but that you will be required to pay an additional cost of 21 EUR per night for a single room. This should be paid by you directly to the ISG during your stay. Any additional nights need to be booked and paid for by you.  We recommend that all course participants stay at the ISG Hotel which is the dedicated hotel for the course. <\/p>\n\n\n\n<h2 class=\"wp-block-heading\">Local transport<\/h2>\n\n\n\n<p>Shuttle buses will go from the ISG Hotel to EMBL and back, mornings and evenings. A bus schedule and location of the bus stops will be made available prior to the meeting.<\/p>\n\n\n\n<h2 class=\"wp-block-heading\">Further details<\/h2>\n\n\n\n<p>Address: EMBL Heidelberg, Meyerhofstra\u00dfe 1, 69117 Heidelberg, Germany<br><br>For further information on getting to EMBL Heidelberg visit our&nbsp;<a href=\"https:\/\/www.embl.org\/about\/info\/course-and-conference-office\/information-for-participants\/travel-information\/\">Travel Information page<\/a>.<br><br>For enquiries about accommodation and local transportation please&nbsp;refer to the&nbsp;<a href=\"https:\/\/www.embl.org\/about\/info\/course-and-conference-office\/information-for-participants\/frequently-asked-questions\/\">FAQ page<\/a>.<\/p>\n\n<\/div>\n<\/details>\n\n\n\n<details  class=\"vf-details\" id=\"\"  >\n<summary class=\"vf-details--summary\">\nTechnical requirements and event software<\/summary>\n<div class=\"acf-innerblocks-container\">\n\n<h2 class=\"wp-block-heading\">Technical requirements<\/h2>\n\n\n\n<p>Below you will find the software and technical requirements for this course. <\/p>\n\n\n\n<ul class=\"wp-block-list\"><li>Participants need to bring their own laptops, which will be used to remotely access EMBL virtual machines with pre-installed software.<\/li><li>You will need admin rights to install the software required to access the virtual machines. If you do not have admin rights, please contact your technical support team in advance to make sure the software can be installed.<\/li><li>If you have a non-standard&nbsp;HDMI port&nbsp;(other than type A), you need to bring an adaptor.<\/li><li>Keyboard and PC mouse are available for use with a standard USB port. If you have a different port type, such as USB-C, you will need to bring your own.<\/li><\/ul>\n\n\n\n<p><\/p>\n\n\n\n<h2 class=\"wp-block-heading\">Event software<\/h2>\n\n\n\n<p>The EMBL eCampus learning platform will be used to collaborate, communicate and network with all of the course participants. All participants will receive information on how to join shortly before the course. We recommend using Chrome, Safari or Mozilla Firefox browsers for eCampus.&nbsp;<br><\/p>\n\n<\/div>\n<\/details>\n\n\n\n<details  class=\"vf-details\" id=\"\"  >\n<summary class=\"vf-details--summary\">\nAdditional information <\/summary>\n<div class=\"acf-innerblocks-container\">\n\n<p>Please find additional information including FAQs, terms and conditions, COVID-19 safety policy and travelling to EMBL on our <a href=\"https:\/\/www.embl.org\/about\/info\/course-and-conference-office\/information-for-participants\/\">Information for Participants page.<\/a><\/p>\n\n<\/div>\n<\/details>\n\n\n\n<details  class=\"vf-details\" id=\"\"  >\n<summary class=\"vf-details--summary\">\nCOVID-19 related questions<\/summary>\n<div class=\"acf-innerblocks-container\">\n\n<p>COVID-19 information for on-site events at EMBL Heidelberg can be found in our <a href=\"https:\/\/www.embl.org\/about\/info\/course-and-conference-office\/faq-corona-questions\/\">COVID-19 FAQs<\/a>. <\/p>\n\n<\/div>\n<\/details>\n<\/section>\n\n\n\n<section class=\"vf-tabs__section\" id=\"vf-tabs__section-sponsors\"><h2>Sponsors<\/h2>\n<p><strong>Sponsorship opportunities<\/strong><\/p>\n\n\n\n<p>We offer a variety of event sponsoring possibilities, with the flexibility to select a set sponsorship package or combine individual sponsorship options to suit your event budget.&nbsp;Discounts are available for companies sponsoring multiple events at EMBL Heidelberg.&nbsp;<a href=\"http:\/\/www.embl.de\/training\/events\/index.php?p_eventType=CON&amp;amp;p_outstation=HD&amp;amp;p_timeRange=FUTURE&amp;amp;submit=Show+Events\">View other conferences<\/a>, or contact&nbsp;<a href=\"mailto:sponsorship@embl.de\">sponsorship@embl.de<\/a>&nbsp;for further information.<\/p>\n\n\n\n<p>If you are interested in becoming a media partner of this event, please visit our&nbsp;<a href=\"http:\/\/www.embl.de\/training\/events\/sponsorship\/mediapartnerships\/\">media partnerships webpage<\/a>.<\/p>\n<\/section>\n<\/div><\/div>\n\n\n\n<div class=\"wp-block-group\"><div class=\"wp-block-group__inner-container is-layout-flow wp-block-group-is-layout-flow\"><\/div><\/div>\n","protected":false},"excerpt":{"rendered":"","protected":false},"parent":0,"menu_order":0,"template":"","embl_taxonomy":[],"class_list":["post-8148","vf_event","type-vf_event","status-publish","hentry"],"acf":[],"embl_taxonomy_terms":[],"vf_event_start_date":{"value":"20220904","formatted":"4 September 2022"},"vf_event_end_date":{"value":"20220913","formatted":"13 September 2022"},"vf_event_submission_opening":{"value":"","formatted":""},"vf_event_submission_closing":{"value":"","formatted":""},"vf_event_registration_opening":{"value":"","formatted":""},"vf_event_registration_closing":{"value":"20220613","formatted":"13 Jun 2022"},"vf_event_summary":{"value":"The major aim of the course is to allow participants to experience modern cell biology at work: not only to see but also to try out in practice how cutting-edge technologies can be used to answer questions at the frontiers of cell biology. It is a tradition that the entire faculty of the Cell Biology and Biophysics Unit of EMBL teaches the course to cover a broad spectrum of techniques.","formatted":"<p>The major aim of the course is to allow participants to experience modern cell biology at work: not only to see but also to try out in practice how cutting-edge technologies can be used to answer questions at the frontiers of cell biology. It is a tradition that the entire faculty of the Cell Biology and Biophysics Unit of EMBL teaches the course to cover a broad spectrum of techniques.<\/p>\n"},"vf_event_additional_info":{"value":"","formatted":""},"vf_event_registration_fee":{"value":"","formatted":""},"vf_event_canceled":{"value":"no","formatted":"no"},"vf_event_venue":{"value":"EMBL Advanced Training Center","formatted":"EMBL Advanced Training Center"},"vf_event_unique_identifier":{"value":"","formatted":""},"vf_event_event_type":{"value":"course","formatted":{"value":"course","label":"Course"}},"vf_event_more_information_link":{"value":"https:\/\/www.embl.org\/about\/info\/course-and-conference-office\/events\/cbb22-01","formatted":"https:\/\/www.embl.org\/about\/info\/course-and-conference-office\/events\/cbb22-01"},"vf_event_registration_link":{"value":"https:\/\/embl.ungerboeck.com\/PROD\/emc00\/register.aspx?OrgCode=10&EvtID=6307&AppCode=REG&CC=122021003651","formatted":"https:\/\/embl.ungerboeck.com\/PROD\/emc00\/register.aspx?OrgCode=10&EvtID=6307&AppCode=REG&CC=122021003651"},"vf_event_start_time":{"value":"","formatted":""},"vf_event_end_time":{"value":"","formatted":""},"vf_event_location":{"value":["67"],"formatted":["EMBL Heidelberg"]},"vf_event_time_zone":{"value":"europe\/berlin","formatted":"Europe\/Berlin"},"vf_event_ss_subtype":{"value":null,"formatted":null},"vf_event_embo_subtype":{"value":"embo_course","formatted":{"value":"embo_course","label":"EMBO Practical Course"}},"vf_event_featured":{"value":"0","formatted":false},"vf_event_organisers_listing":{"value":"Sara Cuylen-H\u00e4ring, Simone K\u00f6hler","formatted":"Sara Cuylen-H\u00e4ring, Simone K\u00f6hler"},"vf_event_displayed":{"value":"EMBO Practical Course","formatted":"EMBO Practical Course"},"vf_event_subjects_training":{"value":["cbb","tim"],"formatted":[{"value":"cbb","label":"Cell Biology and Biophysics"},{"value":"tim","label":"Technology, Imaging and Methods"}]},"vf_event_registration_closing_on-site":{"value":"","formatted":""},"vf_event_registration_link_on-site":{"value":"","formatted":""},"vf_event_other_location":{"value":null,"formatted":null},"vf_event_qrcode":{"value":null,"formatted":null},"vf_event_custom_overview":{"value":null,"formatted":null},"vf_event_hashtag":{"value":"#EMBOCellBiology","formatted":"#EMBOCellBiology"},"vf_event_logo":{"value":"10280","formatted":{"ID":10280,"id":10280,"title":"Organiser_EMBO Practical Course","filename":"EMBO-EMBO-Practical-Course.png","filesize":5175,"url":"https:\/\/www.embl.org\/about\/info\/course-and-conference-office\/wp-content\/uploads\/2021\/03\/EMBO-EMBO-Practical-Course.png","link":"https:\/\/www.embl.org\/about\/info\/course-and-conference-office\/events\/lem21-01\/embo-embo-practical-course\/","alt":"","author":"8","description":"https:\/\/www.embl.org\/about\/info\/course-and-conference-office\/wp-content\/uploads\/2021\/03\/EMBO-EMBO-Practical-Course.png","caption":"","name":"embo-embo-practical-course","status":"inherit","uploaded_to":1151,"date":"2021-08-09 13:46:42","modified":"2022-11-11 10:26:10","menu_order":0,"mime_type":"image\/png","type":"image","subtype":"png","icon":"https:\/\/www.embl.org\/about\/info\/course-and-conference-office\/wp-includes\/images\/media\/default.png","width":383,"height":72,"sizes":{"thumbnail":"https:\/\/www.embl.org\/about\/info\/course-and-conference-office\/wp-content\/uploads\/2021\/03\/EMBO-EMBO-Practical-Course-150x72.png","thumbnail-width":150,"thumbnail-height":72,"medium":"https:\/\/www.embl.org\/about\/info\/course-and-conference-office\/wp-content\/uploads\/2021\/03\/EMBO-EMBO-Practical-Course-300x56.png","medium-width":300,"medium-height":56,"medium_large":"https:\/\/www.embl.org\/about\/info\/course-and-conference-office\/wp-content\/uploads\/2021\/03\/EMBO-EMBO-Practical-Course.png","medium_large-width":383,"medium_large-height":72,"large":"https:\/\/www.embl.org\/about\/info\/course-and-conference-office\/wp-content\/uploads\/2021\/03\/EMBO-EMBO-Practical-Course.png","large-width":383,"large-height":72,"1536x1536":"https:\/\/www.embl.org\/about\/info\/course-and-conference-office\/wp-content\/uploads\/2021\/03\/EMBO-EMBO-Practical-Course.png","1536x1536-width":383,"1536x1536-height":72,"2048x2048":"https:\/\/www.embl.org\/about\/info\/course-and-conference-office\/wp-content\/uploads\/2021\/03\/EMBO-EMBO-Practical-Course.png","2048x2048-width":383,"2048x2048-height":72,"vf-hero":"https:\/\/www.embl.org\/about\/info\/course-and-conference-office\/wp-content\/uploads\/2021\/03\/EMBO-EMBO-Practical-Course.png","vf-hero-width":383,"vf-hero-height":72}}},"vf_event_hero":{"value":"12364","formatted":{"ID":12364,"id":12364,"title":"cbb24-01","filename":"cbb22-01-scaled.jpg","filesize":287681,"url":"https:\/\/www.embl.org\/about\/info\/course-and-conference-office\/wp-content\/uploads\/2021\/06\/cbb22-01-scaled.jpg","link":"https:\/\/www.embl.org\/about\/info\/course-and-conference-office\/events\/cbb22-01\/cbb22-01-2\/","alt":"","author":"10","description":"","caption":"","name":"cbb22-01-2","status":"inherit","uploaded_to":8148,"date":"2021-09-23 08:34:28","modified":"2023-05-09 15:24:57","menu_order":0,"mime_type":"image\/jpeg","type":"image","subtype":"jpeg","icon":"https:\/\/www.embl.org\/about\/info\/course-and-conference-office\/wp-includes\/images\/media\/default.png","width":2560,"height":853,"sizes":{"thumbnail":"https:\/\/www.embl.org\/about\/info\/course-and-conference-office\/wp-content\/uploads\/2021\/06\/cbb22-01-150x150.jpg","thumbnail-width":150,"thumbnail-height":150,"medium":"https:\/\/www.embl.org\/about\/info\/course-and-conference-office\/wp-content\/uploads\/2021\/06\/cbb22-01-300x100.jpg","medium-width":300,"medium-height":100,"medium_large":"https:\/\/www.embl.org\/about\/info\/course-and-conference-office\/wp-content\/uploads\/2021\/06\/cbb22-01-768x256.jpg","medium_large-width":768,"medium_large-height":256,"large":"https:\/\/www.embl.org\/about\/info\/course-and-conference-office\/wp-content\/uploads\/2021\/06\/cbb22-01-1024x341.jpg","large-width":1024,"large-height":341,"1536x1536":"https:\/\/www.embl.org\/about\/info\/course-and-conference-office\/wp-content\/uploads\/2021\/06\/cbb22-01-1536x512.jpg","1536x1536-width":1536,"1536x1536-height":512,"2048x2048":"https:\/\/www.embl.org\/about\/info\/course-and-conference-office\/wp-content\/uploads\/2021\/06\/cbb22-01-2048x683.jpg","2048x2048-width":2048,"2048x2048-height":683,"vf-hero":"https:\/\/www.embl.org\/about\/info\/course-and-conference-office\/wp-content\/uploads\/2021\/06\/cbb22-01-1224x348.jpg","vf-hero-width":1224,"vf-hero-height":348}}},"_links":{"self":[{"href":"https:\/\/www.embl.org\/about\/info\/course-and-conference-office\/wp-json\/wp\/v2\/vf_events\/8148","targetHints":{"allow":["GET"]}}],"collection":[{"href":"https:\/\/www.embl.org\/about\/info\/course-and-conference-office\/wp-json\/wp\/v2\/vf_events"}],"about":[{"href":"https:\/\/www.embl.org\/about\/info\/course-and-conference-office\/wp-json\/wp\/v2\/types\/vf_event"}],"version-history":[{"count":203,"href":"https:\/\/www.embl.org\/about\/info\/course-and-conference-office\/wp-json\/wp\/v2\/vf_events\/8148\/revisions"}],"predecessor-version":[{"id":66256,"href":"https:\/\/www.embl.org\/about\/info\/course-and-conference-office\/wp-json\/wp\/v2\/vf_events\/8148\/revisions\/66256"}],"wp:attachment":[{"href":"https:\/\/www.embl.org\/about\/info\/course-and-conference-office\/wp-json\/wp\/v2\/media?parent=8148"}],"wp:term":[{"taxonomy":"embl_taxonomy","embeddable":true,"href":"https:\/\/www.embl.org\/about\/info\/course-and-conference-office\/wp-json\/wp\/v2\/embl_taxonomy?post=8148"}],"curies":[{"name":"wp","href":"https:\/\/api.w.org\/{rel}","templated":true}]}}