{"id":599,"date":"2021-03-10T08:48:59","date_gmt":"2021-03-10T08:48:59","guid":{"rendered":"https:\/\/www.embl.org\/about\/info\/course-and-conference-office\/?post_type=vf_event&#038;p=599"},"modified":"2022-05-10T08:15:47","modified_gmt":"2022-05-10T07:15:47","slug":"etc22-01","status":"publish","type":"vf_event","link":"https:\/\/www.embl.org\/about\/info\/course-and-conference-office\/events\/etc22-01\/","title":{"rendered":"The epitranscriptome"},"content":{"rendered":"\n<div class=\"vf-tabs\"><ul class=\"vf-tabs__list\" data-vf-js-tabs=\"true\"><li class=\"vf-tabs__item\"><a class=\"vf-tabs__link\" href=\"#vf-tabs__section-53de8397-0f08-449c-b4a4-0fdca47249f2\" data-vf-js-location-nearest-activation-target=\"\">Overview<\/a><\/li><li class=\"vf-tabs__item\"><a class=\"vf-tabs__link\" href=\"#vf-tabs__section-speakers\" data-vf-js-location-nearest-activation-target=\"\">Speakers<\/a><\/li><li class=\"vf-tabs__item\"><a class=\"vf-tabs__link\" href=\"#vf-tabs__section-programme\" data-vf-js-location-nearest-activation-target=\"\">Programme<\/a><\/li><li class=\"vf-tabs__item\"><a class=\"vf-tabs__link\" href=\"#vf-tabs__section-information\" data-vf-js-location-nearest-activation-target=\"\">Practical Information<\/a><\/li><li class=\"vf-tabs__item\"><a class=\"vf-tabs__link\" href=\"#vf-tabs__section-sponsors\" data-vf-js-location-nearest-activation-target=\"\">Sponsors<\/a><\/li><li class=\"vf-tabs__item\"><a class=\"vf-tabs__link\" href=\"#vf-tabs__section-481d10ec-7450-43c0-b1a8-478b73afc27c\" data-vf-js-location-nearest-activation-target=\"\">Pre-conference Webinar<\/a><\/li><\/ul><div class=\"vf-tabs-content\" data-vf-js-tabs-content=\"true\">\n<section class=\"vf-tabs__section\" id=\"vf-tabs__section-53de8397-0f08-449c-b4a4-0fdca47249f2\"><h2 class=\"vf-u-sr-only\">Overview<\/h2>\n<p><\/p>\n\n\n\n<h2 class=\"wp-block-heading\">Conference Overview<\/h2>\n\n\n\n<p>The regulation of the transcriptome is key to cellular processes that underpin cell biology, development and tissue function. All classes of cellular RNA are subject to post-transcriptional modification, be it by direct chemical modification, editing or non-templated nucleotide additions. It is now emerging that the modification status of the transcriptome is dynamic and responsive to environmental\/developmental cues. Together, this has elicited the realisation of an \u2018epitranscriptome\u2019 where post-transcriptional RNA modification coupled with recruitment of effector RNA binding proteins dynamically regulates genomic output. Importantly, mutations in setting or reading RNA modifications are causative of many human diseases or congenital disorders. This meeting aims to explore all aspects of this emerging topic, from methods development to molecular mechanism. Most importantly, the meeting will place an emphasis on the contribution of RNA modification to mammalian development, tissue homeostasis and disease.<\/p>\n\n\n\n<h2 class=\"wp-block-heading\">Session Topics<\/h2>\n\n\n\n<ul class=\"wp-block-list\"><li>RNA modification I <\/li><li>RNA modifications in stem cells and development<\/li><li>RNA modification II <\/li><li>RNA modification pathways in physiology and pathology<\/li><li>Emerging concepts<\/li><\/ul>\n\n\n\n<h2 class=\"wp-block-heading\">What past participants say about the conference:<\/h2>\n\n\n\n<p><em>\u201cThe Epitranscriptome EMBL conference rapidly became a must in the field.\u201d<\/em>&nbsp;&#8211; Mattia Pelizzola,&nbsp;Istituto Italiano di Tecnologia, Italy.<\/p>\n\n\n\n<p><em>&#8220;The conference provided an excellent opportunity to get the latest insights in the field of epitranscriptomics, presented by the world-leading academic groups.&#8221; &#8211;&nbsp;<\/em>Gerhard M\u00fcller, Gotham Therapeutics, New York, USA.<\/p>\n\n\n\n<p><em>&#8220;This conference was really good for me. I have learnt about new RNA regulatory mechanisms,&nbsp;especially m6A and how it&#8217;s an important target for RNA processing.&#8221;<\/em>&nbsp;&#8211; Opeyemi Olotu, University of Turku, Finland.<\/p>\n<\/section>\n\n\n\n<section class=\"vf-tabs__section\" id=\"vf-tabs__section-speakers\"><h2 class=\"vf-u-sr-only\">Speakers<\/h2>\n<h2 class=\"wp-block-heading\">Keynote Speaker<\/h2>\n\n\n\n<div class=\"vf-grid | vf-grid__col-3\"><div class=\"\"><!--[vf\/content]-->\n<div class=\"vf-content\">\n\n<article class=\"vf-profile vf-profile--very-easy vf-profile--medium vf-profile--block | vf-u-margin__bottom--400\">\n\n    <img decoding=\"async\" width=\"115\" height=\"135\" src=\"https:\/\/www.embl.org\/about\/info\/course-and-conference-office\/wp-content\/uploads\/2021\/03\/He_Chuan.jpg\" class=\"vf-profile__image\" alt=\"\" loading=\"lazy\" itemprop=\"image\" \/>\n    <h3 class=\"vf-profile__title\" style=\"text-align: center;\">\n                    <a href=\"http:\/\/he-group.uchicago.edu\/\" target=\"_self\" class=\"vf-profile__link\">Chuan He<\/a>\n            <\/h3>\n    \n                <p class=\"vf-profile__text\" style=\"text-align: center;\">\n                The University of Chicago            <\/p>\n                <p class=\"vf-profile__text\" style=\"text-align: center;\">\n                USA            <\/p>\n    \n    \n      \n\n    \n<\/article>\n\n<\/div>\n<\/div>\n\n\n<div class=\"\"><!--[vf\/content]-->\n<div class=\"vf-content\">\n\n<\/div>\n<\/div>\n\n\n<div class=\"\"><!--[vf\/content]-->\n<div class=\"vf-content\">\n\n<\/div>\n<\/div>\n<\/div>\n\n\n\n<h2 class=\"wp-block-heading\"><\/h2>\n\n\n\n<h2 class=\"wp-block-heading\">Speakers<\/h2>\n\n\n\n<div class=\"vf-grid | vf-grid__col-3\"><div class=\"\"><!--[vf\/content]-->\n<div class=\"vf-content\">\n\n<article class=\"vf-profile vf-profile--very-easy vf-profile--medium vf-profile--block | vf-u-margin__bottom--400\">\n\n    <img decoding=\"async\" width=\"225\" height=\"300\" src=\"https:\/\/www.embl.org\/about\/info\/course-and-conference-office\/wp-content\/uploads\/2021\/03\/Christian_Bellodi-225x300.jpg\" class=\"vf-profile__image\" alt=\"\" loading=\"lazy\" itemprop=\"image\" srcset=\"https:\/\/www.embl.org\/about\/info\/course-and-conference-office\/wp-content\/uploads\/2021\/03\/Christian_Bellodi-225x300.jpg 225w, https:\/\/www.embl.org\/about\/info\/course-and-conference-office\/wp-content\/uploads\/2021\/03\/Christian_Bellodi-768x1024.jpg 768w, https:\/\/www.embl.org\/about\/info\/course-and-conference-office\/wp-content\/uploads\/2021\/03\/Christian_Bellodi.jpg 960w\" sizes=\"auto, (max-width: 225px) 100vw, 225px\" \/>\n    <h3 class=\"vf-profile__title\" style=\"text-align: center;\">\n                    <a href=\"https:\/\/www.stemcellcenter.lu.se\/research-groups\/bellodi\" target=\"_self\" class=\"vf-profile__link\">Cristian Bellodi<\/a>\n            <\/h3>\n    \n                <p class=\"vf-profile__text\" style=\"text-align: center;\">\n                Lund University            <\/p>\n                <p class=\"vf-profile__text\" style=\"text-align: center;\">\n                Sweden            <\/p>\n    \n    \n      \n\n    \n<\/article>\n\n<\/div>\n<\/div>\n\n\n<div class=\"\"><!--[vf\/content]-->\n<div class=\"vf-content\">\n\n<article class=\"vf-profile vf-profile--very-easy vf-profile--medium vf-profile--block | vf-u-margin__bottom--400\">\n\n    <img decoding=\"async\" width=\"115\" height=\"135\" src=\"https:\/\/www.embl.org\/about\/info\/course-and-conference-office\/wp-content\/uploads\/2021\/03\/Bujnicki_Janusz.jpg\" class=\"vf-profile__image\" alt=\"\" loading=\"lazy\" itemprop=\"image\" \/>\n    <h3 class=\"vf-profile__title\" style=\"text-align: center;\">\n                    <a href=\"http:\/\/genesilico.pl\/\" target=\"_self\" class=\"vf-profile__link\">Janusz Bujnicki<\/a>\n            <\/h3>\n    \n                <p class=\"vf-profile__text\" style=\"text-align: center;\">\n                International Institute of Molecular and Cell Biology            <\/p>\n                <p class=\"vf-profile__text\" style=\"text-align: center;\">\n                Poland            <\/p>\n    \n    \n      \n\n    \n<\/article>\n\n<\/div>\n<\/div>\n\n\n<div class=\"\"><!--[vf\/content]-->\n<div class=\"vf-content\">\n\n<article class=\"vf-profile vf-profile--very-easy vf-profile--medium vf-profile--block | vf-u-margin__bottom--400\">\n\n    <img decoding=\"async\" width=\"115\" height=\"135\" src=\"https:\/\/www.embl.org\/about\/info\/course-and-conference-office\/wp-content\/uploads\/2021\/03\/Cowling_Victoria.jpg\" class=\"vf-profile__image\" alt=\"\" loading=\"lazy\" itemprop=\"image\" \/>\n    <h3 class=\"vf-profile__title\" style=\"text-align: center;\">\n                    <a href=\"https:\/\/www.lifesci.dundee.ac.uk\/people\/victoria-cowling\" target=\"_self\" class=\"vf-profile__link\">Victoria Cowling<\/a>\n            <\/h3>\n    \n                <p class=\"vf-profile__text\" style=\"text-align: center;\">\n                University of Dundee            <\/p>\n                <p class=\"vf-profile__text\" style=\"text-align: center;\">\n                UK            <\/p>\n    \n    \n      \n\n    \n<\/article>\n\n<\/div>\n<\/div>\n<\/div>\n\n\n\n<div class=\"vf-grid | vf-grid__col-3\"><div class=\"\"><!--[vf\/content]-->\n<div class=\"vf-content\">\n\n<article class=\"vf-profile vf-profile--very-easy vf-profile--medium vf-profile--block | vf-u-margin__bottom--400\">\n\n    <img decoding=\"async\" width=\"115\" height=\"135\" src=\"https:\/\/www.embl.org\/about\/info\/course-and-conference-office\/wp-content\/uploads\/2021\/03\/Frye_Michaela.jpg\" class=\"vf-profile__image\" alt=\"\" loading=\"lazy\" itemprop=\"image\" \/>\n    <h3 class=\"vf-profile__title\" style=\"text-align: center;\">\n                    <a href=\"https:\/\/www.dkfz.de\/en\/regulatorische-mechanismen-genexpression\/index.php\" target=\"_self\" class=\"vf-profile__link\">Michaela Frye<\/a>\n            <\/h3>\n    \n                <p class=\"vf-profile__text\" style=\"text-align: center;\">\n                German Cancer Research Centre (DKFZ)            <\/p>\n                <p class=\"vf-profile__text\" style=\"text-align: center;\">\n                Germany            <\/p>\n    \n    \n      \n\n    \n<\/article>\n\n<\/div>\n<\/div>\n\n\n<div class=\"\"><!--[vf\/content]-->\n<div class=\"vf-content\">\n\n<article class=\"vf-profile vf-profile--very-easy vf-profile--medium vf-profile--block | vf-u-margin__bottom--400\">\n\n    <img decoding=\"async\" width=\"249\" height=\"300\" src=\"https:\/\/www.embl.org\/about\/info\/course-and-conference-office\/wp-content\/uploads\/2021\/03\/Gilbert_Wendy-e1655271723490-249x300.jpg\" class=\"vf-profile__image\" alt=\"\" loading=\"lazy\" itemprop=\"image\" srcset=\"https:\/\/www.embl.org\/about\/info\/course-and-conference-office\/wp-content\/uploads\/2021\/03\/Gilbert_Wendy-e1655271723490-249x300.jpg 249w, https:\/\/www.embl.org\/about\/info\/course-and-conference-office\/wp-content\/uploads\/2021\/03\/Gilbert_Wendy-e1655271723490-850x1024.jpg 850w, https:\/\/www.embl.org\/about\/info\/course-and-conference-office\/wp-content\/uploads\/2021\/03\/Gilbert_Wendy-e1655271723490-768x925.jpg 768w, https:\/\/www.embl.org\/about\/info\/course-and-conference-office\/wp-content\/uploads\/2021\/03\/Gilbert_Wendy-e1655271723490-1275x1536.jpg 1275w, https:\/\/www.embl.org\/about\/info\/course-and-conference-office\/wp-content\/uploads\/2021\/03\/Gilbert_Wendy-e1655271723490.jpg 1320w\" sizes=\"auto, (max-width: 249px) 100vw, 249px\" \/>\n    <h3 class=\"vf-profile__title\" style=\"text-align: center;\">\n                    <a href=\"https:\/\/gilbert-lab.org\" target=\"_self\" class=\"vf-profile__link\">Wendy Gilbert<\/a>\n            <\/h3>\n    \n                <p class=\"vf-profile__text\" style=\"text-align: center;\">\n                Yale University            <\/p>\n                <p class=\"vf-profile__text\" style=\"text-align: center;\">\n                USA            <\/p>\n    \n    \n      \n\n    \n<\/article>\n\n<\/div>\n<\/div>\n\n\n<div class=\"\"><!--[vf\/content]-->\n<div class=\"vf-content\">\n\n<article class=\"vf-profile vf-profile--very-easy vf-profile--medium vf-profile--block | vf-u-margin__bottom--400\">\n\n    <img decoding=\"async\" width=\"115\" height=\"135\" src=\"https:\/\/www.embl.org\/about\/info\/course-and-conference-office\/wp-content\/uploads\/2021\/03\/Gregory_Richard.jpg\" class=\"vf-profile__image\" alt=\"\" loading=\"lazy\" itemprop=\"image\" \/>\n    <h3 class=\"vf-profile__title\" style=\"text-align: center;\">\n                    <a href=\"http:\/\/www.childrenshospital.org\/research\/labs\/gregory-laboratory\" target=\"_self\" class=\"vf-profile__link\">Richard Gregory<\/a>\n            <\/h3>\n    \n                <p class=\"vf-profile__text\" style=\"text-align: center;\">\n                Boston Children&#039;s Hospital            <\/p>\n                <p class=\"vf-profile__text\" style=\"text-align: center;\">\n                USA            <\/p>\n    \n    \n      \n\n    \n<\/article>\n\n<\/div>\n<\/div>\n<\/div>\n\n\n\n<div class=\"vf-grid | vf-grid__col-3\"><div class=\"\"><!--[vf\/content]-->\n<div class=\"vf-content\">\n\n<article class=\"vf-profile vf-profile--very-easy vf-profile--medium vf-profile--block | vf-u-margin__bottom--400\">\n\n    <img decoding=\"async\" width=\"115\" height=\"135\" src=\"https:\/\/www.embl.org\/about\/info\/course-and-conference-office\/wp-content\/uploads\/2021\/03\/Jaffrey_Samie.jpg\" class=\"vf-profile__image\" alt=\"\" loading=\"lazy\" itemprop=\"image\" \/>\n    <h3 class=\"vf-profile__title\" style=\"text-align: center;\">\n                    <a href=\"https:\/\/www.jaffreylab.org\/\" target=\"_self\" class=\"vf-profile__link\">Samie Jaffrey<\/a>\n            <\/h3>\n    \n                <p class=\"vf-profile__text\" style=\"text-align: center;\">\n                Weill Cornell Medicine            <\/p>\n                <p class=\"vf-profile__text\" style=\"text-align: center;\">\n                USA            <\/p>\n    \n    \n      \n\n    \n<\/article>\n\n<\/div>\n<\/div>\n\n\n<div class=\"\"><!--[vf\/content]-->\n<div class=\"vf-content\">\n\n<article class=\"vf-profile vf-profile--very-easy vf-profile--medium vf-profile--block | vf-u-margin__bottom--400\">\n\n    <img decoding=\"async\" width=\"115\" height=\"135\" src=\"https:\/\/www.embl.org\/about\/info\/course-and-conference-office\/wp-content\/uploads\/2021\/03\/Kellner_Stefanie.jpg\" class=\"vf-profile__image\" alt=\"\" loading=\"lazy\" itemprop=\"image\" \/>\n    <h3 class=\"vf-profile__title\" style=\"text-align: center;\">\n                    <a href=\"https:\/\/www.cup.lmu.de\/oc\/kellner\/neuigkeiten-news-feed\/\" target=\"_self\" class=\"vf-profile__link\">Stefanie Kellner-Kaiser<\/a>\n            <\/h3>\n    \n                <p class=\"vf-profile__text\" style=\"text-align: center;\">\n                Goethe University Frankfurt            <\/p>\n                <p class=\"vf-profile__text\" style=\"text-align: center;\">\n                Germany            <\/p>\n    \n    \n      \n\n    \n<\/article>\n\n<\/div>\n<\/div>\n\n\n<div class=\"\"><!--[vf\/content]-->\n<div class=\"vf-content\">\n\n<article class=\"vf-profile vf-profile--very-easy vf-profile--medium vf-profile--block | vf-u-margin__bottom--400\">\n\n    <img decoding=\"async\" width=\"115\" height=\"135\" src=\"https:\/\/www.embl.org\/about\/info\/course-and-conference-office\/wp-content\/uploads\/2021\/03\/Kim_Narry.jpg\" class=\"vf-profile__image\" alt=\"\" loading=\"lazy\" itemprop=\"image\" \/>\n    <h3 class=\"vf-profile__title\" style=\"text-align: center;\">\n                    <a href=\"http:\/\/www.narrykim.org\/en\/\" target=\"_self\" class=\"vf-profile__link\">V. Narry Kim<\/a>\n            <\/h3>\n    \n                <p class=\"vf-profile__text\" style=\"text-align: center;\">\n                Seoul National University            <\/p>\n                <p class=\"vf-profile__text\" style=\"text-align: center;\">\n                South Korea            <\/p>\n    \n    \n      \n\n    \n<\/article>\n\n<\/div>\n<\/div>\n<\/div>\n\n\n\n<div class=\"vf-grid | vf-grid__col-3\"><div class=\"\"><!--[vf\/content]-->\n<div class=\"vf-content\">\n\n<article class=\"vf-profile vf-profile--very-easy vf-profile--medium vf-profile--block | vf-u-margin__bottom--400\">\n\n    <img decoding=\"async\" width=\"115\" height=\"135\" src=\"https:\/\/www.embl.org\/about\/info\/course-and-conference-office\/wp-content\/uploads\/2021\/03\/Kranc_Kamil.jpg\" class=\"vf-profile__image\" alt=\"\" loading=\"lazy\" itemprop=\"image\" \/>\n    <h3 class=\"vf-profile__title\" style=\"text-align: center;\">\n                    <a href=\"https:\/\/www.bci.qmul.ac.uk\/staff\/item\/kamil-r-kranc?highlight=WyJrYW1pbCIsImtyYW5jIiwia3JhbmMncyIsImthbWlsIGtyYW5jIl0=\" target=\"_self\" class=\"vf-profile__link\">Kamil Kranc<\/a>\n            <\/h3>\n    \n                <p class=\"vf-profile__text\" style=\"text-align: center;\">\n                Barts Cancer Institute, Queen Mary University of London            <\/p>\n                <p class=\"vf-profile__text\" style=\"text-align: center;\">\n                UK            <\/p>\n    \n    \n      \n\n    \n<\/article>\n\n<\/div>\n<\/div>\n\n\n<div class=\"\"><!--[vf\/content]-->\n<div class=\"vf-content\">\n\n<article class=\"vf-profile vf-profile--very-easy vf-profile--medium vf-profile--block | vf-u-margin__bottom--400\">\n\n    <img decoding=\"async\" width=\"115\" height=\"135\" src=\"https:\/\/www.embl.org\/about\/info\/course-and-conference-office\/wp-content\/uploads\/2021\/03\/Nam_Yunsun.jpg\" class=\"vf-profile__image\" alt=\"\" loading=\"lazy\" itemprop=\"image\" \/>\n    <h3 class=\"vf-profile__title\" style=\"text-align: center;\">\n                    <a href=\"https:\/\/profiles.utsouthwestern.edu\/profile\/137693\/yunsun-nam.html\" target=\"_self\" class=\"vf-profile__link\">Yunsun Nam<\/a>\n            <\/h3>\n    \n                <p class=\"vf-profile__text\" style=\"text-align: center;\">\n                The University of Texas Southwestern Medical Center            <\/p>\n                <p class=\"vf-profile__text\" style=\"text-align: center;\">\n                USA            <\/p>\n    \n    \n      \n\n    \n<\/article>\n\n<\/div>\n<\/div>\n\n\n<div class=\"\"><!--[vf\/content]-->\n<div class=\"vf-content\">\n\n<article class=\"vf-profile vf-profile--very-easy vf-profile--medium vf-profile--block | vf-u-margin__bottom--400\">\n\n    <img decoding=\"async\" width=\"115\" height=\"135\" src=\"https:\/\/www.embl.org\/about\/info\/course-and-conference-office\/wp-content\/uploads\/2021\/03\/oberdoerffer.jpg\" class=\"vf-profile__image\" alt=\"\" loading=\"lazy\" itemprop=\"image\" \/>\n    <h3 class=\"vf-profile__title\" style=\"text-align: center;\">\n                    <a href=\"https:\/\/ccr.cancer.gov\/Laboratory-of-Receptor-Biology-and-Gene-Expression\/shalini-oberdoerffer\" target=\"_self\" class=\"vf-profile__link\">Shalini Oberdoerffer<\/a>\n            <\/h3>\n    \n                <p class=\"vf-profile__text\" style=\"text-align: center;\">\n                National Cancer Institute            <\/p>\n                <p class=\"vf-profile__text\" style=\"text-align: center;\">\n                USA            <\/p>\n    \n    \n      \n\n    \n<\/article>\n\n<\/div>\n<\/div>\n<\/div>\n\n\n\n<div class=\"vf-grid | vf-grid__col-3\"><div class=\"\"><!--[vf\/content]-->\n<div class=\"vf-content\">\n\n<article class=\"vf-profile vf-profile--very-easy vf-profile--medium vf-profile--block | vf-u-margin__bottom--400\">\n\n    <img decoding=\"async\" width=\"110\" height=\"119\" src=\"https:\/\/www.embl.org\/about\/info\/course-and-conference-office\/wp-content\/uploads\/2021\/03\/Pillai_Ramesh-e1655271763371.jpg\" class=\"vf-profile__image\" alt=\"\" loading=\"lazy\" itemprop=\"image\" \/>\n    <h3 class=\"vf-profile__title\" style=\"text-align: center;\">\n                    <a href=\"https:\/\/molbio.unige.ch\/en\/research-group\/ramesh-pillai\" target=\"_self\" class=\"vf-profile__link\">Ramesh Pillai<\/a>\n            <\/h3>\n    \n                <p class=\"vf-profile__text\" style=\"text-align: center;\">\n                University of Geneva            <\/p>\n                <p class=\"vf-profile__text\" style=\"text-align: center;\">\n                Switzerland            <\/p>\n    \n    \n      \n\n    \n<\/article>\n\n<\/div>\n<\/div>\n\n\n<div class=\"\"><!--[vf\/content]-->\n<div class=\"vf-content\">\n\n<article class=\"vf-profile vf-profile--very-easy vf-profile--medium vf-profile--block | vf-u-margin__bottom--400\">\n\n    <img decoding=\"async\" width=\"115\" height=\"135\" src=\"https:\/\/www.embl.org\/about\/info\/course-and-conference-office\/wp-content\/uploads\/2021\/03\/Schwartz.jpg\" class=\"vf-profile__image\" alt=\"\" loading=\"lazy\" itemprop=\"image\" \/>\n    <h3 class=\"vf-profile__title\" style=\"text-align: center;\">\n                    <a href=\"http:\/\/www.weizmann.ac.il\/molgen\/Schwartz\/\" target=\"_self\" class=\"vf-profile__link\">Schraga Schwartz<\/a>\n            <\/h3>\n    \n                <p class=\"vf-profile__text\" style=\"text-align: center;\">\n                Weizmann Institute of Science            <\/p>\n                <p class=\"vf-profile__text\" style=\"text-align: center;\">\n                Israel            <\/p>\n    \n    \n      \n\n    \n<\/article>\n\n<\/div>\n<\/div>\n\n\n<div class=\"\"><!--[vf\/content]-->\n<div class=\"vf-content\">\n\n<article class=\"vf-profile vf-profile--very-easy vf-profile--medium vf-profile--block | vf-u-margin__bottom--400\">\n\n    <img decoding=\"async\" width=\"220\" height=\"180\" src=\"https:\/\/www.embl.org\/about\/info\/course-and-conference-office\/wp-content\/uploads\/2021\/03\/Stepanka-Vanacova.jpeg\" class=\"vf-profile__image\" alt=\"\" loading=\"lazy\" itemprop=\"image\" \/>\n    <h3 class=\"vf-profile__title\" style=\"text-align: center;\">\n                    <a href=\"http:\/\/www.ncbr.muni.cz\/~vanacova\/\" target=\"_self\" class=\"vf-profile__link\">\u0160t\u011bp\u00e1nka Va\u0148\u00e1\u010dov\u00e1<\/a>\n            <\/h3>\n    \n                <p class=\"vf-profile__text\" style=\"text-align: center;\">\n                CEITEC            <\/p>\n                <p class=\"vf-profile__text\" style=\"text-align: center;\">\n                Czech Republic            <\/p>\n    \n    \n      \n\n    \n<\/article>\n\n<\/div>\n<\/div>\n<\/div>\n\n\n\n<h2 class=\"wp-block-heading\"><\/h2>\n\n\n\n<h2 class=\"wp-block-heading\">Scientific Organisers<\/h2>\n\n\n\n<div class=\"vf-grid | vf-grid__col-3\"><div class=\"\"><!--[vf\/content]-->\n<div class=\"vf-content\">\n\n<article class=\"vf-profile vf-profile--very-easy vf-profile--medium vf-profile--block | vf-u-margin__bottom--400\">\n\n    <img decoding=\"async\" width=\"115\" height=\"135\" src=\"https:\/\/www.embl.org\/about\/info\/course-and-conference-office\/wp-content\/uploads\/2021\/03\/Frye_Michaela.jpg\" class=\"vf-profile__image\" alt=\"\" loading=\"lazy\" itemprop=\"image\" \/>\n    <h3 class=\"vf-profile__title\" style=\"text-align: center;\">\n                    <a href=\"https:\/\/www.dkfz.de\/en\/regulatorische-mechanismen-genexpression\/index.php\" target=\"_self\" class=\"vf-profile__link\">Michaela Frye<\/a>\n            <\/h3>\n    \n                <p class=\"vf-profile__text\" style=\"text-align: center;\">\n                German Cancer Research Centre            <\/p>\n                <p class=\"vf-profile__text\" style=\"text-align: center;\">\n                Germany            <\/p>\n    \n    \n      \n\n    \n<\/article>\n\n<\/div>\n<\/div>\n\n\n<div class=\"\"><!--[vf\/content]-->\n<div class=\"vf-content\">\n\n<article class=\"vf-profile vf-profile--very-easy vf-profile--medium vf-profile--block | vf-u-margin__bottom--400\">\n\n    <img decoding=\"async\" width=\"115\" height=\"135\" src=\"https:\/\/www.embl.org\/about\/info\/course-and-conference-office\/wp-content\/uploads\/2021\/03\/Kim_Narry.jpg\" class=\"vf-profile__image\" alt=\"\" loading=\"lazy\" itemprop=\"image\" \/>\n    <h3 class=\"vf-profile__title\" style=\"text-align: center;\">\n                    <a href=\"http:\/\/www.narrykim.org\/en\/\" target=\"_self\" class=\"vf-profile__link\">V. Narry Kim<\/a>\n            <\/h3>\n    \n                <p class=\"vf-profile__text\" style=\"text-align: center;\">\n                Seoul National University            <\/p>\n                <p class=\"vf-profile__text\" style=\"text-align: center;\">\n                South Korea            <\/p>\n    \n    \n      \n\n    \n<\/article>\n\n<\/div>\n<\/div>\n\n\n<div class=\"\"><!--[vf\/content]-->\n<div class=\"vf-content\">\n\n<article class=\"vf-profile vf-profile--very-easy vf-profile--medium vf-profile--block | vf-u-margin__bottom--400\">\n\n    <img decoding=\"async\" width=\"115\" height=\"135\" src=\"https:\/\/www.embl.org\/about\/info\/course-and-conference-office\/wp-content\/uploads\/2021\/03\/Ocarroll.jpg\" class=\"vf-profile__image\" alt=\"\" loading=\"lazy\" itemprop=\"image\" \/>\n    <h3 class=\"vf-profile__title\" style=\"text-align: center;\">\n                    <a href=\"https:\/\/donalocarroll.wixsite.com\/donalocarrolllab\/\" target=\"_self\" class=\"vf-profile__link\">D\u00f3nal O&#039;Carroll<\/a>\n            <\/h3>\n    \n                <p class=\"vf-profile__text\" style=\"text-align: center;\">\n                MRC Centre for Regenerative Medicine            <\/p>\n                <p class=\"vf-profile__text\" style=\"text-align: center;\">\n                UK            <\/p>\n    \n    \n      \n\n    \n<\/article>\n\n\n\n<p><\/p>\n\n<\/div>\n<\/div>\n<\/div>\n\n\n\n<p><\/p>\n\n\n\n<h2 class=\"wp-block-heading\">Conference Organisers<\/h2>\n\n\n\n<div class=\"embl-grid\"><div class=\"\"><!--[vf\/content]-->\n<div class=\"vf-content\">\n\n<article class=\"vf-profile vf-profile--very-easy vf-profile--medium vf-profile--block | vf-u-margin__bottom--400\">\n\n    <img decoding=\"async\" width=\"115\" height=\"130\" src=\"https:\/\/www.embl.org\/about\/info\/course-and-conference-office\/wp-content\/uploads\/2021\/01\/hohmann_lea-2.jpg\" class=\"vf-profile__image\" alt=\"\" loading=\"lazy\" itemprop=\"image\" \/>\n    <h3 class=\"vf-profile__title\" style=\"text-align: center;\">\n                    Lea Hohmann            <\/h3>\n    \n                <p class=\"vf-profile__text\" style=\"text-align: center;\">\n                EMBL Heidelberg            <\/p>\n                <p class=\"vf-profile__text\" style=\"text-align: center;\">\n                Germany            <\/p>\n    \n    \n      \n\n    \n<\/article>\n\n<\/div>\n<\/div>\n\n\n<div class=\"\"><!--[vf\/content]-->\n<div class=\"vf-content\">\n\n<article class=\"vf-profile vf-profile--very-easy vf-profile--medium vf-profile--block | vf-u-margin__bottom--400\">\n\n    <img decoding=\"async\" width=\"155\" height=\"175\" src=\"https:\/\/www.embl.org\/about\/info\/course-and-conference-office\/wp-content\/uploads\/2021\/03\/Aline_Schnieder.jpg\" class=\"vf-profile__image\" alt=\"\" loading=\"lazy\" itemprop=\"image\" \/>\n    <h3 class=\"vf-profile__title\" style=\"text-align: center;\">\n                    Aline Schnieder            <\/h3>\n    \n                <p class=\"vf-profile__text\" style=\"text-align: center;\">\n                EMBL Heidelberg            <\/p>\n                <p class=\"vf-profile__text\" style=\"text-align: center;\">\n                Germany            <\/p>\n    \n    \n      \n\n    \n<\/article>\n\n<\/div>\n<\/div>\n\n\n<div class=\"\"><!--[vf\/content]-->\n<div class=\"vf-content\">\n\n<\/div>\n<\/div>\n<\/div>\n<\/section>\n\n\n\n<section class=\"vf-tabs__section\" id=\"vf-tabs__section-programme\"><h2>Programme<\/h2>\n<p> Got something to say? Tweet it!&nbsp;#EMBOEpitrans<\/p>\n\n\n\n<ul class=\"wp-block-list\"><li>The virtual conference includes live-streamed invited speakers and short talk presenters with Q&amp;A sessions after each talk.<\/li><li>Information on the live stream and access to the discussion platform and digital posters will be provided shortly before the start of the event.<\/li><li>Access to the recorded talks will be available for 2 weeks after the end of the event, until 25 February, 23:59 (Europe\/Berlin).<\/li><\/ul>\n\n\n\n<p>The following time is used in the programme below:<\/p>\n\n\n\n<ul class=\"wp-block-list\"><li>Europe\/Berlin<\/li><\/ul>\n\n\n\n<p>To find out the equivalent time zone in your location, enter Berlin, the programme time and your city into the&nbsp;<a rel=\"noreferrer noopener\" href=\"https:\/\/www.thetimezoneconverter.com\/\" target=\"_blank\">Time Zone Converter<\/a>.<\/p>\n\n\n\n<details  class=\"vf-details\" id=\"\"  >\n<summary class=\"vf-details--summary\">\nDay 1 &#8211; Wednesday, 9 February 2022<\/summary>\n<div class=\"acf-innerblocks-container\">\n\n<figure class=\"wp-block-table is-style-regular\"><table><thead><tr><th>Time (Europe\/Berlin)  <\/th><th>Speaker                                                                                                             <\/th><\/tr><\/thead><tbody><tr><td>14:00-14:15<\/td><td><strong>Opening remarks by Scientific Organisers<\/strong><\/td><\/tr><tr><td><\/td><td><strong>Session 1: RNA modification I<\/strong><br>Chair: \u0160t\u011bp\u00e1nka Va\u0148\u00e1\u010dov\u00e1<\/td><\/tr><tr><td>14:15-15:15<\/td><td><strong>Keynote lecture: RNA methylation in gene expression regulation<\/strong><br>Chuan He &#8211; The University of Chicago, USA<br><em><strong><em>ONLY AVAILABLE TO VIEW LIVE<\/em><\/strong><\/em><\/td><\/tr><tr><td>15:15-15:30<\/td><td><strong>N6-methyladenosine in poly(A) tails stabilizes VSG transcripts<\/strong><br>L\u00facia Serra &#8211; University of Lisbon, Portugal<br><em><strong>AVAILABLE ON DEMAND AFTER LIVE STREAM<\/strong><\/em> <\/td><\/tr><tr><td>15:30-16:00<\/td><td><strong>Understanding roles of m6A and m6Am methylation in mRNAs<br><\/strong>Samie Jaffrey &#8211; Weill Cornell Medicine, USA<br><strong><em>ONLY AVAILABLE TO VIEW LIVE<\/em><\/strong>  <\/td><\/tr><tr><td>16:00-16:15<\/td><td><strong>Alphaherpesvirus-induced inhibition of the m6A writer complex and degradation of m6A-methylated transcripts<\/strong><br>Ruth Verhamme &#8211; University of Ghent, Belgium<br><em><strong>AVAILABLE ON DEMAND AFTER LIVE STREAM<\/strong><\/em> <\/td><\/tr><tr><td>16:15-16:30<\/td><td><strong>Break<\/strong><\/td><\/tr><tr><td>16:30-17:00<\/td><td><strong>Biochemical characterization of the mouse piRNA methyltransferase mHEN1<br><\/strong>Ramesh Pillai &#8211; University of Geneva, Switzerland<br><em><strong><strong><em>ONLY AVAILABLE TO VIEW LIVE<\/em><\/strong>  <\/strong><\/em><\/td><\/tr><tr><td>17:00-17:15<\/td><td><strong>Heterogenous m6A methylation in single cells revealed using single-cell DART-seq<\/strong><br>Matthew Tegowski &#8211; Duke University, USA<br><em><strong>AVAILABLE ON DEMAND AFTER LIVE STREAM<\/strong><\/em> <\/td><\/tr><tr><td>17:15-17:30<\/td><td><strong>Redundancy vs specialization among YTHDF proteins<\/strong><br>Laura Arribas-Hern\u00e1ndez &#8211; University of Copenhagen, Denmark<br><em><strong><strong><em>ONLY AVAILABLE TO VIEW LIVE<\/em><\/strong>  <\/strong><\/em> <\/td><\/tr><tr><td>17:30-18:00<\/td><td><strong>Meet the speakers of Session 1<\/strong><\/td><\/tr><tr><td>18:00-19:00<\/td><td><strong>Poster session 1<\/strong><\/td><\/tr><tr><td>19:00-19:30<\/td><td><strong>Optional Social Programme: Speed networking<\/strong>                                    <\/td><\/tr><\/tbody><\/table><\/figure>\n\n<\/div>\n<\/details>\n\n\n\n<details  class=\"vf-details\" id=\"\"  >\n<summary class=\"vf-details--summary\">\nDay 2 &#8211; Thursday, 10 February 2022<\/summary>\n<div class=\"acf-innerblocks-container\">\n\n<figure class=\"wp-block-table is-style-regular\"><table><thead><tr><th>Time <br>(Europe\/Berlin)  <\/th><th>  Speaker   <\/th><\/tr><\/thead><tbody><tr><td><\/td><td><strong>Session 2: RNA modifications in stem cells and development<\/strong><br>Chair: Matthias Soller<\/td><\/tr><tr><td>14:00-14:30<\/td><td><strong>Defining the m3C epitranscriptome and its role in human cells<\/strong><br>Richard Gregory &#8211; Boston Children&#8217;s Hospital, USA<br> <em><strong>AVAILABLE ON DEMAND AFTER LIVE STREAM<\/strong><\/em> <\/td><\/tr><tr><td>14:30-14:45<\/td><td><strong>Nsun5 deletion promotes healthy aging in mice<\/strong><br>Markus Schosserer &#8211; University of Natural Resources and Life Sciences, Austria<br><em><strong>AVAILABLE ON DEMAND AFTER LIVE STREAM<\/strong><\/em> <\/td><\/tr><tr><td>14:45-15:15<\/td><td><strong>Selective translation control by pseudouridine-modified tRNA fragments in stem and cancer cells<\/strong><br>Cristian Bellodi &#8211; Lund University, Sweden<br><em><strong>AVAILABLE ON DEMAND AFTER LIVE STREAM<\/strong><\/em><\/td><\/tr><tr><td>15:15-15:30<\/td><td><strong>Break<\/strong><\/td><\/tr><tr><td>15:30-16:00<\/td><td><strong>The m6A code<\/strong><br>Schraga Schwartz &#8211; Weizmann Institute of Science, Israel<br><em><strong>AVAILABLE ON DEMAND AFTER LIVE STREAM<\/strong><\/em><\/td><\/tr><tr><td>16:00-16:15<\/td><td><strong>Uridylation by the TUTase URT1 prevents the accumulation of excessively deadenylated mRNAs to avoid siRNA biogenesis<\/strong><br>Dominique Gagliardi &#8211; University of Strasbourg, France<br><em><strong>AVAILABLE ON DEMAND AFTER LIVE STREAM<\/strong><\/em> <\/td><\/tr><tr><td>16:15-16:45<\/td><td><strong>Meet the speakers of Session 2<\/strong><\/td><\/tr><tr><td>16:45-17:45<\/td><td><strong>Poster session 2<\/strong><\/td><\/tr><tr><td><\/td><td><strong>Session 3: RNA modification II<\/strong><br>Chair: Dominique Gagliardi<\/td><\/tr><tr><td>17:45-18:15<\/td><td><strong>Newest features in MODOMICS, a database of RNA modification pathways<\/strong><br>Janusz Bujnicki &#8211; International Institute of Molecular and Cell Biology, Poland<br><em><strong>AVAILABLE ON DEMAND AFTER LIVE STREAM<\/strong><\/em><\/td><\/tr><tr><td>18:15-18:30<\/td><td><strong>When the heat is on, turn up the Ac(4C)<\/strong><br>Aldema Sas-Chen &#8211; Tel Aviv University, Israel<br><em><strong><em><strong><strong><em>ONLY AVAILABLE TO VIEW LIVE<\/em><\/strong>  <\/strong><\/em> <\/strong><\/em><\/td><\/tr><tr><td>18:30-19:00<\/td><td><strong>RNA substrate specificity of METTL3\/METTL14<\/strong><br>Yunsun Nam, The University of Texas Southwestern Medical Center, USA<br><strong><em>ONLY AVAILABLE TO VIEW LIVE<\/em><\/strong><\/td><\/tr><tr><td>19:00-19:15<\/td><td><strong>Break<\/strong><\/td><\/tr><tr><td>19:15-19:45<\/td><td><strong>The mRNA modification ac4C directly inhibits translation initiation at the Kozak consensus in humans<br><\/strong>Shalini Oberdoerffer &#8211; National Cancer Institute, USA<br><strong><em>ONLY AVAILABLE TO VIEW LIVE<\/em><\/strong> <\/td><\/tr><tr><td>19:45-20:00<\/td><td><strong>Uridylation of plant viral RNAs<\/strong><br>Anne Caroline Joly &#8211; University of Strasbourg, France<br><em><strong>AVAILABLE ON DEMAND AFTER LIVE STREAM<\/strong><\/em>  <\/td><\/tr><tr><td>20:00-20:30<\/td><td><strong>What spatial interactions can tell us about the function of m6A and m6Am factors<br><\/strong>\u0160t\u011bp\u00e1nka Va\u0148\u00e1\u010dov\u00e1 &#8211; CEITEC, Czech Republic<br><em><strong>AVAILABLE ON DEMAND AFTER LIVE STREAM<\/strong><\/em><\/td><\/tr><tr><td>20:30-21:00<\/td><td><strong>Meet the speakers of Session 3<\/strong><\/td><\/tr><\/tbody><\/table><\/figure>\n\n<\/div>\n<\/details>\n\n\n\n<details  class=\"vf-details\" id=\"\"  >\n<summary class=\"vf-details--summary\">\nDay 3 &#8211; Friday, 11 February 2022<\/summary>\n<div class=\"acf-innerblocks-container\">\n\n<figure class=\"wp-block-table is-style-regular\"><table><thead><tr><th> <strong> Time <br>(Europe\/Berlin)<\/strong>  <\/th><th><strong>Speaker<\/strong><\/th><\/tr><\/thead><tbody><tr><td>13:15-13:45<\/td><td> <strong>Optional Social Programme: Mix &amp; Mingle<\/strong><\/td><\/tr><tr><td><\/td><td><strong>Session 4: RNA modification pathways in physiology and pathology<\/strong><br>Chair: Michaela Frye<\/td><\/tr><tr><td>14:00-14:30<\/td><td><strong>The impact of the m6A modification on normal and malignant haematopoiesis<br><\/strong>Kamil Kranc &#8211; Barts Cancer Institute, Queen Mary University of London, UK<br><em><strong>AVAILABLE ON DEMAND AFTER LIVE STREAM<\/strong><\/em>   <\/td><\/tr><tr><td>14:30-14:45<\/td><td><strong>Deciphering the role of tRNA methyltransferases in prostate cancer progression<\/strong><br>Sandra Blanco &#8211;<em> <\/em>Institute of Molecular and Cellular Biology of Cancer (IBMCC-CSIC), Spain<br><em><strong><em><strong><strong><em>ONLY AVAILABLE TO VIEW LIVE<\/em><\/strong>  <\/strong><\/em> <\/strong><\/em><\/td><\/tr><tr><td>14:45-15:15<\/td><td><strong>RNA cap regulation<br><\/strong>Victoria Cowling &#8211; University of Dundee, UK<br><em><strong><strong><em>ONLY AVAILABLE TO VIEW LIVE<\/em><\/strong>  <\/strong><\/em><\/td><\/tr><tr><td>15:15-15:30<\/td><td><strong>The RNA methyltransferase METTL8 installs m3C32 in mitochondrial tRNAsThr\/Ser(UCN) to optimise tRNA structure and mitochondrial translation<\/strong><br>Markus Bohnsack &#8211; University Medical Center G\u00f6ttingen, Germany<br><em><strong><em><strong><strong><em>ONLY AVAILABLE TO VIEW LIVE<\/em><\/strong>  <\/strong><\/em> <\/strong><\/em><\/td><\/tr><tr><td>15:30-16:00<\/td><td><strong>Meet the speakers of Session 4<\/strong><\/td><\/tr><tr><td>16:00-16:15<\/td><td><strong>Break<\/strong><\/td><\/tr><tr><td><\/td><td><strong>Session 5: Emerging concepts<\/strong><br>Chair: Peter Brodersen<\/td><\/tr><tr><td>16:15-16:30<\/td><td><strong><strong>Identification and validation of 2\u2019-O-methylation sites on mRNA<\/strong><br><\/strong>Christopher Holley &#8211; Duke University, USA<br><em><strong>AVAILABLE ON DEMAND AFTER LIVE STREAM<\/strong><\/em> <\/td><\/tr><tr><td>16:30-17:00<\/td><td><strong>Function and mechanism of mRNA mixed tailing<strong><br><\/strong><\/strong>V. Narry Kim &#8211; Seoul National University, South Korea<strong><br><em><strong><strong><em>ONLY AVAILABLE TO VIEW LIVE<\/em><\/strong>  <\/strong><\/em><\/strong><\/td><\/tr><tr><td>17:00-17:30<\/td><td><strong>Exploring canonical and non-canonical functions of cancer-linked dihydrouridine synthase enzymes<\/strong><br>Wendy Gilbert &#8211; Yale University, USA<br><em><strong>AVAILABLE ON DEMAND AFTER LIVE STREAM<\/strong><\/em><\/td><\/tr><tr><td>17:30-18:00<\/td><td><strong>Cell culture NAIL-MS allows insight into human RNA modification dynamics in vivo<br><\/strong>Stefanie Kellner-Kaiser, Goethe University Frankfurt, Germany<br><em><strong>AVAILABLE ON DEMAND AFTER LIVE STREAM<\/strong><\/em> <\/td><\/tr><tr><td>18:00-18:15<\/td><td><strong>Mitochondrial RNA 5-methylcytosine drives metabolic reprogramming required for metastasis<\/strong><br>Sylvain Delaunay &#8211;  German Cancer Research Centre (DKFZ), Germany <br><em><strong>AVAILABLE ON DEMAND AFTER LIVE STREAM<\/strong><\/em> <\/td><\/tr><tr><td>18:15-18:30<\/td><td><strong>Molecular insights into eukaryotic tRNA modification cascades<\/strong><br>Sebastian Glatt &#8211; Jagiellonian University Krakow, Poland<br><em><strong>AVAILABLE ON DEMAND AFTER LIVE STREAM<\/strong><\/em> <\/td><\/tr><tr><td>18:30-18:45<\/td><td><strong>Break<\/strong><\/td><\/tr><tr><td>18:45-19:45<\/td><td><strong>Panel discussion on emerging concepts and therapeutic implications<\/strong><br>Chaired by Michaela Frye<br>Panelists: Victoria Cowling, Chuan He, Samie Jaffrey, Schraga Schwartz, Angela Eggleston<br><strong><em><strong><strong><em>ONLY AVAILABLE TO VIEW LIVE<\/em><\/strong>  <\/strong><\/em><\/strong> <\/td><\/tr><tr><td>19:45-20:00<\/td><td><strong>Closing remarks<\/strong><\/td><\/tr><tr><td>20:00-20:30<\/td><td><strong>Meet the speakers of Session 5<\/strong><\/td><\/tr><\/tbody><\/table><\/figure>\n\n<\/div>\n<\/details>\n<\/section>\n\n\n\n<section class=\"vf-tabs__section\" id=\"vf-tabs__section-information\"><h2>Practical Information<\/h2>\n<details  class=\"vf-details\" id=\"\"  >\n<summary class=\"vf-details--summary\">\nRegistration Fees<\/summary>\n<div class=\"acf-innerblocks-container\">\n\n<p><strong>Registration Fees<\/strong>&nbsp;(include access to all of the talks, digital poster sessions and online group discussions, and help us cover our costs to run the event. For further information please refer to the&nbsp;<a href=\"https:\/\/www.embl.de\/training\/events\/info_participants\/faqs\/faqs_participants\/index.html#FAQ_PA_reg8#FAQ_PA_reg8\">FAQ page<\/a>):<\/p>\n\n\n\n<figure class=\"wp-block-table is-style-regular\"><table><tbody><tr><td><strong>PhD Studen<\/strong>t<\/td><td>\u20ac140<\/td><\/tr><tr><td><strong>Academia<\/strong><\/td><td>\u20ac190<\/td><\/tr><tr><td><strong>Industry<\/strong><\/td><td>\u20ac240<\/td><\/tr><tr><td><strong>EMBL Staff<\/strong><\/td><td><a href=\"http:\/\/intranet.embl.de\/training\/cco\/staff\/index.html\" target=\"_blank\" rel=\"noreferrer noopener\">Intranet access<\/a><\/td><\/tr><\/tbody><\/table><\/figure>\n\n\n\n<p>Accredited journalists may be eligible to register for a complimentary registration. Registrants may be required to provide accreditation or equivalent proof of press membership after registration. Please contact&nbsp;<a href=\"https:\/\/www-db.embl.de\/EMBLPersonGroup-PersonPicture\/MailForm\/?recipient=events&amp;forDuty=Heidelberg\">Aline Schnieder<\/a>&nbsp;for more information.<\/p>\n\n\n\n<h2 class=\"wp-block-heading\" id=\"block-7dd3b211-ca33-4acb-a965-0f6bccbd06c4\">Confirmation and Payment<\/h2>\n\n\n\n<p id=\"block-55bda4ef-f58c-40ec-9425-0828edac8ce1\">Registration will be on a first-come first-served basis. Your place can only be confirmed after payment of the registration fee.<br>Types of payments accepted are international bank transfers and credit card payments.<\/p>\n\n\n\n<h2 class=\"wp-block-heading\" id=\"block-67187a87-ac8e-40d2-8450-f6ec42ee0832\">Abstract submission<\/h2>\n\n\n\n<p><strong>Abstract submission deadline: 10 January 2022 (23:59 Europe\/Berlin)<\/strong><\/p>\n\n\n\n<p id=\"block-2dae9c7f-4ae5-415e-9f75-51a8dab7e694\">Only registered participants are eligible to submit an abstract. We only accept online abstract submissions.<br><br>After you have logged in and successfully registered, you will receive an email asking you to submit your abstract.&nbsp; Click on the link provided and enter your abstract in the text box provided. Alternatively you can submit your abstract by clicking on the link on the confirmation page directly after registering.<\/p>\n\n\n\n<p id=\"block-12f6bacf-0da0-4b1a-8876-2d8fc8466d46\">When submitting your abstract you can also apply for an oral or poster presentation. A selection process will take place with the results announced 2-3 weeks after the abstract submission deadline.<\/p>\n\n\n\n<p><\/p>\n\n<\/div>\n<\/details>\n\n\n\n<details  class=\"vf-details\" id=\"\"  >\n<summary class=\"vf-details--summary\">\nFinancial Assistance<\/summary>\n<div class=\"acf-innerblocks-container\">\n\n<h3 class=\"wp-block-heading\">Financial Fee Waivers<\/h3>\n\n\n\n<p>All academic and student registrants are invited to apply for a registration fee waiver, provided by the EMBL Advanced Training Centre Corporate Partnership Programme and EMBO. The registration fee waiver covers the registration sum that you have paid to attend the meeting. Conference participants are not required to pre-pay the registration fee to be selected for a fee waiver for a virtual meeting. If you have already paid the registration fee and are awarded a fee waiver, it will be reimbursed after the meeting.<\/p>\n\n\n\n<h3 class=\"wp-block-heading\"><strong>Childcare Grants<\/strong><\/h3>\n\n\n\n<p>For participants and speakers with childcare responsibilities there is the possibility to apply for a grant,&nbsp;provided by the EMBL Advanced Training Centre Corporate Partnership Programme and EMBO, to offset childcare costs incurred when participating at a virtual event. Eligible costs include fees for a babysitter or childcare facility or travel costs for a care giver. Please note that priority will be given to early stage researchers. Costs will be reimbursed after the meeting only once a reimbursement form and original receipts have been received. Attendance at the event is required in order to be eligible to receive the reimbursement. In order to apply for this grant, you must be registered by the abstract submission deadline.<\/p>\n\n\n\n<h3 class=\"wp-block-heading\"><strong>Application<\/strong><\/h3>\n\n\n\n<p>Applications for financial assistance can be submitted via the submission portal* (for the submission of abstracts for conferences) by completing the Financial Assistance Application Section (underneath the section for entering abstract\/motivation letter information). The link to the portal can be found in the registration confirmation email that you will receive after registering for the conference.<\/p>\n\n\n\n<p>For conferences, if you are not submitting an abstract, you can still apply for financial assistance in the submission portal. Take a look at t<a href=\"https:\/\/www.embl.de\/training\/events\/info_participants\/fellowships\/FA_instructions.pdf\">he instructions for applying for financial assistance<\/a>. Note that priority will be given to those submitting an abstract to present at the conference. In your application you will be asked to answer questions regarding your motivation for applying, and, for registration fee waivers, the reasons why your lab cannot fund your attendance and how your attendance will make a difference to your career. Application for financial support will not affect the outcome of your registration application.<\/p>\n\n\n\n<h3 class=\"wp-block-heading\"><strong>Selection<\/strong><\/h3>\n\n\n\n<p>The scientific organisers will select the recipients of registration fee waivers during the abstract selection process for conferences and the participant selection process for courses.&nbsp;Results will be announced approximately 3 \u2013 4 weeks before the event start date.&nbsp;Selection results do not impact your admission to the meeting. Registration fee waiver selection is based on your current work or study location, your motivation for applying, the reasons for needing financial support and the impact this event will have on your career. Childcare grants are allocated based on career stage, with priority given to early stage researchers.<\/p>\n\n\n\n<h3 class=\"wp-block-heading\"><strong>Further details<\/strong><\/h3>\n\n\n\n<p>Check our&nbsp;<a href=\"https:\/\/www.embl.org\/about\/info\/course-and-conference-office\/information-for-participants\/external-funding-sources\/\">list of external funding opportunities<\/a>&nbsp;and read our&nbsp;<a href=\"https:\/\/www.embl.org\/about\/info\/course-and-conference-office\/information-for-participants\/become-an-event-reporter\/\">information on attending a conference as an event reporter<\/a>.<\/p>\n\n\n\n<p>For further information about financial assistance please refer to the&nbsp;<a href=\"https:\/\/www.embl.org\/about\/info\/course-and-conference-office\/information-for-participants\/frequently-asked-questions\/\">FAQ page.<\/a><\/p>\n\n<\/div>\n<\/details>\n\n\n\n<details  class=\"vf-details\" id=\"\"  >\n<summary class=\"vf-details--summary\">\nVirtual Participation Guidelines<\/summary>\n<div class=\"acf-innerblocks-container\">\n\n<h2 class=\"wp-block-heading\" id=\"block-df241173-5f0c-476e-97df-8ecba54bdeaf\">Guidelines<\/h2>\n\n\n\n<p id=\"block-6f7b1d79-5d5e-48f5-b472-aa33cbbdd972\">Please do:<\/p>\n\n\n\n<ul class=\"wp-block-list\" id=\"block-4c052e13-8573-4107-9499-a31fc705ed06\"><li>Use the event-specific hashtag as communicated during the event for any related tweets<\/li><li>Tweet unless the speaker specifically says otherwise<\/li><li>Be mindful of unpublished data<\/li><li>Be respectful in tone and content<\/li><\/ul>\n\n\n\n<p id=\"block-aff982e2-bba7-4956-bcad-c89a90ad9160\">Please don\u2019t:<\/p>\n\n\n\n<ul class=\"wp-block-list\" id=\"block-f8bc2bae-568c-4875-9c94-db796b5ad92e\"><li>Share Slack, live stream or poster session links with others<\/li><li>Broadcast the conference to unregistered participants<\/li><li>Capture, transmit or redistribute data presented at the meeting unless presenter gives explicit consent<\/li><li>Use offensive language in your posts<\/li><li>Engage in rudeness or personal attacks<\/li><\/ul>\n\n\n\n<p id=\"block-d27c6cf8-6efc-4fe1-bcc7-b666c1c2b874\">Additional information can be found in our&nbsp;<a rel=\"noreferrer noopener\" href=\"https:\/\/www.embl.org\/about\/info\/course-and-conference-office\/information-for-participants\/code-of-conduct\/\" target=\"_blank\">Code of Conduct<\/a>.<\/p>\n\n\n\n<h2 class=\"wp-block-heading\" id=\"block-4880b309-8760-4506-ac2b-5cbce8a3f491\">Health and well-being<\/h2>\n\n\n\n<p id=\"block-6ed9f857-7fc7-4f11-ab6b-63706e1cd5ae\">It is important to stay healthy and move around, especially when you are attending an event virtually. We have put together a few coffee break stretches and yoga videos. You can find these under \u2018resources\u2019 on the conference platform.<\/p>\n\n\n\n<h2 class=\"wp-block-heading\" id=\"block-f6e802fd-9f36-4e25-81e0-f2f56ff9a3e8\">How to ask questions<\/h2>\n\n\n\n<p id=\"block-446b8ea1-3e01-48b5-a8aa-2579079fa7c8\">Please use the Q&amp;A function. It is possible to send a direct message to participants, poster presenters, and speakers within the conference platform.<\/p>\n\n\n\n<p id=\"block-419cef83-99c1-422b-a197-f2e91befe93c\">If you have any other questions, you can go to the Help Desk on the conference platform. Click on \u2018more\u2019 on the top menu and click Help Desk.&nbsp;<\/p>\n\n\n\n<h2 class=\"wp-block-heading\" id=\"block-c57f4132-691b-42d6-be96-2d3178e9d031\">Time zone<\/h2>\n\n\n\n<p id=\"block-cf96e903-7b48-4f95-8933-cdcb97c893c6\">The programme is planned based on Central European Time (CET) or Central European Summer Time (CEST) unless otherwise stated. As many virtual participants are attending from around the world, we do our best to accommodate as many time zones as possible when creating the programme. Please take your time zone into consideration when planning your attendance. Remember to set your time zone in your account.&nbsp;<\/p>\n\n\n\n<h2 class=\"wp-block-heading\" id=\"block-b91a71c9-f2fa-4d49-bb83-7ea6faf84842\">Virtual event platforms<\/h2>\n\n\n\n<p id=\"block-b1fb1bef-bde9-4544-927e-f60ab99c82ea\">We are using a virtual event platform for this conference. More information about the platform will be shared ahead of the conference.<\/p>\n\n<\/div>\n<\/details>\n\n\n\n<details  class=\"vf-details\" id=\"\"  >\n<summary class=\"vf-details--summary\">\nAdditional Information<\/summary>\n<div class=\"acf-innerblocks-container\">\n\n<p>Please find additional information including FAQs and terms and conditions on our <a href=\"https:\/\/www.embl.org\/about\/info\/course-and-conference-office\/information-for-participants\/\">Information for Participants page.<\/a><\/p>\n\n<\/div>\n<\/details>\n<\/section>\n\n\n\n<section class=\"vf-tabs__section\" id=\"vf-tabs__section-sponsors\"><h2>Sponsors<\/h2>\n<p><strong>Gold sponsor<\/strong><\/p>\n\n\n\n<div class=\"vf-grid | vf-grid__col-3\"><div class=\"\"><!--[vf\/content]-->\n<div class=\"vf-content\">\n\n<figure class=\"vf-figure wp-block-image size-full\"><a href=\"https:\/\/eclipsebio.com\/\" target=\"_blank\"><img loading=\"lazy\" decoding=\"async\" width=\"480\" height=\"270\" class=\"vf-figure__image\" src=\"https:\/\/www.embl.org\/about\/info\/course-and-conference-office\/wp-content\/uploads\/Eclipse_480X270-1.jpg\" alt=\"\" class=\"wp-image-27726\" srcset=\"https:\/\/www.embl.org\/about\/info\/course-and-conference-office\/wp-content\/uploads\/Eclipse_480X270-1.jpg 480w, https:\/\/www.embl.org\/about\/info\/course-and-conference-office\/wp-content\/uploads\/Eclipse_480X270-1-300x169.jpg 300w\" sizes=\"auto, (max-width: 480px) 100vw, 480px\" \/><\/a><\/figure>\n\n<\/div>\n<\/div>\n\n\n<div class=\"\"><!--[vf\/content]-->\n<div class=\"vf-content\">\n\n<\/div>\n<\/div>\n\n\n<div class=\"\"><!--[vf\/content]-->\n<div class=\"vf-content\">\n\n<\/div>\n<\/div>\n<\/div>\n\n\n\n<p><strong>Media partners<\/strong><\/p>\n\n\n\n<p><a href=\"https:\/\/dmm.biologists.org\/\" target=\"_blank\" rel=\"noreferrer noopener\"><em>Disease Models &amp; Mechanisms, <\/em>The Company of Biologists Journal<\/a><\/p>\n\n\n\n<p><a target=\"_blank\" href=\"http:\/\/embor.embopress.org\/\"><em>EMBO reports<\/em>, an&nbsp;<span class=\"st\">EMBO Press journal<\/span><\/a><\/p>\n\n\n\n<p><a rel=\"noreferrer noopener\" href=\"https:\/\/iubmb.org\/\" target=\"_blank\">International Union of Biochemistry and Molecular Biology<\/a><\/p>\n\n\n\n<p><a rel=\"noreferrer noopener\" href=\"http:\/\/rsob.royalsocietypublishing.org\/\" target=\"_blank\"><em>Open Biology<\/em>, a Royal Society journal<\/a><\/p>\n\n\n\n<p>&nbsp;<\/p>\n\n\n\n<p><strong>Sponsorship opportunities<\/strong><\/p>\n\n\n\n<p>We offer a variety of event sponsoring possibilities, with the flexibility to select a set sponsorship package or combine individual sponsorship options to suit your event budget.&nbsp;Discounts are available for companies sponsoring multiple events at EMBL Heidelberg.&nbsp;<a href=\"http:\/\/www.embl.de\/training\/events\/index.php?p_eventType=CON&amp;amp;p_outstation=HD&amp;amp;p_timeRange=FUTURE&amp;amp;submit=Show+Events\">View other conferences<\/a>, or contact&nbsp;<a href=\"mailto:sponsorship@embl.de\">sponsorship@embl.de<\/a>&nbsp;for further information.<\/p>\n\n\n\n<p>If you are interested in becoming a media partner of this event, please visit our&nbsp;<a href=\"http:\/\/www.embl.de\/training\/events\/sponsorship\/mediapartnerships\/\">media partnerships webpage<\/a>.<\/p>\n\n\n\n<div class=\"wp-block-buttons is-layout-flex wp-block-buttons-is-layout-flex\"><p><a href=\"mailto:sponsoring@embl.de?subject=%5BThe%20epitranscriptome%5D%20Sponsorship%20Brochure&#038;body=Please%20kindly%20send%20me%20the%20sponsorship%20brochure%20for%20EMBO%20Workshop:%20%20The%20epitranscriptome%20(9%20-%2011%20February%202022).\" class=\"vf-button vf-button--primary vf-button--pill\">Request a Sponsorship Brochure<\/a><\/p><\/div>\n\n\n\n<div class=\"vf-box vf-box--normal vf-box-theme--quaternary | vf-u-margin__bottom--400\">\n      <h3 class=\"vf-box__heading\">\n                Warning                  <\/h3> \n        <p class=\"vf-box__text\">EMBL wishes to warn sponsors of EMBL conferences and courses of fraudulent schemes purporting to offer sponsorship opportunities on behalf of EMBL or affiliated with EMBL officials. One current scam campaign of which we are aware is conducted using the name \u2018Judy Eastman\u2019 (judy@gopcontact.a2hosted.com) and entails approaches to sponsors offering sponsorship opportunities on EMBL\u2019s behalf. Please be kindly advised that all relevant communication regarding sponsorship of EMBL conferences, symposia and courses is handled by EMBL directly and is sent from an official EMBL account. EMBL does not work with any external providers on sponsorship acquisition.<\/p>\n<p class=\"vf-box__text\">Please also note that:<\/p>\n<ul>\n<li><span style=\"font-size: 12pt;\">EMBL never provides attendee lists for purchase. Any offers of such are fraudulent.<\/span><\/li>\n<li><span style=\"font-size: 12pt;\">EMBL will never call or email you to ask for your credit card details or to request a payment.<\/span><\/li>\n<li><span style=\"font-size: 12pt;\">All payments are on invoice.<\/span><\/li>\n<\/ul>\n<p class=\"vf-box__text\">Suspicious communications purportedly from, for or on behalf of EMBL should be reported to EMBL at the following email address sponsoring@embl.de.<\/p>\n<\/div><\/section>\n\n\n\n<section class=\"vf-tabs__section\" id=\"vf-tabs__section-481d10ec-7450-43c0-b1a8-478b73afc27c\"><h2>Pre-conference Webinar<\/h2>\n<p>Pre-symposium webinar will take place<\/p>\n\n\n\n<p><strong>on Wednesday, 9 February 2022<\/strong> <strong>at 13:00 \u2013 14:00<\/strong> <a rel=\"noreferrer noopener\" href=\"https:\/\/dateful.com\/time-zone-converter?t=1114&amp;tz2=Berlin-Germany\" target=\"_blank\">(Berlin \/ Germany)<\/a><\/p>\n\n\n\n<p>Participation in this webinar is free of charge for registered symposium attendees. The number of available places is limited (first come, first served). All registered conference attendees will receive an email with a registration link.<\/p>\n\n\n\n<details  class=\"vf-details\" id=\"\"   open=\"open\">\n<summary class=\"vf-details--summary\">\nEclipse Bio: Inhibitors of the RNA binding protein, Igf2bp1, as novel targeted cancer therapies<\/summary>\n<div class=\"acf-innerblocks-container\">\n\n<p><em><strong>Speaker: Prof. Joel&nbsp;Yisraeli<\/strong><\/em><br><em>Chairman, Department&nbsp;of Developmental Biology and Cancer Research, <br>Institute&nbsp;for Medical Research \u2013 Israel-Canada<br>Faculty of Medicine, Hebrew&nbsp;University of Jerusalem, Israel<\/em><\/p>\n\n\n\n<p>Igf2bp1 is an oncofetal RNA binding protein whose expression in numerous types of cancers is associated with upregulation of key pro-oncogenic RNAs, poor prognosis, and reduced survival. Importantly, Igf2bp1 synergizes with mutations in Kras to enhance signaling and oncogenic activity, suggesting that molecules inhibiting Igf2bp1 could have therapeutic potential. We have performed a high-throughput fluorescence polarization (FP) screen for small molecule inhibitors of IGF2BP1 RNA binding and isolated a small molecule that interacts with Igf2bp1 KH3 and KH4 domains and inhibits binding to Kras RNA. In cells, the compound reduces the level of Kras and other Igf2bp1 mRNA targets, lowers Kras protein, and inhibits downstream signaling, wound healing and growth in soft agar, all in the absence of any toxicity. After a second, optimization, screen, we have performed a multi-omic analysis to identify changes, following inhibitor treatment of H1299 lung carcinoma cells, in direct RNA binding sites (eCLIP), RNA expression (RNAseq), and protein expression (mass spectrometry). This analysis has revealed several cancer progression pathways that are inhibited and has identified novel mechanisms through which IGF2BP1 influences cancer. The inhibitor is currently being tested in vivo and shows promising results in shrinking primary tumors and preventing metastases in mice.&nbsp; This work presents an avenue for improving the prognosis of Igf2bp1-expressing tumors in lung and other cancers.<\/p>\n\n<\/div>\n<\/details>\n\n\n\n<p><\/p>\n<\/section>\n<\/div><\/div>\n\n\n\n<div class=\"wp-block-group\"><div class=\"wp-block-group__inner-container is-layout-flow wp-block-group-is-layout-flow\"><\/div><\/div>\n","protected":false},"excerpt":{"rendered":"","protected":false},"parent":0,"menu_order":0,"template":"","embl_taxonomy":[],"class_list":["post-599","vf_event","type-vf_event","status-publish","hentry"],"acf":[],"embl_taxonomy_terms":[],"vf_event_start_date":{"value":"20220209","formatted":"9 February 2022"},"vf_event_end_date":{"value":"20220211","formatted":"11 February 2022"},"vf_event_submission_opening":{"value":"","formatted":""},"vf_event_submission_closing":{"value":"20220110","formatted":"10 Jan 2022"},"vf_event_registration_opening":{"value":"","formatted":""},"vf_event_registration_closing":{"value":"20220209","formatted":"9 Feb 2022"},"vf_event_summary":{"value":"","formatted":""},"vf_event_additional_info":{"value":"","formatted":""},"vf_event_registration_fee":{"value":"","formatted":""},"vf_event_canceled":{"value":"no","formatted":"no"},"vf_event_venue":{"value":"","formatted":""},"vf_event_unique_identifier":{"value":"","formatted":""},"vf_event_event_type":{"value":"conference","formatted":{"value":"conference","label":"Conference"}},"vf_event_more_information_link":{"value":"https:\/\/www.embl.org\/about\/info\/course-and-conference-office\/events\/etc22-01","formatted":"https:\/\/www.embl.org\/about\/info\/course-and-conference-office\/events\/etc22-01"},"vf_event_registration_link":{"value":"https:\/\/embl.ungerboeck.com\/PROD\/emc00\/register.aspx?OrgCode=10&EvtID=6133&AppCode=REG&CC=121092926516","formatted":"https:\/\/embl.ungerboeck.com\/PROD\/emc00\/register.aspx?OrgCode=10&EvtID=6133&AppCode=REG&CC=121092926516"},"vf_event_start_time":{"value":"","formatted":""},"vf_event_end_time":{"value":"","formatted":""},"vf_event_location":{"value":["364"],"formatted":["Virtual"]},"vf_event_time_zone":{"value":"europe\/london","formatted":"Europe\/London"},"vf_event_ss_subtype":{"value":null,"formatted":null},"vf_event_embo_subtype":{"value":"embo_workshop","formatted":{"value":"embo_workshop","label":"EMBO Workshop"}},"vf_event_featured":{"value":"0","formatted":false},"vf_event_organisers_listing":{"value":"Michaela Frye, V. Narry Kim, D\u00f3nal O'Carroll","formatted":"Michaela Frye, V. Narry Kim, D\u00f3nal O'Carroll"},"vf_event_displayed":{"value":"EMBO Workshop","formatted":"EMBO Workshop"},"vf_event_subjects_training":{"value":["gbtt","dab","cbb"],"formatted":[{"value":"gbtt","label":"Genome Biology, Transcription and Translation"},{"value":"dab","label":"Data Analysis and Bioinformatics"},{"value":"cbb","label":"Cell Biology and Biophysics"}]},"vf_event_registration_closing_on-site":{"value":"","formatted":""},"vf_event_registration_link_on-site":{"value":"","formatted":""},"vf_event_other_location":{"value":null,"formatted":null},"vf_event_qrcode":{"value":null,"formatted":null},"vf_event_custom_overview":{"value":null,"formatted":null},"vf_event_hashtag":{"value":"#EMBOEpitrans","formatted":"#EMBOEpitrans"},"vf_event_logo":{"value":"10274","formatted":{"ID":10274,"id":10274,"title":"Organiser_EMBO_Workshop","filename":"EMBO-EMBO-Workshop-e1628516493556.png","filesize":7652,"url":"https:\/\/www.embl.org\/about\/info\/course-and-conference-office\/wp-content\/uploads\/2021\/03\/EMBO-EMBO-Workshop-e1628516493556.png","link":"https:\/\/www.embl.org\/about\/info\/course-and-conference-office\/events\/mge21-01\/embo-embo-workshop\/","alt":"","author":"8","description":"","caption":"","name":"embo-embo-workshop","status":"inherit","uploaded_to":1066,"date":"2021-08-09 13:31:48","modified":"2022-11-11 10:25:25","menu_order":0,"mime_type":"image\/png","type":"image","subtype":"png","icon":"https:\/\/www.embl.org\/about\/info\/course-and-conference-office\/wp-includes\/images\/media\/default.png","width":200,"height":47,"sizes":{"thumbnail":"https:\/\/www.embl.org\/about\/info\/course-and-conference-office\/wp-content\/uploads\/2021\/03\/EMBO-EMBO-Workshop-150x72.png","thumbnail-width":150,"thumbnail-height":72,"medium":"https:\/\/www.embl.org\/about\/info\/course-and-conference-office\/wp-content\/uploads\/2021\/03\/EMBO-EMBO-Workshop-300x70.png","medium-width":300,"medium-height":70,"medium_large":"https:\/\/www.embl.org\/about\/info\/course-and-conference-office\/wp-content\/uploads\/2021\/03\/EMBO-EMBO-Workshop-e1628516493556.png","medium_large-width":200,"medium_large-height":47,"large":"https:\/\/www.embl.org\/about\/info\/course-and-conference-office\/wp-content\/uploads\/2021\/03\/EMBO-EMBO-Workshop-e1628516493556.png","large-width":200,"large-height":47,"1536x1536":"https:\/\/www.embl.org\/about\/info\/course-and-conference-office\/wp-content\/uploads\/2021\/03\/EMBO-EMBO-Workshop-e1628516493556.png","1536x1536-width":200,"1536x1536-height":47,"2048x2048":"https:\/\/www.embl.org\/about\/info\/course-and-conference-office\/wp-content\/uploads\/2021\/03\/EMBO-EMBO-Workshop-e1628516493556.png","2048x2048-width":200,"2048x2048-height":47,"vf-hero":"https:\/\/www.embl.org\/about\/info\/course-and-conference-office\/wp-content\/uploads\/2021\/03\/EMBO-EMBO-Workshop-e1628516493556.png","vf-hero-width":200,"vf-hero-height":47}}},"vf_event_hero":{"value":"11504","formatted":{"ID":11504,"id":11504,"title":"ETC22-01_hero-banner_3000x1000px","filename":"ETC22-01_hero-banner_3000x1000px-scaled.jpg","filesize":244679,"url":"https:\/\/www.embl.org\/about\/info\/course-and-conference-office\/wp-content\/uploads\/2021\/03\/ETC22-01_hero-banner_3000x1000px-scaled.jpg","link":"https:\/\/www.embl.org\/about\/info\/course-and-conference-office\/events\/etc22-01\/etc22-01_hero-banner_3000x1000px\/","alt":"","author":"10","description":"","caption":"","name":"etc22-01_hero-banner_3000x1000px","status":"inherit","uploaded_to":599,"date":"2021-09-13 14:16:18","modified":"2021-09-13 14:16:18","menu_order":0,"mime_type":"image\/jpeg","type":"image","subtype":"jpeg","icon":"https:\/\/www.embl.org\/about\/info\/course-and-conference-office\/wp-includes\/images\/media\/default.png","width":2560,"height":853,"sizes":{"thumbnail":"https:\/\/www.embl.org\/about\/info\/course-and-conference-office\/wp-content\/uploads\/2021\/03\/ETC22-01_hero-banner_3000x1000px-150x150.jpg","thumbnail-width":150,"thumbnail-height":150,"medium":"https:\/\/www.embl.org\/about\/info\/course-and-conference-office\/wp-content\/uploads\/2021\/03\/ETC22-01_hero-banner_3000x1000px-300x100.jpg","medium-width":300,"medium-height":100,"medium_large":"https:\/\/www.embl.org\/about\/info\/course-and-conference-office\/wp-content\/uploads\/2021\/03\/ETC22-01_hero-banner_3000x1000px-768x256.jpg","medium_large-width":768,"medium_large-height":256,"large":"https:\/\/www.embl.org\/about\/info\/course-and-conference-office\/wp-content\/uploads\/2021\/03\/ETC22-01_hero-banner_3000x1000px-1024x341.jpg","large-width":1024,"large-height":341,"1536x1536":"https:\/\/www.embl.org\/about\/info\/course-and-conference-office\/wp-content\/uploads\/2021\/03\/ETC22-01_hero-banner_3000x1000px-1536x512.jpg","1536x1536-width":1536,"1536x1536-height":512,"2048x2048":"https:\/\/www.embl.org\/about\/info\/course-and-conference-office\/wp-content\/uploads\/2021\/03\/ETC22-01_hero-banner_3000x1000px-2048x683.jpg","2048x2048-width":2048,"2048x2048-height":683,"vf-hero":"https:\/\/www.embl.org\/about\/info\/course-and-conference-office\/wp-content\/uploads\/2021\/03\/ETC22-01_hero-banner_3000x1000px-1224x348.jpg","vf-hero-width":1224,"vf-hero-height":348}}},"_links":{"self":[{"href":"https:\/\/www.embl.org\/about\/info\/course-and-conference-office\/wp-json\/wp\/v2\/vf_events\/599","targetHints":{"allow":["GET"]}}],"collection":[{"href":"https:\/\/www.embl.org\/about\/info\/course-and-conference-office\/wp-json\/wp\/v2\/vf_events"}],"about":[{"href":"https:\/\/www.embl.org\/about\/info\/course-and-conference-office\/wp-json\/wp\/v2\/types\/vf_event"}],"version-history":[{"count":122,"href":"https:\/\/www.embl.org\/about\/info\/course-and-conference-office\/wp-json\/wp\/v2\/vf_events\/599\/revisions"}],"predecessor-version":[{"id":40006,"href":"https:\/\/www.embl.org\/about\/info\/course-and-conference-office\/wp-json\/wp\/v2\/vf_events\/599\/revisions\/40006"}],"wp:attachment":[{"href":"https:\/\/www.embl.org\/about\/info\/course-and-conference-office\/wp-json\/wp\/v2\/media?parent=599"}],"wp:term":[{"taxonomy":"embl_taxonomy","embeddable":true,"href":"https:\/\/www.embl.org\/about\/info\/course-and-conference-office\/wp-json\/wp\/v2\/embl_taxonomy?post=599"}],"curies":[{"name":"wp","href":"https:\/\/api.w.org\/{rel}","templated":true}]}}