{"id":38056,"date":"2022-04-21T14:24:18","date_gmt":"2022-04-21T13:24:18","guid":{"rendered":"https:\/\/www.embl.org\/about\/info\/course-and-conference-office\/?post_type=vf_event&#038;p=38056"},"modified":"2023-07-12T16:41:27","modified_gmt":"2023-07-12T15:41:27","slug":"pev23-01","status":"publish","type":"vf_event","link":"https:\/\/www.embl.org\/about\/info\/course-and-conference-office\/events\/pev23-01\/","title":{"rendered":"Predicting evolution"},"content":{"rendered":"\n<div class=\"vf-tabs\"><ul class=\"vf-tabs__list\" data-vf-js-tabs=\"true\"><li class=\"vf-tabs__item\"><a class=\"vf-tabs__link\" href=\"#vf-tabs__section-53de8397-0f08-449c-b4a4-0fdca47249f2\" data-vf-js-location-nearest-activation-target=\"\">Overview<\/a><\/li><li class=\"vf-tabs__item\"><a class=\"vf-tabs__link\" href=\"#vf-tabs__section-speakers\" data-vf-js-location-nearest-activation-target=\"\">Speakers<\/a><\/li><li class=\"vf-tabs__item\"><a class=\"vf-tabs__link\" href=\"#vf-tabs__section-programme\" data-vf-js-location-nearest-activation-target=\"\">Programme<\/a><\/li><li class=\"vf-tabs__item\"><a class=\"vf-tabs__link\" href=\"#vf-tabs__section-infromation\" data-vf-js-location-nearest-activation-target=\"\">Practical information<\/a><\/li><li class=\"vf-tabs__item\"><a class=\"vf-tabs__link\" href=\"#vf-tabs__section-sponsors\" data-vf-js-location-nearest-activation-target=\"\">Sponsors<\/a><\/li><li class=\"vf-tabs__item\"><a class=\"vf-tabs__link\" href=\"#vf-tabs__section-mediakit\" data-vf-js-location-nearest-activation-target=\"\">Media kit<\/a><\/li><\/ul><div class=\"vf-tabs-content\" data-vf-js-tabs-content=\"true\">\n<section class=\"vf-tabs__section\" id=\"vf-tabs__section-53de8397-0f08-449c-b4a4-0fdca47249f2\"><h2 class=\"vf-u-sr-only\">Overview<\/h2>\n<p>This conference will take place at EMBL Heidelberg, with the option to attend virtually.<\/p>\n\n\n\n<p><\/p>\n\n\n\n<h2 class=\"wp-block-heading\">Conference overview<\/h2>\n\n\n\n<p>Advances in genome sequencing and gene editing tools are providing unprecedented insights into biological mechanisms and evolutionary processes. In parallel, computational and theoretical approaches are providing new insights into our understanding of these new data. A goal for this conference is to unite people across theoretical and experimental backgrounds into a coherent focus on \u201cpredicting evolution\u201d.<\/p>\n\n\n\n<p>The conference will explore the evolution of biological systems at different levels: from genes and molecules to organism development and ecology. As such, we have invited leaders in their respective fields across various scales of evolution: molecular, network, microbial, developmental, and community. Particular emphasis for this conference will be placed on understanding evolution through mechanistic biology. We will explore recent advances in experimental and theoretical approaches to study how genetic and non-genetic changes drive and constrain evolution. The meeting will offer a training ground and productive learning experience for attendees, and provide networking opportunities for scientists across disciplines relevant to evolutionary biology. It should be of particular interest to those working at the interface of evolution, quantitative genetics, development, and systems biology.<\/p>\n\n\n\n<h2 class=\"wp-block-heading\"><strong>Session topics<\/strong><\/h2>\n\n\n\n<ul class=\"wp-block-list\">\n<li>Predicting the evolution of molecules, part 1<\/li>\n\n\n\n<li>Predicting regulatory network evolution<\/li>\n\n\n\n<li>Predicting cellular evolution<\/li>\n\n\n\n<li>Prediction developmental evolution<\/li>\n\n\n\n<li>Predicting population and community evolution<\/li>\n\n\n\n<li>Predicting the evolution of molecules, part 2<\/li>\n<\/ul>\n\n\n\n<p><\/p>\n\n\n\n<p>Please see EMBL\u2019s&nbsp;<a href=\"https:\/\/www.embl.org\/about\/info\/course-and-conference-office\/covid-19-safety-policy\/\">COVID-19 safety recommendations<\/a>&nbsp;if attending the on-site event.<\/p>\n\n\n\n<p><\/p>\n<\/section>\n\n\n\n<section class=\"vf-tabs__section\" id=\"vf-tabs__section-speakers\"><h2>Speakers<\/h2>\n<div class=\"embl-grid\"><div class=\"\"><!--[vf\/content]-->\n<div class=\"vf-content\">\n\n<article class=\"vf-profile vf-profile--very-easy vf-profile--medium vf-profile--block | vf-u-margin__bottom--400\">\n\n    <img decoding=\"async\" width=\"225\" height=\"300\" src=\"https:\/\/www.embl.org\/about\/info\/course-and-conference-office\/wp-content\/uploads\/barkai-naama-225x300.jpg\" class=\"vf-profile__image\" alt=\"\" loading=\"lazy\" itemprop=\"image\" srcset=\"https:\/\/www.embl.org\/about\/info\/course-and-conference-office\/wp-content\/uploads\/barkai-naama-225x300.jpg 225w, https:\/\/www.embl.org\/about\/info\/course-and-conference-office\/wp-content\/uploads\/barkai-naama.jpg 531w\" sizes=\"auto, (max-width: 225px) 100vw, 225px\" \/>\n    <h3 class=\"vf-profile__title\" style=\"text-align: center;\">\n                    <a href=\"https:\/\/barkailab.wixsite.com\/barkai\" target=\"_self\" class=\"vf-profile__link\">Naama Barkai<\/a>\n            <\/h3>\n    \n                <p class=\"vf-profile__text\" style=\"text-align: center;\">\n                Weizmann Institute of Science            <\/p>\n                <p class=\"vf-profile__text\" style=\"text-align: center;\">\n                Israel            <\/p>\n    \n    \n      \n\n    \n<\/article>\n\n<\/div>\n<\/div>\n\n\n<div class=\"\"><!--[vf\/content]-->\n<div class=\"vf-content\">\n\n<article class=\"vf-profile vf-profile--very-easy vf-profile--medium vf-profile--block | vf-u-margin__bottom--400\">\n\n    <img decoding=\"async\" width=\"150\" height=\"150\" src=\"https:\/\/www.embl.org\/about\/info\/course-and-conference-office\/wp-content\/uploads\/Berthelot-1631695994853-150x150-1.jpg\" class=\"vf-profile__image\" alt=\"\" loading=\"lazy\" itemprop=\"image\" \/>\n    <h3 class=\"vf-profile__title\" style=\"text-align: center;\">\n                    <a href=\"https:\/\/research.pasteur.fr\/en\/member\/camille-berthelot\/\" target=\"_self\" class=\"vf-profile__link\">Camille Berthelot<\/a>\n            <\/h3>\n    \n                <p class=\"vf-profile__text\" style=\"text-align: center;\">\n                Institut Pasteur            <\/p>\n                <p class=\"vf-profile__text\" style=\"text-align: center;\">\n                France            <\/p>\n    \n    \n      \n\n    \n<\/article>\n\n<\/div>\n<\/div>\n\n\n<div class=\"\"><!--[vf\/content]-->\n<div class=\"vf-content\">\n\n<article class=\"vf-profile vf-profile--very-easy vf-profile--medium vf-profile--block | vf-u-margin__bottom--400\">\n\n    <img decoding=\"async\" width=\"150\" height=\"150\" src=\"https:\/\/www.embl.org\/about\/info\/course-and-conference-office\/wp-content\/uploads\/virginie-pic-150x150-1.jpg\" class=\"vf-profile__image\" alt=\"\" loading=\"lazy\" itemprop=\"image\" \/>\n    <h3 class=\"vf-profile__title\" style=\"text-align: center;\">\n                    <a href=\"https:\/\/courtier.ijm.fr\" target=\"_self\" class=\"vf-profile__link\">Virginie Courtier-Orgogozo<\/a>\n            <\/h3>\n    \n                <p class=\"vf-profile__text\" style=\"text-align: center;\">\n                Institut Jacques Monod Paris            <\/p>\n                <p class=\"vf-profile__text\" style=\"text-align: center;\">\n                France            <\/p>\n    \n    \n      \n\n    \n<\/article>\n\n<\/div>\n<\/div>\n<\/div>\n\n\n\n<div class=\"embl-grid\"><div class=\"\"><!--[vf\/content]-->\n<div class=\"vf-content\">\n\n<article class=\"vf-profile vf-profile--very-easy vf-profile--medium vf-profile--block | vf-u-margin__bottom--400\">\n\n    <img decoding=\"async\" width=\"115\" height=\"135\" src=\"https:\/\/www.embl.org\/about\/info\/course-and-conference-office\/wp-content\/uploads\/2021\/01\/Crocker_Justin1.jpg\" class=\"vf-profile__image\" alt=\"\" loading=\"lazy\" itemprop=\"image\" \/>\n    <h3 class=\"vf-profile__title\" style=\"text-align: center;\">\n                    <a href=\"https:\/\/www.embl.de\/research\/units\/dev_biology\/crocker\/index.html\" target=\"_self\" class=\"vf-profile__link\">Justin Crocker<\/a>\n            <\/h3>\n    \n                <p class=\"vf-profile__text\" style=\"text-align: center;\">\n                EMBL Heidelberg            <\/p>\n                <p class=\"vf-profile__text\" style=\"text-align: center;\">\n                Germany            <\/p>\n    \n    \n      \n\n    \n<\/article>\n\n<\/div>\n<\/div>\n\n\n<div class=\"\"><!--[vf\/content]-->\n<div class=\"vf-content\">\n\n<article class=\"vf-profile vf-profile--very-easy vf-profile--medium vf-profile--block | vf-u-margin__bottom--400\">\n\n    <img decoding=\"async\" width=\"222\" height=\"300\" src=\"https:\/\/www.embl.org\/about\/info\/course-and-conference-office\/wp-content\/uploads\/Carl-de-Boer-222x300.jpg\" class=\"vf-profile__image\" alt=\"\" loading=\"lazy\" itemprop=\"image\" srcset=\"https:\/\/www.embl.org\/about\/info\/course-and-conference-office\/wp-content\/uploads\/Carl-de-Boer-222x300.jpg 222w, https:\/\/www.embl.org\/about\/info\/course-and-conference-office\/wp-content\/uploads\/Carl-de-Boer-759x1024.jpg 759w, https:\/\/www.embl.org\/about\/info\/course-and-conference-office\/wp-content\/uploads\/Carl-de-Boer-768x1036.jpg 768w, https:\/\/www.embl.org\/about\/info\/course-and-conference-office\/wp-content\/uploads\/Carl-de-Boer-1139x1536.jpg 1139w, https:\/\/www.embl.org\/about\/info\/course-and-conference-office\/wp-content\/uploads\/Carl-de-Boer-1519x2048.jpg 1519w, https:\/\/www.embl.org\/about\/info\/course-and-conference-office\/wp-content\/uploads\/Carl-de-Boer.jpg 1615w\" sizes=\"auto, (max-width: 222px) 100vw, 222px\" \/>\n    <h3 class=\"vf-profile__title\" style=\"text-align: center;\">\n                    <a href=\"https:\/\/deboer.bme.ubc.ca\/\" target=\"_self\" class=\"vf-profile__link\">Carl de Boer<\/a>\n            <\/h3>\n    \n                <p class=\"vf-profile__text\" style=\"text-align: center;\">\n                University of British Columbia Vancouver            <\/p>\n                <p class=\"vf-profile__text\" style=\"text-align: center;\">\n                Canada            <\/p>\n    \n    \n      \n\n    \n<\/article>\n\n<\/div>\n<\/div>\n\n\n<div class=\"\"><!--[vf\/content]-->\n<div class=\"vf-content\">\n\n<article class=\"vf-profile vf-profile--very-easy vf-profile--medium vf-profile--block | vf-u-margin__bottom--400\">\n\n    <img decoding=\"async\" width=\"155\" height=\"175\" src=\"https:\/\/www.embl.org\/about\/info\/course-and-conference-office\/wp-content\/uploads\/Gautam-Dey.jpg\" class=\"vf-profile__image\" alt=\"\" loading=\"lazy\" itemprop=\"image\" \/>\n    <h3 class=\"vf-profile__title\" style=\"text-align: center;\">\n                    <a href=\"https:\/\/www.embl.org\/groups\/dey\/\" target=\"_self\" class=\"vf-profile__link\">Gautam Dey<\/a>\n            <\/h3>\n    \n                <p class=\"vf-profile__text\" style=\"text-align: center;\">\n                EMBL Heidelberg            <\/p>\n                <p class=\"vf-profile__text\" style=\"text-align: center;\">\n                Germany            <\/p>\n    \n    \n      \n\n    \n<\/article>\n\n<\/div>\n<\/div>\n<\/div>\n\n\n\n<div class=\"embl-grid\"><div class=\"\"><!--[vf\/content]-->\n<div class=\"vf-content\">\n\n<article class=\"vf-profile vf-profile--very-easy vf-profile--medium vf-profile--block | vf-u-margin__bottom--400\">\n\n    <img decoding=\"async\" width=\"150\" height=\"150\" src=\"https:\/\/www.embl.org\/about\/info\/course-and-conference-office\/wp-content\/uploads\/Dunham_Maitreya-150x150-1.jpg\" class=\"vf-profile__image\" alt=\"\" loading=\"lazy\" itemprop=\"image\" \/>\n    <h3 class=\"vf-profile__title\" style=\"text-align: center;\">\n                    <a href=\"https:\/\/dunham.gs.washington.edu\/\" target=\"_self\" class=\"vf-profile__link\">Maitreya Dunham<\/a>\n            <\/h3>\n    \n                <p class=\"vf-profile__text\" style=\"text-align: center;\">\n                University of Washington Seattle            <\/p>\n                <p class=\"vf-profile__text\" style=\"text-align: center;\">\n                USA            <\/p>\n    \n    \n      \n\n    \n<\/article>\n\n<\/div>\n<\/div>\n\n\n<div class=\"\"><!--[vf\/content]-->\n<div class=\"vf-content\">\n\n<article class=\"vf-profile vf-profile--very-easy vf-profile--medium vf-profile--block | vf-u-margin__bottom--400\">\n\n    <img decoding=\"async\" width=\"208\" height=\"212\" src=\"https:\/\/www.embl.org\/about\/info\/course-and-conference-office\/wp-content\/uploads\/HichbergJPG.jpg\" class=\"vf-profile__image\" alt=\"\" loading=\"lazy\" itemprop=\"image\" \/>\n    <h3 class=\"vf-profile__title\" style=\"text-align: center;\">\n                    <a href=\"https:\/\/www.mpi-marburg.mpg.de\/hochberg\" target=\"_self\" class=\"vf-profile__link\">Georg Hochberg<\/a>\n            <\/h3>\n    \n                <p class=\"vf-profile__text\" style=\"text-align: center;\">\n                Max Planck Institute for Terrestrial Microbiology            <\/p>\n                <p class=\"vf-profile__text\" style=\"text-align: center;\">\n                Germany            <\/p>\n    \n    \n      \n\n    \n<\/article>\n\n<\/div>\n<\/div>\n\n\n<div class=\"\"><!--[vf\/content]-->\n<div class=\"vf-content\">\n\n<article class=\"vf-profile vf-profile--very-easy vf-profile--medium vf-profile--block | vf-u-margin__bottom--400\">\n\n    <img decoding=\"async\" width=\"180\" height=\"220\" src=\"https:\/\/www.embl.org\/about\/info\/course-and-conference-office\/wp-content\/uploads\/hopi_hoekstra.jpeg\" class=\"vf-profile__image\" alt=\"\" loading=\"lazy\" itemprop=\"image\" \/>\n    <h3 class=\"vf-profile__title\" style=\"text-align: center;\">\n                    <a href=\"https:\/\/hoekstra.oeb.harvard.edu\/\" target=\"_self\" class=\"vf-profile__link\">Hopi E. Hoekstra<\/a>\n            <\/h3>\n    \n                <p class=\"vf-profile__text\" style=\"text-align: center;\">\n                Harvard University\/HHMI Cambridge            <\/p>\n                <p class=\"vf-profile__text\" style=\"text-align: center;\">\n                USA            <\/p>\n    \n    \n      \n\n    \n<\/article>\n\n<\/div>\n<\/div>\n<\/div>\n\n\n\n<div class=\"embl-grid\"><div class=\"\"><!--[vf\/content]-->\n<div class=\"vf-content\">\n\n<article class=\"vf-profile vf-profile--very-easy vf-profile--medium vf-profile--block | vf-u-margin__bottom--400\">\n\n    <img decoding=\"async\" width=\"300\" height=\"234\" src=\"https:\/\/www.embl.org\/about\/info\/course-and-conference-office\/wp-content\/uploads\/Larracuente.jpg\" class=\"vf-profile__image\" alt=\"\" loading=\"lazy\" itemprop=\"image\" \/>\n    <h3 class=\"vf-profile__title\" style=\"text-align: center;\">\n                    <a href=\"http:\/\/blogs.rochester.edu\/larracuente\/\" target=\"_self\" class=\"vf-profile__link\">Amanda Larracuente<\/a>\n            <\/h3>\n    \n                <p class=\"vf-profile__text\" style=\"text-align: center;\">\n                University of Rochester            <\/p>\n                <p class=\"vf-profile__text\" style=\"text-align: center;\">\n                USA            <\/p>\n    \n    \n      \n\n    \n<\/article>\n\n<\/div>\n<\/div>\n\n\n<div class=\"\"><!--[vf\/content]-->\n<div class=\"vf-content\">\n\n<article class=\"vf-profile vf-profile--very-easy vf-profile--medium vf-profile--block | vf-u-margin__bottom--400\">\n\n    <img decoding=\"async\" width=\"211\" height=\"300\" src=\"https:\/\/www.embl.org\/about\/info\/course-and-conference-office\/wp-content\/uploads\/Lassig-211x300.jpg\" class=\"vf-profile__image\" alt=\"\" loading=\"lazy\" itemprop=\"image\" srcset=\"https:\/\/www.embl.org\/about\/info\/course-and-conference-office\/wp-content\/uploads\/Lassig-211x300.jpg 211w, https:\/\/www.embl.org\/about\/info\/course-and-conference-office\/wp-content\/uploads\/Lassig.jpg 288w\" sizes=\"auto, (max-width: 211px) 100vw, 211px\" \/>\n    <h3 class=\"vf-profile__title\" style=\"text-align: center;\">\n                    <a href=\"http:\/\/www.thp.uni-koeln.de\/~lassig\/\" target=\"_self\" class=\"vf-profile__link\">Michael L\u00e4ssig<\/a>\n            <\/h3>\n    \n                <p class=\"vf-profile__text\" style=\"text-align: center;\">\n                University of Cologne            <\/p>\n                <p class=\"vf-profile__text\" style=\"text-align: center;\">\n                Germany            <\/p>\n    \n    \n      \n\n    \n<\/article>\n\n<\/div>\n<\/div>\n\n\n<div class=\"\"><!--[vf\/content]-->\n<div class=\"vf-content\">\n\n<article class=\"vf-profile vf-profile--very-easy vf-profile--medium vf-profile--block | vf-u-margin__bottom--400\">\n\n    <img decoding=\"async\" width=\"274\" height=\"300\" src=\"https:\/\/www.embl.org\/about\/info\/course-and-conference-office\/wp-content\/uploads\/Levine-1-274x300.jpg\" class=\"vf-profile__image\" alt=\"\" loading=\"lazy\" itemprop=\"image\" srcset=\"https:\/\/www.embl.org\/about\/info\/course-and-conference-office\/wp-content\/uploads\/Levine-1-274x300.jpg 274w, https:\/\/www.embl.org\/about\/info\/course-and-conference-office\/wp-content\/uploads\/Levine-1-934x1024.jpg 934w, https:\/\/www.embl.org\/about\/info\/course-and-conference-office\/wp-content\/uploads\/Levine-1-768x842.jpg 768w, https:\/\/www.embl.org\/about\/info\/course-and-conference-office\/wp-content\/uploads\/Levine-1.jpg 1186w\" sizes=\"auto, (max-width: 274px) 100vw, 274px\" \/>\n    <h3 class=\"vf-profile__title\" style=\"text-align: center;\">\n                    <a href=\"https:\/\/www.bio.upenn.edu\/people\/mia-levine\" target=\"_self\" class=\"vf-profile__link\">Mia Levine<\/a>\n            <\/h3>\n    \n                <p class=\"vf-profile__text\" style=\"text-align: center;\">\n                University of Pennsylvania            <\/p>\n                <p class=\"vf-profile__text\" style=\"text-align: center;\">\n                USA            <\/p>\n    \n    \n      \n\n    \n<\/article>\n\n<\/div>\n<\/div>\n<\/div>\n\n\n\n<div class=\"embl-grid\"><div class=\"\"><!--[vf\/content]-->\n<div class=\"vf-content\">\n\n<article class=\"vf-profile vf-profile--very-easy vf-profile--medium vf-profile--block | vf-u-margin__bottom--400\">\n\n    <img decoding=\"async\" width=\"181\" height=\"229\" src=\"https:\/\/www.embl.org\/about\/info\/course-and-conference-office\/wp-content\/uploads\/Lind.jpg\" class=\"vf-profile__image\" alt=\"\" loading=\"lazy\" itemprop=\"image\" \/>\n    <h3 class=\"vf-profile__title\" style=\"text-align: center;\">\n                    <a href=\"https:\/\/www.umu.se\/en\/staff\/peter-lind\/\" target=\"_self\" class=\"vf-profile__link\">Peter Lind<\/a>\n            <\/h3>\n    \n                <p class=\"vf-profile__text\" style=\"text-align: center;\">\n                Ume\u00e5 University            <\/p>\n                <p class=\"vf-profile__text\" style=\"text-align: center;\">\n                Sweden            <\/p>\n    \n    \n      \n\n    \n<\/article>\n\n<\/div>\n<\/div>\n\n\n<div class=\"\"><!--[vf\/content]-->\n<div class=\"vf-content\">\n\n<article class=\"vf-profile vf-profile--very-easy vf-profile--medium vf-profile--block | vf-u-margin__bottom--400\">\n\n    <img decoding=\"async\" width=\"285\" height=\"300\" src=\"https:\/\/www.embl.org\/about\/info\/course-and-conference-office\/wp-content\/uploads\/Lippman-285x300.jpg\" class=\"vf-profile__image\" alt=\"\" loading=\"lazy\" itemprop=\"image\" srcset=\"https:\/\/www.embl.org\/about\/info\/course-and-conference-office\/wp-content\/uploads\/Lippman-285x300.jpg 285w, https:\/\/www.embl.org\/about\/info\/course-and-conference-office\/wp-content\/uploads\/Lippman.jpg 396w\" sizes=\"auto, (max-width: 285px) 100vw, 285px\" \/>\n    <h3 class=\"vf-profile__title\" style=\"text-align: center;\">\n                    <a href=\"http:\/\/lippmanlab.labsites.cshl.edu\/\" target=\"_self\" class=\"vf-profile__link\">Zachary Lippman<\/a>\n            <\/h3>\n    \n                <p class=\"vf-profile__text\" style=\"text-align: center;\">\n                CSHL\/HHMI New York            <\/p>\n                <p class=\"vf-profile__text\" style=\"text-align: center;\">\n                USA            <\/p>\n    \n    \n      \n\n    \n<\/article>\n\n<\/div>\n<\/div>\n\n\n<div class=\"\"><!--[vf\/content]-->\n<div class=\"vf-content\">\n\n<article class=\"vf-profile vf-profile--very-easy vf-profile--medium vf-profile--block | vf-u-margin__bottom--400\">\n\n            <img decoding=\"async\" class=\"vf-profile__image\" src=\"https:\/\/www.embl.org\/about\/info\/course-and-conference-office\/wp-content\/uploads\/Odom.jpg\" >  \n    \n    <h3 class=\"vf-profile__title\" style=\"text-align: center;\">\n                    <a href=\"https:\/\/www.dkfz.de\/en\/regulatorische-genomik\/Team.html\" target=\"_self\" class=\"vf-profile__link\">Duncan Odom<\/a>\n            <\/h3>\n    \n                <p class=\"vf-profile__text\" style=\"text-align: center;\">\n                German Cancer Research Center            <\/p>\n                <p class=\"vf-profile__text\" style=\"text-align: center;\">\n                Germany            <\/p>\n    \n    \n      \n\n    \n<\/article>\n\n<\/div>\n<\/div>\n<\/div>\n\n\n\n<div class=\"embl-grid\"><div class=\"\"><!--[vf\/content]-->\n<div class=\"vf-content\">\n\n<article class=\"vf-profile vf-profile--very-easy vf-profile--medium vf-profile--block | vf-u-margin__bottom--400\">\n\n    <img decoding=\"async\" width=\"261\" height=\"181\" src=\"https:\/\/www.embl.org\/about\/info\/course-and-conference-office\/wp-content\/uploads\/Oghunu.jpg\" class=\"vf-profile__image\" alt=\"\" loading=\"lazy\" itemprop=\"image\" \/>\n    <h3 class=\"vf-profile__title\" style=\"text-align: center;\">\n                    <a href=\"https:\/\/eeb.yale.edu\/people\/faculty\/c-brandon-ogbunu\" target=\"_self\" class=\"vf-profile__link\">Brandon Ogbunu<\/a>\n            <\/h3>\n    \n                <p class=\"vf-profile__text\" style=\"text-align: center;\">\n                Yale University New Haven            <\/p>\n                <p class=\"vf-profile__text\" style=\"text-align: center;\">\n                USA            <\/p>\n    \n    \n      \n\n    \n<\/article>\n\n<\/div>\n<\/div>\n\n\n<div class=\"\"><!--[vf\/content]-->\n<div class=\"vf-content\">\n\n<article class=\"vf-profile vf-profile--very-easy vf-profile--medium vf-profile--block | vf-u-margin__bottom--400\">\n\n    <img decoding=\"async\" width=\"225\" height=\"300\" src=\"https:\/\/www.embl.org\/about\/info\/course-and-conference-office\/wp-content\/uploads\/Payne-225x300.jpeg\" class=\"vf-profile__image\" alt=\"\" loading=\"lazy\" itemprop=\"image\" srcset=\"https:\/\/www.embl.org\/about\/info\/course-and-conference-office\/wp-content\/uploads\/Payne-225x300.jpeg 225w, https:\/\/www.embl.org\/about\/info\/course-and-conference-office\/wp-content\/uploads\/Payne.jpeg 300w\" sizes=\"auto, (max-width: 225px) 100vw, 225px\" \/>\n    <h3 class=\"vf-profile__title\" style=\"text-align: center;\">\n                    <a href=\"https:\/\/joshualevipayne.com\/\" target=\"_self\" class=\"vf-profile__link\">Joshua Payne<\/a>\n            <\/h3>\n    \n                <p class=\"vf-profile__text\" style=\"text-align: center;\">\n                ETH Zurich            <\/p>\n                <p class=\"vf-profile__text\" style=\"text-align: center;\">\n                Switzerland            <\/p>\n    \n    \n      \n\n    \n<\/article>\n\n<\/div>\n<\/div>\n\n\n<div class=\"\"><!--[vf\/content]-->\n<div class=\"vf-content\">\n\n<article class=\"vf-profile vf-profile--very-easy vf-profile--medium vf-profile--block | vf-u-margin__bottom--400\">\n\n    <img decoding=\"async\" width=\"274\" height=\"300\" src=\"https:\/\/www.embl.org\/about\/info\/course-and-conference-office\/wp-content\/uploads\/Peichel-274x300.jpg\" class=\"vf-profile__image\" alt=\"\" loading=\"lazy\" itemprop=\"image\" srcset=\"https:\/\/www.embl.org\/about\/info\/course-and-conference-office\/wp-content\/uploads\/Peichel-274x300.jpg 274w, https:\/\/www.embl.org\/about\/info\/course-and-conference-office\/wp-content\/uploads\/Peichel.jpg 641w\" sizes=\"auto, (max-width: 274px) 100vw, 274px\" \/>\n    <h3 class=\"vf-profile__title\" style=\"text-align: center;\">\n                    <a href=\"https:\/\/www.ee.iee.unibe.ch\/\" target=\"_self\" class=\"vf-profile__link\">Catherine Peichel<\/a>\n            <\/h3>\n    \n                <p class=\"vf-profile__text\" style=\"text-align: center;\">\n                University of Bern            <\/p>\n                <p class=\"vf-profile__text\" style=\"text-align: center;\">\n                Switzerland            <\/p>\n    \n    \n      \n\n    \n<\/article>\n\n<\/div>\n<\/div>\n<\/div>\n\n\n\n<div class=\"embl-grid\"><div class=\"\"><!--[vf\/content]-->\n<div class=\"vf-content\">\n\n<article class=\"vf-profile vf-profile--very-easy vf-profile--medium vf-profile--block | vf-u-margin__bottom--400\">\n\n    <img decoding=\"async\" width=\"220\" height=\"220\" src=\"https:\/\/www.embl.org\/about\/info\/course-and-conference-office\/wp-content\/uploads\/Tzachi-Pilpel.jpg\" class=\"vf-profile__image\" alt=\"\" loading=\"lazy\" itemprop=\"image\" srcset=\"https:\/\/www.embl.org\/about\/info\/course-and-conference-office\/wp-content\/uploads\/Tzachi-Pilpel.jpg 220w, https:\/\/www.embl.org\/about\/info\/course-and-conference-office\/wp-content\/uploads\/Tzachi-Pilpel-150x150.jpg 150w\" sizes=\"auto, (max-width: 220px) 100vw, 220px\" \/>\n    <h3 class=\"vf-profile__title\" style=\"text-align: center;\">\n                    <a href=\"https:\/\/longitude.weizmann.ac.il\/\" target=\"_self\" class=\"vf-profile__link\">Tzachi Pilpel<\/a>\n            <\/h3>\n    \n                <p class=\"vf-profile__text\" style=\"text-align: center;\">\n                Weizmann Institute of Science            <\/p>\n                <p class=\"vf-profile__text\" style=\"text-align: center;\">\n                Israel            <\/p>\n    \n    \n      \n\n    \n<\/article>\n\n<\/div>\n<\/div>\n\n\n<div class=\"\"><!--[vf\/content]-->\n<div class=\"vf-content\">\n\n<article class=\"vf-profile vf-profile--very-easy vf-profile--medium vf-profile--block | vf-u-margin__bottom--400\">\n\n    <img decoding=\"async\" width=\"237\" height=\"300\" src=\"https:\/\/www.embl.org\/about\/info\/course-and-conference-office\/wp-content\/uploads\/Wittkopf-237x300.jpg\" class=\"vf-profile__image\" alt=\"\" loading=\"lazy\" itemprop=\"image\" srcset=\"https:\/\/www.embl.org\/about\/info\/course-and-conference-office\/wp-content\/uploads\/Wittkopf-237x300.jpg 237w, https:\/\/www.embl.org\/about\/info\/course-and-conference-office\/wp-content\/uploads\/Wittkopf.jpg 272w\" sizes=\"auto, (max-width: 237px) 100vw, 237px\" \/>\n    <h3 class=\"vf-profile__title\" style=\"text-align: center;\">\n                    <a href=\"https:\/\/sites.lsa.umich.edu\/wittkopp-lab\/\" target=\"_self\" class=\"vf-profile__link\">Patricia Wittkopp<\/a>\n            <\/h3>\n    \n                <p class=\"vf-profile__text\" style=\"text-align: center;\">\n                University of Michigan            <\/p>\n                <p class=\"vf-profile__text\" style=\"text-align: center;\">\n                USA            <\/p>\n    \n    \n      \n\n    \n<\/article>\n\n<\/div>\n<\/div>\n\n\n<div class=\"\"><!--[vf\/content]-->\n<div class=\"vf-content\">\n\n<article class=\"vf-profile vf-profile--very-easy vf-profile--medium vf-profile--block | vf-u-margin__bottom--400\">\n\n            <img decoding=\"async\" class=\"vf-profile__image\" src=\"https:\/\/dev.assets.emblstatic.net\/vf\/v2.0.0-alpha.6\/assets\/vf-summary\/assets\/vf-icon--avatar.svg\" > \n    \n    <h3 class=\"vf-profile__title\" style=\"text-align: center;\">\n                    <a href=\"https:\/\/imsb.ethz.ch\/research\/beltrao.html\" target=\"_self\" class=\"vf-profile__link\">Pedro Beltrao<\/a>\n            <\/h3>\n    \n                <p class=\"vf-profile__text\" style=\"text-align: center;\">\n                ETH Zurich              <\/p>\n                <p class=\"vf-profile__text\" style=\"text-align: center;\">\n                Switzerland            <\/p>\n    \n    \n      \n\n    \n<\/article>\n\n<\/div>\n<\/div>\n<\/div>\n\n\n\n<div class=\"embl-grid\"><div class=\"\"><!--[vf\/content]-->\n<div class=\"vf-content\">\n\n<article class=\"vf-profile vf-profile--very-easy vf-profile--medium vf-profile--block | vf-u-margin__bottom--400\">\n\n    <img decoding=\"async\" width=\"286\" height=\"300\" src=\"https:\/\/www.embl.org\/about\/info\/course-and-conference-office\/wp-content\/uploads\/Landry-e1676557182757-286x300.jpeg\" class=\"vf-profile__image\" alt=\"\" loading=\"lazy\" itemprop=\"image\" srcset=\"https:\/\/www.embl.org\/about\/info\/course-and-conference-office\/wp-content\/uploads\/Landry-e1676557182757-286x300.jpeg 286w, https:\/\/www.embl.org\/about\/info\/course-and-conference-office\/wp-content\/uploads\/Landry-e1676557182757-768x806.jpeg 768w, https:\/\/www.embl.org\/about\/info\/course-and-conference-office\/wp-content\/uploads\/Landry-e1676557182757.jpeg 915w\" sizes=\"auto, (max-width: 286px) 100vw, 286px\" \/>\n    <h3 class=\"vf-profile__title\" style=\"text-align: center;\">\n                    <a href=\"https:\/\/landrylab.ibis.ulaval.ca\/project\/christian-landry-phd\/\" target=\"_self\" class=\"vf-profile__link\">Christian Landry<\/a>\n            <\/h3>\n    \n                <p class=\"vf-profile__text\" style=\"text-align: center;\">\n                Institute of Integrative and Systems Biology            <\/p>\n                <p class=\"vf-profile__text\" style=\"text-align: center;\">\n                Canada            <\/p>\n    \n    \n      \n\n    \n<\/article>\n\n<\/div>\n<\/div>\n\n\n<div class=\"\"><!--[vf\/content]-->\n<div class=\"vf-content\">\n\n<\/div>\n<\/div>\n\n\n<div class=\"\"><!--[vf\/content]-->\n<div class=\"vf-content\">\n\n<\/div>\n<\/div>\n<\/div>\n\n\n\n<h2 class=\"wp-block-heading\">Scientific organisers<\/h2>\n\n\n\n<div class=\"embl-grid\"><div class=\"\"><!--[vf\/content]-->\n<div class=\"vf-content\">\n\n<article class=\"vf-profile vf-profile--very-easy vf-profile--medium vf-profile--block | vf-u-margin__bottom--400\">\n\n    <img decoding=\"async\" width=\"115\" height=\"135\" src=\"https:\/\/www.embl.org\/about\/info\/course-and-conference-office\/wp-content\/uploads\/2021\/01\/Crocker_Justin1.jpg\" class=\"vf-profile__image\" alt=\"\" loading=\"lazy\" itemprop=\"image\" \/>\n    <h3 class=\"vf-profile__title\" style=\"text-align: center;\">\n                    <a href=\"https:\/\/www.embl.org\/groups\/crocker\/\" target=\"_self\" class=\"vf-profile__link\">Justin Crocker<\/a>\n            <\/h3>\n    \n                <p class=\"vf-profile__text\" style=\"text-align: center;\">\n                EMBL Heidelberg            <\/p>\n                <p class=\"vf-profile__text\" style=\"text-align: center;\">\n                Germany            <\/p>\n    \n    \n      \n\n    \n<\/article>\n\n<\/div>\n<\/div>\n\n\n<div class=\"\"><!--[vf\/content]-->\n<div class=\"vf-content\">\n\n<article class=\"vf-profile vf-profile--very-easy vf-profile--medium vf-profile--block | vf-u-margin__bottom--400\">\n\n    <img decoding=\"async\" width=\"155\" height=\"175\" src=\"https:\/\/www.embl.org\/about\/info\/course-and-conference-office\/wp-content\/uploads\/Gautam-Dey.jpg\" class=\"vf-profile__image\" alt=\"\" loading=\"lazy\" itemprop=\"image\" \/>\n    <h3 class=\"vf-profile__title\" style=\"text-align: center;\">\n                    <a href=\"https:\/\/www.embl.org\/groups\/dey\/\" target=\"_self\" class=\"vf-profile__link\">Gautam Dey<\/a>\n            <\/h3>\n    \n                <p class=\"vf-profile__text\" style=\"text-align: center;\">\n                EMBL Heidelberg            <\/p>\n                <p class=\"vf-profile__text\" style=\"text-align: center;\">\n                Germany            <\/p>\n    \n    \n      \n\n    \n<\/article>\n\n<\/div>\n<\/div>\n\n\n<div class=\"\"><!--[vf\/content]-->\n<div class=\"vf-content\">\n\n<article class=\"vf-profile vf-profile--very-easy vf-profile--medium vf-profile--block | vf-u-margin__bottom--400\">\n\n    <img decoding=\"async\" width=\"225\" height=\"300\" src=\"https:\/\/www.embl.org\/about\/info\/course-and-conference-office\/wp-content\/uploads\/Payne-225x300.jpeg\" class=\"vf-profile__image\" alt=\"\" loading=\"lazy\" itemprop=\"image\" srcset=\"https:\/\/www.embl.org\/about\/info\/course-and-conference-office\/wp-content\/uploads\/Payne-225x300.jpeg 225w, https:\/\/www.embl.org\/about\/info\/course-and-conference-office\/wp-content\/uploads\/Payne.jpeg 300w\" sizes=\"auto, (max-width: 225px) 100vw, 225px\" \/>\n    <h3 class=\"vf-profile__title\" style=\"text-align: center;\">\n                    <a href=\"https:\/\/joshualevipayne.com\/\" target=\"_self\" class=\"vf-profile__link\">Joshua Payne<\/a>\n            <\/h3>\n    \n                <p class=\"vf-profile__text\" style=\"text-align: center;\">\n                ETH Zurich            <\/p>\n                <p class=\"vf-profile__text\" style=\"text-align: center;\">\n                Switzerland            <\/p>\n    \n    \n      \n\n    \n<\/article>\n\n<\/div>\n<\/div>\n<\/div>\n\n\n\n<div class=\"embl-grid\"><div class=\"\"><!--[vf\/content]-->\n<div class=\"vf-content\">\n\n<article class=\"vf-profile vf-profile--very-easy vf-profile--medium vf-profile--block | vf-u-margin__bottom--400\">\n\n    <img decoding=\"async\" width=\"237\" height=\"300\" src=\"https:\/\/www.embl.org\/about\/info\/course-and-conference-office\/wp-content\/uploads\/Wittkopf-237x300.jpg\" class=\"vf-profile__image\" alt=\"\" loading=\"lazy\" itemprop=\"image\" srcset=\"https:\/\/www.embl.org\/about\/info\/course-and-conference-office\/wp-content\/uploads\/Wittkopf-237x300.jpg 237w, https:\/\/www.embl.org\/about\/info\/course-and-conference-office\/wp-content\/uploads\/Wittkopf.jpg 272w\" sizes=\"auto, (max-width: 237px) 100vw, 237px\" \/>\n    <h3 class=\"vf-profile__title\" style=\"text-align: center;\">\n                    <a href=\"https:\/\/sites.lsa.umich.edu\/wittkopp-lab\/\" target=\"_self\" class=\"vf-profile__link\">Patricia Wittkopp<\/a>\n            <\/h3>\n    \n                <p class=\"vf-profile__text\" style=\"text-align: center;\">\n                University of Michigan            <\/p>\n                <p class=\"vf-profile__text\" style=\"text-align: center;\">\n                USA            <\/p>\n    \n    \n      \n\n    \n<\/article>\n\n<\/div>\n<\/div>\n\n\n<div class=\"\"><!--[vf\/content]-->\n<div class=\"vf-content\">\n\n<\/div>\n<\/div>\n\n\n<div class=\"\"><!--[vf\/content]-->\n<div class=\"vf-content\">\n\n<\/div>\n<\/div>\n<\/div>\n\n\n\n<h2 class=\"wp-block-heading\">Conference organiser<\/h2>\n\n\n\n<div class=\"embl-grid\"><div class=\"\"><!--[vf\/content]-->\n<div class=\"vf-content\">\n\n<article class=\"vf-profile vf-profile--very-easy vf-profile--medium vf-profile--block | vf-u-margin__bottom--400\">\n\n    <img decoding=\"async\" width=\"115\" height=\"135\" src=\"https:\/\/www.embl.org\/about\/info\/course-and-conference-office\/wp-content\/uploads\/boesselman_inna-4.jpg\" class=\"vf-profile__image\" alt=\"\" loading=\"lazy\" itemprop=\"image\" \/>\n    <h3 class=\"vf-profile__title\" style=\"text-align: center;\">\n                    <a href=\"https:\/\/www.embl.org\/people\/person\/b592f18c31d7be2c8a8be6fbf8502bc196911012a4f07e171eef75f297eb14c7\/contact\/\" target=\"_self\" class=\"vf-profile__link\">Inna B\u00f6sselmann<\/a>\n            <\/h3>\n    \n                <p class=\"vf-profile__text\" style=\"text-align: center;\">\n                EMBL Heidelberg            <\/p>\n                <p class=\"vf-profile__text\" style=\"text-align: center;\">\n                Germany            <\/p>\n    \n    \n      \n\n    \n<\/article>\n\n<\/div>\n<\/div>\n\n\n<div class=\"\"><!--[vf\/content]-->\n<div class=\"vf-content\">\n\n<\/div>\n<\/div>\n\n\n<div class=\"\"><!--[vf\/content]-->\n<div class=\"vf-content\">\n\n<\/div>\n<\/div>\n<\/div>\n<\/section>\n\n\n\n<section class=\"vf-tabs__section\" id=\"vf-tabs__section-programme\"><h2>Programme<\/h2>\n<p>Got something to say? Tweet it! <strong>#EMBOPredictEvo<\/strong><\/p>\n\n\n\n<ul class=\"wp-block-list\">\n<li>Programme is preliminary and subject to change.<\/li>\n\n\n\n<li>For registered participants, recorded talks will be accessible on demand for 2 weeks after the end of the event.<\/li>\n\n\n\n<li>All times in the programme below are shown as the time in <strong>Europe\/Berlin.<\/strong><\/li>\n<\/ul>\n\n\n\n<details  class=\"vf-details\" id=\"\"  >\n<summary class=\"vf-details--summary\">\nDay 1 &#8211; Tuesday 11 July 2023<\/summary>\n<div class=\"acf-innerblocks-container\">\n\n<figure class=\"wp-block-table\"><table><thead><tr><th>Time (Europe\/Berlin)<\/th><th>Speaker<\/th><\/tr><\/thead><tbody><tr><td>11:30 &#8211; 13:00<\/td><td><strong>Registration and light refreshments<\/strong><\/td><\/tr><tr><td>13:00 &#8211; 13:15<\/td><td><strong>Opening remarks<\/strong><\/td><\/tr><tr><td><\/td><td><strong>Session 1: Predicting the evolution of molecules, part 1<\/strong><br>Chairs: Patricia Wittkopp, Frank Albert<\/td><\/tr><tr><td>13:15 &#8211; 13:40<\/td><td><strong>Meiotic drive and satellite DNA in Drosophila<\/strong><br>Amanda Larracuente &#8211; University of Rochester, USA <\/td><\/tr><tr><td>13:40 &#8211; 14:05<\/td><td><strong>Epistasis between promoter activity and coding mutations shapes gene evolvability<\/strong><br>Christian Landry &#8211; Institute of Integrative and Systems Biology, Canada<br><strong>Not available on demand<\/strong><\/td><\/tr><tr><td>14:05 &#8211; 14:30<\/td><td><strong>Towards a mechanistic basis of evolvability<\/strong><br>Tzachi Pilpel &#8211; Weizmann Institute of Science, Israel<\/td><\/tr><tr><td>14:30 &#8211; 14:45<\/td><td><strong>Evolutionary playgrounds and how to find them <\/strong><br>Alexandra Dallaire &#8211; Royal Botanic Gardens Kew, UK<\/td><\/tr><tr><td>14:45 &#8211; 15:00<\/td><td><strong>Mutational hotspots of T\u2192G in bacteria can be constructed by manipulating local nucleotide context <\/strong>James Horton &#8211; University of Bath, UK<\/td><\/tr><tr><td>15:00 &#8211; 15:30<\/td><td><strong>Coffee Break and meet the speakers<\/strong><\/td><\/tr><tr><td>15:30 &#8211; 15:55<\/td><td><strong>Clustering structures at the scale of the known protein universe to study protein evolution<\/strong><br>Pedro Beltrao &#8211; ETH Zurich, Switzerland<\/td><\/tr><tr><td>15:55 &#8211; 16:10<\/td><td><strong>Epistasis facilitates functional evolution in an ancient transcription factor <\/strong><br>Brian Metzger &#8211; Purdue University, USA<\/td><\/tr><tr><td>16:10 &#8211; 16:25<\/td><td><strong>B. subtilis underground metabolic richness hinders evolutionary predictability <\/strong><br>Lianet Noda-Garc\u00eda &#8211; The Hebrew University of Jerusalem, Israel<\/td><\/tr><tr><td>16:25 &#8211; 16:50<\/td><td><strong>The evolution of transcription-factor binding specificity: a role for disordered regions<\/strong><br>Naama Barkai &#8211; Weizmann Institute of Science, Israel<\/td><\/tr><tr><td>16:50 &#8211; 17:15 <\/td><td><strong>Antagonistic coevolution preserves genome integrity<\/strong><br>Mia Levine &#8211; University of Pennsylvania, USA<br><strong>Not available on demand<\/strong><\/td><\/tr><tr><td>17:15 &#8211; 17:30<\/td><td><strong>Flash talks<\/strong> <strong>1<\/strong><\/td><\/tr><tr><td>17:30 &#8211; 19:00<\/td><td><strong>Dinner in canteen<\/strong><\/td><\/tr><tr><td>19:00 &#8211; 21:00<\/td><td><strong>Pub quiz<\/strong> <strong>&amp; after dinner drinks<\/strong> <strong>in canteen<\/strong><\/td><\/tr><\/tbody><\/table><\/figure>\n\n<\/div>\n<\/details>\n\n\n\n<details  class=\"vf-details\" id=\"\"  >\n<summary class=\"vf-details--summary\">\nDay 2 &#8211; Wednesday 12 July 2023<\/summary>\n<div class=\"acf-innerblocks-container\">\n\n<figure class=\"wp-block-table\"><table><thead><tr><th>Time (Europe\/Berlin)<\/th><th>Speaker<\/th><\/tr><\/thead><tbody><tr><td><\/td><td><strong>Session 2: Predicting regulatory network evolution<\/strong><br>Chairs: Joshua Payne, Tamar Friedlander<\/td><\/tr><tr><td>09:15 &#8211; 09:40                           <\/td><td><strong>Evolutionary changes in gene regulatory networks inferred from patterns of co-expression<\/strong><br>Patricia Wittkopp &#8211; University of Michigan, USA<\/td><\/tr><tr><td>09:40 &#8211; 09:55<\/td><td><strong>Predictive genotype-phenotype-fitness mapping of tetracycline resistance <\/strong><br>Mato Lagator &#8211; University of Manchester, UK<\/td><\/tr><tr><td>09:55 &#8211; 10:10<\/td><td><strong>The contribution of alternative splicing to adaptation in threespine stickleback <\/strong><br>Carlos Ramirez &#8211; University of Bern, Switzerland<\/td><\/tr><tr><td>10:10 &#8211; 10:35<\/td><td><strong>Predicting the evolution of Sars-CoV-2<\/strong><br>Michael L\u00e4ssig &#8211; University of Cologne, Germany<\/td><\/tr><tr><td>10:35 &#8211; 11:05<\/td><td><strong>Coffee break and meet the speakers<\/strong><\/td><\/tr><tr><td>11:05 &#8211; 11:30<\/td><td><strong>Predicting cis-regulatory evolution using a deep learning oracle<\/strong><br>Carl de Boer &#8211; University of British Columbia, Canada<\/td><\/tr><tr><td>11:30 &#8211; 11:45<\/td><td><strong>Towards interpretable genomic predictions: effect propagation in gene regulatory networks <\/strong><br>Natalia Ruzickova &#8211; Institute of Science and Technology, Austria<\/td><\/tr><tr><td>11:45 &#8211; 12:00<\/td><td><strong>Origin and evolution of dynamic properties of gene regulatory circuits in fluctuating environments <\/strong><br>Mariana G\u00f3mez-Schiavon &#8211; Universidad Nacional Aut\u00f3noma de M\u00e9xico, Mexico<\/td><\/tr><tr><td>12:00 &#8211; 12:25<\/td><td><strong>Does lab yeast evolution predict wild yeast evolution?<\/strong><br>Maitreya Dunham &#8211; University of Washington Seattle, USA<\/td><\/tr><tr><td>12:25 &#8211; 14:00<\/td><td><strong>Lunch<\/strong><\/td><\/tr><tr><td><\/td><td><strong>Session 3: Predicting cellular evolution <\/strong><br>Chairs: Gautam Dey, Tim Fuqua<\/td><\/tr><tr><td>14:00 &#8211; 14:25<\/td><td><strong>A foray into convergent mechanisms of embryo implantation<\/strong><br>Camille Berthelot &#8211; Institut Pasteur, France<\/td><\/tr><tr><td>14:25 &#8211; 14:40<\/td><td><strong>Genetic variation in the ubiquitin-proteasome system<\/strong> Frank Albert &#8211; University of Minnesota, USA<\/td><\/tr><tr><td>14:40 &#8211; 14:55<\/td><td><strong>The Evolution<\/strong> <strong>of Biomolecular Condensates: Why is it an exciting and fundamental problem? <\/strong><br>Pouria Dasmeh &#8211; University of Marburg, Germany<\/td><\/tr><tr><td>14:55 &#8211; 15:10<\/td><td><strong>Simple rules govern metabolome evolution in animals <\/strong>Balazs Papp &#8211; Biological Research Centre Szeged, Hungary <\/td><\/tr><tr><td>15:10 &#8211; 15:40<\/td><td><strong>Coffee break and meet the speakers<\/strong><\/td><\/tr><tr><td>15:40 &#8211; 15:55<\/td><td><strong>Acquired antimicrobial resistance affects the evolvability of resistance to further antibiotic exposure <\/strong><br>Maria Rosa Domingo Sananes &#8211; Nottingham Trent University, UK<\/td><\/tr><tr><td>15:55 &#8211; 16:10<\/td><td><strong>Bacterial evolved resistance against host-targeting drugs culminates in predictable antibiotic cross-resistance <\/strong>Amir Mitchell &#8211; University of Massachusetts Medical School, USA<br><strong>Not available on demand<\/strong><\/td><\/tr><tr><td>16:10 &#8211; 16:35<\/td><td><strong>Predicting experimental evolution in Pseudomonas<\/strong><br>Peter Lind &#8211; Ume\u00e5 University, Sweden<br><strong>Not available on demand<\/strong><\/td><\/tr><tr><td>16:35 &#8211; 17:00<\/td><td><strong>A tail of tales: convergent phenotypes driven by divergent genotypes<\/strong><br>Hopi E. Hoekstra &#8211; Harvard University\/HHMI Cambridge, USA<br>(remote talk)<\/td><\/tr><tr><td>17:00 &#8211; 17:15<\/td><td><strong>Flash talks<\/strong> <strong>2<\/strong><\/td><\/tr><tr><td>17:15 &#8211; 19:00<\/td><td><strong>Poster session 1<\/strong> <strong>(odd numbers)<\/strong><\/td><\/tr><tr><td>19:00<\/td><td><strong>Free evening<\/strong><\/td><\/tr><\/tbody><\/table><\/figure>\n\n<\/div>\n<\/details>\n\n\n\n<details  class=\"vf-details\" id=\"\"  >\n<summary class=\"vf-details--summary\">\nDay 3 &#8211; Thursday 13 July 2023<\/summary>\n<div class=\"acf-innerblocks-container\">\n\n<figure class=\"wp-block-table\"><table><thead><tr><th>Time (Europe\/Berlin)<\/th><th>Speaker<\/th><\/tr><\/thead><tbody><tr><td><\/td><td><strong>Session 4: Prediction developmental evolution<\/strong><br>Patricia Wittkopp, Virginie Courtier-Orgogozo<\/td><\/tr><tr><td>09:15 &#8211; 09:40                 <\/td><td><strong>Multidimensional Approach to Decoding the Mysteries of Animal Development<\/strong><br>Justin Crocker &#8211; EMBL Heidelberg, Germany<\/td><\/tr><tr><td>09:40 &#8211; 09:55<\/td><td><strong>Studying enhancer evolution in Drosophila trichome development using neural networks<\/strong> <br>Tatiana Gaitan &#8211; Stowers Institute for Medical Research, USA <\/td><\/tr><tr><td>09:55 &#8211; 10:10<\/td><td><strong>Polyploidization: can we predict its evolutionary pathway?<\/strong> David Peris &#8211; CSIC &amp; University of Oslo, Spain<\/td><\/tr><tr><td>10:10 &#8211; 10:35<\/td><td><strong>Genetic and nongenetic evolutionary determinants of cancer driver choice<\/strong><br><br>Duncan Odom &#8211; German Cancer Research Center, Germany<\/td><\/tr><tr><td>10:35 &#8211; 11:05<\/td><td><strong>Coffee break and meet the speakers<\/strong><\/td><\/tr><tr><td>11:05 &#8211; 11:30<\/td><td><strong>Replaying the tape of life: how predictable is evolution<\/strong><br>Catherine Peichel &#8211; University of Bern, Switzerland<\/td><\/tr><tr><td>11:30 &#8211; 11:45<\/td><td><strong>Exploring the mechanisms of adaptation to altered glucose homeostasis in blind Mexican cavefish <\/strong><br>Ansa Cobham &#8211; Stowers Institute for Medical Research, USA<\/td><\/tr><tr><td>11:45 &#8211; 12:00<\/td><td><strong>Evolution of the capability for regulation of gene expression in the symbionts of reed beetles <\/strong><br>Ana Carvalho  &#8211; Max-Planck Institute for Chemical Ecology, Germany<\/td><\/tr><tr><td>12:00 &#8211; 12:25<\/td><td><strong>Diversification of duplicated genes and their cis-regulatory control in shaping natural and engineered plant phenotypes<\/strong><br>Zachary Lippman &#8211; CSHL\/HHMI New York, USA<br><strong>Not available on demand<\/strong><\/td><\/tr><tr><td>12:25 &#8211; 14:00<\/td><td><strong>Lunch<\/strong><\/td><\/tr><tr><td><\/td><td><strong>Session 5: Prediction population and community evolution<\/strong><br>Justin Crocker, Joe Thornton<\/td><\/tr><tr><td>14:00 &#8211; 14:25<\/td><td><strong>The predictability of protein evolution under rewired genetic codes<\/strong><br>Joshua Payne &#8211; ETH Zurich, Switzerland<br><strong>Not available on demand<\/strong><\/td><\/tr><tr><td>14:25 &#8211; 14:40<\/td><td><strong>Strong environmental memory revealed by experimental evolution in static and fluctuating environments<\/strong><br>Clare Abreu &#8211; Stanford University, USA<\/td><\/tr><tr><td>14:40 &#8211; 14:55<\/td><td><strong>Evolutionary adaptations in microbial microcosms are largely independent of the presence of coevolving species <\/strong>Jonathan Friedman &#8211; Hebrew University of Jerusalem, Israel<\/td><\/tr><tr><td>14:55 &#8211; 15:10<\/td><td><strong>Developmental selection and its impact on evolutionary trajectories<\/strong> <br>Paco Majic &#8211; ETH Zurich, Switzerland<\/td><\/tr><tr><td>15:10 &#8211; 15:40<\/td><td><strong>Coffee break and meet the speakers<\/strong><\/td><\/tr><tr><td>15:40 &#8211; 15:55<\/td><td><strong>Evolving insertion sequences into promoters<\/strong><br>Timothy Fuqua &#8211; University of Zurich, Switzerland<\/td><\/tr><tr><td>15:55 &#8211; 16:10<\/td><td><strong>The role of promiscuous molecular recognition in the evolution of RNase-based self-incompatibility <\/strong><br>Tamar Friedlander &#8211; Hebrew University of Jerusalem, Israel<br><strong>Not available on demand<\/strong><\/td><\/tr><tr><td>16:10 &#8211; 16:25<\/td><td><strong>The rise Patterns of recombination in snakes reveal a tug-of-war between PRDM9 and promoter-like features<\/strong><br>Carla Hoge &#8211; Columbia University New York, USA<\/td><\/tr><tr><td>16:25 &#8211; 16:40<\/td><td><strong>Broad Explorations of SARS-CoV-2 Omicron Lineage Protein Landscapes<\/strong><br>Thomas Dupic &#8211; Harvard University, USA<\/td><\/tr><tr><td>16:40 &#8211; 16:55<\/td><td><strong>Flash talks<\/strong> <strong>3<\/strong><\/td><\/tr><tr><td>16:55  &#8211; 19:00<\/td><td><strong>Poster session 2 (even numbers) <\/strong><\/td><\/tr><tr><td>19:00 &#8211; 21:00<\/td><td><strong>Conference dinner in the canteen<\/strong><\/td><\/tr><tr><td>21:00 &#8211; 23:00<\/td><td><strong>Conference party<\/strong><\/td><\/tr><\/tbody><\/table><\/figure>\n\n<\/div>\n<\/details>\n\n\n\n<details  class=\"vf-details\" id=\"\"  >\n<summary class=\"vf-details--summary\">\nDay 4 &#8211; Friday 14 July 2023<\/summary>\n<div class=\"acf-innerblocks-container\">\n\n<figure class=\"wp-block-table\"><table><thead><tr><th>Time (Europe\/Berlin)<\/th><th>Speaker<\/th><\/tr><\/thead><tbody><tr><td><\/td><td><strong>Session 6: Predicting the evolution of molecules, part 2<\/strong><br>Chairs: Joshua Payne and&nbsp;Balazs Papp&nbsp;<\/td><\/tr><tr><td>09:15 &#8211; 09:40<\/td><td><strong>The evolutionary road to complexity of earth\u2019s most important CO2 fixing enzyme<\/strong><br>Georg Hochberg &#8211; MPI Marburg, Germany<\/td><\/tr><tr><td>09:40 &#8211; 09:55<\/td><td><strong>A rugged yet easily navigable fitness landscape of antibiotic resistance<\/strong><br> Andrei Papkou &#8211; University of Zurich, Switzerland<\/td><\/tr><tr><td>09:55 &#8211; 10:10<\/td><td><strong>The global simplicity of protein sequence-function relationships<\/strong> <br>Joe Thornton &#8211; University of Chicago, USA<\/td><\/tr><tr><td>10:10 &#8211; 10:35<\/td><td><strong>Provisional parcels for predicting evolution<\/strong><br>Brandon Ogbunu &#8211; Yale University New Haven, USA<br>(remote talk)<\/td><\/tr><tr><td>10:35 &#8211; 11:05<\/td><td><strong>Coffee break and meet the speakers<\/strong><\/td><\/tr><tr><td>11:05 &#8211; 11:30<\/td><td><strong>Predicting the mutations underlying phenotypic evolution using Gephebase<\/strong><br>Virginie Courtier-Orgogozo- Institut Jacques Monod Paris, France<\/td><\/tr><tr><td>11:30 &#8211; 11:45<\/td><td><strong>How does temperature adaptation influence the evolvability of proteins?<\/strong> <br>David Schnettler &#8211; ETH Zurich, Switzerland<\/td><\/tr><tr><td>11:45 &#8211; 12:00<\/td><td><strong>Genomic analysis predicts the emergence of de novo Oxalate Metabolism in E. coli during Lab Evolution<\/strong> <br>Avihu Yona &#8211; The Hebrew University, Jerusalem, Israel<\/td><\/tr><tr><td>12:00 &#8211; 12:15<\/td><td><strong>Closing remarks and poster prize<\/strong><br>Justin Crocker<\/td><\/tr><tr><td>12:15 -13:00<\/td><td>Packed lunch and departure<\/td><\/tr><tr><td>13:00<\/td><td>Optional: Bus to Frankfurt airport (Terminal 1)<\/td><\/tr><\/tbody><\/table><\/figure>\n\n<\/div>\n<\/details>\n<\/section>\n\n\n\n<section class=\"vf-tabs__section\" id=\"vf-tabs__section-infromation\"><h2>Practical information<\/h2>\n<p><\/p>\n\n\n\n<details  class=\"vf-details\" id=\"\"  >\n<summary class=\"vf-details--summary\">\nRegistration fees and abstract submission<\/summary>\n<div class=\"acf-innerblocks-container\">\n\n<p><strong>On-site&nbsp;registration fees&nbsp;<\/strong>include admission, conference materials, COVID-19 safety measures, meals and coffee breaks. Participants are expected to book and pay their own accommodation and travel expenses.<\/p>\n\n\n\n<p><strong>Virtual registration fees<\/strong>&nbsp;include access to all of the talks (livestreamed and on demand) and facility to submit questions.<\/p>\n\n\n\n<figure class=\"wp-block-table\"><table><tbody><tr><td>On-site&nbsp;<strong>Academia<\/strong><\/td><td>\u20ac450<\/td><\/tr><tr><td>On-site&nbsp;<strong>PhD Student<\/strong><\/td><td>\u20ac350<\/td><\/tr><tr><td>On-site&nbsp;<strong>Industry<\/strong><\/td><td>\u20ac750<\/td><\/tr><tr><td>Virtual<strong>&nbsp;Academia<\/strong><\/td><td>\u20ac200<\/td><\/tr><tr><td>Virtual&nbsp;<strong>PhD Student<\/strong><\/td><td>\u20ac150<\/td><\/tr><tr><td>Virtual&nbsp;<strong>Industry<\/strong><\/td><td>\u20ac250<\/td><\/tr><\/tbody><\/table><\/figure>\n\n\n\n<p><strong>NO visa support letters<\/strong>&nbsp;will be issued until payment of the registration fee is confirmed.<\/p>\n\n\n\n<p>Accredited journalists may be eligible to register for a reduced press rate or in some cases for complimentary registration. Registrants may be required to provide accreditation or equivalent proof of press membership after registration. Please contact&nbsp;<a href=\"https:\/\/www.embl.org\/people\/person\/b592f18c31d7be2c8a8be6fbf8502bc196911012a4f07e171eef75f297eb14c7\/contact\/\" data-type=\"URL\" data-id=\"https:\/\/www.embl.org\/people\/person\/b592f18c31d7be2c8a8be6fbf8502bc196911012a4f07e171eef75f297eb14c7\/contact\/\" target=\"_blank\" rel=\"noreferrer noopener\">Inna B\u00f6sselmann<\/a><a href=\"https:\/\/www-db.embl.de\/EMBLPersonGroup-PersonPicture\/MailForm\/?recipient=CP-60037082\"> <\/a>for more information. Please note that we do not offer complimentary registrations for editors of scientific journals.<\/p>\n\n\n\n<h2 class=\"wp-block-heading\" id=\"confirmation\">Confirmation and payment<\/h2>\n\n\n\n<p>Registration will be on a first-come first-served basis. Your place can only be confirmed after payment of the registration fee. If you are added to our waiting list, please consider taking advantage of our offerings to participate virtually.<\/p>\n\n\n\n<p>On-site participants: Types of payments accepted are international bank transfers and credit card payments.<\/p>\n\n\n\n<p>Virtual participants: We are only able to accept card payments. In exceptional cases we can accept bank transfers. Please contact&nbsp;<a rel=\"noreferrer noopener\" href=\"mailto:events@embl.de\" target=\"_blank\">events@embl.de<\/a>&nbsp;for details.<\/p>\n\n\n\n<h2 class=\"wp-block-heading\" id=\"abstract\">Abstract submission<\/h2>\n\n\n\n<p>Only participants registering to attend the on-site event are eligible to submit an abstract.&nbsp;<strong>Abstracts will not be accepted from virtual participants.<\/strong><\/p>\n\n\n\n<p>After registration you can submit your abstract via a separate link that will be provided in the email confirmation. Alternatively, you can access the link on the confirmation page directly after registering. The same login credentials are used for both processes.<\/p>\n\n\n\n<p><strong>Please note:<\/strong><\/p>\n\n\n\n<p><strong>Abstract body:&nbsp;<\/strong>The limit of 2000 characters refers to manually typed text and excludes spaces. If an error occurs try using a different web browser (preferably Google Chrome or Mozilla Firefox).<\/p>\n\n\n\n<p>If you copy-paste the text into the form, hidden formatting might still be included which may cause the text to exceed the 2,000 character limit resulting in an error message. We recommend you clear all formatting before pasting in the text.<\/p>\n\n\n\n<p>If you have special symbols in your text, make sure you are using Unicode characters, otherwise these will not be recognised.<\/p>\n\n\n\n<p><strong>Title:&nbsp;<\/strong>The title should not exceed 20 words. Only the first word of the title should start with a capital letter and the rest should be lowercase.<\/p>\n\n\n\n<p><strong>Authors and affiliations:&nbsp;<\/strong>Please fill in the author\u2019s details as requested in the online form. The compulsory fields are: First Name, Last Name, Organisation Name (Affiliation or Company), Country and Email.<\/p>\n\n\n\n<p>Kindly mark only one author in the role of First Author and please don\u2019t forget to indicate who will be the Presenter.<\/p>\n\n\n\n<p>Please enter your co-authors correctly via the system by adding accounts together with their organisation\/institute. Do not copy-paste them into the body of the abstract text, as they will not be indexed in the abstract book.<\/p>\n\n\n\n<p><strong>Presentation types:<\/strong>&nbsp;When submitting your abstract, you can apply for an oral or poster presentation. A selection process will take place with the results announced 2-3 weeks after the abstract submission deadline.<\/p>\n\n\n\n<p>For detailed instructions on how to submit a conference abstract,&nbsp;<a href=\"https:\/\/www.youtube.com\/watch?v=NQAlq5iF5Qo&amp;feature=youtu.be\">follow the instructions provided in this video<\/a>.<\/p>\n\n\n\n<p>Please check our<a href=\"https:\/\/www.embl.org\/about\/info\/course-and-conference-office\/information-for-participants\/frequently-asked-questions\/\">&nbsp;FAQs pages<\/a>&nbsp;for further information on how to submit an abstract.<\/p>\n\n<\/div>\n<\/details>\n\n\n\n<details  class=\"vf-details\" id=\"\"  >\n<summary class=\"vf-details--summary\">\nFinancial assistance<\/summary>\n<div class=\"acf-innerblocks-container\">\n\n<h2 class=\"wp-block-heading\"><strong>Financial assistance<\/strong><\/h2>\n\n\n\n<p>Limited financial assistance is provided by the EMBL Advanced Training Centre Corporate Partnership Programme and EMBO in the form of both&nbsp;<strong>registration fee waivers<\/strong>&nbsp;and&nbsp;<strong>travel grants<\/strong>. These are available for on-site participants at EMBL Conferences and EMBO|EMBL Symposia, and for on-site and virtual participants at EMBO Workshops. We are currently working on securing funding for all virtual participants, and ask that you please apply for financial assistance for both on-site and virtual participation.&nbsp;<\/p>\n\n\n\n<p>Your place in the meeting is only confirmed by paying the registration fee, which is mandatory even when receiving a fee waiver.<\/p>\n\n\n\n<h3 class=\"wp-block-heading\">Registration fee waiver<\/h3>\n\n\n\n<p>The&nbsp;<strong>fee waiver<\/strong>&nbsp;will cover the registration sum that you have paid to attend the course or conference.<\/p>\n\n\n\n<h3 class=\"wp-block-heading\">Travel grant<\/h3>\n\n\n\n<p>The&nbsp;<strong>travel grant<\/strong>&nbsp;will cover the cost of travel to an on-site event (airfare, train, bus, taxi, accommodation, visa, and\/or registration fees*) and is provided up to specified caps which are normally as follows:<\/p>\n\n\n\n<p>\u2013up to \u20ac400 for participants travelling to an EMBL Conference or EMBO|EMBL Symposium from within Europe.<\/p>\n\n\n\n<p>\u2013up to \u20ac1000 for participants travelling to an EMBL Conference or EMBO|EMBL Symposium from outside Europe.<\/p>\n\n\n\n<p>\u2013up to \u20ac500 for any participant travelling to an EMBO Workshop.<\/p>\n\n\n\n<p>\u2013up to \u20ac1000 for any participant working in Chile, India, Singapore or Taiwan travelling to an EMBO Workshop.<\/p>\n\n\n\n<p>\u2013up to \u20ac700 for any participant working in Croatia, Czech Republic, Estonia, Greece, Hungary, Italy, Lithuania, Luxembourg, Poland, Slovenia, and Turkey travelling to an EMBO Workshop.<\/p>\n\n\n\n<p>*Registration fees are only covered for EMBO Workshops<\/p>\n\n\n\n<p>The organisers may reduce the grant cap to accommodate more participants. Recipients will be notified of their travel cap amount when they are informed of the outcome of their application. Original receipts must be provided with your signature for all costs incurred within two months of completion of travel. Scanned copies cannot be accepted.<\/p>\n\n\n\n<h3 class=\"wp-block-heading\"><strong>Childcare grant (EMBO Workshops only)<\/strong><\/h3>\n\n\n\n<p>For EMBO Workshop participants with children, there is the possibility to apply for a childcare grant to offset child care costs incurred by participants or speakers when participating at a conference. Eligible costs include fees for a baby-sitter or child-care facility, travel costs for a caregiver, or travel costs for taking the child to the meeting etc. Please note that priority will be given to early stage researchers. A maximum amount of \u20ac500 can be awarded per participant applying for an EMBO childcare grant. In order to apply for this grant for EMBO Workshops, you must be registered by the abstract submission deadline.<\/p>\n\n\n\n<h2 class=\"wp-block-heading\"><strong>Application<\/strong><\/h2>\n\n\n\n<p><strong>On-site participants<\/strong><\/p>\n\n\n\n<p>You may apply for financial assistance when submitting your abstract. In your application you will be asked to answer questions regarding why your lab cannot fund your attendance and how your attendance will make a difference to your career. Application for financial support will not affect the outcome of your registration application.<\/p>\n\n\n\n<p><strong>Virtual participants<\/strong><\/p>\n\n\n\n<p>If you are attending virtually, you can apply for financial assistance in the submission portal by the abstract deadline. Read the&nbsp;<a href=\"https:\/\/www.embl.org\/about\/info\/course-and-conference-office\/wp-content\/uploads\/Instructions_Apply-for-FA.pdf\">instructions on how to apply for financial assistance<\/a>. Only submissions for financial assistance will be accepted. Presentation abstracts cannot be submitted here and will be declined.&nbsp;<\/p>\n\n\n\n<p>In your application you will be asked to summarise your current work,&nbsp; answer questions regarding why your lab cannot fund your attendance, and how your attendance will make a difference to your career. Application for financial support will not affect the outcome of your registration application.<\/p>\n\n\n\n<h2 class=\"wp-block-heading\"><strong>Selection<\/strong><\/h2>\n\n\n\n<p>The scientific organisers will select the recipients of all financial assistance during the abstract selection process. Results will be announced approximately 6 \u2013 8 weeks before the event start date, however for some events this may be delayed. Selection results do not impact your admission to the meeting. Selection is based on scientific merit, your current work or study location, the reasons for needing financial support, and the impact this event will have on your career.<\/p>\n\n\n\n<h2 class=\"wp-block-heading\"><strong>Reimbursement<\/strong><\/h2>\n\n\n\n<p>Costs will be reimbursed after the meeting only once a reimbursement form and original receipts (from travel costs) have been received.<\/p>\n\n\n\n<h2 class=\"wp-block-heading\"><strong>Further details<\/strong><\/h2>\n\n\n\n<p>View our&nbsp;<a href=\"https:\/\/www.embl.org\/about\/info\/course-and-conference-office\/information-for-participants\/external-funding-sources\/\">list of external funding opportunities<\/a>&nbsp;and&nbsp;<a href=\"https:\/\/www.embl.org\/about\/info\/course-and-conference-office\/information-for-participants\/become-an-event-reporter\/\">information on attending a conference as an event reporter<\/a>.<\/p>\n\n\n\n<p>For further information about financial assistance please refer to the&nbsp;<a href=\"https:\/\/www.embl.org\/about\/info\/course-and-conference-office\/information-for-participants\/frequently-asked-questions\/\">FAQ page<\/a>.<\/p>\n\n<\/div>\n<\/details>\n\n\n\n<details  class=\"vf-details\" id=\"\"  >\n<summary class=\"vf-details--summary\">\nAccommodation and shuttles<\/summary>\n<div class=\"acf-innerblocks-container\">\n\n<p>Accommodation is&nbsp;<strong>not included<\/strong>&nbsp;in the conference registration fee.<\/p>\n\n\n\n<p>As further changes in our events are possible due to COVID-19, you should book flights, trains and hotels with flexible options and favourable cancellation conditions.<\/p>\n\n\n\n<p>The hotels below have rooms on hold for participants until <strong>13 June 2023<\/strong>, in some cases at special rates. Please email the hotel directly, quoting the booking code <strong>PEV23-01<\/strong> to confirm the exact price of the room.<\/p>\n\n\n\n<figure class=\"wp-block-table\"><table><tbody><tr><td><a href=\"https:\/\/hotel-anlage.de\/?lang=en\">Hotel Anlage<\/a><\/td><td><a rel=\"noreferrer noopener\" href=\"http:\/\/www.hollaender-hof.de\/index.php\/en\/\" target=\"_blank\">Hotel Holl\u00e4nder Hof<\/a>&nbsp;<\/td><td><a rel=\"noreferrer noopener\" href=\"http:\/\/www.hotel-monpti.de\/en\/\" target=\"_blank\">Hotel Monpti<\/a><\/td><\/tr><tr><td><a href=\"https:\/\/hotel-anlage.de\/?lang=en\"><\/a><a rel=\"noreferrer noopener\" href=\"http:\/\/en.bayrischer-hof-heidelberg.com\/\" target=\"_blank\">Hotel Bayrischer Hof<\/a>&nbsp;<\/td><td><a rel=\"noreferrer noopener\" href=\"https:\/\/www.accorhotels.com\/gb\/hotel-1447-ibis-heidelberg-hauptbahnhof\/index.shtml\" target=\"_blank\">Hotel ibis Heidelberg<\/a><\/td><td><a href=\"https:\/\/www.premierinn.com\/gb\/en\/home.html\">Premier Inn Heidelberg City<\/a><\/td><\/tr><tr><td><a href=\"https:\/\/www.hotel-bb.com\/en\/hotel\/heidelberg\"><\/a><a rel=\"noreferrer noopener\" href=\"https:\/\/www.hotelbb.de\/en\/heidelberg\" target=\"_blank\"><\/a><a rel=\"noreferrer noopener\" href=\"https:\/\/www.hotelbb.de\/en\/heidelberg\" target=\"_blank\">B&amp;B Hotel<\/a><a href=\"https:\/\/en.bayrischer-hof-heidelberg.com\/\"><\/a><\/td><td><a href=\"https:\/\/isg-hotel.de\/en\/\" target=\"_blank\" rel=\"noreferrer noopener\">ISG Hotel<\/a>&nbsp;<\/td><td><a rel=\"noreferrer noopener\" href=\"https:\/\/www.staycity.com\/heidelberg\/heidelberg\/\" target=\"_blank\">Staycity Aparthotel Heidelberg<\/a><\/td><\/tr><tr><td><a rel=\"noreferrer noopener\" href=\"http:\/\/www.the-heidelberg.de\/en\/\" target=\"_blank\">Exzellenz Hotel<\/a>&nbsp;<\/td><td><a rel=\"noreferrer noopener\" href=\"https:\/\/www.leonardo-hotels.com\/leonardo-hotel-heidelberg-city-center\" target=\"_blank\">Leonardo Hotel Heidelberg City Centre<\/a><\/td><td><a rel=\"noreferrer noopener\" href=\"http:\/\/www.hostelheidelberg.de\/en\/\" target=\"_blank\">Steffi\u2019s Hostel Heidelberg<\/a><\/td><\/tr><\/tbody><\/table><\/figure>\n\n\n\n<h2 class=\"wp-block-heading\" id=\"shuttle\">Conference shuttle buses<\/h2>\n\n\n\n<p>Conference shuttle buses are free of charge for participants, and depart from designated bus stops near the hotels to EMBL and back, mornings and evenings. <\/p>\n\n\n\n<p>You can find the final <a href=\"https:\/\/www.embl.org\/about\/info\/course-and-conference-office\/wp-content\/uploads\/Predicting-evolution_bus-schedule_Aushang.pdf\" data-type=\"URL\" data-id=\"https:\/\/www.embl.org\/about\/info\/course-and-conference-office\/wp-content\/uploads\/Predicting-evolution_bus-schedule_Aushang.pdf\" target=\"_blank\" rel=\"noreferrer noopener\">bus schedule here<\/a>.<\/p>\n\n\n\n<p>The bus stops for this conference are:<\/p>\n\n\n\n<ul class=\"wp-block-list\">\n<li>Kurf\u00fcrsten-Anlage (Opposite Main Train Station)<\/li>\n\n\n\n<li>Hotel Premier, Kurf\u00fcrsten-Anlage 23<\/li>\n\n\n\n<li>Leonardo Hotel (Bergheimer Str.)<\/li>\n\n\n\n<li>Neckarmuenzplatz<\/li>\n\n\n\n<li>Peterskirche<\/li>\n\n\n\n<li>ISG Hotel<\/li>\n<\/ul>\n\n\n\n<p>View&nbsp;<a rel=\"noreferrer noopener\" href=\"https:\/\/drive.google.com\/open?id=1aEqYpFy2y5WiorwNxhHeFCNiY2o&amp;usp=sharing\" target=\"_blank\">Conference shuttle bus stops and hotels<\/a>&nbsp;in a larger map<strong>.<\/strong> Please note that not every bus stop will be used for every event. You can find the final bus schedule here.<\/p>\n\n\n\n<h2 class=\"wp-block-heading\" id=\"public\">Further details<\/h2>\n\n\n\n<p>Address: EMBL, Meyerhofstra\u00dfe 1, 69117 Heidelberg, Germany. For further information on getting to EMBL Heidelberg visit&nbsp;<a href=\"https:\/\/www.embl.org\/about\/info\/course-and-conference-office\/information-for-participants\/travel-information\/\">Public Transportation to the Venue<\/a>. For information about accommodation and local transportation please refer to the&nbsp;<a href=\"https:\/\/www.embl.org\/about\/info\/course-and-conference-office\/information-for-participants\/frequently-asked-questions\/\">FAQ page<\/a>.<\/p>\n\n<\/div>\n<\/details>\n\n\n\n<details  class=\"vf-details\" id=\"\"  >\n<summary class=\"vf-details--summary\">\nOn-site information<\/summary>\n<div class=\"acf-innerblocks-container\">\n\n<h3 class=\"wp-block-heading\" id=\"catering\">Catering<\/h3>\n\n\n\n<p>All meals and coffee breaks are included in the registration fee. Our catering staff will prepare a wide variety of vegetarian meals, meat and fish dishes, soups, pasta, fresh fruit and vegetables, as well as a variety of desserts.<\/p>\n\n\n\n<p>Please wear your badge at all times when serving yourself.<\/p>\n\n\n\n<p>No food or drinks are allowed in the auditorium.<\/p>\n\n\n\n<h3 class=\"wp-block-heading\" id=\"charginglockers\">Charging lockers<\/h3>\n\n\n\n<p>There are lockers available next to the stairs leading down into the Auditorium. You will find some of those equipped with sockets to charge your smartphone\/tablet etc.<\/p>\n\n\n\n<h3 class=\"wp-block-heading\" id=\"electricity\">Electricity and charging station<\/h3>\n\n\n\n<p>In most places the electricity is 220 volts AC (50 cycles). An adaptor and a plug that fits the German socket may be needed for your appliances\/laptop (i.e. American, Japanese, etc.). A USB charging station for electronic devices is available at the registration desk.<\/p>\n\n\n\n<h3 class=\"wp-block-heading\" id=\"merchandise\">EMBL merchandise<\/h3>\n\n\n\n<p>If you are interested in purchasing an EMBL souvenir (products presented in the glass display in the registration area), please ask at the registration desk for more information.<\/p>\n\n\n\n<h3 class=\"wp-block-heading\" id=\"health\">Health and safety notes<\/h3>\n\n\n\n<p>Please read EMBL\u2019s&nbsp;<a href=\"https:\/\/www.embl.org\/about\/info\/course-and-conference-office\/?page_id=15120\">COVID-19 safety policy&nbsp;<\/a>for on-site events.<br>Do not smoke in any EMBL building.<br>Eating and drinking is prohibited in the Auditorium and all laboratories.<br>Do not enter any restricted areas or the laboratories unless instructed to do so.<\/p>\n\n\n\n<p>If first aid is required \u2026<\/p>\n\n\n\n<ul class=\"wp-block-list\">\n<li>The first aid room is located next to the ATC Registration Desk (room 10- 205).<\/li>\n\n\n\n<li>Dial the Emergency number 222 from any EMBL internal phone only.<\/li>\n\n\n\n<li>Where is the accident? What happened? How many injured?<\/li>\n\n\n\n<li>Emergency number 06221-387 7821 from mobile phones.<\/li>\n\n\n\n<li>Please report all accidents to the conference officer at the registration desk.<\/li>\n<\/ul>\n\n\n\n<p>In case of fire \u2026<\/p>\n\n\n\n<ul class=\"wp-block-list\">\n<li>Press the nearest fire alarm button or the Emergency number 222 from any internal phone.<\/li>\n\n\n\n<li>A loud fire alarm will go off if an evacuation is required. On hearing the alarm leave the building immediately following the escape route and fire wardens and head to one of the meeting points<\/li>\n\n\n\n<li>Do not use the lifts.<\/li>\n<\/ul>\n\n\n\n<p>Beyond first aid\u2026<\/p>\n\n\n\n<p>Please remember to bring your own medication, if needed, to the conference. Note that the next pharmacy is a 4-minute drive from the EMBL, but for many medications you will be required to see a doctor to get a prescription.<\/p>\n\n\n\n<p>Ensure in advance that your medical insurance will cover you during your visit in the event that you do need to see a doctor while in Heidelberg. In any case, the EMBL Course and Conference Office will assist you to get to the pharmacy and a doctor of your choice if necessary.<\/p>\n\n\n\n<h3 class=\"wp-block-heading\" id=\"telephone\">Internet<\/h3>\n\n\n\n<p>Wi-Fi is available everywhere on the premises using the EMBL-Events network and the event specific password, which will be provided on site. The eduroam network (secure, world-wide roaming access service developed for the international research and education community) is also available.<\/p>\n\n\n\n<h3 class=\"wp-block-heading\" id=\"lost\">Lost and found<\/h3>\n\n\n\n<p>\u2018\u2019Lost and Found\u2019\u2019 are kept at the registration desk until the end of the conference.<\/p>\n\n\n\n<h3 class=\"wp-block-heading\" id=\"luggage\">Luggage<\/h3>\n\n\n\n<p>There are lockers available on-site to store your luggage, which require a 2 EURO coin to operate. There is another luggage room on level E0, which is free to use but remains unlocked during the conference.<\/p>\n\n\n\n<h3 class=\"wp-block-heading\" id=\"nursing\">Nursing room<\/h3>\n\n\n\n<p>There is a nursing room available in the ATC Rooftop Lounge on level A29.<\/p>\n\n\n\n<h3 class=\"wp-block-heading\" id=\"photography\">Photography<\/h3>\n\n\n\n<p>During the conference an EMBL Photographer may be taking photographs. If you would not like to appear in these, please inform the photographer or a member of the Course and Conference Office.<\/p>\n\n\n\n<h3 class=\"wp-block-heading\" id=\"printing\">Printing<\/h3>\n\n\n\n<p>We can help printing your boarding passes\/train ticket. Please send it to&nbsp;<a href=\"https:\/\/www.embl.org\/about\/info\/course-and-conference-office\/events\/iss23-01\/events@embl.de\">events@embl.de<\/a>&nbsp;and collect your print-outs at the registration desk.<\/p>\n\n\n\n<h3 class=\"wp-block-heading\" id=\"meditation\">Room for prayer, yoga and meditation<\/h3>\n\n\n\n<p>There is a room for prayer, mediation and yoga located on level E0 behind the Auditorium. Please be respectful of other participants using the room.<\/p>\n\n\n\n<h3 class=\"wp-block-heading\" id=\"sightseeing\">Sightseeing<\/h3>\n\n\n\n<p>A variety of&nbsp;<a href=\"https:\/\/www.heidelberg-marketing.de\/\">activities in Heidelberg can be found on the website of Heidelberg Marketing.<\/a><\/p>\n\n\n\n<h3 class=\"wp-block-heading\" id=\"travel\">Travel to and from the venue<\/h3>\n\n\n\n<p>During the event we provide conference shuttle buses to and from EMBL. In addition, there is the public bus 39A that serves the EMBL campus and taxis can be easily booked at any time. Information on the conference shuttle buses can be found on the individual event website and more detailed information on travelling to EMBL can be found on our<a href=\"https:\/\/www.embl.org\/about\/info\/course-and-conference-office\/information-for-participants\/travel-information\/\">&nbsp;Travel Information&nbsp;<\/a>page.<\/p>\n\n\n\n<h3 class=\"wp-block-heading\" id=\"german\">Useful German expressions<\/h3>\n\n\n\n<figure class=\"wp-block-table\"><table><tbody><tr><td>Hello<\/td><td>Hallo<\/td><\/tr><tr><td>Goodbye<\/td><td>Auf Wiedersehen<\/td><\/tr><tr><td>Good morning<\/td><td>Guten Morgen<\/td><\/tr><tr><td>Good afternoon<\/td><td>Guten Tag<\/td><\/tr><tr><td>Good evening<\/td><td>Guten Abend<\/td><\/tr><tr><td>Good night<\/td><td>Gute Nacht<\/td><\/tr><tr><td>I\u2019m sorry<\/td><td>Tut mir leid<\/td><\/tr><tr><td>Excuse me\u2026<\/td><td>Entschuldigen Sie<\/td><\/tr><tr><td>How are you?<\/td><td>Wie gehts?<\/td><\/tr><tr><td>I\u2019m fine thanks. And you?<\/td><td>Mir geht es gut , danke, und dir\/Ihnen?<\/td><\/tr><tr><td>What is your name<\/td><td>Wie heisst du? Wie heissen Sie?<\/td><\/tr><tr><td>My name is<\/td><td>Ich heisse<\/td><\/tr><tr><td>Do you speak English<\/td><td>Sprechen Sie Englisch?<\/td><\/tr><tr><td>I don\u2019t understand<\/td><td>Ich verstehe nicht<\/td><\/tr><tr><td>Please speak more slowly<\/td><td>K\u00f6nnen Sie bitte langsamer sprechen<\/td><\/tr><tr><td>Thank you<\/td><td>Dankesch\u00f6n<\/td><\/tr><tr><td>Where is the toilet?<\/td><td>Wo ist die Toilette?<\/td><\/tr><tr><td>Please call me a taxi<\/td><td>Bitte rufen Sie mir ein Taxi<\/td><\/tr><tr><td>How do I get to\u2026.?<\/td><td>Wie komme ich zum\/zur\u2026..?<\/td><\/tr><tr><td>A beer\/two beers please<\/td><td>Ein Bier\/zwei Bier bitte<\/td><\/tr><tr><td>A glass of red\/white wine please<\/td><td>Ein Glas Rot\/Weisswein bitte<\/td><\/tr><tr><td>The menu, please<\/td><td>Die Speisekarte, bitte<\/td><\/tr><tr><td>Is there a local speciality?<\/td><td>Gibt es eine Spezialit\u00e4t aus dieser Gegend?<\/td><\/tr><tr><td>I\u2019m Vegetarian<\/td><td>Ich bin Vegetarier<\/td><\/tr><tr><td>It was delicious<\/td><td>Es war hervorragend<\/td><\/tr><tr><td>The bill, please<\/td><td>Die Rechnung, bitte<\/td><\/tr><tr><td>I have a headache<\/td><td>Ich habe Kopfschmerzen<\/td><\/tr><tr><td>I have a sore throat<\/td><td>Ich habe Halsschmerzen<\/td><\/tr><tr><td>My stomach hurts<\/td><td>Ich habe Magenschmerzen<\/td><\/tr><tr><td>I\u2019m allergic to<\/td><td>Ich bin allergisch gegen<\/td><\/tr><tr><td>I need a doctor who speaks English<\/td><td>Gibt es einen Arzt, der Englisch spricht?<\/td><\/tr><\/tbody><\/table><\/figure>\n\n<\/div>\n<\/details>\n\n\n\n<details  class=\"vf-details\" id=\"\"  >\n<summary class=\"vf-details--summary\">\nVirtual Participation<\/summary>\n<div class=\"acf-innerblocks-container\">\n\n<h3 class=\"wp-block-heading\">What\u2019s included?<\/h3>\n\n\n\n<ul class=\"wp-block-list\">\n<li>Access to all the livestreamed talks<\/li>\n\n\n\n<li>Video library of the recorded talks during and after the event<\/li>\n\n\n\n<li>Facility to submit questions<\/li>\n<\/ul>\n\n\n\n<p><strong>Please note that only on-site participants are able to submit abstracts and participate in the poster sessions.<\/strong><\/p>\n\n\n\n<h3 class=\"wp-block-heading\" id=\"platforms\">Event platform<\/h3>\n\n\n\n<p>We are using an event platform for this conference. More information about the platform will be shared ahead of the conference.<\/p>\n\n\n\n<h3 class=\"wp-block-heading\" id=\"guidelines\">Guidelines<\/h3>\n\n\n\n<ul class=\"wp-block-list\">\n<li>Do not&nbsp;broadcast&nbsp;the&nbsp;conference&nbsp;to&nbsp;unregistered&nbsp;participants.<\/li>\n\n\n\n<li>You are encouraged to tweet and post about the event. Tweet unless the speaker specifically says otherwise,&nbsp;but be mindful of unpublished data.&nbsp;<\/li>\n\n\n\n<li>Please do not capture, transmit or redistribute data presented at the meeting.<\/li>\n<\/ul>\n\n\n\n<p>Additional information can be found in our&nbsp;<a href=\"https:\/\/www.embl.org\/about\/info\/course-and-conference-office\/information-for-participants\/code-of-conduct\/\" target=\"_blank\" rel=\"noreferrer noopener\">Code of Conduct<\/a>.<\/p>\n\n\n\n<h3 class=\"wp-block-heading\" id=\"health\">Health and well-being<\/h3>\n\n\n\n<p>It is important to stay healthy and move around, especially when you are attending an event virtually. We have put together a few coffee break stretches and yoga videos in the conference platform for you to enjoy during the event.<\/p>\n\n\n\n<h3 class=\"wp-block-heading\" id=\"questions\">How to ask questions<\/h3>\n\n\n\n<p>Please use the Q&amp;A function in the event platform.<\/p>\n\n\n\n<p>If you have any other questions, you can go to the Help Desk in the event platform. Click on \u2018more\u2019 on the top menu and click Help Desk.&nbsp;<\/p>\n\n\n\n<h3 class=\"wp-block-heading\" id=\"time\">Time zone<\/h3>\n\n\n\n<p>The programme is planned based on the Europe\/Berlin time zone, unless otherwise stated. Please take your time zone into consideration when planning your attendance.<\/p>\n\n<\/div>\n<\/details>\n\n\n\n<details  class=\"vf-details\" id=\"\"  >\n<summary class=\"vf-details--summary\">\nAdditional information<\/summary>\n<div class=\"acf-innerblocks-container\">\n\n<p>Please find additional information including FAQs, terms and conditions, COVID-19 safety policy and travelling to EMBL on our&nbsp;<a href=\"https:\/\/www.embl.org\/about\/info\/course-and-conference-office\/information-for-participants\/\">Information for Participants page.<\/a><\/p>\n\n<\/div>\n<\/details>\n\n\n\n<details  class=\"vf-details\" id=\"\"  >\n<summary class=\"vf-details--summary\">\nCOVID-19 related questions<\/summary>\n<div class=\"acf-innerblocks-container\">\n\n<p>COVID-19 information for on-site events at EMBL Heidelberg can be found in our&nbsp;<a href=\"https:\/\/www.embl.org\/about\/info\/course-and-conference-office\/faq-corona-questions\/\">COVID-19 FAQs<\/a>.<\/p>\n\n<\/div>\n<\/details>\n<\/section>\n\n\n\n<section class=\"vf-tabs__section\" id=\"vf-tabs__section-sponsors\"><h2>Sponsors<\/h2>\n<p><strong>Event supporter:<\/strong><\/p>\n\n\n\n<div class=\"vf-grid | vf-grid__col-4\"><div class=\"\"><!--[vf\/content]-->\n<div class=\"vf-content\">\n\n<figure class=\"vf-figure wp-block-image size-full\"><img loading=\"lazy\" decoding=\"async\" width=\"480\" height=\"270\" class=\"vf-figure__image\" src=\"https:\/\/www.embl.org\/about\/info\/course-and-conference-office\/wp-content\/uploads\/2021\/06\/EMBO-Press_480X270.jpg\" alt=\"\" class=\"wp-image-7582\" srcset=\"https:\/\/www.embl.org\/about\/info\/course-and-conference-office\/wp-content\/uploads\/2021\/06\/EMBO-Press_480X270.jpg 480w, https:\/\/www.embl.org\/about\/info\/course-and-conference-office\/wp-content\/uploads\/2021\/06\/EMBO-Press_480X270-300x169.jpg 300w\" sizes=\"auto, (max-width: 480px) 100vw, 480px\" \/><\/figure>\n\n<\/div>\n<\/div>\n\n\n<div class=\"\"><!--[vf\/content]-->\n<div class=\"vf-content\">\n\n<\/div>\n<\/div>\n\n\n<div class=\"\"><!--[vf\/content]-->\n<div class=\"vf-content\">\n\n<\/div>\n<\/div>\n\n\n<div class=\"\"><!--[vf\/content]-->\n<div class=\"vf-content\">\n\n<\/div>\n<\/div>\n<\/div>\n\n\n\n<p><strong>Media partners<\/strong><\/p>\n<p><a href=\"https:\/\/iubmb.org\/\" target=\"_blank\" rel=\"noreferrer noopener\">International Union of Biochemistry and Molecular Biology<\/a><\/p>\n<p><\/p>\n\n\n\n<p><\/p>\n\n\n\n<p><strong>Sponsorship opportunities<\/strong><\/p>\n\n\n\n<p>We offer a variety of event sponsoring possibilities, with the flexibility to select a set sponsorship package or combine individual sponsorship options to suit your event budget.&nbsp;Discounts are available for companies sponsoring multiple events at EMBL Heidelberg.&nbsp;<a href=\"http:\/\/www.embl.org\/events\">View other conferences<\/a>, or contact&nbsp;<a href=\"mailto:sponsorship@embl.de\">sponsorship@embl.de<\/a>&nbsp;for further information on sponsoring possibilities.<\/p>\n\n\n\n<p>If you are interested in becoming a media partner of this event, please visit our<a href=\"https:\/\/www.embl.org\/about\/info\/course-and-conference-office\/sponsor-an-event\/#vf-tabs__section-08208670-4ad4-45ca-a4ff-ac6edb6ffd0b\" target=\"_blank\" rel=\"noreferrer noopener\">&nbsp;media partnerships webpage.<\/a><\/p>\n\n\n\n<div class=\"wp-block-buttons is-layout-flex wp-block-buttons-is-layout-flex\"><p><a href=\"mailto:sponsorship@embl-em.de?subject=%5BPredicting%20evolution%5D%20Sponsorship%20Brochure&#038;body=Please%20kindly%20send%20me%20the%20sponsorship%20brochure%20for%20EMBO%20Workshop:%20Predicting%20evolution%20(11%20-%2014%20Jul%202023).\" class=\"vf-button vf-button--primary vf-button--pill\">Request a sponsorship brochure<\/a><\/p><\/div>\n\n\n\n<div class=\"vf-box vf-box--normal vf-box-theme--quaternary | vf-u-margin__bottom--400\">\n      <h3 class=\"vf-box__heading\">\n                Warning                  <\/h3> \n        <p class=\"vf-box__text\">EMBL wishes to warn sponsors of EMBL conferences and courses of fraudulent schemes purporting to offer sponsorship opportunities on behalf of EMBL or affiliated with EMBL officials. One current scam campaign of which we are aware is conducted using the name \u2018Judy Eastman\u2019 (judy@gopcontact.a2hosted.com) and entails approaches to sponsors offering sponsorship opportunities on EMBL\u2019s behalf. Please be kindly advised that all relevant communication regarding sponsorship of EMBL conferences, symposia and courses is handled by EMBL directly and is sent from an official EMBL account. EMBL does not work with any external providers on sponsorship acquisition.<\/p>\n<p class=\"vf-box__text\">Please also note that:<\/p>\n<ul>\n<li><span style=\"font-size: 12pt;\">EMBL never provides attendee lists for purchase. Any offers of such are fraudulent.<\/span><\/li>\n<li><span style=\"font-size: 12pt;\">EMBL will never call or email you to ask for your credit card details or to request a payment.<\/span><\/li>\n<li><span style=\"font-size: 12pt;\">All payments are on invoice.<\/span><\/li>\n<\/ul>\n<p class=\"vf-box__text\">Suspicious communications purportedly from, for or on behalf of EMBL should be reported to EMBL at the following email address sponsorship@embl.de.<\/p>\n<\/div><\/section>\n\n\n\n<section class=\"vf-tabs__section\" id=\"vf-tabs__section-mediakit\"><h2>Media kit<\/h2>\n<p>Want to let others know you&#8217;re attending this event? Take a look at our shareable media and feel free to use them in your social media channels or presentations.<\/p>\n\n\n\n<div class=\"vf-grid | vf-grid__col-3\"><div class=\"\"><!--[vf\/content]-->\n<div class=\"vf-content\">\n\n<figure class=\"vf-figure wp-block-image  | vf-figure--align vf-figure--align-centered  size-medium is-resized\"><a href=\"https:\/\/www.embl.org\/about\/info\/course-and-conference-office\/wp-content\/uploads\/PEV23-01_IG-story.png\"><img loading=\"lazy\" decoding=\"async\" class=\"vf-figure__image\" src=\"https:\/\/www.embl.org\/about\/info\/course-and-conference-office\/wp-content\/uploads\/PEV23-01_IG-story-169x300.png\" alt=\"\" class=\"wp-image-89720\" width=\"95\" height=\"160\"\/><\/a><figcaption class=\"vf-figure__caption\">Social 1080&#215;1920<\/figcaption><\/figure>\n\n<\/div>\n<\/div>\n\n\n<div class=\"\"><!--[vf\/content]-->\n<div class=\"vf-content\">\n\n<figure class=\"vf-figure wp-block-image size-large is-resized is-style-default\"><a href=\"https:\/\/www.embl.org\/about\/info\/course-and-conference-office\/wp-content\/uploads\/PEV23-01-Media-Kit-Square.png\"><img loading=\"lazy\" decoding=\"async\" class=\"vf-figure__image\" src=\"https:\/\/www.embl.org\/about\/info\/course-and-conference-office\/wp-content\/uploads\/PEV23-01-Media-Kit-Square-1024x1024.png\" alt=\"\" class=\"wp-image-89722\" width=\"256\" height=\"256\" srcset=\"https:\/\/www.embl.org\/about\/info\/course-and-conference-office\/wp-content\/uploads\/PEV23-01-Media-Kit-Square-1024x1024.png 1024w, https:\/\/www.embl.org\/about\/info\/course-and-conference-office\/wp-content\/uploads\/PEV23-01-Media-Kit-Square-300x300.png 300w, https:\/\/www.embl.org\/about\/info\/course-and-conference-office\/wp-content\/uploads\/PEV23-01-Media-Kit-Square-150x150.png 150w, https:\/\/www.embl.org\/about\/info\/course-and-conference-office\/wp-content\/uploads\/PEV23-01-Media-Kit-Square-768x768.png 768w, https:\/\/www.embl.org\/about\/info\/course-and-conference-office\/wp-content\/uploads\/PEV23-01-Media-Kit-Square.png 1080w\" sizes=\"auto, (max-width: 256px) 100vw, 256px\" \/><\/a><figcaption class=\"vf-figure__caption\">Social 1080&#215;1080<\/figcaption><\/figure>\n\n<\/div>\n<\/div>\n\n\n<div class=\"\"><!--[vf\/content]-->\n<div class=\"vf-content\">\n\n<figure class=\"vf-figure wp-block-image size-medium\"><a href=\"https:\/\/www.embl.org\/about\/info\/course-and-conference-office\/wp-content\/uploads\/PEV23-01_Twitter-Fb.png\"><img loading=\"lazy\" decoding=\"async\" width=\"300\" height=\"169\" class=\"vf-figure__image\" src=\"https:\/\/www.embl.org\/about\/info\/course-and-conference-office\/wp-content\/uploads\/PEV23-01_Twitter-Fb-300x169.png\" alt=\"\" class=\"wp-image-89724\" srcset=\"https:\/\/www.embl.org\/about\/info\/course-and-conference-office\/wp-content\/uploads\/PEV23-01_Twitter-Fb-300x169.png 300w, https:\/\/www.embl.org\/about\/info\/course-and-conference-office\/wp-content\/uploads\/PEV23-01_Twitter-Fb-1024x576.png 1024w, https:\/\/www.embl.org\/about\/info\/course-and-conference-office\/wp-content\/uploads\/PEV23-01_Twitter-Fb-768x432.png 768w, https:\/\/www.embl.org\/about\/info\/course-and-conference-office\/wp-content\/uploads\/PEV23-01_Twitter-Fb-1536x864.png 1536w, https:\/\/www.embl.org\/about\/info\/course-and-conference-office\/wp-content\/uploads\/PEV23-01_Twitter-Fb.png 1600w\" sizes=\"auto, (max-width: 300px) 100vw, 300px\" \/><\/a><figcaption class=\"vf-figure__caption\">Social 1600&#215;900<\/figcaption><\/figure>\n\n<\/div>\n<\/div>\n<\/div>\n\n\n\n<div class=\"vf-grid | vf-grid__col-3\"><div class=\"\"><!--[vf\/content]-->\n<div class=\"vf-content\">\n\n<figure class=\"vf-figure wp-block-image size-large\"><a href=\"https:\/\/www.embl.org\/about\/info\/course-and-conference-office\/wp-content\/uploads\/PEV23-01_onsite_holdingslide-scaled.jpg\"><img loading=\"lazy\" decoding=\"async\" width=\"1024\" height=\"576\" class=\"vf-figure__image\" src=\"https:\/\/www.embl.org\/about\/info\/course-and-conference-office\/wp-content\/uploads\/PEV23-01_onsite_holdingslide-1024x576.jpg\" alt=\"\" class=\"wp-image-102442\" srcset=\"https:\/\/www.embl.org\/about\/info\/course-and-conference-office\/wp-content\/uploads\/PEV23-01_onsite_holdingslide-1024x576.jpg 1024w, https:\/\/www.embl.org\/about\/info\/course-and-conference-office\/wp-content\/uploads\/PEV23-01_onsite_holdingslide-300x169.jpg 300w, https:\/\/www.embl.org\/about\/info\/course-and-conference-office\/wp-content\/uploads\/PEV23-01_onsite_holdingslide-768x432.jpg 768w, https:\/\/www.embl.org\/about\/info\/course-and-conference-office\/wp-content\/uploads\/PEV23-01_onsite_holdingslide-1536x864.jpg 1536w, https:\/\/www.embl.org\/about\/info\/course-and-conference-office\/wp-content\/uploads\/PEV23-01_onsite_holdingslide-2048x1152.jpg 2048w\" sizes=\"auto, (max-width: 1024px) 100vw, 1024px\" \/><\/a><figcaption class=\"vf-figure__caption\">PPT Slide 16&#215;9<\/figcaption><\/figure>\n\n<\/div>\n<\/div>\n\n\n<div class=\"\"><!--[vf\/content]-->\n<div class=\"vf-content\">\n\n<figure class=\"vf-figure wp-block-image size-full is-resized is-style-default\"><a href=\"https:\/\/www.embl.org\/about\/info\/course-and-conference-office\/wp-content\/uploads\/PEV23-01_leaderboard_728x90px.gif\"><img loading=\"lazy\" decoding=\"async\" class=\"vf-figure__image\" src=\"https:\/\/www.embl.org\/about\/info\/course-and-conference-office\/wp-content\/uploads\/PEV23-01_leaderboard_728x90px.gif\" alt=\"\" class=\"wp-image-89728\" width=\"182\" height=\"22\"\/><\/a><figcaption class=\"vf-figure__caption\">Leaderboard 728&#215;90 <\/figcaption><\/figure>\n\n<\/div>\n<\/div>\n\n\n<div class=\"\"><!--[vf\/content]-->\n<div class=\"vf-content\">\n\n<\/div>\n<\/div>\n<\/div>\n<\/section>\n<\/div><\/div>\n","protected":false},"excerpt":{"rendered":"","protected":false},"parent":0,"menu_order":0,"template":"","embl_taxonomy":[],"class_list":["post-38056","vf_event","type-vf_event","status-publish","hentry"],"acf":[],"embl_taxonomy_terms":[],"vf_event_start_date":{"value":"20230711","formatted":"11 July 2023"},"vf_event_end_date":{"value":"20230714","formatted":"14 July 2023"},"vf_event_submission_opening":{"value":"","formatted":""},"vf_event_submission_closing":{"value":"20230425","formatted":"25 Apr 2023"},"vf_event_registration_opening":{"value":"","formatted":""},"vf_event_registration_closing":{"value":"20230704","formatted":"4 Jul 2023"},"vf_event_summary":{"value":"The conference will explore the evolution of biological systems at different levels: from genes and molecules to organism development and ecology.","formatted":"<p>The conference will explore the evolution of biological systems at different levels: from genes and molecules to organism development and ecology.<\/p>\n"},"vf_event_additional_info":{"value":"","formatted":""},"vf_event_registration_fee":{"value":"","formatted":""},"vf_event_canceled":{"value":"no","formatted":"no"},"vf_event_venue":{"value":"EMBL Advanced Training Centre","formatted":"EMBL Advanced Training Centre"},"vf_event_unique_identifier":{"value":"","formatted":""},"vf_event_event_type":{"value":"conference","formatted":{"value":"conference","label":"Conference"}},"vf_event_more_information_link":{"value":"https:\/\/www.embl.org\/about\/info\/course-and-conference-office\/events\/pev23-01\/","formatted":"https:\/\/www.embl.org\/about\/info\/course-and-conference-office\/events\/pev23-01\/"},"vf_event_registration_link":{"value":"https:\/\/embl.ungerboeck.com\/PROD\/emc00\/register.aspx?aat=2TAI0C0QSMkmDlR0pfgPJv2A9m3JpBO59o50y2ZLLe8%3d","formatted":"https:\/\/embl.ungerboeck.com\/PROD\/emc00\/register.aspx?aat=2TAI0C0QSMkmDlR0pfgPJv2A9m3JpBO59o50y2ZLLe8%3d"},"vf_event_start_time":{"value":"","formatted":""},"vf_event_end_time":{"value":"","formatted":""},"vf_event_location":{"value":["67","364"],"formatted":["EMBL Heidelberg","Virtual"]},"vf_event_time_zone":{"value":"europe\/london","formatted":"Europe\/London"},"vf_event_ss_subtype":{"value":null,"formatted":null},"vf_event_embo_subtype":{"value":"embo_workshop","formatted":{"value":"embo_workshop","label":"EMBO Workshop"}},"vf_event_featured":{"value":"0","formatted":false},"vf_event_organisers_listing":{"value":"Justin Crocker, Gautam Dey, Joshua Payne, Patricia Wittkopp","formatted":"Justin Crocker, Gautam Dey, Joshua Payne, Patricia Wittkopp"},"vf_event_displayed":{"value":"EMBO Workshop","formatted":"EMBO Workshop"},"vf_event_subjects_training":{"value":["dbe"],"formatted":[{"value":"dbe","label":"Developmental Biology and Evolution"}]},"vf_event_registration_closing_on-site":{"value":"20230530","formatted":"30 May 2023"},"vf_event_registration_link_on-site":{"value":"https:\/\/embl.ungerboeck.com\/PROD\/emc00\/register.aspx?aat=Tw681oDZa3yHbFNN7ps7tG1bFi04UcqwGQ2O07KyvE8%3d","formatted":"https:\/\/embl.ungerboeck.com\/PROD\/emc00\/register.aspx?aat=Tw681oDZa3yHbFNN7ps7tG1bFi04UcqwGQ2O07KyvE8%3d"},"vf_event_other_location":{"value":null,"formatted":null},"vf_event_qrcode":{"value":null,"formatted":null},"vf_event_custom_overview":{"value":null,"formatted":null},"vf_event_hashtag":{"value":"#EMBOPredictEvo","formatted":"#EMBOPredictEvo"},"vf_event_logo":{"value":"10274","formatted":{"ID":10274,"id":10274,"title":"Organiser_EMBO_Workshop","filename":"EMBO-EMBO-Workshop-e1628516493556.png","filesize":7652,"url":"https:\/\/www.embl.org\/about\/info\/course-and-conference-office\/wp-content\/uploads\/2021\/03\/EMBO-EMBO-Workshop-e1628516493556.png","link":"https:\/\/www.embl.org\/about\/info\/course-and-conference-office\/events\/mge21-01\/embo-embo-workshop\/","alt":"","author":"8","description":"","caption":"","name":"embo-embo-workshop","status":"inherit","uploaded_to":1066,"date":"2021-08-09 13:31:48","modified":"2022-11-11 10:25:25","menu_order":0,"mime_type":"image\/png","type":"image","subtype":"png","icon":"https:\/\/www.embl.org\/about\/info\/course-and-conference-office\/wp-includes\/images\/media\/default.png","width":200,"height":47,"sizes":{"thumbnail":"https:\/\/www.embl.org\/about\/info\/course-and-conference-office\/wp-content\/uploads\/2021\/03\/EMBO-EMBO-Workshop-150x72.png","thumbnail-width":150,"thumbnail-height":72,"medium":"https:\/\/www.embl.org\/about\/info\/course-and-conference-office\/wp-content\/uploads\/2021\/03\/EMBO-EMBO-Workshop-300x70.png","medium-width":300,"medium-height":70,"medium_large":"https:\/\/www.embl.org\/about\/info\/course-and-conference-office\/wp-content\/uploads\/2021\/03\/EMBO-EMBO-Workshop-e1628516493556.png","medium_large-width":200,"medium_large-height":47,"large":"https:\/\/www.embl.org\/about\/info\/course-and-conference-office\/wp-content\/uploads\/2021\/03\/EMBO-EMBO-Workshop-e1628516493556.png","large-width":200,"large-height":47,"1536x1536":"https:\/\/www.embl.org\/about\/info\/course-and-conference-office\/wp-content\/uploads\/2021\/03\/EMBO-EMBO-Workshop-e1628516493556.png","1536x1536-width":200,"1536x1536-height":47,"2048x2048":"https:\/\/www.embl.org\/about\/info\/course-and-conference-office\/wp-content\/uploads\/2021\/03\/EMBO-EMBO-Workshop-e1628516493556.png","2048x2048-width":200,"2048x2048-height":47,"vf-hero":"https:\/\/www.embl.org\/about\/info\/course-and-conference-office\/wp-content\/uploads\/2021\/03\/EMBO-EMBO-Workshop-e1628516493556.png","vf-hero-width":200,"vf-hero-height":47}}},"vf_event_hero":{"value":"38060","formatted":{"ID":38060,"id":38060,"title":"pev23-01_Hero_banner_3000x1000px","filename":"pev23-01_Hero_banner_3000x1000px-scaled.jpg","filesize":439698,"url":"https:\/\/www.embl.org\/about\/info\/course-and-conference-office\/wp-content\/uploads\/pev23-01_Hero_banner_3000x1000px-scaled.jpg","link":"https:\/\/www.embl.org\/about\/info\/course-and-conference-office\/events\/pev23-01\/pev23-01_hero_banner_3000x1000px\/","alt":"","author":"51","description":"","caption":"","name":"pev23-01_hero_banner_3000x1000px","status":"inherit","uploaded_to":38056,"date":"2022-04-21 13:33:17","modified":"2022-04-21 13:33:17","menu_order":0,"mime_type":"image\/jpeg","type":"image","subtype":"jpeg","icon":"https:\/\/www.embl.org\/about\/info\/course-and-conference-office\/wp-includes\/images\/media\/default.png","width":2560,"height":853,"sizes":{"thumbnail":"https:\/\/www.embl.org\/about\/info\/course-and-conference-office\/wp-content\/uploads\/pev23-01_Hero_banner_3000x1000px-150x150.jpg","thumbnail-width":150,"thumbnail-height":150,"medium":"https:\/\/www.embl.org\/about\/info\/course-and-conference-office\/wp-content\/uploads\/pev23-01_Hero_banner_3000x1000px-300x100.jpg","medium-width":300,"medium-height":100,"medium_large":"https:\/\/www.embl.org\/about\/info\/course-and-conference-office\/wp-content\/uploads\/pev23-01_Hero_banner_3000x1000px-768x256.jpg","medium_large-width":768,"medium_large-height":256,"large":"https:\/\/www.embl.org\/about\/info\/course-and-conference-office\/wp-content\/uploads\/pev23-01_Hero_banner_3000x1000px-1024x341.jpg","large-width":1024,"large-height":341,"1536x1536":"https:\/\/www.embl.org\/about\/info\/course-and-conference-office\/wp-content\/uploads\/pev23-01_Hero_banner_3000x1000px-1536x512.jpg","1536x1536-width":1536,"1536x1536-height":512,"2048x2048":"https:\/\/www.embl.org\/about\/info\/course-and-conference-office\/wp-content\/uploads\/pev23-01_Hero_banner_3000x1000px-2048x683.jpg","2048x2048-width":2048,"2048x2048-height":683,"vf-hero":"https:\/\/www.embl.org\/about\/info\/course-and-conference-office\/wp-content\/uploads\/pev23-01_Hero_banner_3000x1000px-1224x348.jpg","vf-hero-width":1224,"vf-hero-height":348}}},"_links":{"self":[{"href":"https:\/\/www.embl.org\/about\/info\/course-and-conference-office\/wp-json\/wp\/v2\/vf_events\/38056","targetHints":{"allow":["GET"]}}],"collection":[{"href":"https:\/\/www.embl.org\/about\/info\/course-and-conference-office\/wp-json\/wp\/v2\/vf_events"}],"about":[{"href":"https:\/\/www.embl.org\/about\/info\/course-and-conference-office\/wp-json\/wp\/v2\/types\/vf_event"}],"version-history":[{"count":186,"href":"https:\/\/www.embl.org\/about\/info\/course-and-conference-office\/wp-json\/wp\/v2\/vf_events\/38056\/revisions"}],"predecessor-version":[{"id":122284,"href":"https:\/\/www.embl.org\/about\/info\/course-and-conference-office\/wp-json\/wp\/v2\/vf_events\/38056\/revisions\/122284"}],"wp:attachment":[{"href":"https:\/\/www.embl.org\/about\/info\/course-and-conference-office\/wp-json\/wp\/v2\/media?parent=38056"}],"wp:term":[{"taxonomy":"embl_taxonomy","embeddable":true,"href":"https:\/\/www.embl.org\/about\/info\/course-and-conference-office\/wp-json\/wp\/v2\/embl_taxonomy?post=38056"}],"curies":[{"name":"wp","href":"https:\/\/api.w.org\/{rel}","templated":true}]}}