{"id":191069,"date":"2024-11-14T18:31:22","date_gmt":"2024-11-14T18:31:22","guid":{"rendered":"https:\/\/www.embl.org\/about\/info\/course-and-conference-office\/?post_type=vf_event&#038;p=191069"},"modified":"2025-11-10T10:26:23","modified_gmt":"2025-11-10T10:26:23","slug":"sbm25-01","status":"publish","type":"vf_event","link":"https:\/\/www.embl.org\/about\/info\/course-and-conference-office\/events\/sbm25-01\/","title":{"rendered":"Solution scattering from biological macromolecules"},"content":{"rendered":"\n<div class=\"vf-tabs\"><ul class=\"vf-tabs__list\" data-vf-js-tabs=\"true\"><li class=\"vf-tabs__item\"><a class=\"vf-tabs__link\" href=\"#vf-tabs__section-dtc24-01\" data-vf-js-location-nearest-activation-target=\"\">Overview<\/a><\/li><li class=\"vf-tabs__item\"><a class=\"vf-tabs__link\" href=\"#vf-tabs__section-speakers\" data-vf-js-location-nearest-activation-target=\"\">Speakers<\/a><\/li><li class=\"vf-tabs__item\"><a class=\"vf-tabs__link\" href=\"#vf-tabs__section-programme1\" data-vf-js-location-nearest-activation-target=\"\">Virtual programme (6 &#8211; 10 October 2025)<\/a><\/li><li class=\"vf-tabs__item\"><a class=\"vf-tabs__link\" href=\"#vf-tabs__section-programme2\" data-vf-js-location-nearest-activation-target=\"\">Preliminary on-site programme (17 &#8211; 21 November 2025)<\/a><\/li><li class=\"vf-tabs__item\"><a class=\"vf-tabs__link\" href=\"#vf-tabs__section-information\" data-vf-js-location-nearest-activation-target=\"\">Practical information<\/a><\/li><li class=\"vf-tabs__item\"><a class=\"vf-tabs__link\" href=\"#vf-tabs__section-sponsors\" data-vf-js-location-nearest-activation-target=\"\">Sponsors<\/a><\/li><li class=\"vf-tabs__item\"><a class=\"vf-tabs__link\" href=\"#vf-tabs__section-mediakit\" data-vf-js-location-nearest-activation-target=\"\">Media kit<\/a><\/li><\/ul><div class=\"vf-tabs-content\" data-vf-js-tabs-content=\"true\">\n<section class=\"vf-tabs__section\" id=\"vf-tabs__section-dtc24-01\"><h2 class=\"vf-u-sr-only\">Overview<\/h2>\n<p class=\"has-text-align-left\"><strong>Applications only available for the virtual module<\/strong><\/p>\n\n\n\n<p><\/p>\n\n\n\n<h2 class=\"wp-block-heading\">Course overview<\/h2>\n\n\n\n<p>This course consists of two parts: a&nbsp;<strong>virtual module&nbsp;<\/strong>and an&nbsp;<strong>on-site module<\/strong>.<\/p>\n\n\n\n<p>The series of online lectures will take place from 6 \u2013 10 October 2025. In addition to this, a small number of selected students that have completed the virtual module will be offered to take part in the practical component of this course that will take place in Hamburg from 17 \u2013 21 November 2025. For the other students we will offer the possibility to collect data remotely.<\/p>\n\n\n\n<p>We encourage advanced PhD students, postdocs and junior researchers to apply.<\/p>\n\n\n\n<p>The virtual module lectures will cover the basics of SAXS\/SANS, instrumentation, data collection, modelling techniques and complementary use with other methods. A self-paced practical tutorial accompanied with a SASQUEST challenge will be provided and all students are encourage to participate in these exercises. The material will cover basic and advanced SAXS data processing steps.<\/p>\n\n\n\n<p>In the on-site module, there will be 2 tracks offered focusing on different aspects of SAXS data collection. Applicants will be able to select a preferred track during motivation letter submission.<\/p>\n\n\n\n<p>Students that are not taking part in the on-site module will be able to sign-up for small online discussion groups. These discussion groups will be led by one of the course speakers\/tutors and you will be given the chance to discuss your own data\/SAXS experiments with your peers.<\/p>\n\n\n\n<p><\/p>\n\n\n\n<h2 class=\"wp-block-heading\">Audience<\/h2>\n\n\n\n<p>The course is aimed at young biochemists\/biophysicists and researchers active in related structural methods with little or no experience in solution scattering.<\/p>\n\n\n\n<p>The virtual module is aimed at early career scientists interested in expanding their knowledge in SAXS.<\/p>\n\n\n\n<p>On-site track 1: X-ray beamline operation is aimed at advanced pre-docs\/early-stage postdocs interested in working with synchrotron radiation and technical aspects of scattering experiments. During the practical, you will learn different steps for commissioning and calibrating a beamline, how to streamline workflows, and what to consider for data collection and management.<\/p>\n\n\n\n<p>On-site track 2: sample preparation and optimization for SAXS is aimed at pre-doctoral and postdoctoral fellows with a background and\/or an interest in biochemistry. In this track, we will be looking at best practices in sample preparation and data collection as well as various tools for data quality assessment. Students are encouraged to bring their own samples.<\/p>\n\n\n\n<p><\/p>\n\n\n\n<h2 class=\"wp-block-heading\">Modules\/resources<\/h2>\n\n\n\n<ul class=\"wp-block-list\">\n<li>SAXS data collection<\/li>\n\n\n\n<li>Data processing<\/li>\n\n\n\n<li>Basic analysis<\/li>\n\n\n\n<li>Novel SAXS data analysis methods<\/li>\n\n\n\n<li>Integrative structural biology<\/li>\n\n\n\n<li>Reporting and quality assessment<\/li>\n<\/ul>\n\n\n\n<p><\/p>\n\n\n\n<h2 class=\"wp-block-heading\">Learning outcomes<\/h2>\n\n\n\n<p>During the virtual module of the course, we will take a look at all essential steps of SAXS data analysis, from applying for beamtime, collecting, processing, and analysing SAXS data, as well as proper reporting and quality assessment.<\/p>\n\n\n\n<p>At the on-site module, deeper insights into beamline operation or optimization of measurements can be gained.<br><\/p>\n\n\n\n<h2 class=\"wp-block-heading\">What past participants say about the course<\/h2>\n\n\n\n<p>&#8220;<em>Participating in the EMBL course on &#8220;Solution Scattering from Biological Macromolecules&#8221; was a delightful experience, with its intimate setting enabling personalized discussions and the well-organized workshop offering ample opportunities for in-depth conversations and data analysis support. Meeting the BioSAXS group was a particular highlight, as their expertise and approachability made the entire experience both educational and enjoyable.<\/em>&#8221; &#8211; Jaka Snoj, Department of Synthetic Biology and Immunology, National Institute of Chemistry, Ljubljana, Slovenia<\/p>\n\n\n\n<p><\/p>\n\n\n\n<p>&#8220;<em>At the EMBL course, a distinguished team of experts and beamline scientists provides an invaluable toolbox for SAXS data analysis. From Ab initio to Hybrid models, this comprehensive course offers a unique opportunity for both newcomers to scattering and individuals like myself, who have recently ventured into the study of biomacromolecules through scattering techniques.<\/em>&#8221; &#8211; Davide Schirone, Malm\u00f6 University, Sweden<\/p>\n<\/section>\n\n\n\n<section class=\"vf-tabs__section\" id=\"vf-tabs__section-speakers\"><h2 class=\"vf-u-sr-only\">Speakers<\/h2>\n<h2 class=\"wp-block-heading\">Speakers, trainers, and staff<\/h2>\n\n\n\n<div class=\"vf-grid | vf-grid__col-3\"><div><!--[vf\/content]-->\n<div class=\"vf-content\">\n\n<article class=\"vf-profile vf-profile--very-easy vf-profile--medium vf-profile--block | vf-u-margin__bottom--400\">\n\n    <img decoding=\"async\" width=\"155\" height=\"175\" src=\"https:\/\/www.embl.org\/about\/info\/course-and-conference-office\/wp-content\/uploads\/Clement-Blanchet.jpg\" class=\"vf-profile__image\" alt=\"\" loading=\"lazy\" itemprop=\"image\" \/>\n    <h3 class=\"vf-profile__title\" style=\"text-align: center;\">\n                    Clement Blanchet            <\/h3>\n    \n                <p class=\"vf-profile__text\" style=\"text-align: center;\">\n                EMBL Hamburg            <\/p>\n                <p class=\"vf-profile__text\" style=\"text-align: center;\">\n                Germany            <\/p>\n    \n    \n      \n\n    \n<\/article>\n\n<\/div>\n<\/div>\n\n\n<div><!--[vf\/content]-->\n<div class=\"vf-content\">\n\n<article class=\"vf-profile vf-profile--very-easy vf-profile--medium vf-profile--block | vf-u-margin__bottom--400\">\n\n    <img decoding=\"async\" width=\"276\" height=\"300\" src=\"https:\/\/www.embl.org\/about\/info\/course-and-conference-office\/wp-content\/uploads\/Cedrick-Dicko-276x300.webp\" class=\"vf-profile__image\" alt=\"\" loading=\"lazy\" itemprop=\"image\" srcset=\"https:\/\/www.embl.org\/about\/info\/course-and-conference-office\/wp-content\/uploads\/Cedrick-Dicko-276x300.webp 276w, https:\/\/www.embl.org\/about\/info\/course-and-conference-office\/wp-content\/uploads\/Cedrick-Dicko.webp 320w\" sizes=\"auto, (max-width: 276px) 100vw, 276px\" \/>\n    <h3 class=\"vf-profile__title\" style=\"text-align: center;\">\n                    Cedrick Dicko            <\/h3>\n    \n                <p class=\"vf-profile__text\" style=\"text-align: center;\">\n                Lund University            <\/p>\n                <p class=\"vf-profile__text\" style=\"text-align: center;\">\n                Sweden            <\/p>\n    \n    \n      \n\n    \n<\/article>\n\n<\/div>\n<\/div>\n\n\n<div><!--[vf\/content]-->\n<div class=\"vf-content\">\n\n<article class=\"vf-profile vf-profile--very-easy vf-profile--medium vf-profile--block | vf-u-margin__bottom--400\">\n\n            <img decoding=\"async\" class=\"vf-profile__image\" src=\"https:\/\/dev.assets.emblstatic.net\/vf\/v2.0.0-alpha.6\/assets\/vf-summary\/assets\/vf-icon--avatar.svg\" > \n    \n    <h3 class=\"vf-profile__title\" style=\"text-align: center;\">\n                    Roland Drexel            <\/h3>\n    \n                <p class=\"vf-profile__text\" style=\"text-align: center;\">\n                Postnova            <\/p>\n                <p class=\"vf-profile__text\" style=\"text-align: center;\">\n                Germany            <\/p>\n    \n    \n      \n\n    \n<\/article>\n\n<\/div>\n<\/div>\n<\/div>\n\n\n\n<div class=\"embl-grid\"><div><!--[vf\/content]-->\n<div class=\"vf-content\">\n\n<article class=\"vf-profile vf-profile--very-easy vf-profile--medium vf-profile--block | vf-u-margin__bottom--400\">\n\n    <img decoding=\"async\" width=\"155\" height=\"175\" src=\"https:\/\/www.embl.org\/about\/info\/course-and-conference-office\/wp-content\/uploads\/Maria-Garcia.jpg\" class=\"vf-profile__image\" alt=\"\" loading=\"lazy\" itemprop=\"image\" \/>\n    <h3 class=\"vf-profile__title\" style=\"text-align: center;\">\n                    Maria Garcia            <\/h3>\n    \n                <p class=\"vf-profile__text\" style=\"text-align: center;\">\n                EMBL Hamburg            <\/p>\n                <p class=\"vf-profile__text\" style=\"text-align: center;\">\n                Germany            <\/p>\n    \n    \n      \n\n    \n<\/article>\n\n<\/div>\n<\/div>\n\n\n<div><!--[vf\/content]-->\n<div class=\"vf-content\">\n\n<article class=\"vf-profile vf-profile--very-easy vf-profile--medium vf-profile--block | vf-u-margin__bottom--400\">\n\n    <img decoding=\"async\" width=\"300\" height=\"300\" src=\"https:\/\/www.embl.org\/about\/info\/course-and-conference-office\/wp-content\/uploads\/Richard-Gillilan-300x300.jpg\" class=\"vf-profile__image\" alt=\"\" loading=\"lazy\" itemprop=\"image\" srcset=\"https:\/\/www.embl.org\/about\/info\/course-and-conference-office\/wp-content\/uploads\/Richard-Gillilan-300x300.jpg 300w, https:\/\/www.embl.org\/about\/info\/course-and-conference-office\/wp-content\/uploads\/Richard-Gillilan-150x150.jpg 150w, https:\/\/www.embl.org\/about\/info\/course-and-conference-office\/wp-content\/uploads\/Richard-Gillilan-768x768.jpg 768w, https:\/\/www.embl.org\/about\/info\/course-and-conference-office\/wp-content\/uploads\/Richard-Gillilan.jpg 900w\" sizes=\"auto, (max-width: 300px) 100vw, 300px\" \/>\n    <h3 class=\"vf-profile__title\" style=\"text-align: center;\">\n                    Richard Gillilan            <\/h3>\n    \n                <p class=\"vf-profile__text\" style=\"text-align: center;\">\n                Cornell University            <\/p>\n                <p class=\"vf-profile__text\" style=\"text-align: center;\">\n                USA            <\/p>\n    \n    \n      \n\n    \n<\/article>\n\n<\/div>\n<\/div>\n\n\n<div><!--[vf\/content]-->\n<div class=\"vf-content\">\n\n<article class=\"vf-profile vf-profile--very-easy vf-profile--medium vf-profile--block | vf-u-margin__bottom--400\">\n\n    <img decoding=\"async\" width=\"278\" height=\"300\" src=\"https:\/\/www.embl.org\/about\/info\/course-and-conference-office\/wp-content\/uploads\/EMBL_MelissaGraevert-WP-1-278x300.jpg\" class=\"vf-profile__image\" alt=\"\" loading=\"lazy\" itemprop=\"image\" srcset=\"https:\/\/www.embl.org\/about\/info\/course-and-conference-office\/wp-content\/uploads\/EMBL_MelissaGraevert-WP-1-278x300.jpg 278w, https:\/\/www.embl.org\/about\/info\/course-and-conference-office\/wp-content\/uploads\/EMBL_MelissaGraevert-WP-1.jpg 555w\" sizes=\"auto, (max-width: 278px) 100vw, 278px\" \/>\n    <h3 class=\"vf-profile__title\" style=\"text-align: center;\">\n                    Melissa Gr\u00e4wert            <\/h3>\n    \n                <p class=\"vf-profile__text\" style=\"text-align: center;\">\n                EMBL Hamburg            <\/p>\n                <p class=\"vf-profile__text\" style=\"text-align: center;\">\n                Germany            <\/p>\n    \n    \n      \n\n    \n<\/article>\n\n<\/div>\n<\/div>\n<\/div>\n\n\n\n<div class=\"embl-grid\"><div><!--[vf\/content]-->\n<div class=\"vf-content\">\n\n<article class=\"vf-profile vf-profile--very-easy vf-profile--medium vf-profile--block | vf-u-margin__bottom--400\">\n\n    <img decoding=\"async\" width=\"200\" height=\"200\" src=\"https:\/\/www.embl.org\/about\/info\/course-and-conference-office\/wp-content\/uploads\/Tobias-Grawert.jpg\" class=\"vf-profile__image\" alt=\"\" loading=\"lazy\" itemprop=\"image\" srcset=\"https:\/\/www.embl.org\/about\/info\/course-and-conference-office\/wp-content\/uploads\/Tobias-Grawert.jpg 200w, https:\/\/www.embl.org\/about\/info\/course-and-conference-office\/wp-content\/uploads\/Tobias-Grawert-150x150.jpg 150w\" sizes=\"auto, (max-width: 200px) 100vw, 200px\" \/>\n    <h3 class=\"vf-profile__title\" style=\"text-align: center;\">\n                    Tobias Gr\u00e4wert            <\/h3>\n    \n                <p class=\"vf-profile__text\" style=\"text-align: center;\">\n                BIOSAXS            <\/p>\n                <p class=\"vf-profile__text\" style=\"text-align: center;\">\n                Germany            <\/p>\n    \n    \n      \n\n    \n<\/article>\n\n<\/div>\n<\/div>\n\n\n<div><!--[vf\/content]-->\n<div class=\"vf-content\">\n\n<article class=\"vf-profile vf-profile--very-easy vf-profile--medium vf-profile--block | vf-u-margin__bottom--400\">\n\n    <img decoding=\"async\" width=\"300\" height=\"199\" src=\"https:\/\/www.embl.org\/about\/info\/course-and-conference-office\/wp-content\/uploads\/Hellmich-300x199.jpg\" class=\"vf-profile__image\" alt=\"\" loading=\"lazy\" itemprop=\"image\" srcset=\"https:\/\/www.embl.org\/about\/info\/course-and-conference-office\/wp-content\/uploads\/Hellmich-300x199.jpg 300w, https:\/\/www.embl.org\/about\/info\/course-and-conference-office\/wp-content\/uploads\/Hellmich-1024x680.jpg 1024w, https:\/\/www.embl.org\/about\/info\/course-and-conference-office\/wp-content\/uploads\/Hellmich-768x510.jpg 768w, https:\/\/www.embl.org\/about\/info\/course-and-conference-office\/wp-content\/uploads\/Hellmich.jpg 1201w\" sizes=\"auto, (max-width: 300px) 100vw, 300px\" \/>\n    <h3 class=\"vf-profile__title\" style=\"text-align: center;\">\n                    Ute Hellmich            <\/h3>\n    \n                <p class=\"vf-profile__text\" style=\"text-align: center;\">\n                Friedrich Schiller University Jena            <\/p>\n                <p class=\"vf-profile__text\" style=\"text-align: center;\">\n                Germany            <\/p>\n    \n    \n      \n\n    \n<\/article>\n\n<\/div>\n<\/div>\n\n\n<div><!--[vf\/content]-->\n<div class=\"vf-content\">\n\n<article class=\"vf-profile vf-profile--very-easy vf-profile--medium vf-profile--block | vf-u-margin__bottom--400\">\n\n    <img decoding=\"async\" width=\"155\" height=\"175\" src=\"https:\/\/www.embl.org\/about\/info\/course-and-conference-office\/wp-content\/uploads\/Cy-Jeffries-1.jpg\" class=\"vf-profile__image\" alt=\"\" loading=\"lazy\" itemprop=\"image\" \/>\n    <h3 class=\"vf-profile__title\" style=\"text-align: center;\">\n                    Cy Jeffries            <\/h3>\n    \n                <p class=\"vf-profile__text\" style=\"text-align: center;\">\n                EMBL Hamburg            <\/p>\n                <p class=\"vf-profile__text\" style=\"text-align: center;\">\n                Germany            <\/p>\n    \n    \n      \n\n    \n<\/article>\n\n<\/div>\n<\/div>\n<\/div>\n\n\n\n<div class=\"embl-grid\"><div><!--[vf\/content]-->\n<div class=\"vf-content\">\n\n<article class=\"vf-profile vf-profile--very-easy vf-profile--medium vf-profile--block | vf-u-margin__bottom--400\">\n\n    <img decoding=\"async\" width=\"136\" height=\"182\" src=\"https:\/\/www.embl.org\/about\/info\/course-and-conference-office\/wp-content\/uploads\/picture-2.jpg\" class=\"vf-profile__image\" alt=\"\" loading=\"lazy\" itemprop=\"image\" \/>\n    <h3 class=\"vf-profile__title\" style=\"text-align: center;\">\n                    Kesha Josts            <\/h3>\n    \n                <p class=\"vf-profile__text\" style=\"text-align: center;\">\n                Newcastle University            <\/p>\n                <p class=\"vf-profile__text\" style=\"text-align: center;\">\n                UK            <\/p>\n    \n    \n      \n\n    \n<\/article>\n\n<\/div>\n<\/div>\n\n\n<div><!--[vf\/content]-->\n<div class=\"vf-content\">\n\n<article class=\"vf-profile vf-profile--very-easy vf-profile--medium vf-profile--block | vf-u-margin__bottom--400\">\n\n    <img decoding=\"async\" width=\"200\" height=\"200\" src=\"https:\/\/www.embl.org\/about\/info\/course-and-conference-office\/wp-content\/uploads\/Thomas-Kierspel.jpg\" class=\"vf-profile__image\" alt=\"\" loading=\"lazy\" itemprop=\"image\" srcset=\"https:\/\/www.embl.org\/about\/info\/course-and-conference-office\/wp-content\/uploads\/Thomas-Kierspel.jpg 200w, https:\/\/www.embl.org\/about\/info\/course-and-conference-office\/wp-content\/uploads\/Thomas-Kierspel-150x150.jpg 150w\" sizes=\"auto, (max-width: 200px) 100vw, 200px\" \/>\n    <h3 class=\"vf-profile__title\" style=\"text-align: center;\">\n                    Thomas Kierspel            <\/h3>\n    \n                <p class=\"vf-profile__text\" style=\"text-align: center;\">\n                DESY \/ CSSB            <\/p>\n                <p class=\"vf-profile__text\" style=\"text-align: center;\">\n                Germany            <\/p>\n    \n    \n      \n\n    \n<\/article>\n\n<\/div>\n<\/div>\n\n\n<div><!--[vf\/content]-->\n<div class=\"vf-content\">\n\n<article class=\"vf-profile vf-profile--very-easy vf-profile--medium vf-profile--block | vf-u-margin__bottom--400\">\n\n    <img decoding=\"async\" width=\"300\" height=\"300\" src=\"https:\/\/www.embl.org\/about\/info\/course-and-conference-office\/wp-content\/uploads\/Al-Kikhney-1-300x300.jpg\" class=\"vf-profile__image\" alt=\"\" loading=\"lazy\" itemprop=\"image\" srcset=\"https:\/\/www.embl.org\/about\/info\/course-and-conference-office\/wp-content\/uploads\/Al-Kikhney-1-300x300.jpg 300w, https:\/\/www.embl.org\/about\/info\/course-and-conference-office\/wp-content\/uploads\/Al-Kikhney-1-150x150.jpg 150w, https:\/\/www.embl.org\/about\/info\/course-and-conference-office\/wp-content\/uploads\/Al-Kikhney-1.jpg 400w\" sizes=\"auto, (max-width: 300px) 100vw, 300px\" \/>\n    <h3 class=\"vf-profile__title\" style=\"text-align: center;\">\n                    Al Kikhney            <\/h3>\n    \n                <p class=\"vf-profile__text\" style=\"text-align: center;\">\n                Xenocs            <\/p>\n                <p class=\"vf-profile__text\" style=\"text-align: center;\">\n                Germany            <\/p>\n    \n    \n      \n\n    \n<\/article>\n\n<\/div>\n<\/div>\n<\/div>\n\n\n\n<div class=\"embl-grid\"><div><!--[vf\/content]-->\n<div class=\"vf-content\">\n\n<article class=\"vf-profile vf-profile--very-easy vf-profile--medium vf-profile--block | vf-u-margin__bottom--400\">\n\n    <img decoding=\"async\" width=\"180\" height=\"235\" src=\"https:\/\/www.embl.org\/about\/info\/course-and-conference-office\/wp-content\/uploads\/Kirby-1.jpg\" class=\"vf-profile__image\" alt=\"\" loading=\"lazy\" itemprop=\"image\" \/>\n    <h3 class=\"vf-profile__title\" style=\"text-align: center;\">\n                    Nigel Kirby            <\/h3>\n    \n                <p class=\"vf-profile__text\" style=\"text-align: center;\">\n                Australian Synchrotron            <\/p>\n                <p class=\"vf-profile__text\" style=\"text-align: center;\">\n                Australia            <\/p>\n    \n    \n      \n\n    \n<\/article>\n\n<\/div>\n<\/div>\n\n\n<div><!--[vf\/content]-->\n<div class=\"vf-content\">\n\n<article class=\"vf-profile vf-profile--very-easy vf-profile--medium vf-profile--block | vf-u-margin__bottom--400\">\n\n    <img decoding=\"async\" width=\"279\" height=\"300\" src=\"https:\/\/www.embl.org\/about\/info\/course-and-conference-office\/wp-content\/uploads\/Kolb-1-279x300.jpeg\" class=\"vf-profile__image\" alt=\"\" loading=\"lazy\" itemprop=\"image\" srcset=\"https:\/\/www.embl.org\/about\/info\/course-and-conference-office\/wp-content\/uploads\/Kolb-1-279x300.jpeg 279w, https:\/\/www.embl.org\/about\/info\/course-and-conference-office\/wp-content\/uploads\/Kolb-1-768x826.jpeg 768w, https:\/\/www.embl.org\/about\/info\/course-and-conference-office\/wp-content\/uploads\/Kolb-1.jpeg 837w\" sizes=\"auto, (max-width: 279px) 100vw, 279px\" \/>\n    <h3 class=\"vf-profile__title\" style=\"text-align: center;\">\n                    Bastian Kolb            <\/h3>\n    \n                <p class=\"vf-profile__text\" style=\"text-align: center;\">\n                University of Mainz            <\/p>\n                <p class=\"vf-profile__text\" style=\"text-align: center;\">\n                Germany            <\/p>\n    \n    \n      \n\n    \n<\/article>\n\n<\/div>\n<\/div>\n\n\n<div><!--[vf\/content]-->\n<div class=\"vf-content\">\n\n<article class=\"vf-profile vf-profile--very-easy vf-profile--medium vf-profile--block | vf-u-margin__bottom--400\">\n\n    <img decoding=\"async\" width=\"200\" height=\"200\" src=\"https:\/\/www.embl.org\/about\/info\/course-and-conference-office\/wp-content\/uploads\/Annette-Langkilde.jpg\" class=\"vf-profile__image\" alt=\"\" loading=\"lazy\" itemprop=\"image\" srcset=\"https:\/\/www.embl.org\/about\/info\/course-and-conference-office\/wp-content\/uploads\/Annette-Langkilde.jpg 200w, https:\/\/www.embl.org\/about\/info\/course-and-conference-office\/wp-content\/uploads\/Annette-Langkilde-150x150.jpg 150w\" sizes=\"auto, (max-width: 200px) 100vw, 200px\" \/>\n    <h3 class=\"vf-profile__title\" style=\"text-align: center;\">\n                    Annette Langkilde            <\/h3>\n    \n                <p class=\"vf-profile__text\" style=\"text-align: center;\">\n                University of Copenhagen            <\/p>\n                <p class=\"vf-profile__text\" style=\"text-align: center;\">\n                Denmark            <\/p>\n    \n    \n      \n\n    \n<\/article>\n\n<\/div>\n<\/div>\n<\/div>\n\n\n\n<div class=\"embl-grid\"><div><!--[vf\/content]-->\n<div class=\"vf-content\">\n\n<article class=\"vf-profile vf-profile--very-easy vf-profile--medium vf-profile--block | vf-u-margin__bottom--400\">\n\n    <img decoding=\"async\" width=\"292\" height=\"300\" src=\"https:\/\/www.embl.org\/about\/info\/course-and-conference-office\/wp-content\/uploads\/Andreas-Larsen-292x300.webp\" class=\"vf-profile__image\" alt=\"\" loading=\"lazy\" itemprop=\"image\" srcset=\"https:\/\/www.embl.org\/about\/info\/course-and-conference-office\/wp-content\/uploads\/Andreas-Larsen-292x300.webp 292w, https:\/\/www.embl.org\/about\/info\/course-and-conference-office\/wp-content\/uploads\/Andreas-Larsen.webp 320w\" sizes=\"auto, (max-width: 292px) 100vw, 292px\" \/>\n    <h3 class=\"vf-profile__title\" style=\"text-align: center;\">\n                    Andreas Larsen            <\/h3>\n    \n                <p class=\"vf-profile__text\" style=\"text-align: center;\">\n                University of Copenhagen            <\/p>\n                <p class=\"vf-profile__text\" style=\"text-align: center;\">\n                Denmark            <\/p>\n    \n    \n      \n\n    \n<\/article>\n\n<\/div>\n<\/div>\n\n\n<div><!--[vf\/content]-->\n<div class=\"vf-content\">\n\n<article class=\"vf-profile vf-profile--very-easy vf-profile--medium vf-profile--block | vf-u-margin__bottom--400\">\n\n    <img decoding=\"async\" width=\"270\" height=\"270\" src=\"https:\/\/www.embl.org\/about\/info\/course-and-conference-office\/wp-content\/uploads\/Lytje.png\" class=\"vf-profile__image\" alt=\"\" loading=\"lazy\" itemprop=\"image\" srcset=\"https:\/\/www.embl.org\/about\/info\/course-and-conference-office\/wp-content\/uploads\/Lytje.png 270w, https:\/\/www.embl.org\/about\/info\/course-and-conference-office\/wp-content\/uploads\/Lytje-150x150.png 150w\" sizes=\"auto, (max-width: 270px) 100vw, 270px\" \/>\n    <h3 class=\"vf-profile__title\" style=\"text-align: center;\">\n                    Kristian Lytje            <\/h3>\n    \n                <p class=\"vf-profile__text\" style=\"text-align: center;\">\n                University of Saarland            <\/p>\n                <p class=\"vf-profile__text\" style=\"text-align: center;\">\n                Germany            <\/p>\n    \n    \n      \n\n    \n<\/article>\n\n<\/div>\n<\/div>\n\n\n<div><!--[vf\/content]-->\n<div class=\"vf-content\">\n\n<article class=\"vf-profile vf-profile--very-easy vf-profile--medium vf-profile--block | vf-u-margin__bottom--400\">\n\n    <img decoding=\"async\" width=\"300\" height=\"300\" src=\"https:\/\/www.embl.org\/about\/info\/course-and-conference-office\/wp-content\/uploads\/1695800304480-300x300.jpg\" class=\"vf-profile__image\" alt=\"\" loading=\"lazy\" itemprop=\"image\" srcset=\"https:\/\/www.embl.org\/about\/info\/course-and-conference-office\/wp-content\/uploads\/1695800304480-300x300.jpg 300w, https:\/\/www.embl.org\/about\/info\/course-and-conference-office\/wp-content\/uploads\/1695800304480-150x150.jpg 150w, https:\/\/www.embl.org\/about\/info\/course-and-conference-office\/wp-content\/uploads\/1695800304480.jpg 400w\" sizes=\"auto, (max-width: 300px) 100vw, 300px\" \/>\n    <h3 class=\"vf-profile__title\" style=\"text-align: center;\">\n                    Karen Manalastas-Cantos            <\/h3>\n    \n                <p class=\"vf-profile__text\" style=\"text-align: center;\">\n                CSSB Hamburg            <\/p>\n                <p class=\"vf-profile__text\" style=\"text-align: center;\">\n                Germany            <\/p>\n    \n    \n      \n\n    \n<\/article>\n\n<\/div>\n<\/div>\n<\/div>\n\n\n\n<div class=\"embl-grid\"><div><!--[vf\/content]-->\n<div class=\"vf-content\">\n\n<article class=\"vf-profile vf-profile--very-easy vf-profile--medium vf-profile--block | vf-u-margin__bottom--400\">\n\n    <img decoding=\"async\" width=\"216\" height=\"300\" src=\"https:\/\/www.embl.org\/about\/info\/course-and-conference-office\/wp-content\/uploads\/Anne_Martel-216x300.jpg\" class=\"vf-profile__image\" alt=\"\" loading=\"lazy\" itemprop=\"image\" srcset=\"https:\/\/www.embl.org\/about\/info\/course-and-conference-office\/wp-content\/uploads\/Anne_Martel-216x300.jpg 216w, https:\/\/www.embl.org\/about\/info\/course-and-conference-office\/wp-content\/uploads\/Anne_Martel.jpg 298w\" sizes=\"auto, (max-width: 216px) 100vw, 216px\" \/>\n    <h3 class=\"vf-profile__title\" style=\"text-align: center;\">\n                    Anne Martel            <\/h3>\n    \n                <p class=\"vf-profile__text\" style=\"text-align: center;\">\n                Institut Laue-Langevin            <\/p>\n                <p class=\"vf-profile__text\" style=\"text-align: center;\">\n                France            <\/p>\n    \n    \n      \n\n    \n<\/article>\n\n<\/div>\n<\/div>\n\n\n<div><!--[vf\/content]-->\n<div class=\"vf-content\">\n\n<article class=\"vf-profile vf-profile--very-easy vf-profile--medium vf-profile--block | vf-u-margin__bottom--400\">\n\n    <img decoding=\"async\" width=\"300\" height=\"200\" src=\"https:\/\/www.embl.org\/about\/info\/course-and-conference-office\/wp-content\/uploads\/Ludmila-Mee-300x200.jpg\" class=\"vf-profile__image\" alt=\"\" loading=\"lazy\" itemprop=\"image\" srcset=\"https:\/\/www.embl.org\/about\/info\/course-and-conference-office\/wp-content\/uploads\/Ludmila-Mee-300x200.jpg 300w, https:\/\/www.embl.org\/about\/info\/course-and-conference-office\/wp-content\/uploads\/Ludmila-Mee-1024x683.jpg 1024w, https:\/\/www.embl.org\/about\/info\/course-and-conference-office\/wp-content\/uploads\/Ludmila-Mee-768x512.jpg 768w, https:\/\/www.embl.org\/about\/info\/course-and-conference-office\/wp-content\/uploads\/Ludmila-Mee.jpg 1200w\" sizes=\"auto, (max-width: 300px) 100vw, 300px\" \/>\n    <h3 class=\"vf-profile__title\" style=\"text-align: center;\">\n                    Ludmila Mee            <\/h3>\n    \n                <p class=\"vf-profile__text\" style=\"text-align: center;\">\n                ISIS Neutron and Muon Source            <\/p>\n                <p class=\"vf-profile__text\" style=\"text-align: center;\">\n                UK            <\/p>\n    \n    \n      \n\n    \n<\/article>\n\n<\/div>\n<\/div>\n\n\n<div><!--[vf\/content]-->\n<div class=\"vf-content\">\n\n<article class=\"vf-profile vf-profile--very-easy vf-profile--medium vf-profile--block | vf-u-margin__bottom--400\">\n\n    <img decoding=\"async\" width=\"300\" height=\"300\" src=\"https:\/\/www.embl.org\/about\/info\/course-and-conference-office\/wp-content\/uploads\/1517613388192-300x300.jpg\" class=\"vf-profile__image\" alt=\"\" loading=\"lazy\" itemprop=\"image\" srcset=\"https:\/\/www.embl.org\/about\/info\/course-and-conference-office\/wp-content\/uploads\/1517613388192-300x300.jpg 300w, https:\/\/www.embl.org\/about\/info\/course-and-conference-office\/wp-content\/uploads\/1517613388192-150x150.jpg 150w, https:\/\/www.embl.org\/about\/info\/course-and-conference-office\/wp-content\/uploads\/1517613388192.jpg 400w\" sizes=\"auto, (max-width: 300px) 100vw, 300px\" \/>\n    <h3 class=\"vf-profile__title\" style=\"text-align: center;\">\n                    Florian Meier            <\/h3>\n    \n                <p class=\"vf-profile__text\" style=\"text-align: center;\">\n                Postnova            <\/p>\n                <p class=\"vf-profile__text\" style=\"text-align: center;\">\n                Germany            <\/p>\n    \n    \n      \n\n    \n<\/article>\n\n<\/div>\n<\/div>\n<\/div>\n\n\n\n<div class=\"embl-grid\"><div><!--[vf\/content]-->\n<div class=\"vf-content\">\n\n<article class=\"vf-profile vf-profile--very-easy vf-profile--medium vf-profile--block | vf-u-margin__bottom--400\">\n\n    <img decoding=\"async\" width=\"155\" height=\"175\" src=\"https:\/\/www.embl.org\/about\/info\/course-and-conference-office\/wp-content\/uploads\/Dima-Molodenskiy-1.jpg\" class=\"vf-profile__image\" alt=\"\" loading=\"lazy\" itemprop=\"image\" \/>\n    <h3 class=\"vf-profile__title\" style=\"text-align: center;\">\n                    Dima Molodenskiy            <\/h3>\n    \n                <p class=\"vf-profile__text\" style=\"text-align: center;\">\n                EMBL Hamburg            <\/p>\n                <p class=\"vf-profile__text\" style=\"text-align: center;\">\n                Germany            <\/p>\n    \n    \n      \n\n    \n<\/article>\n\n<\/div>\n<\/div>\n\n\n<div><!--[vf\/content]-->\n<div class=\"vf-content\">\n\n<article class=\"vf-profile vf-profile--very-easy vf-profile--medium vf-profile--block | vf-u-margin__bottom--400\">\n\n    <img decoding=\"async\" width=\"260\" height=\"300\" src=\"https:\/\/www.embl.org\/about\/info\/course-and-conference-office\/wp-content\/uploads\/murmuluk.jpg__300x300_q95_subsampling-2.jpg\" class=\"vf-profile__image\" alt=\"\" loading=\"lazy\" itemprop=\"image\" \/>\n    <h3 class=\"vf-profile__title\" style=\"text-align: center;\">\n                    Anastasiia Murmiliuk            <\/h3>\n    \n                <p class=\"vf-profile__text\" style=\"text-align: center;\">\n                University of Milan            <\/p>\n                <p class=\"vf-profile__text\" style=\"text-align: center;\">\n                Italy            <\/p>\n    \n    \n      \n\n    \n<\/article>\n\n<\/div>\n<\/div>\n\n\n<div><!--[vf\/content]-->\n<div class=\"vf-content\">\n\n<article class=\"vf-profile vf-profile--very-easy vf-profile--medium vf-profile--block | vf-u-margin__bottom--400\">\n\n    <img decoding=\"async\" width=\"180\" height=\"240\" src=\"https:\/\/www.embl.org\/about\/info\/course-and-conference-office\/wp-content\/uploads\/Carolin-Seuring.jpg\" class=\"vf-profile__image\" alt=\"\" loading=\"lazy\" itemprop=\"image\" \/>\n    <h3 class=\"vf-profile__title\" style=\"text-align: center;\">\n                    Carolin Seuring            <\/h3>\n    \n                <p class=\"vf-profile__text\" style=\"text-align: center;\">\n                CSSB            <\/p>\n                <p class=\"vf-profile__text\" style=\"text-align: center;\">\n                Germany            <\/p>\n    \n    \n      \n\n    \n<\/article>\n\n<\/div>\n<\/div>\n<\/div>\n\n\n\n<div class=\"embl-grid\"><div><!--[vf\/content]-->\n<div class=\"vf-content\">\n\n<article class=\"vf-profile vf-profile--very-easy vf-profile--medium vf-profile--block | vf-u-margin__bottom--400\">\n\n    <img decoding=\"async\" width=\"300\" height=\"169\" src=\"https:\/\/www.embl.org\/about\/info\/course-and-conference-office\/wp-content\/uploads\/jan-skov-pedersen-portrett-300x169.jpg\" class=\"vf-profile__image\" alt=\"\" loading=\"lazy\" itemprop=\"image\" srcset=\"https:\/\/www.embl.org\/about\/info\/course-and-conference-office\/wp-content\/uploads\/jan-skov-pedersen-portrett-300x169.jpg 300w, https:\/\/www.embl.org\/about\/info\/course-and-conference-office\/wp-content\/uploads\/jan-skov-pedersen-portrett-768x432.jpg 768w, https:\/\/www.embl.org\/about\/info\/course-and-conference-office\/wp-content\/uploads\/jan-skov-pedersen-portrett.jpg 1000w\" sizes=\"auto, (max-width: 300px) 100vw, 300px\" \/>\n    <h3 class=\"vf-profile__title\" style=\"text-align: center;\">\n                    Jan Skov Petersen            <\/h3>\n    \n                <p class=\"vf-profile__text\" style=\"text-align: center;\">\n                Aarhus University            <\/p>\n                <p class=\"vf-profile__text\" style=\"text-align: center;\">\n                Denmark            <\/p>\n    \n    \n      \n\n    \n<\/article>\n\n<\/div>\n<\/div>\n\n\n<div><!--[vf\/content]-->\n<div class=\"vf-content\">\n\n<article class=\"vf-profile vf-profile--very-easy vf-profile--medium vf-profile--block | vf-u-margin__bottom--400\">\n\n    <img decoding=\"async\" width=\"300\" height=\"300\" src=\"https:\/\/www.embl.org\/about\/info\/course-and-conference-office\/wp-content\/uploads\/Jaka-Snoj-300x300.jpg\" class=\"vf-profile__image\" alt=\"\" loading=\"lazy\" itemprop=\"image\" srcset=\"https:\/\/www.embl.org\/about\/info\/course-and-conference-office\/wp-content\/uploads\/Jaka-Snoj-300x300.jpg 300w, https:\/\/www.embl.org\/about\/info\/course-and-conference-office\/wp-content\/uploads\/Jaka-Snoj-150x150.jpg 150w, https:\/\/www.embl.org\/about\/info\/course-and-conference-office\/wp-content\/uploads\/Jaka-Snoj.jpg 400w\" sizes=\"auto, (max-width: 300px) 100vw, 300px\" \/>\n    <h3 class=\"vf-profile__title\" style=\"text-align: center;\">\n                    Jaka Snoj            <\/h3>\n    \n                <p class=\"vf-profile__text\" style=\"text-align: center;\">\n                National Institute of Chemistry            <\/p>\n                <p class=\"vf-profile__text\" style=\"text-align: center;\">\n                Slovenia            <\/p>\n    \n    \n      \n\n    \n<\/article>\n\n<\/div>\n<\/div>\n\n\n<div><!--[vf\/content]-->\n<div class=\"vf-content\">\n\n<article class=\"vf-profile vf-profile--very-easy vf-profile--medium vf-profile--block | vf-u-margin__bottom--400\">\n\n    <img decoding=\"async\" width=\"155\" height=\"175\" src=\"https:\/\/www.embl.org\/about\/info\/course-and-conference-office\/wp-content\/uploads\/Dmytro-Soloviov-1.jpg\" class=\"vf-profile__image\" alt=\"\" loading=\"lazy\" itemprop=\"image\" \/>\n    <h3 class=\"vf-profile__title\" style=\"text-align: center;\">\n                    Dmytro Soloviov            <\/h3>\n    \n                <p class=\"vf-profile__text\" style=\"text-align: center;\">\n                EMBL Hamburg            <\/p>\n                <p class=\"vf-profile__text\" style=\"text-align: center;\">\n                Germany            <\/p>\n    \n    \n      \n\n    \n<\/article>\n\n<\/div>\n<\/div>\n<\/div>\n\n\n\n<div class=\"embl-grid\"><div><!--[vf\/content]-->\n<div class=\"vf-content\">\n\n<article class=\"vf-profile vf-profile--very-easy vf-profile--medium vf-profile--block | vf-u-margin__bottom--400\">\n\n    <img decoding=\"async\" width=\"155\" height=\"175\" src=\"https:\/\/www.embl.org\/about\/info\/course-and-conference-office\/wp-content\/uploads\/Aleksi-Sutinen.jpg\" class=\"vf-profile__image\" alt=\"\" loading=\"lazy\" itemprop=\"image\" \/>\n    <h3 class=\"vf-profile__title\" style=\"text-align: center;\">\n                    Aleksi Sutinen            <\/h3>\n    \n                <p class=\"vf-profile__text\" style=\"text-align: center;\">\n                EMBL Hamburg            <\/p>\n                <p class=\"vf-profile__text\" style=\"text-align: center;\">\n                Germany            <\/p>\n    \n    \n      \n\n    \n<\/article>\n\n<\/div>\n<\/div>\n\n\n<div><!--[vf\/content]-->\n<div class=\"vf-content\">\n\n<article class=\"vf-profile vf-profile--very-easy vf-profile--medium vf-profile--block | vf-u-margin__bottom--400\">\n\n    <img decoding=\"async\" width=\"210\" height=\"280\" src=\"https:\/\/www.embl.org\/about\/info\/course-and-conference-office\/wp-content\/uploads\/Dmitri-Svergun.jpg\" class=\"vf-profile__image\" alt=\"\" loading=\"lazy\" itemprop=\"image\" \/>\n    <h3 class=\"vf-profile__title\" style=\"text-align: center;\">\n                    Dmitri Svergun            <\/h3>\n    \n                <p class=\"vf-profile__text\" style=\"text-align: center;\">\n                BIOSAXS            <\/p>\n                <p class=\"vf-profile__text\" style=\"text-align: center;\">\n                Germany            <\/p>\n    \n    \n      \n\n    \n<\/article>\n\n<\/div>\n<\/div>\n\n\n<div><!--[vf\/content]-->\n<div class=\"vf-content\">\n\n<article class=\"vf-profile vf-profile--very-easy vf-profile--medium vf-profile--block | vf-u-margin__bottom--400\">\n\n    <img decoding=\"async\" width=\"155\" height=\"175\" src=\"https:\/\/www.embl.org\/about\/info\/course-and-conference-office\/wp-content\/uploads\/Timur-Tropin.jpg\" class=\"vf-profile__image\" alt=\"\" loading=\"lazy\" itemprop=\"image\" \/>\n    <h3 class=\"vf-profile__title\" style=\"text-align: center;\">\n                    Timur Tropin            <\/h3>\n    \n                <p class=\"vf-profile__text\" style=\"text-align: center;\">\n                EMBL Hamburg            <\/p>\n                <p class=\"vf-profile__text\" style=\"text-align: center;\">\n                Germany            <\/p>\n    \n    \n      \n\n    \n<\/article>\n\n<\/div>\n<\/div>\n<\/div>\n\n\n\n<div class=\"embl-grid\"><div><!--[vf\/content]-->\n<div class=\"vf-content\">\n\n<article class=\"vf-profile vf-profile--very-easy vf-profile--medium vf-profile--block | vf-u-margin__bottom--400\">\n\n    <img decoding=\"async\" width=\"288\" height=\"288\" src=\"https:\/\/www.embl.org\/about\/info\/course-and-conference-office\/wp-content\/uploads\/Susan-Tsutakawa.jpg\" class=\"vf-profile__image\" alt=\"\" loading=\"lazy\" itemprop=\"image\" srcset=\"https:\/\/www.embl.org\/about\/info\/course-and-conference-office\/wp-content\/uploads\/Susan-Tsutakawa.jpg 288w, https:\/\/www.embl.org\/about\/info\/course-and-conference-office\/wp-content\/uploads\/Susan-Tsutakawa-150x150.jpg 150w\" sizes=\"auto, (max-width: 288px) 100vw, 288px\" \/>\n    <h3 class=\"vf-profile__title\" style=\"text-align: center;\">\n                    Susan Tsutakawa            <\/h3>\n    \n                <p class=\"vf-profile__text\" style=\"text-align: center;\">\n                Lawrence Berkeley National Laboratory            <\/p>\n                <p class=\"vf-profile__text\" style=\"text-align: center;\">\n                USA            <\/p>\n    \n    \n      \n\n    \n<\/article>\n\n<\/div>\n<\/div>\n\n\n<div><!--[vf\/content]-->\n<div class=\"vf-content\">\n\n<article class=\"vf-profile vf-profile--very-easy vf-profile--medium vf-profile--block | vf-u-margin__bottom--400\">\n\n    <img decoding=\"async\" width=\"300\" height=\"300\" src=\"https:\/\/www.embl.org\/about\/info\/course-and-conference-office\/wp-content\/uploads\/Charlotte-Uetrecht-300x300.webp\" class=\"vf-profile__image\" alt=\"\" loading=\"lazy\" itemprop=\"image\" srcset=\"https:\/\/www.embl.org\/about\/info\/course-and-conference-office\/wp-content\/uploads\/Charlotte-Uetrecht-300x300.webp 300w, https:\/\/www.embl.org\/about\/info\/course-and-conference-office\/wp-content\/uploads\/Charlotte-Uetrecht-150x150.webp 150w, https:\/\/www.embl.org\/about\/info\/course-and-conference-office\/wp-content\/uploads\/Charlotte-Uetrecht-768x768.webp 768w, https:\/\/www.embl.org\/about\/info\/course-and-conference-office\/wp-content\/uploads\/Charlotte-Uetrecht.webp 904w\" sizes=\"auto, (max-width: 300px) 100vw, 300px\" \/>\n    <h3 class=\"vf-profile__title\" style=\"text-align: center;\">\n                    Charlotte Uetrecht            <\/h3>\n    \n                <p class=\"vf-profile__text\" style=\"text-align: center;\">\n                CSSB            <\/p>\n                <p class=\"vf-profile__text\" style=\"text-align: center;\">\n                Germany            <\/p>\n    \n    \n      \n\n    \n<\/article>\n\n<\/div>\n<\/div>\n\n\n<div><!--[vf\/content]-->\n<div class=\"vf-content\">\n\n<article class=\"vf-profile vf-profile--very-easy vf-profile--medium vf-profile--block | vf-u-margin__bottom--400\">\n\n    <img decoding=\"async\" width=\"150\" height=\"150\" src=\"https:\/\/www.embl.org\/about\/info\/course-and-conference-office\/wp-content\/uploads\/Andrew-Whitten.jpg\" class=\"vf-profile__image\" alt=\"\" loading=\"lazy\" itemprop=\"image\" \/>\n    <h3 class=\"vf-profile__title\" style=\"text-align: center;\">\n                    Andrew Whitten            <\/h3>\n    \n                <p class=\"vf-profile__text\" style=\"text-align: center;\">\n                ANSTO            <\/p>\n                <p class=\"vf-profile__text\" style=\"text-align: center;\">\n                Australia            <\/p>\n    \n    \n      \n\n    \n<\/article>\n\n<\/div>\n<\/div>\n<\/div>\n\n\n\n<div class=\"embl-grid\"><div><!--[vf\/content]-->\n<div class=\"vf-content\">\n\n<article class=\"vf-profile vf-profile--very-easy vf-profile--medium vf-profile--block | vf-u-margin__bottom--400\">\n\n    <img decoding=\"async\" width=\"300\" height=\"293\" src=\"https:\/\/www.embl.org\/about\/info\/course-and-conference-office\/wp-content\/uploads\/ChristophWiedemann-300x293-1.png\" class=\"vf-profile__image\" alt=\"\" loading=\"lazy\" itemprop=\"image\" \/>\n    <h3 class=\"vf-profile__title\" style=\"text-align: center;\">\n                    Christoph Wiedemann            <\/h3>\n    \n                <p class=\"vf-profile__text\" style=\"text-align: center;\">\n                Friedrich Schiller University Jena            <\/p>\n                <p class=\"vf-profile__text\" style=\"text-align: center;\">\n                Germany            <\/p>\n    \n    \n      \n\n    \n<\/article>\n\n<\/div>\n<\/div>\n\n\n<div><!--[vf\/content]-->\n<div class=\"vf-content\">\n\n<\/div>\n<\/div>\n\n\n<div><!--[vf\/content]-->\n<div class=\"vf-content\">\n\n<\/div>\n<\/div>\n<\/div>\n\n\n\n<h2 class=\"wp-block-heading\">Scientific organisers<\/h2>\n\n\n\n<div class=\"vf-grid | vf-grid__col-3\"><div><!--[vf\/content]-->\n<div class=\"vf-content\">\n\n<article class=\"vf-profile vf-profile--very-easy vf-profile--medium vf-profile--block | vf-u-margin__bottom--400\">\n\n    <img decoding=\"async\" width=\"155\" height=\"175\" src=\"https:\/\/www.embl.org\/about\/info\/course-and-conference-office\/wp-content\/uploads\/Clement-Blanchet.jpg\" class=\"vf-profile__image\" alt=\"\" loading=\"lazy\" itemprop=\"image\" \/>\n    <h3 class=\"vf-profile__title\" style=\"text-align: center;\">\n                    Clement Blanchet            <\/h3>\n    \n                <p class=\"vf-profile__text\" style=\"text-align: center;\">\n                EMBL Hamburg            <\/p>\n                <p class=\"vf-profile__text\" style=\"text-align: center;\">\n                Germany            <\/p>\n    \n    \n      \n\n    \n<\/article>\n\n<\/div>\n<\/div>\n\n\n<div><!--[vf\/content]-->\n<div class=\"vf-content\">\n\n<article class=\"vf-profile vf-profile--very-easy vf-profile--medium vf-profile--block | vf-u-margin__bottom--400\">\n\n    <img decoding=\"async\" width=\"278\" height=\"300\" src=\"https:\/\/www.embl.org\/about\/info\/course-and-conference-office\/wp-content\/uploads\/EMBL_MelissaGraevert-WP-1-278x300.jpg\" class=\"vf-profile__image\" alt=\"\" loading=\"lazy\" itemprop=\"image\" srcset=\"https:\/\/www.embl.org\/about\/info\/course-and-conference-office\/wp-content\/uploads\/EMBL_MelissaGraevert-WP-1-278x300.jpg 278w, https:\/\/www.embl.org\/about\/info\/course-and-conference-office\/wp-content\/uploads\/EMBL_MelissaGraevert-WP-1.jpg 555w\" sizes=\"auto, (max-width: 278px) 100vw, 278px\" \/>\n    <h3 class=\"vf-profile__title\" style=\"text-align: center;\">\n                    Melissa Gr\u00e4wert            <\/h3>\n    \n                <p class=\"vf-profile__text\" style=\"text-align: center;\">\n                EMBL Hamburg            <\/p>\n                <p class=\"vf-profile__text\" style=\"text-align: center;\">\n                Germany            <\/p>\n    \n    \n      \n\n    \n<\/article>\n\n<\/div>\n<\/div>\n\n\n<div><!--[vf\/content]-->\n<div class=\"vf-content\">\n\n<article class=\"vf-profile vf-profile--very-easy vf-profile--medium vf-profile--block | vf-u-margin__bottom--400\">\n\n    <img decoding=\"async\" width=\"200\" height=\"200\" src=\"https:\/\/www.embl.org\/about\/info\/course-and-conference-office\/wp-content\/uploads\/Annette-Langkilde.jpg\" class=\"vf-profile__image\" alt=\"\" loading=\"lazy\" itemprop=\"image\" srcset=\"https:\/\/www.embl.org\/about\/info\/course-and-conference-office\/wp-content\/uploads\/Annette-Langkilde.jpg 200w, https:\/\/www.embl.org\/about\/info\/course-and-conference-office\/wp-content\/uploads\/Annette-Langkilde-150x150.jpg 150w\" sizes=\"auto, (max-width: 200px) 100vw, 200px\" \/>\n    <h3 class=\"vf-profile__title\" style=\"text-align: center;\">\n                    Annette Langkilde            <\/h3>\n    \n                <p class=\"vf-profile__text\" style=\"text-align: center;\">\n                University of Copenhagen            <\/p>\n                <p class=\"vf-profile__text\" style=\"text-align: center;\">\n                Denmark            <\/p>\n    \n    \n      \n\n    \n<\/article>\n\n<\/div>\n<\/div>\n<\/div>\n\n\n\n<h2 class=\"wp-block-heading\">Course organisers<\/h2>\n\n\n\n<div class=\"vf-grid | vf-grid__col-3\"><div><!--[vf\/content]-->\n<div class=\"vf-content\">\n\n<article class=\"vf-profile vf-profile--very-easy vf-profile--medium vf-profile--block | vf-u-margin__bottom--400\">\n\n    <img decoding=\"async\" width=\"155\" height=\"175\" src=\"https:\/\/www.embl.org\/about\/info\/course-and-conference-office\/wp-content\/uploads\/Luana.jpg\" class=\"vf-profile__image\" alt=\"\" loading=\"lazy\" itemprop=\"image\" \/>\n    <h3 class=\"vf-profile__title\" style=\"text-align: center;\">\n                    Luana Ribeiro            <\/h3>\n    \n                <p class=\"vf-profile__text\" style=\"text-align: center;\">\n                Course and Conference Officer            <\/p>\n                <p class=\"vf-profile__text\" style=\"text-align: center;\">\n                EMBL Heidelberg            <\/p>\n                <p class=\"vf-profile__text\" style=\"text-align: center;\">\n                Germany            <\/p>\n    \n    \n      \n\n    \n<\/article>\n\n<\/div>\n<\/div>\n\n\n<div><!--[vf\/content]-->\n<div class=\"vf-content\">\n\n<\/div>\n<\/div>\n\n\n<div><!--[vf\/content]-->\n<div class=\"vf-content\">\n\n<\/div>\n<\/div>\n<\/div>\n<\/section>\n\n\n\n<section class=\"vf-tabs__section\" id=\"vf-tabs__section-programme1\"><h2>Virtual programme (6 &#8211; 10 October 2025)<\/h2>\n<p id=\"block-1984fb46-4b9e-4350-bb7b-3decc4627750\">Are you on social media? Post using<strong> EMBLSolutionScattering  <\/strong>and don&#8217;t forget to tag <strong>@EMBLEvents<\/strong>.<\/p>\n\n\n\n<p><\/p>\n\n\n\n<ul class=\"wp-block-list\">\n<li>Some pre-course work (such as watching pre-recordings and protocol reading) with estimated time 0-10 hours will be required and will be shared in advance of the course.<\/li>\n\n\n\n<li>For registered participants, recorded talks will be accessible on demand for 4 weeks after the end of the event, unless indicated otherwise.<\/li>\n<\/ul>\n\n\n\n<p><\/p>\n\n\n\n<details  class=\"vf-details\" id=\"\"  >\n<summary class=\"vf-details--summary\">\nDay 0 &#8211; Wednesday 1 October 2025<\/summary>\n<div class=\"acf-innerblocks-container\">\n\n<p><\/p>\n\n\n\n<figure class=\"wp-block-table\"><table><thead><tr><th><strong>Time (Europe\/Berlin)<\/strong><\/th><th>Speaker<\/th><\/tr><\/thead><tbody><tr><td>14:00 &#8211; 15:00<\/td><td><strong>Onboarding<\/strong><\/td><\/tr><tr><td>14:00 &#8211; 14:15<\/td><td><strong>Welcome and short introduction to the Course material<\/strong><br>Melissa Graewert &#8211; EMBL Hamburg, Germany<\/td><\/tr><tr><td>14:15 &#8211; 15:00<\/td><td><strong>Demonstration: ATSAS installation and trouble shooting<\/strong> <strong>(optional) <\/strong><br>Tobias Gr\u00e4wert &#8211; BIOSAXS, Germany<\/td><\/tr><\/tbody><\/table><\/figure>\n\n<\/div>\n<\/details>\n\n\n\n<details  class=\"vf-details\" id=\"\"  >\n<summary class=\"vf-details--summary\">\nDay 1 &#8211; Monday 6 October 2025<\/summary>\n<div class=\"acf-innerblocks-container\">\n\n<p><\/p>\n\n\n\n<figure class=\"wp-block-table\"><table><thead><tr><th><strong>Time (Europe\/Berlin)<\/strong><\/th><th>Speaker<\/th><\/tr><\/thead><tbody><tr><td>14:00 &#8211; 14:15<\/td><td><strong><strong>Welcome and introduction to the course<br><\/strong><\/strong>Melissa Gr\u00e4wert &#8211; EMBL Hamburg, Germany<br>Clement Blanchet &#8211; EMBL Hamburg, Germany<br>Annette Langkilde &#8211; University of Copenhagen, Denmark<\/td><\/tr><tr><td>14:15 &#8211; 15:15<\/td><td><strong>Lecture: Introduction to SAXS<\/strong><br>Richard Gillian &#8211; Cornell University, USA<\/td><\/tr><tr><td>15:15 &#8211; 16:00<\/td><td><strong>Lecture<\/strong>: <strong>Introduction to SANS<\/strong><br>Anne Martel &#8211; Institut Laue-Langevin, France<\/td><\/tr><tr><td>16:00 &#8211; 16:30<\/td><td><strong>Break<\/strong><\/td><\/tr><tr><td>16:30 &#8211; 17:30<\/td><td><strong>Practical Session: Basic data analysis<\/strong><br>Al Kikhney &#8211; Xenocs, Denmark<\/td><\/tr><\/tbody><\/table><\/figure>\n\n<\/div>\n<\/details>\n\n\n\n<details  class=\"vf-details\" id=\"\"  >\n<summary class=\"vf-details--summary\">\nDay 2 &#8211; Tuesday 7 October 2025<\/summary>\n<div class=\"acf-innerblocks-container\">\n\n<p><\/p>\n\n\n\n<figure class=\"wp-block-table\"><table><thead><tr><th><strong>Time (Europe\/Berlin)<\/strong><\/th><th>Speaker<\/th><\/tr><\/thead><tbody><tr><td>14:00 &#8211; 14:05<\/td><td><strong>Overview of the day<\/strong><\/td><\/tr><tr><td>14:05 &#8211; 14:50<\/td><td><strong>Lecture: SAXS Instrumentation<\/strong><br>Nigel Kirby &#8211; Australian Synchrotron, Australia<\/td><\/tr><tr><td>15:00 &#8211; 15:40<\/td><td><strong>Demonstration:<\/strong> <strong>SAXS measurement at P12<\/strong><br>Clement Blanchet &#8211; EMBL Hamburg, Germany<\/td><\/tr><tr><td>15:40 &#8211; 15:55<\/td><td><strong>Break<\/strong><\/td><\/tr><tr><td>15:55 &#8211; 16:35<\/td><td><strong>Lecture: Combining SAS and spectroscopy to study structure\u2013process\u2013function relationships<\/strong><br>Cedric Dicko &#8211; Lund University, Sweden<\/td><\/tr><tr><td>16:35 &#8211; 17:10<\/td><td><strong>Demonstration: Planning the SAXS experiment<\/strong><br>Melissa Gr\u00e4wert &#8211; EMBL Hamburg, Germany<\/td><\/tr><tr><td>17:10 &#8211; 17:30<\/td><td><strong>Introduction:<\/strong> <strong>SAS QUEST (Self Study Tutorial)<\/strong><br>Melissa Gr\u00e4wert &#8211; EMBL Hamburg, Germany<\/td><\/tr><\/tbody><\/table><\/figure>\n\n<\/div>\n<\/details>\n\n\n\n<details  class=\"vf-details\" id=\"\"  >\n<summary class=\"vf-details--summary\">\nDay 3 &#8211; Wednesday 8 October 2025<\/summary>\n<div class=\"acf-innerblocks-container\">\n\n<p><\/p>\n\n\n\n<figure class=\"wp-block-table\"><table><thead><tr><th><strong>Time (Europe\/Berlin)<\/strong><\/th><th>Speaker<\/th><\/tr><\/thead><tbody><tr><td>11:30 &#8211; 13:30<\/td><td><strong>Optional Session: Softmater Samples<br><br>Principles, Pitfalls and Possibilities<br><\/strong>Timur Tropin, EMBL Hamburg, Germany<br><br><strong>Data analysis for soft matter<br><\/strong>Andreas Larsen, University of Copenhagen, Denmark<br><br><strong>SAXS &amp; Nanoparticles<\/strong><br>Anastasiia Murmiliuk &#8211; Universty of Milan, Italy<\/td><\/tr><tr><td>13:30 &#8211; 14:00<\/td><td><strong>Break<\/strong><\/td><\/tr><tr><td>14:00 &#8211; 14:05<\/td><td><strong>Overview of the day<\/strong><\/td><\/tr><tr><td>14:05 &#8211; 15:00<\/td><td><strong>Lecture: Modelling with ATSAS<\/strong><br>Dmitri Svergun &#8211; BIOSAXS, Germany<\/td><\/tr><tr><td>15:00 &#8211; 16:30<\/td><td><strong>Networking session:<\/strong> Discuss your SAS Data (Flash talks and break out rooms)<\/td><\/tr><tr><td>Ongoing<\/td><td><strong>Video on DEMAND:<\/strong> <strong>Practical aspects of hybrid modelling<\/strong><br>Cy Jeffries &#8211; EMBL Hamburg, Germany<\/td><\/tr><\/tbody><\/table><\/figure>\n\n<\/div>\n<\/details>\n\n\n\n<details  class=\"vf-details\" id=\"\"  >\n<summary class=\"vf-details--summary\">\nDay 4 &#8211; Thursday 9 October 2025<\/summary>\n<div class=\"acf-innerblocks-container\">\n\n<p><\/p>\n\n\n\n<figure class=\"wp-block-table\"><table><thead><tr><th><strong>Time (Europe\/Berlin)<\/strong><\/th><th>Speaker<\/th><\/tr><\/thead><tbody><tr><td>14:00 &#8211; 14:05<\/td><td><strong>Overview of the day<\/strong><\/td><\/tr><tr><td>14:05 &#8211; 15:00<\/td><td><strong><strong><strong><strong>Short Presentations: Challenging samples and complementary methods<br><\/strong><\/strong><\/strong><\/strong>Moderator: Annette Langkilde &#8211; University of Copenhagen, Denmark<br><br>Presenters and panelists:<br><br>SAXS on tricky protein samples<br>Christoph Weidemann &#8211; University of Jena, Germany<br><br>SAXS and light scattering for studying lipid nanoparticles<br>Bastian Kolb &#8211; University of Mainz, Germany<br><br>SAXS and mass spectrometry for studying viruses<br>Thomas Kierspel &#8211; DESY, Germany<\/td><\/tr><tr><td>15:00 &#8211; 15:40<\/td><td><strong><strong>Panel Discussion: Practical Approaches to SAXS Experiments<\/strong><\/strong><\/td><\/tr><tr><td>15:40 &#8211; 16:00<\/td><td><strong>Break<\/strong><\/td><\/tr><tr><td>16:00 &#8211; 16:55<\/td><td><strong><strong><strong><strong>Short Presentations: SAXS across time and length scales<br><\/strong><\/strong><\/strong><\/strong>Moderator: Aleksi Sutinen &#8211; EMBL Hamburg, Germany<br><br>Presenters and panelists:<br><br>SAS to study fibrillation events<br>Annette Langkilde &#8211; University of Copenhagen, Denmark<br><br>Time-resolved SAS for studying ion channels<br>Kesha Josts &#8211; Newcastle University, UK<\/td><\/tr><tr><td>16:55 &#8211; 17:30<\/td><td><strong><strong>Panel Discussion: Beyond Standard Measurements<\/strong><\/strong><\/td><\/tr><\/tbody><\/table><\/figure>\n\n<\/div>\n<\/details>\n\n\n\n<details  class=\"vf-details\" id=\"\"  >\n<summary class=\"vf-details--summary\">\nDay 5 &#8211; Friday 10 October 2025<\/summary>\n<div class=\"acf-innerblocks-container\">\n\n<p><\/p>\n\n\n\n<figure class=\"wp-block-table\"><table><thead><tr><th><strong>Time (Europe\/Berlin)<\/strong><\/th><th>Speaker<\/th><\/tr><\/thead><tbody><tr><td>11:00 &#8211; 11:45<\/td><td><strong>Lecture:<\/strong> <strong>Standards and Publications Guidelines<\/strong><br>Andrew Whitten &#8211; ANSTO, Australia<\/td><\/tr><tr><td>11:45 &#8211; 13:00<\/td><td><strong><strong>Update: SAS Quest (software demonstration)<\/strong><\/strong><\/td><\/tr><tr><td>13:00 &#8211; 14:00<\/td><td><strong>Break<\/strong><\/td><\/tr><tr><td>14:00 &#8211; 14:05<\/td><td><strong>Overview of the last session<\/strong><\/td><\/tr><tr><td>14:05 &#8211; 14:25<\/td><td><strong>Lecture:<\/strong> <strong>New Developments Cryo-EM<\/strong><br>Carolin Seuring &#8211; CSSB Hamburg, Germany<\/td><\/tr><tr><td>14:25 &#8211; 14:45<\/td><td><strong><strong>Lecture: Cryo-EM maps &amp; SAXS<br><\/strong><\/strong>Jan Skov Petterson &#8211; Aarhus University, Denmark<br>Kristian Lytje &#8211; Aarhus University, Denmark<\/td><\/tr><tr><td>14:45 &#8211; 15:25<\/td><td><strong><strong>Lecture: New Developments in AI Predicted Modelling<br><\/strong><\/strong>Karen Manalastas-Cantos &#8211; CSSB Hamburg, Germany<\/td><\/tr><tr><td>15:25 &#8211; 15:50<\/td><td><strong>Break<\/strong><\/td><\/tr><tr><td>15:50 &#8211; 16:10<\/td><td><strong>Lecture:<\/strong> <strong>SAXS and Computer Predicted Models<br><\/strong>Susan Tsutakawa &#8211; Berkeley National Lab, USA<\/td><\/tr><tr><td>16:10 &#8211; 16:50<\/td><td><strong><strong>Panel Discussion: Future of Scattering<br>&amp; Course Wrap-up<\/strong><\/strong><\/td><\/tr><\/tbody><\/table><\/figure>\n\n<\/div>\n<\/details>\n<\/section>\n\n\n\n<section class=\"vf-tabs__section\" id=\"vf-tabs__section-programme2\"><h2>Preliminary on-site programme (17 &#8211; 21 November 2025)<\/h2>\n<p id=\"block-1984fb46-4b9e-4350-bb7b-3decc4627750\">Are you on social media? Post using<strong> #EMBLSolutionScattering <\/strong>and don&#8217;t forget to tag <strong>@EMBLEvents<\/strong>.<\/p>\n\n\n\n<ul class=\"wp-block-list\">\n<li>Some pre-course work (such as watching pre-recordings and protocol reading) with estimated time 0-10 hours will be required and will be shared in advance of the course.<\/li>\n\n\n\n<li>Some speakers may need to join virtually to give their lecture or Q&amp;A, and the programme is subject to change.<\/li>\n\n\n\n<li>For registered participants, recorded talks will be accessible on demand for 4 weeks after the end of the event, unless indicated otherwise.<\/li>\n<\/ul>\n\n\n\n<p><\/p>\n\n\n\n<details  class=\"vf-details\" id=\"\"  >\n<summary class=\"vf-details--summary\">\nDay 1 &#8211; Monday 17 November 2025<\/summary>\n<div class=\"acf-innerblocks-container\">\n\n<p><\/p>\n\n\n\n<figure class=\"wp-block-table\"><table><thead><tr><th><strong>Time (Europe\/Berlin)<\/strong><\/th><th>Speaker<\/th><\/tr><\/thead><tbody><tr><td>10:00 &#8211; 11:30<\/td><td><strong>Welcome and introduction to the course<\/strong><\/td><\/tr><tr><td>11:30 &#8211; 12:45<\/td><td><strong>Facility Tour<\/strong><\/td><\/tr><tr><td>12:45 &#8211; 14:00<\/td><td><strong>Lunch<\/strong><\/td><\/tr><tr><td>14:00 &#8211; 16:30<\/td><td><strong>Practical Unit 1<\/strong><\/td><\/tr><tr><td>16:30 &#8211; 17:00<\/td><td><strong>Coffee Break<\/strong><\/td><\/tr><tr><td>17:00 &#8211; 18:30<\/td><td><strong>Networking: Participants Presentations<\/strong><\/td><\/tr><tr><td>18:30 &#8211; 19:00<\/td><td><strong>Free Time<\/strong><\/td><\/tr><tr><td>18:30 &#8211; 20:30<\/td><td><strong>Dinner<\/strong><\/td><\/tr><\/tbody><\/table><\/figure>\n\n<\/div>\n<\/details>\n\n\n\n<details  class=\"vf-details\" id=\"\"  >\n<summary class=\"vf-details--summary\">\nDay 2 &#8211; Tuesday 18 November 2025<\/summary>\n<div class=\"acf-innerblocks-container\">\n\n<p><\/p>\n\n\n\n<figure class=\"wp-block-table\"><table><thead><tr><th><strong>Time (Europe\/Berlin)<\/strong><\/th><th>Speaker<\/th><\/tr><\/thead><tbody><tr><td>09:00 &#8211; 09:30<\/td><td><strong>Morning Coffee<\/strong><\/td><\/tr><tr><td>09:30 &#8211; 12:00<\/td><td><strong>Practical Unit 2<\/strong><\/td><\/tr><tr><td>12:00 &#8211; 13:00<\/td><td><strong>Special lecture(s)<\/strong><\/td><\/tr><tr><td>13:00 &#8211; 14:00<\/td><td><strong>Lunch<\/strong><\/td><\/tr><tr><td>14:00 &#8211; 15:00<\/td><td><strong>Practical Unit 3<\/strong><\/td><\/tr><tr><td>15:00 &#8211; 15:30<\/td><td><strong>Track Exchange<\/strong><\/td><\/tr><tr><td>15:30 &#8211; 16:00<\/td><td><strong>Coffee Break<\/strong><\/td><\/tr><tr><td>16:00 &#8211; 17:30<\/td><td><strong>Practical Unit 4: Data Collection<\/strong><\/td><\/tr><tr><td>17:30 &#8211; 18:30<\/td><td><strong>Free Time<\/strong><\/td><\/tr><tr><td>18:30 &#8211; 21:00<\/td><td><strong>Dinner<\/strong><\/td><\/tr><tr><td>Overnight<\/td><td><strong>Optional: Data collection (automation)<\/strong><\/td><\/tr><\/tbody><\/table><\/figure>\n\n<\/div>\n<\/details>\n\n\n\n<details  class=\"vf-details\" id=\"\"  >\n<summary class=\"vf-details--summary\">\nDay 3 &#8211; Wednesday 19 November 2025<\/summary>\n<div class=\"acf-innerblocks-container\">\n\n<p><\/p>\n\n\n\n<figure class=\"wp-block-table\"><table><thead><tr><th><strong>Time (Europe\/Berlin)<\/strong><\/th><th>Speaker<\/th><\/tr><\/thead><tbody><tr><td>09:00 &#8211; 09:30<\/td><td><strong>Morning Coffee<\/strong><\/td><\/tr><tr><td>09:30 &#8211; 11:30<\/td><td><strong>Data processing<\/strong><\/td><\/tr><tr><td>11:30 &#8211; 12:30<\/td><td><strong>Special lecture(s)<\/strong><\/td><\/tr><tr><td>12:30 &#8211; 13:30<\/td><td><strong>Lunch<\/strong><\/td><\/tr><tr><td>13:30 &#8211; 14:00<\/td><td><strong>Departure excursion<\/strong><\/td><\/tr><tr><td>14:00 &#8211; 20:00<\/td><td><strong><strong>Excursion (EuXFEL) + Dinner<\/strong><\/strong><\/td><\/tr><tr><td>20:00 &#8211; 23:00<\/td><td><strong>Free time (Christmas market)<\/strong><\/td><\/tr><\/tbody><\/table><\/figure>\n\n<\/div>\n<\/details>\n\n\n\n<details  class=\"vf-details\" id=\"\"  >\n<summary class=\"vf-details--summary\">\nDay 4 &#8211; Thursday 20 November 2025<\/summary>\n<div class=\"acf-innerblocks-container\">\n\n<p><\/p>\n\n\n\n<figure class=\"wp-block-table\"><table><thead><tr><th><strong>Time (Europe\/Berlin)<\/strong><\/th><th>Speaker<\/th><\/tr><\/thead><tbody><tr><td>09:00 &#8211; 09:30<\/td><td><strong>Morning Coffee<\/strong><\/td><\/tr><tr><td>09:30 &#8211; 12:00<\/td><td><strong>Practical Unit 5: Data Collection<\/strong><\/td><\/tr><tr><td>12:00 &#8211; 13:00<\/td><td><strong>Special lecture(s)<\/strong><\/td><\/tr><tr><td>13:00 &#8211; 14:00<\/td><td><strong>Lunch<\/strong><\/td><\/tr><tr><td>14:00 &#8211; 16:30<\/td><td><strong>Data processing<\/strong><\/td><\/tr><tr><td>16:30 &#8211; 17:30<\/td><td><strong>Coffee + Meet &amp; Greet special Guests<\/strong><\/td><\/tr><tr><td>17:30 &#8211; 18:15<\/td><td><strong><strong>Panel discussion &#8211; Special Guests<\/strong><\/strong><\/td><\/tr><tr><td>18:15 &#8211; 18:45<\/td><td><strong>Free Time<\/strong><\/td><\/tr><tr><td>18:45 &#8211; 20:45<\/td><td><strong>Course Dinner with Guests<\/strong><\/td><\/tr><tr><td>Overnight<\/td><td><strong>Optional: Data collection (automation)<\/strong><\/td><\/tr><\/tbody><\/table><\/figure>\n\n<\/div>\n<\/details>\n\n\n\n<details  class=\"vf-details\" id=\"\"  >\n<summary class=\"vf-details--summary\">\nDay 5 &#8211; Friday 21 November 2025<\/summary>\n<div class=\"acf-innerblocks-container\">\n\n<p><\/p>\n\n\n\n<figure class=\"wp-block-table\"><table><thead><tr><th><strong>Time (Europe\/Berlin)<\/strong><\/th><th>Speaker<\/th><\/tr><\/thead><tbody><tr><td>09:00 &#8211; 09:30<\/td><td><strong>Morning Coffee<\/strong><\/td><\/tr><tr><td>09:30 &#8211; 10:45<\/td><td><strong>Data processing + summary<\/strong><\/td><\/tr><tr><td>10:45 &#8211; 11:45<\/td><td><strong>Flash presentations &#8211; Course results<\/strong><\/td><\/tr><tr><td>11:45 &#8211; 12:00<\/td><td><strong>Course wrap-up<\/strong><\/td><\/tr><tr><td>12:00 &#8211; 13:00<\/td><td><strong>Lunch + Departure<\/strong><\/td><\/tr><tr><td>13:00 &#8211; 14:00<\/td><td><strong>Optional: EMBL HH lecture<\/strong><\/td><\/tr><tr><td>Ongoing<\/td><td><strong>Feedback from trainer related to homework<\/strong><\/td><\/tr><\/tbody><\/table><\/figure>\n\n<\/div>\n<\/details>\n<\/section>\n\n\n\n<section class=\"vf-tabs__section\" id=\"vf-tabs__section-information\"><h2>Practical information<\/h2>\n<details  class=\"vf-details\" id=\"\"  >\n<summary class=\"vf-details--summary\">\nRegistration fees and motivation letter<\/summary>\n<div class=\"acf-innerblocks-container\">\n\n<p>The number of participants will be limited to 60 virtual participants and 10 participants for the on-site&nbsp; module.<\/p>\n\n\n\n<p>When applying for this course you will have the possibility to apply for only the virtual module or for both virtual and on-site modules. <strong>Please note that only students that have completed the virtual module will be taken into consideration in the selection for an on-site module.<\/strong><\/p>\n\n\n\n<h2 class=\"wp-block-heading\">Registration<\/h2>\n\n\n\n<p><strong><strong>Registration fees<\/strong> for the virtual module&nbsp;<\/strong>include access to online lectures and other course materials.<\/p>\n\n\n\n<figure class=\"wp-block-table is-style-regular\"><table><tbody><tr><td><strong>Academia<\/strong><\/td><td>\u20ac120<\/td><\/tr><tr><td><strong>PhD Student<\/strong><\/td><td>\u20ac75<\/td><\/tr><tr><td><strong>Industry<\/strong><\/td><td>\u20ac150<\/td><\/tr><\/tbody><\/table><\/figure>\n\n\n\n<p><\/p>\n\n\n\n<p><strong>Registration fees for the on-site module<\/strong> include accommodation in single rooms at the DESY guesthouse, all meals throughout the duration of the course, and course materials. Travel expenses are NOT covered with the registration fee.<\/p>\n\n\n\n<figure class=\"wp-block-table is-style-regular\"><table><tbody><tr><td><strong>Academia<\/strong><\/td><td>\u20ac600<\/td><\/tr><tr><td><strong>PhD Student<\/strong><\/td><td>\u20ac550<\/td><\/tr><tr><td><strong>Industry<\/strong><\/td><td>\u20ac1000<\/td><\/tr><\/tbody><\/table><\/figure>\n\n\n\n<p><\/p>\n\n\n\n<p>Please note that students selected for the on-site module will have their virtual module registration fee waived and will only have to pay the on-site registration fee.<\/p>\n\n\n\n<p><strong>A letter to support your visa application<\/strong>&nbsp;will be issued, on request, once payment of the registration fee is confirmed.<\/p>\n\n\n\n<p>We recommend that you book your visa appointment as soon as possible, to avoid any delay with your visa application.<\/p>\n\n\n\n<h2 class=\"wp-block-heading\">Confirmation and payment<\/h2>\n\n\n\n<p>The registration fee should be paid only after acceptance to the course.&nbsp;The results will be announced approximately 2-3 weeks after the application deadline.<\/p>\n\n\n\n<h2 class=\"wp-block-heading\" id=\"letter\">Motivation letter submission<\/h2>\n\n\n\n<p>After you have logged in and successfully registered, you will receive an email asking you to submit your motivation letter. Click on the link provided and enter your motivation letter in the text box provided. Alternatively you can submit your motivation letter by clicking on the link on the confirmation page directly after registering. <\/p>\n\n\n\n<p><strong>Instructions<\/strong><\/p>\n\n\n\n<ol class=\"wp-block-list\">\n<li>Include your relevant skills, experience and qualifications showing why you would be suitable for the course.<\/li>\n\n\n\n<li>Explain why you would like to attend, including what you can contribute and how you think you will benefit from the course.<\/li>\n<\/ol>\n\n\n\n<p>Please note: <\/p>\n\n\n\n<ul class=\"wp-block-list\">\n<li>The limit of 2000 characters refers to manually typed text and excludes spaces. If an error occurs try using a different web browser (preferably Google Chrome or Mozilla Firefox). <\/li>\n\n\n\n<li>If you copy-paste the text into the form, hidden formatting might still be included which may cause the text to exceed the 2,000 character limit resulting in an error message. We recommend you clear all formatting before pasting in the text. <\/li>\n\n\n\n<li>If you have special symbols in your text, make sure you are using Unicode characters, otherwise these will not be recognised. <\/li>\n<\/ul>\n\n\n\n<p>For more detailed information, follow the instructions provided in our video on <a href=\"https:\/\/youtu.be\/M5OHYbAc4mA\">how to submit a course motivation letter<\/a>.<\/p>\n\n\n\n<h2 class=\"wp-block-heading\">Further details<\/h2>\n\n\n\n<p>For further information about registration and motivation letter submission please refer to the&nbsp;<a href=\"https:\/\/www.embl.org\/about\/info\/course-and-conference-office\/information-for-participants\/frequently-asked-questions\/\">FAQ page<\/a>.<\/p>\n\n<\/div>\n<\/details>\n\n\n\n<details  class=\"vf-details\" id=\"\"  >\n<summary class=\"vf-details--summary\">\nFinancial assistance<\/summary>\n<div class=\"acf-innerblocks-container\">\n\n<p>Limited financial assistance in the form of both&nbsp;<strong>registration fee waivers<\/strong> (for virtual module)&nbsp;and&nbsp;<strong>travel grants<\/strong> (for the on-site module) is available for this course.&nbsp;You will be able to apply for the financial assistance during the motivation letter submission process.<\/p>\n\n\n\n<p>Your place in the meeting is only confirmed by paying the registration fee, which is mandatory even when receiving a fee waiver.<\/p>\n\n\n\n<h3 class=\"wp-block-heading\">Registration fee waiver<\/h3>\n\n\n\n<p>The&nbsp;<strong>fee waiver<\/strong>&nbsp;will cover the registration sum that you have paid to attend the course or conference.<\/p>\n\n\n\n<h3 class=\"wp-block-heading\">Travel grant<\/h3>\n\n\n\n<p>Recipients will be notified of their travel cap amount when they are informed of the outcome of their application. Original receipts must be provided with your signature for all costs incurred within two months of completion of travel. Scanned copies cannot be accepted.<\/p>\n\n\n\n<h2 class=\"wp-block-heading\"><strong>Application<\/strong><\/h2>\n\n\n\n<p>You may apply for financial assistance when submitting your motivation letter for courses, and abstract for conferences. In your application you will be asked to answer questions regarding why your lab cannot fund your attendance and how your attendance will make a difference to your career. Application for financial support will not affect the outcome of your registration application.<\/p>\n\n\n\n<h2 class=\"wp-block-heading\"><strong>Selection<\/strong><\/h2>\n\n\n\n<p>The scientific organisers will select the recipients of all financial assistance during the motivation letter or abstract selection process. Results will be announced approximately 6-8 weeks before the event start date, however for some events this may be delayed. Selection results do not impact your admission to the meeting. Selection is based on your current work or study location, the reasons for needing financial support and the impact this event will have on your career.<\/p>\n\n\n\n<h2 class=\"wp-block-heading\"><strong>Reimbursement<\/strong><\/h2>\n\n\n\n<p>Costs will be reimbursed after the meeting only once a reimbursement form and original receipts (from travel costs) have been received.<\/p>\n\n\n\n<h2 class=\"wp-block-heading\"><strong>Further details<\/strong><\/h2>\n\n\n\n<p>View our <a href=\"https:\/\/www.embl.org\/about\/info\/course-and-conference-office\/information-for-participants\/external-funding-sources\/\">list of external funding opportunities<\/a> and <a href=\"https:\/\/www.embl.org\/about\/info\/course-and-conference-office\/information-for-participants\/become-an-event-reporter\/\">information on attending a conference as an event reporter<\/a>.<\/p>\n\n\n\n<p>For further information about financial assistance please refer to the&nbsp;<a href=\"https:\/\/www.embl.org\/about\/info\/course-and-conference-office\/information-for-participants\/frequently-asked-questions\/\">FAQ page<\/a>.<\/p>\n\n<\/div>\n<\/details>\n\n\n\n<details  class=\"vf-details\" id=\"\"  >\n<summary class=\"vf-details--summary\">\nAccommodation and transport<\/summary>\n<div class=\"acf-innerblocks-container\">\n\n<p>Reservations for single room accommodation at the DESY hostel have been made. Note, accommodation is included in the registration fee. The guest house is within a few minutes\u2019 walk from the EMBL laboratories and P12 beamline.<\/p>\n\n\n\n<h2 class=\"wp-block-heading\">Further information<\/h2>\n\n\n\n<p>Address: EMBL Hamburg, Notkestra\u00dfe 85, Buliding 48e, 22607 Hamburg, Germany<br><br>From Hamburg airport take line S1 to Othmarschen (18 stops, 45 min), change to bus number 1 towards Rissen or Schenefelder Holt to Zum H\u00fcnengrab (DESY) (5 stops, 10 min). <\/p>\n\n\n\n<p>From Hamburg-Altona train station take bus number 1 to Zum H\u00fcnengrab (DESY) (15 stops, 25 min). Ticket costs Public Transport: ca. \u20ac3.60 and a taxi will be around \u20ac45.<\/p>\n\n<\/div>\n<\/details>\n\n\n\n<details  class=\"vf-details\" id=\"\"  >\n<summary class=\"vf-details--summary\">\nTechnical requirements and event software<\/summary>\n<div class=\"acf-innerblocks-container\">\n\n<h2 class=\"wp-block-heading\">Event software<\/h2>\n\n\n\n<p>The EMBL eCampus learning platform will be used to collaborate, communicate and network with all of the course participants. All participants will receive information on how to join shortly before the course. We recommend using Chrome, Safari or Mozilla Firefox browsers for eCampus.&nbsp;<\/p>\n\n\n\n<p>At the mandatory on-boarding session on Wednesday, 1 October the functionalities of the platform and course content will be further explained.<\/p>\n\n\n\n<h2 class=\"wp-block-heading\">Technical requirements<\/h2>\n\n\n\n<p>Information will be provided for installation of the newest ATSAS package in advance. This will be needed to accomplish the SAXS Quest that will be offered in parallel to the SAXS virtual module.<\/p>\n\n<\/div>\n<\/details>\n\n\n\n<details  class=\"vf-details\" id=\"\"  >\n<summary class=\"vf-details--summary\">\n COVID-19 related questions<\/summary>\n<div class=\"acf-innerblocks-container\">\n\n<p>Updated information will be provided closer to the time of the on-site module.<\/p>\n\n<\/div>\n<\/details>\n<\/section>\n\n\n\n<section class=\"vf-tabs__section\" id=\"vf-tabs__section-sponsors\"><h2>Sponsors<\/h2>\n<p><\/p>\n\n\n\n<p><strong>Sponsorship opportunities<\/strong><\/p>\n\n\n\n<p>We offer a variety of event sponsoring possibilities, with the flexibility to select a set sponsorship package or combine individual sponsorship options to suit your event budget.&nbsp;Discounts are available for companies sponsoring multiple events at EMBL Heidelberg.&nbsp;<a href=\"http:\/\/www.embl.de\/training\/events\/index.php?p_eventType=CON&amp;amp;p_outstation=HD&amp;amp;p_timeRange=FUTURE&amp;amp;submit=Show+Events\">View other conferences<\/a>, or contact&nbsp;<a href=\"mailto:sponsorship@embl.de\">sponsorship@embl.de<\/a>&nbsp;for further information.<\/p>\n\n\n\n<p>If you are interested in becoming a media partner of this event, please visit our&nbsp;<a href=\"https:\/\/www.embl.org\/about\/info\/course-and-conference-office\/sponsor-an-event\/#vf-tabs__section-08208670-4ad4-45ca-a4ff-ac6edb6ffd0b\" target=\"_blank\" rel=\"noreferrer noopener\">media partnerships webpage<\/a>.<\/p>\n\n\n\n<div class=\"wp-block-buttons is-layout-flex wp-block-buttons-is-layout-flex\"><p><a href=\"mailto:sponsorship@embl-em.de?subject=%20Request%20a%20Sponsorship%20Brochure&#038;body=Please%20kindly%20send%20me%20the%20sponsorship%20brochure%20for%20the%20EMBL%20Course:%20Solution%20scattering%20from%20biological%20macromolecules,%2016%20%20-%2021%20November%202025.\" class=\"vf-button vf-button--primary vf-button--pill\">Request a sponsorship brochure<\/a><\/p><\/div>\n\n\n\n<div class=\"vf-box vf-box--normal vf-box-theme--quaternary | vf-u-margin__bottom--400\">\n      <h3 class=\"vf-box__heading\">\n                Warning                  <\/h3> \n        <p class=\"vf-box__text\">EMBL wishes to warn sponsors of EMBL conferences and courses of fraudulent schemes purporting to offer sponsorship opportunities on behalf of EMBL or affiliated with EMBL officials. One current scam campaign of which we are aware is conducted using the name \u2018Judy Eastman\u2019 (judy@gopcontact.a2hosted.com) and entails approaches to sponsors offering sponsorship opportunities on EMBL\u2019s behalf. Please be kindly advised that all relevant communication regarding sponsorship of EMBL conferences, symposia and courses is handled by EMBL directly and is sent from an official EMBL account. EMBL does not work with any external providers on sponsorship acquisition.<\/p>\n<p class=\"vf-box__text\">Please also note that:<\/p>\n<ul>\n<li><span style=\"font-size: 12pt;\">EMBL never provides attendee lists for purchase. Any offers of such are fraudulent.<\/span><\/li>\n<li><span style=\"font-size: 12pt;\">EMBL will never call or email you to ask for your credit card details or to request a payment.<\/span><\/li>\n<li><span style=\"font-size: 12pt;\">All payments are on invoice.<\/span><\/li>\n<\/ul>\n<p class=\"vf-box__text\">Suspicious communications purportedly from, for or on behalf of EMBL should be reported to EMBL at the following email address sponsoring@embl.de.<\/p>\n<\/div><\/section>\n\n\n\n<section class=\"vf-tabs__section\" id=\"vf-tabs__section-mediakit\"><h2>Media kit<\/h2>\n<p>Want to let others know you&#8217;re attending this event? Take a look at our shareable media and feel free to use them in your social media channels or presentations.<\/p>\n\n\n\n<div class=\"vf-grid | vf-grid__col-3\"><div><!--[vf\/content]-->\n<div class=\"vf-content\">\n\n<figure class=\"vf-figure wp-block-image size-large is-resized\"><img loading=\"lazy\" decoding=\"async\" width=\"576\" height=\"1024\" class=\"vf-figure__image\" src=\"https:\/\/www.embl.org\/about\/info\/course-and-conference-office\/wp-content\/uploads\/SBM25-01KN_Course_Template-576x1024.jpg\" alt=\"\" class=\"wp-image-206737\" style=\"width:175px;height:auto\" srcset=\"https:\/\/www.embl.org\/about\/info\/course-and-conference-office\/wp-content\/uploads\/SBM25-01KN_Course_Template-576x1024.jpg 576w, https:\/\/www.embl.org\/about\/info\/course-and-conference-office\/wp-content\/uploads\/SBM25-01KN_Course_Template-169x300.jpg 169w, https:\/\/www.embl.org\/about\/info\/course-and-conference-office\/wp-content\/uploads\/SBM25-01KN_Course_Template-768x1365.jpg 768w, https:\/\/www.embl.org\/about\/info\/course-and-conference-office\/wp-content\/uploads\/SBM25-01KN_Course_Template-864x1536.jpg 864w, https:\/\/www.embl.org\/about\/info\/course-and-conference-office\/wp-content\/uploads\/SBM25-01KN_Course_Template.jpg 1080w\" sizes=\"auto, (max-width: 576px) 100vw, 576px\" \/><figcaption class=\"vf-figure__caption\">Social 1080\u00d71920<\/figcaption><\/figure>\n\n<\/div>\n<\/div>\n\n\n<div><!--[vf\/content]-->\n<div class=\"vf-content\">\n\n<figure class=\"vf-figure wp-block-image size-large\"><img loading=\"lazy\" decoding=\"async\" width=\"1024\" height=\"1024\" class=\"vf-figure__image\" src=\"https:\/\/www.embl.org\/about\/info\/course-and-conference-office\/wp-content\/uploads\/SBM25-01_KN_Course_media_kit-1024x1024.png\" alt=\"\" class=\"wp-image-201777\" srcset=\"https:\/\/www.embl.org\/about\/info\/course-and-conference-office\/wp-content\/uploads\/SBM25-01_KN_Course_media_kit-1024x1024.png 1024w, https:\/\/www.embl.org\/about\/info\/course-and-conference-office\/wp-content\/uploads\/SBM25-01_KN_Course_media_kit-300x300.png 300w, https:\/\/www.embl.org\/about\/info\/course-and-conference-office\/wp-content\/uploads\/SBM25-01_KN_Course_media_kit-150x150.png 150w, https:\/\/www.embl.org\/about\/info\/course-and-conference-office\/wp-content\/uploads\/SBM25-01_KN_Course_media_kit-768x768.png 768w, https:\/\/www.embl.org\/about\/info\/course-and-conference-office\/wp-content\/uploads\/SBM25-01_KN_Course_media_kit.png 1080w\" sizes=\"auto, (max-width: 1024px) 100vw, 1024px\" \/><figcaption class=\"vf-figure__caption\">Social 1080\u00d71080<\/figcaption><\/figure>\n\n<\/div>\n<\/div>\n\n\n<div><!--[vf\/content]-->\n<div class=\"vf-content\">\n\n<figure class=\"vf-figure wp-block-image size-large\"><img loading=\"lazy\" decoding=\"async\" width=\"1024\" height=\"576\" class=\"vf-figure__image\" src=\"https:\/\/www.embl.org\/about\/info\/course-and-conference-office\/wp-content\/uploads\/SMB25-01-KN_EMBL_Course-1024x576.png\" alt=\"\" class=\"wp-image-201779\" srcset=\"https:\/\/www.embl.org\/about\/info\/course-and-conference-office\/wp-content\/uploads\/SMB25-01-KN_EMBL_Course-1024x576.png 1024w, https:\/\/www.embl.org\/about\/info\/course-and-conference-office\/wp-content\/uploads\/SMB25-01-KN_EMBL_Course-300x169.png 300w, https:\/\/www.embl.org\/about\/info\/course-and-conference-office\/wp-content\/uploads\/SMB25-01-KN_EMBL_Course-768x432.png 768w, https:\/\/www.embl.org\/about\/info\/course-and-conference-office\/wp-content\/uploads\/SMB25-01-KN_EMBL_Course-1536x864.png 1536w, https:\/\/www.embl.org\/about\/info\/course-and-conference-office\/wp-content\/uploads\/SMB25-01-KN_EMBL_Course.png 1600w\" sizes=\"auto, (max-width: 1024px) 100vw, 1024px\" \/><figcaption class=\"vf-figure__caption\">Social 1600\u00d7900<\/figcaption><\/figure>\n\n<\/div>\n<\/div>\n<\/div>\n\n\n\n<div class=\"vf-grid | vf-grid__col-3\"><div><!--[vf\/content]-->\n<div class=\"vf-content\">\n\n<figure class=\"vf-figure wp-block-image size-large\"><img loading=\"lazy\" decoding=\"async\" width=\"1024\" height=\"576\" class=\"vf-figure__image\" src=\"https:\/\/www.embl.org\/about\/info\/course-and-conference-office\/wp-content\/uploads\/SBM25-01MS_EMBL_short_title_slide_-1-1024x576.jpg\" alt=\"\" class=\"wp-image-201781\" srcset=\"https:\/\/www.embl.org\/about\/info\/course-and-conference-office\/wp-content\/uploads\/SBM25-01MS_EMBL_short_title_slide_-1-1024x576.jpg 1024w, https:\/\/www.embl.org\/about\/info\/course-and-conference-office\/wp-content\/uploads\/SBM25-01MS_EMBL_short_title_slide_-1-300x169.jpg 300w, https:\/\/www.embl.org\/about\/info\/course-and-conference-office\/wp-content\/uploads\/SBM25-01MS_EMBL_short_title_slide_-1-768x432.jpg 768w, https:\/\/www.embl.org\/about\/info\/course-and-conference-office\/wp-content\/uploads\/SBM25-01MS_EMBL_short_title_slide_-1-1536x864.jpg 1536w, https:\/\/www.embl.org\/about\/info\/course-and-conference-office\/wp-content\/uploads\/SBM25-01MS_EMBL_short_title_slide_-1.jpg 1920w\" sizes=\"auto, (max-width: 1024px) 100vw, 1024px\" \/><figcaption class=\"vf-figure__caption\">PPT Slide 16\u00d79<\/figcaption><\/figure>\n\n<\/div>\n<\/div>\n\n\n<div><!--[vf\/content]-->\n<div class=\"vf-content\">\n\n<\/div>\n<\/div>\n\n\n<div><!--[vf\/content]-->\n<div class=\"vf-content\">\n\n<\/div>\n<\/div>\n<\/div>\n<\/section>\n<\/div><\/div>\n\n\n\n<p><\/p>\n","protected":false},"excerpt":{"rendered":"","protected":false},"parent":0,"menu_order":0,"template":"","embl_taxonomy":[],"class_list":["post-191069","vf_event","type-vf_event","status-publish","hentry"],"acf":[],"embl_taxonomy_terms":[],"vf_event_start_date":{"value":"20251117","formatted":"17 November 2025"},"vf_event_end_date":{"value":"20251121","formatted":"21 November 2025"},"vf_event_submission_opening":{"value":"","formatted":""},"vf_event_submission_closing":{"value":"","formatted":""},"vf_event_registration_opening":{"value":"","formatted":""},"vf_event_registration_closing":{"value":"","formatted":""},"vf_event_summary":{"value":"The course is aimed at young biochemists\/biophysicists and researchers active in related structural methods with little or no experience in solution scattering.","formatted":"<p>The course is aimed at young biochemists\/biophysicists and researchers active in related structural methods with little or no experience in solution scattering.<\/p>\n"},"vf_event_additional_info":{"value":"","formatted":""},"vf_event_registration_fee":{"value":"","formatted":""},"vf_event_canceled":{"value":"no","formatted":"no"},"vf_event_venue":{"value":"EMBL Hamburg","formatted":"EMBL Hamburg"},"vf_event_unique_identifier":{"value":"","formatted":""},"vf_event_event_type":{"value":"course","formatted":{"value":"course","label":"Course"}},"vf_event_more_information_link":{"value":"https:\/\/www.embl.org\/about\/info\/course-and-conference-office\/events\/sbm25-01\/","formatted":"https:\/\/www.embl.org\/about\/info\/course-and-conference-office\/events\/sbm25-01\/"},"vf_event_registration_link":{"value":"","formatted":""},"vf_event_start_time":{"value":"","formatted":""},"vf_event_end_time":{"value":"","formatted":""},"vf_event_location":{"value":["70","364"],"formatted":["EMBL Hamburg","Virtual"]},"vf_event_time_zone":{"value":"europe\/london","formatted":"Europe\/London"},"vf_event_ss_subtype":{"value":null,"formatted":null},"vf_event_embo_subtype":{"value":"","formatted":""},"vf_event_featured":{"value":"0","formatted":false},"vf_event_organisers_listing":{"value":"Clement Blanchet, Melissa Gr\u00e4wert, Tobias Gr\u00e4wert, Annette Langkilde","formatted":"Clement Blanchet, Melissa Gr\u00e4wert, Tobias Gr\u00e4wert, Annette Langkilde"},"vf_event_displayed":{"value":"EMBL Course","formatted":"EMBL Course"},"vf_event_subjects_training":{"value":[],"formatted":[]},"vf_event_registration_closing_on-site":{"value":"20250804","formatted":"4 Aug 2025"},"vf_event_registration_link_on-site":{"value":"https:\/\/embl.ungerboeck.com\/PROD\/emc00\/register.aspx?aat=525052653875644e677237714662666869485353326c77574949762f70417071394c456f306c6e4f4959413d","formatted":"https:\/\/embl.ungerboeck.com\/PROD\/emc00\/register.aspx?aat=525052653875644e677237714662666869485353326c77574949762f70417071394c456f306c6e4f4959413d"},"vf_event_other_location":{"value":null,"formatted":null},"vf_event_qrcode":{"value":"","formatted":false},"vf_event_custom_overview":{"value":"This is an overview","formatted":"This is an overview"},"vf_event_hashtag":{"value":"#EMBLSolutionScattering","formatted":"#EMBLSolutionScattering"},"vf_event_logo":{"value":"","formatted":false},"vf_event_hero":{"value":"101148","formatted":{"ID":101148,"id":101148,"title":"SBM23-01 _CC_small","filename":"SBM23-01-_CC_small.png","filesize":3169994,"url":"https:\/\/www.embl.org\/about\/info\/course-and-conference-office\/wp-content\/uploads\/SBM23-01-_CC_small.png","link":"https:\/\/www.embl.org\/about\/info\/course-and-conference-office\/events\/sbm23-01\/sbm23-01-_cc_small\/","alt":"","author":"9","description":"","caption":"","name":"sbm23-01-_cc_small","status":"inherit","uploaded_to":85860,"date":"2023-02-20 10:54:17","modified":"2023-02-20 10:54:17","menu_order":0,"mime_type":"image\/png","type":"image","subtype":"png","icon":"https:\/\/www.embl.org\/about\/info\/course-and-conference-office\/wp-includes\/images\/media\/default.png","width":2250,"height":750,"sizes":{"thumbnail":"https:\/\/www.embl.org\/about\/info\/course-and-conference-office\/wp-content\/uploads\/SBM23-01-_CC_small-150x150.png","thumbnail-width":150,"thumbnail-height":150,"medium":"https:\/\/www.embl.org\/about\/info\/course-and-conference-office\/wp-content\/uploads\/SBM23-01-_CC_small-300x100.png","medium-width":300,"medium-height":100,"medium_large":"https:\/\/www.embl.org\/about\/info\/course-and-conference-office\/wp-content\/uploads\/SBM23-01-_CC_small-768x256.png","medium_large-width":768,"medium_large-height":256,"large":"https:\/\/www.embl.org\/about\/info\/course-and-conference-office\/wp-content\/uploads\/SBM23-01-_CC_small-1024x341.png","large-width":1024,"large-height":341,"1536x1536":"https:\/\/www.embl.org\/about\/info\/course-and-conference-office\/wp-content\/uploads\/SBM23-01-_CC_small-1536x512.png","1536x1536-width":1536,"1536x1536-height":512,"2048x2048":"https:\/\/www.embl.org\/about\/info\/course-and-conference-office\/wp-content\/uploads\/SBM23-01-_CC_small-2048x683.png","2048x2048-width":2048,"2048x2048-height":683,"vf-hero":"https:\/\/www.embl.org\/about\/info\/course-and-conference-office\/wp-content\/uploads\/SBM23-01-_CC_small-1224x348.png","vf-hero-width":1224,"vf-hero-height":348}}},"_links":{"self":[{"href":"https:\/\/www.embl.org\/about\/info\/course-and-conference-office\/wp-json\/wp\/v2\/vf_events\/191069","targetHints":{"allow":["GET"]}}],"collection":[{"href":"https:\/\/www.embl.org\/about\/info\/course-and-conference-office\/wp-json\/wp\/v2\/vf_events"}],"about":[{"href":"https:\/\/www.embl.org\/about\/info\/course-and-conference-office\/wp-json\/wp\/v2\/types\/vf_event"}],"version-history":[{"count":35,"href":"https:\/\/www.embl.org\/about\/info\/course-and-conference-office\/wp-json\/wp\/v2\/vf_events\/191069\/revisions"}],"predecessor-version":[{"id":243587,"href":"https:\/\/www.embl.org\/about\/info\/course-and-conference-office\/wp-json\/wp\/v2\/vf_events\/191069\/revisions\/243587"}],"wp:attachment":[{"href":"https:\/\/www.embl.org\/about\/info\/course-and-conference-office\/wp-json\/wp\/v2\/media?parent=191069"}],"wp:term":[{"taxonomy":"embl_taxonomy","embeddable":true,"href":"https:\/\/www.embl.org\/about\/info\/course-and-conference-office\/wp-json\/wp\/v2\/embl_taxonomy?post=191069"}],"curies":[{"name":"wp","href":"https:\/\/api.w.org\/{rel}","templated":true}]}}