{"id":172405,"date":"2024-07-01T08:43:54","date_gmt":"2024-07-01T07:43:54","guid":{"rendered":"https:\/\/www.embl.org\/about\/info\/course-and-conference-office\/?post_type=vf_event&#038;p=172405"},"modified":"2025-07-17T20:04:49","modified_gmt":"2025-07-17T19:04:49","slug":"grg25-01","status":"publish","type":"vf_event","link":"https:\/\/www.embl.org\/about\/info\/course-and-conference-office\/events\/grg25-01\/","title":{"rendered":"Gene regulation: one molecule at a time"},"content":{"rendered":"\n<div class=\"vf-tabs\"><ul class=\"vf-tabs__list\" data-vf-js-tabs=\"true\"><li class=\"vf-tabs__item\"><a class=\"vf-tabs__link\" href=\"#vf-tabs__section-overview\" data-vf-js-location-nearest-activation-target=\"\">Overview<\/a><\/li><li class=\"vf-tabs__item\"><a class=\"vf-tabs__link\" href=\"#vf-tabs__section-speakers\" data-vf-js-location-nearest-activation-target=\"\">Speakers<\/a><\/li><li class=\"vf-tabs__item\"><a class=\"vf-tabs__link\" href=\"#vf-tabs__section-programme\" data-vf-js-location-nearest-activation-target=\"\">Programme<\/a><\/li><li class=\"vf-tabs__item\"><a class=\"vf-tabs__link\" href=\"#vf-tabs__section-6bfcde85-3823-429b-8f0a-6066dd902356\" data-vf-js-location-nearest-activation-target=\"\">Focus panel discussions<\/a><\/li><li class=\"vf-tabs__item\"><a class=\"vf-tabs__link\" href=\"#vf-tabs__section-information\" data-vf-js-location-nearest-activation-target=\"\">Practical information<\/a><\/li><li class=\"vf-tabs__item\"><a class=\"vf-tabs__link\" href=\"#vf-tabs__section-sponsors\" data-vf-js-location-nearest-activation-target=\"\">Sponsors<\/a><\/li><li class=\"vf-tabs__item\"><a class=\"vf-tabs__link\" href=\"#vf-tabs__section-mediakit\" data-vf-js-location-nearest-activation-target=\"\">Media kit<\/a><\/li><\/ul><div class=\"vf-tabs-content\" data-vf-js-tabs-content=\"true\">\n<section class=\"vf-tabs__section\" id=\"vf-tabs__section-overview\"><h2 class=\"vf-u-sr-only\">Overview<\/h2>\n<p>This conference will take place at EMBL Heidelberg, with the option to attend virtually. <\/p>\n\n\n\n<p><\/p>\n\n\n\n<h2 class=\"wp-block-heading\">Conference overview<\/h2>\n\n\n\n<p>Gene expression is controlled by the dynamic action of dozens of macromolecular complexes that assemble on DNA to transcribe genes and translate mRNAs to proteins. Understanding of these mechanisms has historically been driven by biochemical and structural characterisation of the players, as well as probing their function through genetic deletions. The genomics revolution has provided us with a near- comprehensive picture of where these factors bind to regulate the genome and which transcripts are processed in various biological contexts.<\/p>\n\n\n\n<p>A key limitation of the resulting models is that they are derived using data that are static by nature, unfaithfully representing the dynamics of these regulatory processes in vivo. The last few years has seen the independent emergence of microscopy and genomics technologies to monitor gene regulation processes with single molecule resolution. Recording the dynamic function of regulatory proteins on DNA and RNA now opens opportunities to understand key parameters of the process such as its kinetics, or how various activities are combined in vivo.<\/p>\n\n\n\n<p>This meeting will bring together pioneers of the single molecule microscopy and single molecule genomics field, as well as theoretical biologists to catalyze the emergence of a new generation of mechanistic models of the regulation of genes across each steps of the central dogma.<\/p>\n\n\n\n<p><\/p>\n\n\n\n<h2 class=\"wp-block-heading\">Session topics<\/h2>\n\n\n\n<ul class=\"wp-block-list\">\n<li>RNA processing <\/li>\n\n\n\n<li>Translation<\/li>\n\n\n\n<li>Transcription and chromatin regulation<\/li>\n\n\n\n<li>Method development<\/li>\n\n\n\n<li>Theory<\/li>\n<\/ul>\n<\/section>\n\n\n\n<section class=\"vf-tabs__section\" id=\"vf-tabs__section-speakers\"><h2 class=\"vf-u-sr-only\">Speakers<\/h2>\n<h2 class=\"wp-block-heading\">Speakers<\/h2>\n\n\n\n<div class=\"vf-grid | vf-grid__col-3\"><div><!--[vf\/content]-->\n<div class=\"vf-content\">\n\n<article class=\"vf-profile vf-profile--very-easy vf-profile--medium vf-profile--block | vf-u-margin__bottom--400\">\n\n    <img decoding=\"async\" width=\"300\" height=\"300\" src=\"https:\/\/www.embl.org\/about\/info\/course-and-conference-office\/wp-content\/uploads\/altemose_profilephoto-300x300.jpg\" class=\"vf-profile__image\" alt=\"\" loading=\"lazy\" itemprop=\"image\" srcset=\"https:\/\/www.embl.org\/about\/info\/course-and-conference-office\/wp-content\/uploads\/altemose_profilephoto-300x300.jpg 300w, https:\/\/www.embl.org\/about\/info\/course-and-conference-office\/wp-content\/uploads\/altemose_profilephoto-150x150.jpg 150w, https:\/\/www.embl.org\/about\/info\/course-and-conference-office\/wp-content\/uploads\/altemose_profilephoto.jpg 350w\" sizes=\"auto, (max-width: 300px) 100vw, 300px\" \/>\n    <h3 class=\"vf-profile__title\" style=\"text-align: center;\">\n                    Nicolas Altemose            <\/h3>\n    \n                <p class=\"vf-profile__text\" style=\"text-align: center;\">\n                Stanford  University            <\/p>\n                <p class=\"vf-profile__text\" style=\"text-align: center;\">\n                USA            <\/p>\n    \n    \n      \n\n    \n<\/article>\n\n<\/div>\n<\/div>\n\n\n<div><!--[vf\/content]-->\n<div class=\"vf-content\">\n\n<article class=\"vf-profile vf-profile--very-easy vf-profile--medium vf-profile--block | vf-u-margin__bottom--400\">\n\n    <img decoding=\"async\" width=\"94\" height=\"126\" src=\"https:\/\/www.embl.org\/about\/info\/course-and-conference-office\/wp-content\/uploads\/Bertrand-e1655271852355.png\" class=\"vf-profile__image\" alt=\"\" loading=\"lazy\" itemprop=\"image\" \/>\n    <h3 class=\"vf-profile__title\" style=\"text-align: center;\">\n                    Edouard Bertrand            <\/h3>\n    \n                <p class=\"vf-profile__text\" style=\"text-align: center;\">\n                Institute of  Human Genetics            <\/p>\n                <p class=\"vf-profile__text\" style=\"text-align: center;\">\n                France            <\/p>\n    \n    \n      \n\n    \n<\/article>\n\n<\/div>\n<\/div>\n\n\n<div><!--[vf\/content]-->\n<div class=\"vf-content\">\n\n<article class=\"vf-profile vf-profile--very-easy vf-profile--medium vf-profile--block | vf-u-margin__bottom--400\">\n\n    <img decoding=\"async\" width=\"300\" height=\"200\" src=\"https:\/\/www.embl.org\/about\/info\/course-and-conference-office\/wp-content\/uploads\/Lacra-Bintu-300x200.jpg\" class=\"vf-profile__image\" alt=\"\" loading=\"lazy\" itemprop=\"image\" srcset=\"https:\/\/www.embl.org\/about\/info\/course-and-conference-office\/wp-content\/uploads\/Lacra-Bintu-300x200.jpg 300w, https:\/\/www.embl.org\/about\/info\/course-and-conference-office\/wp-content\/uploads\/Lacra-Bintu-768x513.jpg 768w, https:\/\/www.embl.org\/about\/info\/course-and-conference-office\/wp-content\/uploads\/Lacra-Bintu.jpg 1024w\" sizes=\"auto, (max-width: 300px) 100vw, 300px\" \/>\n    <h3 class=\"vf-profile__title\" style=\"text-align: center;\">\n                    Lacra Bintu            <\/h3>\n    \n                <p class=\"vf-profile__text\" style=\"text-align: center;\">\n                Stanford University            <\/p>\n                <p class=\"vf-profile__text\" style=\"text-align: center;\">\n                USA            <\/p>\n    \n    \n      \n\n    \n<\/article>\n\n<\/div>\n<\/div>\n<\/div>\n\n\n\n<div class=\"embl-grid\"><div><!--[vf\/content]-->\n<div class=\"vf-content\">\n\n<article class=\"vf-profile vf-profile--very-easy vf-profile--medium vf-profile--block | vf-u-margin__bottom--400\">\n\n    <img decoding=\"async\" width=\"110\" height=\"154\" src=\"https:\/\/www.embl.org\/about\/info\/course-and-conference-office\/wp-content\/uploads\/HInrich-boeger.jpg\" class=\"vf-profile__image\" alt=\"\" loading=\"lazy\" itemprop=\"image\" \/>\n    <h3 class=\"vf-profile__title\" style=\"text-align: center;\">\n                    Hinrich Boeger            <\/h3>\n    \n                <p class=\"vf-profile__text\" style=\"text-align: center;\">\n                University of  California, Santa Cruz            <\/p>\n                <p class=\"vf-profile__text\" style=\"text-align: center;\">\n                USA            <\/p>\n    \n    \n      \n\n    \n<\/article>\n\n<\/div>\n<\/div>\n\n\n<div><!--[vf\/content]-->\n<div class=\"vf-content\">\n\n<article class=\"vf-profile vf-profile--very-easy vf-profile--medium vf-profile--block | vf-u-margin__bottom--400\">\n\n    <img decoding=\"async\" width=\"300\" height=\"223\" src=\"https:\/\/www.embl.org\/about\/info\/course-and-conference-office\/wp-content\/uploads\/JeffreyA.Chao_-300x223.jpg\" class=\"vf-profile__image\" alt=\"\" loading=\"lazy\" itemprop=\"image\" srcset=\"https:\/\/www.embl.org\/about\/info\/course-and-conference-office\/wp-content\/uploads\/JeffreyA.Chao_-300x223.jpg 300w, https:\/\/www.embl.org\/about\/info\/course-and-conference-office\/wp-content\/uploads\/JeffreyA.Chao_-1024x762.jpg 1024w, https:\/\/www.embl.org\/about\/info\/course-and-conference-office\/wp-content\/uploads\/JeffreyA.Chao_-768x572.jpg 768w, https:\/\/www.embl.org\/about\/info\/course-and-conference-office\/wp-content\/uploads\/JeffreyA.Chao_.jpg 1067w\" sizes=\"auto, (max-width: 300px) 100vw, 300px\" \/>\n    <h3 class=\"vf-profile__title\" style=\"text-align: center;\">\n                    Jeff Chao            <\/h3>\n    \n                <p class=\"vf-profile__text\" style=\"text-align: center;\">\n                Friedrich Miescher  Institute for Biomedical Research            <\/p>\n                <p class=\"vf-profile__text\" style=\"text-align: center;\">\n                Switzerland            <\/p>\n    \n    \n      \n\n    \n<\/article>\n\n<\/div>\n<\/div>\n\n\n<div><!--[vf\/content]-->\n<div class=\"vf-content\">\n\n<article class=\"vf-profile vf-profile--very-easy vf-profile--medium vf-profile--block | vf-u-margin__bottom--400\">\n\n    <img decoding=\"async\" width=\"300\" height=\"300\" src=\"https:\/\/www.embl.org\/about\/info\/course-and-conference-office\/wp-content\/uploads\/jhF2glh_400x400-300x300.jpg\" class=\"vf-profile__image\" alt=\"\" loading=\"lazy\" itemprop=\"image\" srcset=\"https:\/\/www.embl.org\/about\/info\/course-and-conference-office\/wp-content\/uploads\/jhF2glh_400x400-300x300.jpg 300w, https:\/\/www.embl.org\/about\/info\/course-and-conference-office\/wp-content\/uploads\/jhF2glh_400x400-150x150.jpg 150w, https:\/\/www.embl.org\/about\/info\/course-and-conference-office\/wp-content\/uploads\/jhF2glh_400x400.jpg 400w\" sizes=\"auto, (max-width: 300px) 100vw, 300px\" \/>\n    <h3 class=\"vf-profile__title\" style=\"text-align: center;\">\n                    Shasha Chong            <\/h3>\n    \n                <p class=\"vf-profile__text\" style=\"text-align: center;\">\n                Caltech            <\/p>\n                <p class=\"vf-profile__text\" style=\"text-align: center;\">\n                USA            <\/p>\n    \n    \n      \n\n    \n<\/article>\n\n<\/div>\n<\/div>\n<\/div>\n\n\n\n<div class=\"embl-grid\"><div><!--[vf\/content]-->\n<div class=\"vf-content\">\n\n<article class=\"vf-profile vf-profile--very-easy vf-profile--medium vf-profile--block | vf-u-margin__bottom--400\">\n\n    <img decoding=\"async\" width=\"300\" height=\"225\" src=\"https:\/\/www.embl.org\/about\/info\/course-and-conference-office\/wp-content\/uploads\/Stirling-churchman-300x225.jpg\" class=\"vf-profile__image\" alt=\"\" loading=\"lazy\" itemprop=\"image\" srcset=\"https:\/\/www.embl.org\/about\/info\/course-and-conference-office\/wp-content\/uploads\/Stirling-churchman-300x225.jpg 300w, https:\/\/www.embl.org\/about\/info\/course-and-conference-office\/wp-content\/uploads\/Stirling-churchman-1024x768.jpg 1024w, https:\/\/www.embl.org\/about\/info\/course-and-conference-office\/wp-content\/uploads\/Stirling-churchman-768x576.jpg 768w, https:\/\/www.embl.org\/about\/info\/course-and-conference-office\/wp-content\/uploads\/Stirling-churchman-1536x1152.jpg 1536w, https:\/\/www.embl.org\/about\/info\/course-and-conference-office\/wp-content\/uploads\/Stirling-churchman-2048x1536.jpg 2048w\" sizes=\"auto, (max-width: 300px) 100vw, 300px\" \/>\n    <h3 class=\"vf-profile__title\" style=\"text-align: center;\">\n                    Stirling Churchman            <\/h3>\n    \n                <p class=\"vf-profile__text\" style=\"text-align: center;\">\n                Harvard Medical School            <\/p>\n                <p class=\"vf-profile__text\" style=\"text-align: center;\">\n                USA            <\/p>\n    \n    \n      \n\n    \n<\/article>\n\n<\/div>\n<\/div>\n\n\n<div><!--[vf\/content]-->\n<div class=\"vf-content\">\n\n<article class=\"vf-profile vf-profile--very-easy vf-profile--medium vf-profile--block | vf-u-margin__bottom--400\">\n\n    <img decoding=\"async\" width=\"278\" height=\"193\" src=\"https:\/\/www.embl.org\/about\/info\/course-and-conference-office\/wp-content\/uploads\/ibrahim-Cisse.webp\" class=\"vf-profile__image\" alt=\"\" loading=\"lazy\" itemprop=\"image\" \/>\n    <h3 class=\"vf-profile__title\" style=\"text-align: center;\">\n                    Ibrahim Ciss\u00e9            <\/h3>\n    \n                <p class=\"vf-profile__text\" style=\"text-align: center;\">\n                Max Planck Institute  of Immunobiology and Epigenetics            <\/p>\n                <p class=\"vf-profile__text\" style=\"text-align: center;\">\n                Germany            <\/p>\n    \n    \n      \n\n    \n<\/article>\n\n<\/div>\n<\/div>\n\n\n<div><!--[vf\/content]-->\n<div class=\"vf-content\">\n\n<article class=\"vf-profile vf-profile--very-easy vf-profile--medium vf-profile--block | vf-u-margin__bottom--400\">\n\n    <img decoding=\"async\" width=\"227\" height=\"300\" src=\"https:\/\/www.embl.org\/about\/info\/course-and-conference-office\/wp-content\/uploads\/olga-Dudko-227x300.jpg\" class=\"vf-profile__image\" alt=\"\" loading=\"lazy\" itemprop=\"image\" srcset=\"https:\/\/www.embl.org\/about\/info\/course-and-conference-office\/wp-content\/uploads\/olga-Dudko-227x300.jpg 227w, https:\/\/www.embl.org\/about\/info\/course-and-conference-office\/wp-content\/uploads\/olga-Dudko.jpg 323w\" sizes=\"auto, (max-width: 227px) 100vw, 227px\" \/>\n    <h3 class=\"vf-profile__title\" style=\"text-align: center;\">\n                    Olga Dudko            <\/h3>\n    \n                <p class=\"vf-profile__text\" style=\"text-align: center;\">\n                University of California, San Diego            <\/p>\n                <p class=\"vf-profile__text\" style=\"text-align: center;\">\n                USA            <\/p>\n    \n    \n      \n\n    \n<\/article>\n\n<\/div>\n<\/div>\n<\/div>\n\n\n\n<div class=\"embl-grid\"><div><!--[vf\/content]-->\n<div class=\"vf-content\">\n\n<article class=\"vf-profile vf-profile--very-easy vf-profile--medium vf-profile--block | vf-u-margin__bottom--400\">\n\n    <img decoding=\"async\" width=\"300\" height=\"300\" src=\"https:\/\/www.embl.org\/about\/info\/course-and-conference-office\/wp-content\/uploads\/photocache.24604-300x300.jpg\" class=\"vf-profile__image\" alt=\"\" loading=\"lazy\" itemprop=\"image\" srcset=\"https:\/\/www.embl.org\/about\/info\/course-and-conference-office\/wp-content\/uploads\/photocache.24604-300x300.jpg 300w, https:\/\/www.embl.org\/about\/info\/course-and-conference-office\/wp-content\/uploads\/photocache.24604-150x150.jpg 150w, https:\/\/www.embl.org\/about\/info\/course-and-conference-office\/wp-content\/uploads\/photocache.24604.jpg 350w\" sizes=\"auto, (max-width: 300px) 100vw, 300px\" \/>\n    <h3 class=\"vf-profile__title\" style=\"text-align: center;\">\n                    William Greenleaf            <\/h3>\n    \n                <p class=\"vf-profile__text\" style=\"text-align: center;\">\n                Stanford  University            <\/p>\n                <p class=\"vf-profile__text\" style=\"text-align: center;\">\n                USA            <\/p>\n    \n    \n      \n\n    \n<\/article>\n\n<\/div>\n<\/div>\n\n\n<div><!--[vf\/content]-->\n<div class=\"vf-content\">\n\n<article class=\"vf-profile vf-profile--very-easy vf-profile--medium vf-profile--block | vf-u-margin__bottom--400\">\n\n    <img decoding=\"async\" width=\"225\" height=\"300\" src=\"https:\/\/www.embl.org\/about\/info\/course-and-conference-office\/wp-content\/uploads\/Valerie-Hilgers-225x300.webp\" class=\"vf-profile__image\" alt=\"\" loading=\"lazy\" itemprop=\"image\" srcset=\"https:\/\/www.embl.org\/about\/info\/course-and-conference-office\/wp-content\/uploads\/Valerie-Hilgers-225x300.webp 225w, https:\/\/www.embl.org\/about\/info\/course-and-conference-office\/wp-content\/uploads\/Valerie-Hilgers.webp 278w\" sizes=\"auto, (max-width: 225px) 100vw, 225px\" \/>\n    <h3 class=\"vf-profile__title\" style=\"text-align: center;\">\n                    Val\u00e9rie Hilgers            <\/h3>\n    \n                <p class=\"vf-profile__text\" style=\"text-align: center;\">\n                Max Planck Institute  of Immunobiology and Epigenetics            <\/p>\n                <p class=\"vf-profile__text\" style=\"text-align: center;\">\n                Germany            <\/p>\n    \n    \n      \n\n    \n<\/article>\n\n<\/div>\n<\/div>\n\n\n<div><!--[vf\/content]-->\n<div class=\"vf-content\">\n\n<article class=\"vf-profile vf-profile--very-easy vf-profile--medium vf-profile--block | vf-u-margin__bottom--400\">\n\n    <img decoding=\"async\" width=\"300\" height=\"300\" src=\"https:\/\/www.embl.org\/about\/info\/course-and-conference-office\/wp-content\/uploads\/team-mounia-lagha-300x300.jpg\" class=\"vf-profile__image\" alt=\"\" loading=\"lazy\" itemprop=\"image\" srcset=\"https:\/\/www.embl.org\/about\/info\/course-and-conference-office\/wp-content\/uploads\/team-mounia-lagha-300x300.jpg 300w, https:\/\/www.embl.org\/about\/info\/course-and-conference-office\/wp-content\/uploads\/team-mounia-lagha-150x150.jpg 150w, https:\/\/www.embl.org\/about\/info\/course-and-conference-office\/wp-content\/uploads\/team-mounia-lagha.jpg 600w\" sizes=\"auto, (max-width: 300px) 100vw, 300px\" \/>\n    <h3 class=\"vf-profile__title\" style=\"text-align: center;\">\n                    Mounia Lagha            <\/h3>\n    \n                <p class=\"vf-profile__text\" style=\"text-align: center;\">\n                Institut de G\u00e9n\u00e9tique  Mol\u00e9culaire de Montpellier            <\/p>\n                <p class=\"vf-profile__text\" style=\"text-align: center;\">\n                France            <\/p>\n    \n    \n      \n\n    \n<\/article>\n\n<\/div>\n<\/div>\n<\/div>\n\n\n\n<div class=\"embl-grid\"><div><!--[vf\/content]-->\n<div class=\"vf-content\">\n\n<article class=\"vf-profile vf-profile--very-easy vf-profile--medium vf-profile--block | vf-u-margin__bottom--400\">\n\n    <img decoding=\"async\" width=\"300\" height=\"300\" src=\"https:\/\/www.embl.org\/about\/info\/course-and-conference-office\/wp-content\/uploads\/tineke_lenstra-300x300.jpg\" class=\"vf-profile__image\" alt=\"\" loading=\"lazy\" itemprop=\"image\" srcset=\"https:\/\/www.embl.org\/about\/info\/course-and-conference-office\/wp-content\/uploads\/tineke_lenstra-300x300.jpg 300w, https:\/\/www.embl.org\/about\/info\/course-and-conference-office\/wp-content\/uploads\/tineke_lenstra-150x150.jpg 150w, https:\/\/www.embl.org\/about\/info\/course-and-conference-office\/wp-content\/uploads\/tineke_lenstra.jpg 700w\" sizes=\"auto, (max-width: 300px) 100vw, 300px\" \/>\n    <h3 class=\"vf-profile__title\" style=\"text-align: center;\">\n                    Tineke Lenstra            <\/h3>\n    \n                <p class=\"vf-profile__text\" style=\"text-align: center;\">\n                Netherlands Cancer Institute            <\/p>\n                <p class=\"vf-profile__text\" style=\"text-align: center;\">\n                The Netherlands            <\/p>\n    \n    \n      \n\n    \n<\/article>\n\n<\/div>\n<\/div>\n\n\n<div><!--[vf\/content]-->\n<div class=\"vf-content\">\n\n<article class=\"vf-profile vf-profile--very-easy vf-profile--medium vf-profile--block | vf-u-margin__bottom--400\">\n\n    <img decoding=\"async\" width=\"300\" height=\"300\" src=\"https:\/\/www.embl.org\/about\/info\/course-and-conference-office\/wp-content\/uploads\/maeshima2015-300x300.jpg\" class=\"vf-profile__image\" alt=\"\" loading=\"lazy\" itemprop=\"image\" srcset=\"https:\/\/www.embl.org\/about\/info\/course-and-conference-office\/wp-content\/uploads\/maeshima2015-300x300.jpg 300w, https:\/\/www.embl.org\/about\/info\/course-and-conference-office\/wp-content\/uploads\/maeshima2015-150x150.jpg 150w, https:\/\/www.embl.org\/about\/info\/course-and-conference-office\/wp-content\/uploads\/maeshima2015.jpg 313w\" sizes=\"auto, (max-width: 300px) 100vw, 300px\" \/>\n    <h3 class=\"vf-profile__title\" style=\"text-align: center;\">\n                    Kazuhiro Maeshima            <\/h3>\n    \n                <p class=\"vf-profile__text\" style=\"text-align: center;\">\n                National Institute of Genetics            <\/p>\n                <p class=\"vf-profile__text\" style=\"text-align: center;\">\n                Japan            <\/p>\n    \n    \n      \n\n    \n<\/article>\n\n<\/div>\n<\/div>\n\n\n<div><!--[vf\/content]-->\n<div class=\"vf-content\">\n\n<article class=\"vf-profile vf-profile--very-easy vf-profile--medium vf-profile--block | vf-u-margin__bottom--400\">\n\n    <img decoding=\"async\" width=\"300\" height=\"265\" src=\"https:\/\/www.embl.org\/about\/info\/course-and-conference-office\/wp-content\/uploads\/Vijay-Ramani-300x265.png\" class=\"vf-profile__image\" alt=\"\" loading=\"lazy\" itemprop=\"image\" srcset=\"https:\/\/www.embl.org\/about\/info\/course-and-conference-office\/wp-content\/uploads\/Vijay-Ramani-300x265.png 300w, https:\/\/www.embl.org\/about\/info\/course-and-conference-office\/wp-content\/uploads\/Vijay-Ramani-1024x906.png 1024w, https:\/\/www.embl.org\/about\/info\/course-and-conference-office\/wp-content\/uploads\/Vijay-Ramani-768x679.png 768w, https:\/\/www.embl.org\/about\/info\/course-and-conference-office\/wp-content\/uploads\/Vijay-Ramani.png 1470w\" sizes=\"auto, (max-width: 300px) 100vw, 300px\" \/>\n    <h3 class=\"vf-profile__title\" style=\"text-align: center;\">\n                    Vijay Ramani            <\/h3>\n    \n                <p class=\"vf-profile__text\" style=\"text-align: center;\">\n                University of California, San Francisco            <\/p>\n                <p class=\"vf-profile__text\" style=\"text-align: center;\">\n                USA            <\/p>\n    \n    \n      \n\n    \n<\/article>\n\n<\/div>\n<\/div>\n<\/div>\n\n\n\n<div class=\"embl-grid\"><div><!--[vf\/content]-->\n<div class=\"vf-content\">\n\n<article class=\"vf-profile vf-profile--very-easy vf-profile--medium vf-profile--block | vf-u-margin__bottom--400\">\n\n    <img decoding=\"async\" width=\"278\" height=\"300\" src=\"https:\/\/www.embl.org\/about\/info\/course-and-conference-office\/wp-content\/uploads\/Efrat-Shema-278x300.jpg\" class=\"vf-profile__image\" alt=\"\" loading=\"lazy\" itemprop=\"image\" srcset=\"https:\/\/www.embl.org\/about\/info\/course-and-conference-office\/wp-content\/uploads\/Efrat-Shema-278x300.jpg 278w, https:\/\/www.embl.org\/about\/info\/course-and-conference-office\/wp-content\/uploads\/Efrat-Shema-949x1024.jpg 949w, https:\/\/www.embl.org\/about\/info\/course-and-conference-office\/wp-content\/uploads\/Efrat-Shema-768x829.jpg 768w, https:\/\/www.embl.org\/about\/info\/course-and-conference-office\/wp-content\/uploads\/Efrat-Shema-1423x1536.jpg 1423w, https:\/\/www.embl.org\/about\/info\/course-and-conference-office\/wp-content\/uploads\/Efrat-Shema-1898x2048.jpg 1898w\" sizes=\"auto, (max-width: 278px) 100vw, 278px\" \/>\n    <h3 class=\"vf-profile__title\" style=\"text-align: center;\">\n                    Efrat Shema            <\/h3>\n    \n                <p class=\"vf-profile__text\" style=\"text-align: center;\">\n                Weizmann Institute of Science            <\/p>\n                <p class=\"vf-profile__text\" style=\"text-align: center;\">\n                Israel            <\/p>\n    \n    \n      \n\n    \n<\/article>\n\n<\/div>\n<\/div>\n\n\n<div><!--[vf\/content]-->\n<div class=\"vf-content\">\n\n<article class=\"vf-profile vf-profile--very-easy vf-profile--medium vf-profile--block | vf-u-margin__bottom--400\">\n\n    <img decoding=\"async\" width=\"184\" height=\"184\" src=\"https:\/\/www.embl.org\/about\/info\/course-and-conference-office\/wp-content\/uploads\/Stergachis.jpg\" class=\"vf-profile__image\" alt=\"\" loading=\"lazy\" itemprop=\"image\" srcset=\"https:\/\/www.embl.org\/about\/info\/course-and-conference-office\/wp-content\/uploads\/Stergachis.jpg 184w, https:\/\/www.embl.org\/about\/info\/course-and-conference-office\/wp-content\/uploads\/Stergachis-150x150.jpg 150w\" sizes=\"auto, (max-width: 184px) 100vw, 184px\" \/>\n    <h3 class=\"vf-profile__title\" style=\"text-align: center;\">\n                    Andrew B. Stergachis            <\/h3>\n    \n                <p class=\"vf-profile__text\" style=\"text-align: center;\">\n                University of Washington            <\/p>\n                <p class=\"vf-profile__text\" style=\"text-align: center;\">\n                USA            <\/p>\n    \n    \n      \n\n    \n<\/article>\n\n<\/div>\n<\/div>\n\n\n<div><!--[vf\/content]-->\n<div class=\"vf-content\">\n\n<\/div>\n<\/div>\n<\/div>\n\n\n\n<h2 class=\"wp-block-heading\">Scientific organisers<\/h2>\n\n\n\n<div class=\"vf-grid | vf-grid__col-3\"><div><!--[vf\/content]-->\n<div class=\"vf-content\">\n\n<article class=\"vf-profile vf-profile--very-easy vf-profile--medium vf-profile--block | vf-u-margin__bottom--400\">\n\n    <img decoding=\"async\" width=\"300\" height=\"225\" src=\"https:\/\/www.embl.org\/about\/info\/course-and-conference-office\/wp-content\/uploads\/Stirling-churchman-300x225.jpg\" class=\"vf-profile__image\" alt=\"\" loading=\"lazy\" itemprop=\"image\" srcset=\"https:\/\/www.embl.org\/about\/info\/course-and-conference-office\/wp-content\/uploads\/Stirling-churchman-300x225.jpg 300w, https:\/\/www.embl.org\/about\/info\/course-and-conference-office\/wp-content\/uploads\/Stirling-churchman-1024x768.jpg 1024w, https:\/\/www.embl.org\/about\/info\/course-and-conference-office\/wp-content\/uploads\/Stirling-churchman-768x576.jpg 768w, https:\/\/www.embl.org\/about\/info\/course-and-conference-office\/wp-content\/uploads\/Stirling-churchman-1536x1152.jpg 1536w, https:\/\/www.embl.org\/about\/info\/course-and-conference-office\/wp-content\/uploads\/Stirling-churchman-2048x1536.jpg 2048w\" sizes=\"auto, (max-width: 300px) 100vw, 300px\" \/>\n    <h3 class=\"vf-profile__title\" style=\"text-align: center;\">\n                    Stirling Churchman            <\/h3>\n    \n                <p class=\"vf-profile__text\" style=\"text-align: center;\">\n                Harvard Medical School            <\/p>\n                <p class=\"vf-profile__text\" style=\"text-align: center;\">\n                USA            <\/p>\n    \n    \n      \n\n    \n<\/article>\n\n<\/div>\n<\/div>\n\n\n<div><!--[vf\/content]-->\n<div class=\"vf-content\">\n\n<article class=\"vf-profile vf-profile--very-easy vf-profile--medium vf-profile--block | vf-u-margin__bottom--400\">\n\n    <img decoding=\"async\" width=\"115\" height=\"135\" src=\"https:\/\/www.embl.org\/about\/info\/course-and-conference-office\/wp-content\/uploads\/Krebs_Arnaud-1.jpg\" class=\"vf-profile__image\" alt=\"\" loading=\"lazy\" itemprop=\"image\" \/>\n    <h3 class=\"vf-profile__title\" style=\"text-align: center;\">\n                    Arnaud Krebs            <\/h3>\n    \n                <p class=\"vf-profile__text\" style=\"text-align: center;\">\n                EMBL Heidelberg            <\/p>\n                <p class=\"vf-profile__text\" style=\"text-align: center;\">\n                Germany            <\/p>\n    \n    \n      \n\n    \n<\/article>\n\n<\/div>\n<\/div>\n\n\n<div><!--[vf\/content]-->\n<div class=\"vf-content\">\n\n<article class=\"vf-profile vf-profile--very-easy vf-profile--medium vf-profile--block | vf-u-margin__bottom--400\">\n\n    <img decoding=\"async\" width=\"300\" height=\"300\" src=\"https:\/\/www.embl.org\/about\/info\/course-and-conference-office\/wp-content\/uploads\/team-mounia-lagha-300x300.jpg\" class=\"vf-profile__image\" alt=\"\" loading=\"lazy\" itemprop=\"image\" srcset=\"https:\/\/www.embl.org\/about\/info\/course-and-conference-office\/wp-content\/uploads\/team-mounia-lagha-300x300.jpg 300w, https:\/\/www.embl.org\/about\/info\/course-and-conference-office\/wp-content\/uploads\/team-mounia-lagha-150x150.jpg 150w, https:\/\/www.embl.org\/about\/info\/course-and-conference-office\/wp-content\/uploads\/team-mounia-lagha.jpg 600w\" sizes=\"auto, (max-width: 300px) 100vw, 300px\" \/>\n    <h3 class=\"vf-profile__title\" style=\"text-align: center;\">\n                    Mounia Lagha            <\/h3>\n    \n                <p class=\"vf-profile__text\" style=\"text-align: center;\">\n                Institut de G\u00e9n\u00e9tique Mol\u00e9culaire de Montpellier            <\/p>\n                <p class=\"vf-profile__text\" style=\"text-align: center;\">\n                France            <\/p>\n    \n    \n      \n\n    \n<\/article>\n\n<\/div>\n<\/div>\n<\/div>\n\n\n\n<div class=\"embl-grid\"><div><!--[vf\/content]-->\n<div class=\"vf-content\">\n\n<article class=\"vf-profile vf-profile--very-easy vf-profile--medium vf-profile--block | vf-u-margin__bottom--400\">\n\n    <img decoding=\"async\" width=\"300\" height=\"300\" src=\"https:\/\/www.embl.org\/about\/info\/course-and-conference-office\/wp-content\/uploads\/daniel_larson_-_235px-300x300.png\" class=\"vf-profile__image\" alt=\"\" loading=\"lazy\" itemprop=\"image\" srcset=\"https:\/\/www.embl.org\/about\/info\/course-and-conference-office\/wp-content\/uploads\/daniel_larson_-_235px-300x300.png 300w, https:\/\/www.embl.org\/about\/info\/course-and-conference-office\/wp-content\/uploads\/daniel_larson_-_235px-150x150.png 150w, https:\/\/www.embl.org\/about\/info\/course-and-conference-office\/wp-content\/uploads\/daniel_larson_-_235px.png 320w\" sizes=\"auto, (max-width: 300px) 100vw, 300px\" \/>\n    <h3 class=\"vf-profile__title\" style=\"text-align: center;\">\n                    Dan Larson            <\/h3>\n    \n                <p class=\"vf-profile__text\" style=\"text-align: center;\">\n                National Cancer Institute             <\/p>\n                <p class=\"vf-profile__text\" style=\"text-align: center;\">\n                Center for Cancer Research            <\/p>\n                <p class=\"vf-profile__text\" style=\"text-align: center;\">\n                USA            <\/p>\n    \n    \n      \n\n    \n<\/article>\n\n<\/div>\n<\/div>\n\n\n<div><!--[vf\/content]-->\n<div class=\"vf-content\">\n\n<\/div>\n<\/div>\n\n\n<div><!--[vf\/content]-->\n<div class=\"vf-content\">\n\n<\/div>\n<\/div>\n<\/div>\n\n\n\n<h2 class=\"wp-block-heading\">Conference organiser<\/h2>\n\n\n\n<div class=\"vf-grid | vf-grid__col-3\"><div><!--[vf\/content]-->\n<div class=\"vf-content\">\n\n<article class=\"vf-profile vf-profile--very-easy vf-profile--medium vf-profile--block | vf-u-margin__bottom--400\">\n\n    <img decoding=\"async\" width=\"115\" height=\"135\" src=\"https:\/\/www.embl.org\/about\/info\/course-and-conference-office\/wp-content\/uploads\/boesselman_inna-4.jpg\" class=\"vf-profile__image\" alt=\"\" loading=\"lazy\" itemprop=\"image\" \/>\n    <h3 class=\"vf-profile__title\" style=\"text-align: center;\">\n                    Inna B\u00f6sselmann            <\/h3>\n    \n                <p class=\"vf-profile__text\" style=\"text-align: center;\">\n                EMBL Heidelberg            <\/p>\n                <p class=\"vf-profile__text\" style=\"text-align: center;\">\n                Germany            <\/p>\n    \n    \n      \n\n    \n<\/article>\n\n<\/div>\n<\/div>\n\n\n<div><!--[vf\/content]-->\n<div class=\"vf-content\">\n\n<\/div>\n<\/div>\n\n\n<div><!--[vf\/content]-->\n<div class=\"vf-content\">\n\n<\/div>\n<\/div>\n<\/div>\n\n\n\n<div class=\"wp-block-group\"><div class=\"wp-block-group__inner-container is-layout-flow wp-block-group-is-layout-flow\">\n<p><\/p>\n<\/div><\/div>\n<\/section>\n\n\n\n<section class=\"vf-tabs__section\" id=\"vf-tabs__section-programme\"><h2>Programme<\/h2>\n<p>Are you on social media? Post using<strong> #EMBLSingleMolecule <\/strong>and don&#8217;t forget to tag <strong>@EMBLEvents<\/strong>.<\/p>\n\n\n\n<ul class=\"wp-block-list\">\n<li>Please note that the programme is subject to change. Some speakers may need to join virtually to give their talk.<\/li>\n\n\n\n<li>For registered participants, recorded talks will be accessible on demand for 4 weeks after the end of the event, unless indicated otherwise.<\/li>\n\n\n\n<li><strong>You can find the conference shuttle timetable<a href=\"https:\/\/www.embl.org\/about\/info\/course-and-conference-office\/wp-content\/uploads\/GRG25-01_Bus-schedule_updated-website-version-3.07.pdf\"> here<\/a>.<\/strong><\/li>\n<\/ul>\n\n\n\n<details  class=\"vf-details\" id=\"\"  >\n<summary class=\"vf-details--summary\">\nDay 1 &#8211; Tuesday 15 July 2025<\/summary>\n<div class=\"acf-innerblocks-container\">\n\n<figure class=\"wp-block-table\"><table><thead><tr><th>Time (Europe\/Berlin)<\/th><th>Speaker<\/th><\/tr><\/thead><tbody><tr><td>12:30 &#8211; 14:00<\/td><td>Registration and light refreshments<\/td><\/tr><tr><td>14:00- 14:15<\/td><td>Opening remarks by scientific organisers<\/td><\/tr><tr><td>14:15 &#8211; 17:20<\/td><td><strong>Session 1<\/strong><br>Chairs: Stirling Churchman, Daniel Larson<\/td><\/tr><tr><td>14:15 &#8211; 14:35<\/td><td><strong>Super-resolution imaging of transcription in living cells<\/strong><br>Ibrahim Cisse &#8211; Max Planck Institute of Immunobiology and Epigenetics, Germany<\/td><\/tr><tr><td>14:35 &#8211; 14:55<\/td><td><strong>Breaking reversibility in eukaryotic gene regulation: enhancing activator specificity via energy coupling<\/strong><br>Hinrich Boeger &#8211; University of California, Santa Cruz, USA<\/td><\/tr><tr><td>14:55 &#8211; 15:15<\/td><td><strong>Elucidating the role of localized translation in circadian clock biology, one molecule at a time<\/strong><br>Ilan Davis &#8211; University of Glasgow, United Kingdom<\/td><\/tr><tr><td>15:15 &#8211; 15:35<\/td><td><strong>MYC modulates TOP2A diffusion to promote substrate detection and activity <\/strong><br>Kathryn Jackson &#8211; Karolinska Institutet, Sweden<\/td><\/tr><tr><td>15:35 &#8211; 16:00<\/td><td>Coffee break. Meet the speakers and exhibitors<\/td><\/tr><tr><td>16:00 &#8211; 16:20<\/td><td><strong>Imaging the life and death of mRNAs in single cells<\/strong><br>Jeff Chao &#8211; Friedrich Miescher Institute for Biomedical Research, Switzerlan<\/td><\/tr><tr><td>16:20 &#8211; 16:40<\/td><td><strong>Probing the regulation of long neuronal RNAs, one molecule at a time<\/strong><br>Valerie Hilgers &#8211; Max Planck Institute of Immunobiology and Epigenetics, Germany<br><em>Not available on demand<\/em><\/td><\/tr><tr><td>16:40 &#8211; 17:00<\/td><td><strong>Molecular co-accessibility identifies coordinated regulation between distant cis-regulatory elements<\/strong><br>Kasit Chatsirisupachai &#8211; EMBL Heidelberg, Germany<\/td><\/tr><tr><td>17:00 &#8211; 17:20<\/td><td><strong>Lighting up the central dogma to dissect how sharp developmental patterns are established<\/strong><br>Mounia Lagha &#8211; Institut de G\u00e9n\u00e9tique Mol\u00e9culaire de Montpellier, France<\/td><\/tr><tr><td>17:20 &#8211; 18:20<\/td><td>Speed networking in ATC Foyer<\/td><\/tr><tr><td>18:20 &#8211; 20:00<\/td><td>Dinner in EMBL Canteen<\/td><\/tr><tr><td>20:00 &#8211; 22:00<\/td><td>After dinner drinks in ATC rooftop lounge<\/td><\/tr><\/tbody><\/table><\/figure>\n\n<\/div>\n<\/details>\n\n\n\n<details  class=\"vf-details\" id=\"\"  >\n<summary class=\"vf-details--summary\">\nDay 2 &#8211; Wednesday 16 July 2025<\/summary>\n<div class=\"acf-innerblocks-container\">\n\n<figure class=\"wp-block-table\"><table><thead><tr><th>Time (Europe\/Berlin)<\/th><th>Speaker<\/th><\/tr><\/thead><tbody><tr><td>09:00 &#8211; 11:50<\/td><td><strong>Session 2<\/strong><br>Chairs: Mounia Lagha, Arnaud Krebs<\/td><\/tr><tr><td>09:00 &#8211; 09:20<\/td><td><strong>Replication-dependent histone (Repli-Histo) labeling dissects the physical properties of euchromatin and heterochromatin in living human cells<\/strong><br>Kazuhiro Maeshima &#8211; National Institute of Genetics, Japan<\/td><\/tr><tr><td>09:20 &#8211; 09:40<\/td><td><strong>Human RNA Polymerase II is maintained in excess for robust transcriptional homeostasis <\/strong><br>Alexander Gillis &#8211; University of New South Wales, Australia<\/td><\/tr><tr><td>09:40 &#8211; 10:00<\/td><td><strong>Incoherent transcription factor action leads to non-monotonicity and affinity-dependent activation or repression <\/strong><br>Rosa Martinez Corral &#8211; Centre for Genomic Regulation, Spain<\/td><\/tr><tr><td>10:00 &#8211; 10:30<\/td><td>Coffee break. Meet the speakers and exhibitors<\/td><\/tr><tr><td>10:30 &#8211; 10:50<\/td><td><strong>Analysis of single chromatin fibers reveals that a dynamic ensemble of chromatin structures underlies mitotically heritable transcriptional states <\/strong><br>Djem Kissiov &#8211; University of California, Berkeley, USA<\/td><\/tr><tr><td>10:50 &#8211; 11:10<\/td><td><strong>The 3D gene structure of transcriptionally distinct fly brain cell types involves complex changes in promoter proximity to both cis-regulatory and non-canonical elements <\/strong><br>Marcelo Nollmann &#8211; Center of Structural Biology &#8211; CNRS, France<br><em>Not available on demand<\/em><\/td><\/tr><tr><td>11:10 &#8211; 11:30<\/td><td><strong>PRC1 condensate properties alter outcome of competition with SWI\/SNF <\/strong><br>Stefan Niekamp &#8211; Harvard Medical School, USA<\/td><\/tr><tr><td>11:30 &#8211; 11:50<\/td><td><strong>Single-molecule epigenetics: Decoding the epigenome for cancer research and diagnostics<\/strong><br>Efrat Shema &#8211; Weizmann Institute, Israel<br><em>Not available on demand<\/em><\/td><\/tr><tr><td>11:50 &#8211; 13:50<\/td><td>Lunch with guided walk in the woods<\/td><\/tr><tr><td>13:50 &#8211; 16:50<\/td><td><strong>Session 3<\/strong><br>Chairs: Kazuhiro Maeshima, Vijay Ramani<\/td><\/tr><tr><td>13:50 &#8211; 14:10<\/td><td><strong>Direct observation of transcription factor association and dissociation dynamics at an endogenous locus in living cells<\/strong><br>Tineke Lenstra &#8211; Netherlands Cancer Institute, Netherlands<\/td><\/tr><tr><td>14:10 &#8211; 14:30<\/td><td><strong>Sequence-dependent condensation of pioneer transcription factors on DNA <\/strong><br>Sina Wittmann &#8211;  Institute of Molecular Biology, Germany<\/td><\/tr><tr><td>14:30 &#8211; 14:50<\/td><td><strong>Dark proteome-mediated transcriptional control in cancer at single-molecule resolution<\/strong><br>Shasha Chong &#8211; Caltech, USA<br><em>virtual talk<\/em><br><em>Not available on demand<\/em><\/td><\/tr><tr><td>14:50 &#8211; 15:20<\/td><td>Coffee break and meet the speakers<\/td><\/tr><tr><td>15:20 &#8211; 15:40<\/td><td><strong>Measuring transcriptional repressor binding and gene silencing dynamics using single molecule footprinting <\/strong>Carolina Rios &#8211; Stanford University, USA<\/td><\/tr><tr><td>15:40 &#8211; 16:00<\/td><td><strong>What phase(s) of matter is the chromosome<\/strong><br>Olga K. Dudko &#8211; University of California, San Diego, USA<br><em>Not available on demand<\/em><\/td><\/tr><tr><td>16:00 &#8211; 16:20<\/td><td><strong>Quantifying the physical genome with single molecules<\/strong><br>William Greenleaf &#8211; Stanford University, USA<\/td><\/tr><tr><td>16:20 &#8211; 17:00<\/td><td><strong>Flash talk session 1<\/strong> <br>#49 Adam Cawte  &#8211; University of Oxford, UK<br>#59 Danilo Dubocanin &#8211; Stanford University, USA<br>#79 Michela Palamin &#8211; EMBL Heidelberg, Germany<br>#91 Elliott Swanson &#8211; University of Washington, USA<br><\/td><\/tr><tr><td>17:00 &#8211; 18:50<\/td><td><strong>Poster session 1 (odd numbers)<\/strong> in Helix A<\/td><\/tr><tr><td>18:50 &#8211; 20:20<\/td><td>Dinner in EMBL Canteen<\/td><\/tr><tr><td>20:20<\/td><td>Free evening with option of informal networking in downtown Heidelberg<\/td><\/tr><\/tbody><\/table><\/figure>\n\n<\/div>\n<\/details>\n\n\n\n<details  class=\"vf-details\" id=\"\"  >\n<summary class=\"vf-details--summary\">\nDay 3 &#8211;  Thursday 17 July 2025<\/summary>\n<div class=\"acf-innerblocks-container\">\n\n<figure class=\"wp-block-table\"><table><thead><tr><th>Time (Europe\/Berlin)<\/th><th>Speaker<\/th><\/tr><\/thead><tbody><tr><td>09:00 &#8211; 11:50<\/td><td><strong>Session 4<\/strong><br>Chairs: Ibrahim Ciss\u00e9, Val\u00e9rie Hilgers<\/td><\/tr><tr><td>09:00 &#8211; 09:20<\/td><td><strong>A single-cell and haplotype-resolved view of normal and pathogenic gene regulation<\/strong><br>Andrew Stergachis &#8211; University of Washington, USA<\/td><\/tr><tr><td>09:20 &#8211; 09:40<\/td><td><strong>Fast scanning, slow binding: DNA shape as a modulator in transcription factor recognition kinetics <\/strong><br>Elena Rogoulenko &#8211; Weizmann Institute of Science, Israel<\/td><\/tr><tr><td>09:40 &#8211; 10:00<\/td><td><strong>A promoter-proximal pausing and nuclear speckle interface for RNA processing mediated by TFIIS <\/strong><br>Andreas Mayer &#8211; Max Planck Institute for Molecular Genetics, Germany<br><em>Not available on demand<\/em><\/td><\/tr><tr><td>10:00 &#8211; 10:30<\/td><td>Coffee break. Meet the speakers and exhibitors<\/td><\/tr><tr><td>10:30 &#8211; 10:50<\/td><td><strong>Decoding Gene Regulation at the Single-Molecule Level through Biophysical Modeling of DNA Footprinting Data&nbsp;<\/strong><br>Nacho Molina \u2013 Institute of Genetics and Molecular and Cellular Biology, France<\/td><\/tr><tr><td>10:50 &#8211; 11:10<\/td><td><strong>Decoding YAP dynamics through charge-mediated co-condensates <\/strong><br>Kirstin Meyer &#8211; Yale University, USA<br><em>virtual talk<\/em><br><em>Not available on demand<\/em><\/td><\/tr><tr><td>11:10 &#8211; 11:30<\/td><td><strong>Single-Molecule DNA Footprinting and Transcription Imaging Reveal the Molecular Mechanisms of Promoter Dynamics<\/strong><br>Edouard Bertrand &#8211; Institute of Human Genetics, France<\/td><\/tr><tr><td>11:30 &#8211; 11:50<\/td><td><strong>Single-cell chromatin changes associated with silencing and epigenetic memory<\/strong><br>Lacra Bintu &#8211; Stanford University, USA<\/td><\/tr><tr><td>11:50 &#8211; 14:00<\/td><td><strong>Lunch and focus panel discussions <\/strong><\/td><\/tr><tr><td>13:00- 13:45<\/td><td><a href=\"https:\/\/www.embl.org\/about\/info\/course-and-conference-office\/events\/grg25-01\/#vf-tabs__section-6bfcde85-3823-429b-8f0a-6066dd902356\" data-type=\"link\" data-id=\"https:\/\/www.embl.org\/about\/info\/course-and-conference-office\/events\/grg25-01\/#vf-tabs__section-6bfcde85-3823-429b-8f0a-6066dd902356\"><strong>Panel 1:<\/strong> <strong>Single molecule genomics data analysis<\/strong>&nbsp;<\/a><br>Chair: Stirling Churchman<br>Helix A Seminar room (01)<br><strong><a href=\"https:\/\/www.embl.org\/about\/info\/course-and-conference-office\/events\/grg25-01\/#vf-tabs__section-6bfcde85-3823-429b-8f0a-6066dd902356\" data-type=\"link\" data-id=\"https:\/\/www.embl.org\/about\/info\/course-and-conference-office\/events\/grg25-01\/#vf-tabs__section-6bfcde85-3823-429b-8f0a-6066dd902356\">Panel 2: Single molecule microscopy data analysis<\/a><\/strong> &#8211; <br>Chairs: Dan Larson, Mounia Lagha<br>Klaus Tschira Auditorium<\/td><\/tr><tr><td>14:00 -16:40<\/td><td><strong>Session 5<\/strong><br>Chairs: Lacra Bintu, Marcelo Nollmann<\/td><\/tr><tr><td>14:00 &#8211; 14:20<\/td><td><strong>Long-read, single-molecule sequencing methods for studying protein-DNA interactions and 3D chromatin architecture<\/strong><br>Nicolas Altemose &#8211; Stanford University, USA<\/td><\/tr><tr><td>14:20 &#8211; 14:40<\/td><td><strong>Chromatin dynamics across seven orders of magnitude <\/strong>Matteo Mazzocca &#8211; Massachusetts Institute of Technology, USA<\/td><\/tr><tr><td>14:40 &#8211; 15:00<\/td><td><strong>Live-cell single-molecule DNA binding kinetics and energetics of TFs<\/strong><br>Christof Gebhardt  &#8211; Ulm University, Germany<br><em>Not available on demand<\/em><\/td><\/tr><tr><td>15:00 &#8211; 15:30<\/td><td>Coffee break. Meet the editors<\/td><\/tr><tr><td>15:30- 15:50<\/td><td><strong>Super resolution imaging of mRNA reveals translation dependent alterations to mRNA structure in vivo <\/strong><br>Murali Palangat &#8211; National Cancer Institute, National Institutes of Health, USA<br><em>Not available on demand<\/em><\/td><\/tr><tr><td>15:50 &#8211; 16:00<\/td><td><strong>Flash talk session 2<\/strong><br>#82 Marco  Payr  &#8211; EMBL Heidelberg ,Germany<\/td><\/tr><tr><td>16:00 &#8211; 18:00<\/td><td><strong>Poster session 2 (even numbers)<\/strong><\/td><\/tr><tr><td>18:00 &#8211; 20:00<\/td><td><strong>Conference dinner in the EMBL Canteen<\/strong><\/td><\/tr><tr><td>20:00 &#8211; 00:00<\/td><td><strong>Conference party at the Rooftop Lounge<\/strong><\/td><\/tr><\/tbody><\/table><\/figure>\n\n<\/div>\n<\/details>\n\n\n\n<details  class=\"vf-details\" id=\"\"  >\n<summary class=\"vf-details--summary\">\nDay 4 &#8211; Friday 18 July 2025<\/summary>\n<div class=\"acf-innerblocks-container\">\n\n<figure class=\"wp-block-table\"><table><thead><tr><th>Time (Europe\/Berlin)<\/th><th>Speaker<\/th><\/tr><\/thead><tbody><tr><td>09:30 &#8211; 12:15<\/td><td><strong>Session 6<\/strong><br>Chairs: Andrew Stergachis, Tineke Lenstra<\/td><\/tr><tr><td>09:30 &#8211; 09:50<\/td><td><strong><strong>Pervasive, programmed, and patterned nucleosomal distortion is a hallmark of mammalian chromatin fibers<\/strong><\/strong><br>Vijay Ramani &#8211; University of California, San Francisco, USA<\/td><\/tr><tr><td>09:50 &#8211; 10:10<\/td><td><strong>Live single-transcript imaging reveals a global shift in particle dynamics during neuronal development <\/strong><br>Franka Voigt &#8211; University of Z\u00fcrich, Switzerland<br><em>Not available on demand<\/em><\/td><\/tr><tr><td>10:10 &#8211; 10:30<\/td><td><strong>Revealing Chromatin Architectures Across Cellular Compartments by Fiber-seq<\/strong><br>Stirling Churchman &#8211; Harvard University, USA<\/td><\/tr><tr><td>10:30 &#8211; 11:00<\/td><td>Coffee break. Meet the speakers and exhibitors<\/td><\/tr><tr><td>11:00 &#8211; 11:20<\/td><td><strong>Deep coverage whole genome adenine footprinting unmasks hidden chromatin features <\/strong><br>Michael B. Stadler  &#8211; University of Basel, Switzerland<\/td><\/tr><tr><td>11:20 &#8211; 11:40<\/td><td><strong>Nanog stabilizes Nanog-DNA clusters to facilitate transcription <\/strong><br>Nadine Vastenhouw &#8211; University of Lausanne, Switzerland<\/td><\/tr><tr><td>11:40 &#8211; 12:00<\/td><td><strong>Coordination of eRNA and mRNA in living cells at the MYC locus<\/strong><br>Daniel Larson &#8211; National Cancer Institute Center for Cancer Research, USA<\/td><\/tr><tr><td>12:00 &#8211; 12:15<\/td><td><strong>Closing remarks and poster prize announcements<\/strong><\/td><\/tr><tr><td>12:15 &#8211; 12:30<\/td><td>Packed lunch and departure<\/td><\/tr><tr><td>12:30<\/td><td>Bus shuttle to Frankfurt am Main airport<\/td><\/tr><tr><td>12:45<\/td><td>Bus shuttle to the main station<\/td><\/tr><\/tbody><\/table><\/figure>\n\n<\/div>\n<\/details>\n<\/section>\n\n\n\n<section class=\"vf-tabs__section\" id=\"vf-tabs__section-6bfcde85-3823-429b-8f0a-6066dd902356\"><h2>Focus panel discussions<\/h2>\n<p><strong>Thursday 17 July 2025<\/strong> <strong>&#8211; 13:00- 13:45 pm<\/strong><\/p>\n\n\n\n<p><strong>Panel 1:<\/strong> <strong>Single molecule genomics data analysis<\/strong>&nbsp; &#8211; Room: Helix A Seminar room (01)<\/p>\n\n\n\n<p>(Only 30 seats available \u2013 first come, first served)<\/p>\n\n\n\n<p><em>Chairs: Stirling Churchman<\/em><\/p>\n\n\n\n<p>Single-molecule genomics data analysis represents an evolving field with diverse analytical approaches. Analysis encompasses multiple computational strategies, from sequence alignment and modification detection algorithms to statistical frameworks for identifying protein-DNA interactions and chromatin states. These methodologies have been tailored for specific experimental systems and sequencing platforms. The goal of this workshop is to explore various analytical approaches, followed by in-depth discussions on strategy optimization across different genome scales and sequencing technologies.<\/p>\n\n\n\n<p><strong>Panel 2: Single molecule microscopy data analysis<\/strong> &#8211; Room: Klaus Tschira Auditorium<\/p>\n\n\n\n<p><em>Chairs: Dan Larson, Mounia Lagha<\/em><br><br>Single-molecule microscopy data analysis is a mature yet highly idiosyncratic field. Analysis relies on a host of techniques ranging from microscopy based algorithms for identification, segmentation and tracking to advanced statistical inference methods for model selection and parameter estimation. These approaches have been adapted and optimized for particular biological systems and imaging strategies. The goal of this workshop is to provide participants with a technical overview with ample time for discussion.<\/p>\n\n\n\n<p><br><\/p>\n<\/section>\n\n\n\n<section class=\"vf-tabs__section\" id=\"vf-tabs__section-information\"><h2>Practical information<\/h2>\n<details  class=\"vf-details\" id=\"\"  >\n<summary class=\"vf-details--summary\">\nRegistration fees and abstract submission<\/summary>\n<div class=\"acf-innerblocks-container\">\n\n<p><strong>On-site<\/strong> <strong>registration fees<\/strong>&nbsp;include admission, conference materials, meals and coffee breaks. Participants are expected to book and pay their own accommodation and travel expenses.<\/p>\n\n\n\n<p><strong>Virtual registration fees<\/strong> include access to all of the talks (livestreamed and on demand) and facility to submit questions. <\/p>\n\n\n\n<p><\/p>\n\n\n\n<figure class=\"wp-block-table\"><table><tbody><tr><td>On-site <strong>Academia<\/strong><\/td><td>\u20ac800<\/td><\/tr><tr><td>On-site <strong>PhD Student<\/strong><\/td><td>\u20ac700<\/td><\/tr><tr><td>On-site <strong>Industry<\/strong><\/td><td>\u20ac1000<\/td><\/tr><tr><td>On-site <strong>Journal Editors<\/strong>*<\/td><td>\u20ac300<\/td><\/tr><tr><td>Virtual <strong>Academia<\/strong><\/td><td>\u20ac225<\/td><\/tr><tr><td>Virtual <strong>PhD Student<\/strong><\/td><td>\u20ac175<\/td><\/tr><tr><td>Virtual <strong>Industry<\/strong><\/td><td>\u20ac275<\/td><\/tr><\/tbody><\/table><\/figure>\n\n\n\n<p>* <em>Editors from scientific journals are allowed to attend at a reduced rate, but asked to contribute to the conference in return by taking part in \u2018meet the editors\u2019 sessions or other planned activities within the programme<\/em>.<\/p>\n\n\n\n<p><\/p>\n\n\n\n<p><strong>A letter to support your <\/strong><strong>visa <\/strong><strong>application <\/strong>will be issued, on request, once payment of the registration fee is confirmed. We recommend that you book your visa appointment as soon as possible, to avoid any delay with your visa application.<\/p>\n\n\n\n<p>Accredited journalists may be eligible to register for complimentary press registration. Registrants may be required to provide accreditation or equivalent proof of press membership after registration. Please contact&nbsp;<a href=\"https:\/\/www-db.embl.de\/EMBLPersonGroup-PersonPicture\/MailForm\/?recipient=events&amp;forDuty=Heidelberg\">Inna B\u00f6sselmann<\/a>&nbsp;for more information. Please note that we do not offer complimentary registrations for editors of scientific journals.<\/p>\n\n\n\n<h2 class=\"wp-block-heading\" id=\"confirmation\">Confirmation and payment<\/h2>\n\n\n\n<p>Registration will be on a first come, first served basis. Your place can only be confirmed after payment of the registration fee.  If you are added to our waiting list, please consider taking advantage of our offerings to participate virtually.<\/p>\n\n\n\n<p>On-site participants: Types of payments accepted are international bank transfers and credit card payments.&nbsp;<\/p>\n\n\n\n<p>Virtual participants: We are only able to accept card payments. In exceptional cases we can accept bank transfers. Please contact&nbsp;<a rel=\"noreferrer noopener\" href=\"mailto:events@embl.de\" target=\"_blank\">events@embl.de<\/a>&nbsp;for details.<\/p>\n\n\n\n<h2 class=\"wp-block-heading\" id=\"abstract\">Abstract submission<\/h2>\n\n\n\n<p>Only participants registering to attend the on-site event are eligible to submit an abstract. <strong>Abstracts will not be accepted from virtual participants. <\/strong><\/p>\n\n\n\n<p>After registration you can submit your abstract via a separate link that will be provided in the email confirmation. Alternatively, you can access the link on the confirmation page directly after registering. The same login credentials are used for both processes.<\/p>\n\n\n\n<p><strong>Please note:<\/strong><\/p>\n\n\n\n<p><strong>Abstract body: <\/strong>The limit of 2000 characters refers to manually typed text and excludes spaces. If an error occurs try using a different web browser (preferably Google Chrome or Mozilla Firefox).<\/p>\n\n\n\n<p>If you copy-paste the text into the form, hidden formatting might still be included which may cause the text to exceed the 2,000 character limit resulting in an error message. We recommend you clear all formatting before pasting in the text.<\/p>\n\n\n\n<p>If you have special symbols in your text, make sure you are using Unicode characters, otherwise these will not be recognised.<\/p>\n\n\n\n<p><strong>Title: <\/strong>The title should not exceed 20 words. Only the first word of the title should start with a capital letter and the rest should be lowercase.<\/p>\n\n\n\n<p><strong>Authors and affiliations: <\/strong>Please fill in the author&#8217;s details as requested in the online form. The compulsory fields are: First Name, Last Name, Organisation Name (Affiliation or Company), Country and Email.<\/p>\n\n\n\n<p>Kindly mark only one author in the role of First Author and please don\u2019t forget to indicate who will be the Presenter.<\/p>\n\n\n\n<p>Please enter your co-authors correctly via the system by adding accounts together with their organisation\/institute. Do not copy-paste them into the body of the abstract text, as they will not be indexed in the abstract book.<\/p>\n\n\n\n<p><strong>Presentation types:<\/strong> When submitting your abstract, you can apply for an oral or poster presentation. A selection process will take place with the results announced 2-3 weeks after the abstract submission deadline.<\/p>\n\n\n\n<p>For detailed instructions on how to submit a conference abstract, <a href=\"https:\/\/www.youtube.com\/watch?v=NQAlq5iF5Qo&amp;feature=youtu.be\">follow the instructions provided in this video<\/a>.<\/p>\n\n\n\n<p>Please check our<a href=\"https:\/\/www.embl.org\/about\/info\/course-and-conference-office\/information-for-participants\/frequently-asked-questions\/\">&nbsp;<\/a><a href=\"https:\/\/www.embl.org\/about\/info\/course-and-conference-office\/information-for-participants\/frequently-asked-questions\/#FAQ_abstractsubmission\">FAQs pages<\/a>&nbsp;for further information on how to submit an abstract.<\/p>\n\n<\/div>\n<\/details>\n\n\n\n<details  class=\"vf-details\" id=\"\"  >\n<summary class=\"vf-details--summary\">\nFinancial assistance<\/summary>\n<div class=\"acf-innerblocks-container\">\n\n<h2 class=\"wp-block-heading\"><strong>Financial assistance<\/strong><\/h2>\n\n\n\n<p>Limited financial assistance is provided by the EMBL Advanced Training Centre Corporate Partnership Programme and EMBO in the form of <strong>registration fee waivers<\/strong>, <strong>travel grants<\/strong>,<strong> and childcare grants<\/strong>.<\/p>\n\n\n\n<p>Your place in the meeting is only confirmed by paying the registration fee, which is mandatory even when receiving a fee waiver.<\/p>\n\n\n\n<h3 class=\"wp-block-heading\">Registration fee waiver<\/h3>\n\n\n\n<p>The&nbsp;<strong>fee waiver<\/strong>&nbsp;will cover the registration sum that you have paid to attend the course or conference.<\/p>\n\n\n\n<h3 class=\"wp-block-heading\">Travel grant<\/h3>\n\n\n\n<p>The <strong>travel grant<\/strong> will cover the cost of travel to an on-site event (airfare, train, bus, taxi, accommodation, visa, and\/or registration fees*) and is provided up to specified caps which are normally as follows:<\/p>\n\n\n\n<p>\u2013up to \u20ac400 for participants travelling to an EMBL Conference or EMBO|EMBL Symposium from within Europe.<\/p>\n\n\n\n<p>\u2013up to \u20ac1000 for participants travelling to an EMBL Conference or EMBO|EMBL Symposium from outside Europe.<\/p>\n\n\n\n<p>\u2013up to \u20ac500 for any participant travelling to an EMBO Workshop.<\/p>\n\n\n\n<p>\u2013up to \u20ac1000 for any participant working in Chile, India, Singapore or Taiwan travelling to an EMBO Workshop.<\/p>\n\n\n\n<p>\u2013up to \u20ac700 for any participant working in Croatia, Czech Republic, Estonia, Greece, Hungary, Italy, Lithuania, Luxembourg, Poland, Slovenia, and Turkey travelling to an EMBO Workshop.<\/p>\n\n\n\n<p>*Registration fees are only covered for EMBO Workshops<\/p>\n\n\n\n<p>The organisers may reduce the grant cap to accommodate more participants. Recipients will be notified of their travel cap amount when they are informed of the outcome of their application. Original receipts must be provided with your signature for all costs incurred within two months of completion of travel. Scanned copies cannot be accepted.<\/p>\n\n\n\n<h3 class=\"wp-block-heading\"><strong>Childcare grant<\/strong><\/h3>\n\n\n\n<p>There is the possibility to apply for a childcare grant to offset child care costs incurred by participants, speakers, and organisers when attending a conference.<\/p>\n\n\n\n<p>Eligible costs include (but are not limited to) fees for a baby-sitter or child-care facility, and travel costs for a caregiver. Please note that priority will be given to early stage researchers. In order to apply for this grant, you must be registered by the abstract submission deadline. There is a limited amount of funding available for the childcare grants and funds will be distributed amongst eligible applicants. <\/p>\n\n\n\n<h2 class=\"wp-block-heading\"><strong>Application<\/strong><\/h2>\n\n\n\n<p><strong>On-site participants<\/strong><\/p>\n\n\n\n<p>You may apply for financial assistance when submitting your abstract. In your application you will be asked to answer questions regarding why your lab cannot fund your attendance and how your attendance will make a difference to your career. Application for financial support will not affect the outcome of your registration application.<\/p>\n\n\n\n<p><strong>Virtual participants<\/strong><\/p>\n\n\n\n<p>If you are attending virtually, you can apply for financial assistance in the submission portal by the abstract deadline. Read the <a href=\"https:\/\/www.embl.org\/about\/info\/course-and-conference-office\/wp-content\/uploads\/Instructions_Apply-for-FA.pdf\">instructions on how to apply for financial assistance<\/a>. Only submissions for financial assistance will be accepted. Presentation abstracts cannot be submitted here and will be declined.&nbsp;<\/p>\n\n\n\n<p>In your application you will be asked to summarise your current work,&nbsp; answer questions regarding why your lab cannot fund your attendance, and how your attendance will make a difference to your career. Application for financial support will not affect the outcome of your registration application.<\/p>\n\n\n\n<h2 class=\"wp-block-heading\"><strong>Selection<\/strong><\/h2>\n\n\n\n<p>The scientific organisers will select the recipients of registration fee waivers and travel grants during the motivation letter or abstract selection process. Results will be announced approximately 6 \u2013 8 weeks before the event start date, however for some events this may be delayed. Selection results do not impact your admission to the meeting. Selection for registration fee waivers and travel grants is based on scientific merit, your current work or study location, the reasons for needing financial support, and the impact this event will have on your career.<\/p>\n\n\n\n<p>Childcare grants will be allocated in the same timeframe (6-8 weeks before the event start date). Please note that priority will be given to early-stage researchers. <\/p>\n\n\n\n<h2 class=\"wp-block-heading\"><strong>Reimbursement<\/strong><\/h2>\n\n\n\n<p>Costs will be reimbursed after the meeting only once a reimbursement form and original receipts (from travel costs) have been received.<\/p>\n\n\n\n<h2 class=\"wp-block-heading\"><strong>Further details<\/strong><\/h2>\n\n\n\n<p>View our&nbsp;<a href=\"https:\/\/www.embl.org\/about\/info\/course-and-conference-office\/information-for-participants\/external-funding-sources\/\">list of external funding opportunities<\/a>&nbsp;and&nbsp;<a href=\"https:\/\/www.embl.org\/about\/info\/course-and-conference-office\/information-for-participants\/become-an-event-reporter\/\">information on attending a conference as an event reporter<\/a>.<\/p>\n\n\n\n<p>For further information about financial assistance please refer to the&nbsp;<a href=\"https:\/\/www.embl.org\/about\/info\/course-and-conference-office\/information-for-participants\/frequently-asked-questions\/\">FAQ page<\/a>.<\/p>\n\n<\/div>\n<\/details>\n\n\n\n<details  class=\"vf-details\" id=\"\"  >\n<summary class=\"vf-details--summary\">\nAccommodation and travel<\/summary>\n<div class=\"acf-innerblocks-container\">\n\n<p><\/p>\n\n\n\n<p>Accommodation is&nbsp;<strong>not included<\/strong>&nbsp;in the conference registration fee.<\/p>\n\n\n\n<p>The hotels below have rooms on hold for participants until <strong>17 June 2025<\/strong>, in some cases at special rates. Please email the hotel directly, quoting the booking code&nbsp;<strong>GRG25-01<\/strong>&nbsp;to confirm the exact price of the room.<\/p>\n\n\n\n<figure class=\"wp-block-table\"><table><tbody><tr><td><a href=\"https:\/\/hotel-anlage.de\/?lang=en\">Hotel Anlage<\/a><\/td><td><a rel=\"noreferrer noopener\" href=\"http:\/\/www.hollaender-hof.de\/index.php\/en\/\" target=\"_blank\">Hotel Holl\u00e4nder Hof<\/a>&nbsp;<\/td><td><a rel=\"noreferrer noopener\" href=\"http:\/\/www.hotel-monpti.de\/en\/\" target=\"_blank\">Hotel Monpti<\/a><\/td><\/tr><tr><td><a href=\"https:\/\/hotel-anlage.de\/?lang=en\"><\/a><a rel=\"noreferrer noopener\" href=\"http:\/\/en.bayrischer-hof-heidelberg.com\/\" target=\"_blank\">Hotel Bayrischer Hof<\/a>&nbsp;<\/td><td><a rel=\"noreferrer noopener\" href=\"https:\/\/www.accorhotels.com\/gb\/hotel-1447-ibis-heidelberg-hauptbahnhof\/index.shtml\" target=\"_blank\">Hotel ibis Heidelberg<\/a><\/td><td><a href=\"https:\/\/www.premierinn.com\/de\/de\/hotels\/deutschland\/baden-wuerttemberg\/heidelberg\/heidelberg-city-zentrum.html?gclid=Cj0KCQiAz6q-BhCfARIsAOezPxnNfxG-m296HgtbRchzhjv4-1A_z5qQYG2Dbz84R-4Hhx8j-e-nHcUaAvT0EALw_wcB&amp;ef_id=Cj0KCQiAz6q-BhCfARIsAOezPxnNfxG-m296HgtbRchzhjv4-1A_z5qQYG2Dbz84R-4Hhx8j-e-nHcUaAvT0EALw_wcB:G:s&amp;s_kwcid=AL!9693!3!612105729833!e!!g!!premier%20inn%20heidelberg%20city%20zentrum!9841682598!112433280944&amp;cid=KNC_Brn_G_DE_DE_DE_LO_Heidelberg_Null_Null&amp;mckv=s_dc|pcrid|612105729833|kword|premier%20inn%20heidelberg%20city%20zentrum|match|e|plid||pgrid|112433280944|ptaid|kwd-898063604570|&amp;gad_source=1&amp;BRAND=PID\">Premier Inn Heidelberg City Zentrum<\/a><\/td><\/tr><tr><td><a href=\"https:\/\/www.hotel-bb.com\/en\/hotel\/heidelberg\"><\/a><a rel=\"noreferrer noopener\" href=\"https:\/\/www.hotelbb.de\/en\/heidelberg\" target=\"_blank\"><\/a><a rel=\"noreferrer noopener\" href=\"https:\/\/www.hotelbb.de\/en\/heidelberg\" target=\"_blank\">B&amp;B Hotel<\/a><a href=\"https:\/\/en.bayrischer-hof-heidelberg.com\/\"><\/a><\/td><td><a rel=\"noreferrer noopener\" href=\"https:\/\/isg-hotel.de\/en\/\" target=\"_blank\">ISG Hotel<\/a>&nbsp;<\/td><td><a rel=\"noreferrer noopener\" href=\"https:\/\/www.staycity.com\/heidelberg\/heidelberg\/\" target=\"_blank\">Staycity Aparthotel Heidelberg<\/a><\/td><\/tr><tr><td><a href=\"http:\/\/www.the-heidelberg.de\/en\/\" target=\"_blank\" rel=\"noreferrer noopener\">The Heidelberg Exzellenz Hotel<\/a><\/td><td><a rel=\"noreferrer noopener\" href=\"https:\/\/www.leonardo-hotels.com\/leonardo-hotel-heidelberg-city-center\" target=\"_blank\">Leonardo Hotel Heidelberg City Centre<\/a><\/td><td><a rel=\"noreferrer noopener\" href=\"http:\/\/www.hostelheidelberg.de\/en\/\" target=\"_blank\">Steffi&#8217;s Hostel Heidelberg<\/a><\/td><\/tr><tr><td><a href=\"https:\/\/www.hilton.com\/en\/book\/reservation\/deeplink\/?ctyhocn=HDBBWHI&amp;corporateCode=113404050\">Hilton Heidelberg<\/a><\/td><td><a rel=\"noreferrer noopener\" href=\"https:\/\/www.meininger-hotels.com\/en\/hotels\/heidelberg\/hotel-heidelberg-central-station\/\" target=\"_blank\">Meininger Heidelberg<\/a><\/td><td><a rel=\"noreferrer noopener\" href=\"https:\/\/4-jahreszeiten.de\/\" target=\"_blank\">Hotel Vier Jahreszeiten Heidelberg<\/a><\/td><\/tr><\/tbody><\/table><\/figure>\n\n\n\n<p><\/p>\n\n\n\n<h2 class=\"wp-block-heading\">Travel information<\/h2>\n\n\n\n<p>For travel information,<a href=\"https:\/\/www.embl.org\/about\/info\/course-and-conference-office\/information-for-participants\/travel-information\/\"> please see here<\/a>.<\/p>\n\n\n\n<p>If you are travelling to the conference within Germany then you are eligible for the Deutsche Bahn \u2018Event Ticket\u2019 (called the \u2018Veranstaltungsticket\u2019 in German). This will result in a lower ticket price if your travel distance to Heidelberg is more than 100 km. You need to provide proof of your event attendance when purchasing the ticket. <\/p>\n\n\n\n<p>For more information<a href=\"https:\/\/www.embl.org\/about\/info\/course-and-conference-office\/wp-content\/uploads\/Event-ticket-details.pdf\"> in English see here<\/a> or<a href=\"https:\/\/www.embl.org\/about\/info\/course-and-conference-office\/wp-content\/uploads\/Details-zum-Event-ticket.pdf\"> in German see here<\/a>. <\/p>\n\n\n\n<p>You can <a href=\"https:\/\/www.veranstaltungsticket-bahn.de\/?event=8462&amp;language=en\">book your ticket here<\/a>.<\/p>\n\n\n\n<p><\/p>\n\n\n\n<h2 class=\"wp-block-heading\" id=\"shuttle\">Conference shuttle buses<\/h2>\n\n\n\n<p>Conference shuttle buses are free of charge for participants, and depart from designated bus stops near the hotels to EMBL and back, mornings and evenings. <\/p>\n\n\n\n<p>The bus stops for this conference are:<\/p>\n\n\n\n<ul class=\"wp-block-list\">\n<li>Staycity Aparthotel (Speyerer Str. 7)<\/li>\n\n\n\n<li>Kurf\u00fcrsten-Anlage (Opposite Main Train Station)<\/li>\n\n\n\n<li>Premier Inn City Zentrum (Kurf\u00fcrsten-Anlage 23)<\/li>\n\n\n\n<li>Leonardo Hotel Heidelberg City Center (Bergheimer Str. 63)<\/li>\n\n\n\n<li>Neckarm\u00fcnzplatz (Heidelberg Tourist Information)<\/li>\n\n\n\n<li>Peterskirche (Bus stop)<\/li>\n\n\n\n<li>Hilton Hotel (Kurf\u00fcrsten-Anlage 1)<\/li>\n\n\n\n<li>ISG Hotel (Im Eichwald 19)<\/li>\n<\/ul>\n\n\n\n<p><\/p>\n\n\n\n<p>View&nbsp;<a href=\"https:\/\/www.google.com\/maps\/d\/embed?mid=1aEqYpFy2y5WiorwNxhHeFCNiY2o&amp;ehbc=2E312F\">Conference shuttle bus stops and hotels<\/a>&nbsp;in a larger map<strong>.<\/strong> Please note that not every bus stop will be used for every event.<\/p>\n\n\n\n<h2 class=\"wp-block-heading\" id=\"public\">Further details<\/h2>\n\n\n\n<p>Address: EMBL, Meyerhofstra\u00dfe 1, 69117 Heidelberg, Germany. <\/p>\n\n\n\n<p>For more information about accommodation and travel, please refer to the <a href=\"https:\/\/www.embl.org\/about\/info\/course-and-conference-office\/information-for-participants\/frequently-asked-questions\/#FAQ_travel\">FAQ page<\/a>.<\/p>\n\n<\/div>\n<\/details>\n\n\n\n<details  class=\"vf-details\" id=\"\"  >\n<summary class=\"vf-details--summary\">\nOn-site information<\/summary>\n<div class=\"acf-innerblocks-container\">\n\n<p><\/p>\n\n\n\n<h3 class=\"wp-block-heading\" id=\"catering\">Catering<\/h3>\n\n\n\n<p>All meals and coffee breaks are included in the registration fee. Our catering staff will prepare a wide variety of vegetarian meals, meat and fish dishes, soups, pasta, fresh fruit and vegetables, as well as a variety of desserts.<\/p>\n\n\n\n<p>Please wear your badge at all times when serving yourself.<\/p>\n\n\n\n<p>No food or drinks are allowed in the auditorium.<\/p>\n\n\n\n<h3 class=\"wp-block-heading\" id=\"charginglockers\">Charging lockers<\/h3>\n\n\n\n<p>There are lockers available next to the stairs leading down into the Auditorium. You will find some of those equipped with sockets to charge your smartphone\/tablet etc.<\/p>\n\n\n\n<h3 class=\"wp-block-heading\" id=\"electricity\">Electricity and charging station<\/h3>\n\n\n\n<p>In most places the electricity is 220 volts AC (50 cycles). An adaptor and a plug that fits the German socket may be needed for your appliances\/laptop (i.e. American, Japanese, etc.). A USB charging station for electronic devices is available at the registration desk.<\/p>\n\n\n\n<h3 class=\"wp-block-heading\" id=\"merchandise\">EMBL merchandise<\/h3>\n\n\n\n<p>If you are interested in purchasing EMBL merchandise (products presented in the glass display in the registration area), please email the <a href=\"mailto:heck@embl.de\" target=\"_blank\" rel=\"noreferrer noopener\">EMBL shop<\/a> to place an order or get in contact with your Course Organiser. <\/p>\n\n\n\n<p>Kindly note the EMBL shop is only open upon request and all purchases must be made in cash (Euros only).<\/p>\n\n\n\n<p><\/p>\n\n\n\n<h3 class=\"wp-block-heading\" id=\"health\">Health and safety notes<\/h3>\n\n\n\n<p><\/p>\n\n\n\n<p>Please read EMBL&#8217;s <a href=\"https:\/\/www.embl.org\/about\/info\/course-and-conference-office\/?page_id=15120\">COVID-19 safety policy <\/a>for on-site events.<br>Do not smoke in any EMBL building.<br>Eating and drinking is prohibited in the Auditorium and all laboratories.<br>Do not enter any restricted areas or the laboratories unless instructed to do so.<\/p>\n\n\n\n<p>If first aid is required &#8230;<\/p>\n\n\n\n<ul class=\"wp-block-list\">\n<li>The first aid room is located next to the ATC Registration Desk (room 10- 205).<\/li>\n\n\n\n<li>Dial the Emergency number 222 from any EMBL internal phone only.<\/li>\n\n\n\n<li>Where is the accident? What happened? How many injured?<\/li>\n\n\n\n<li>Emergency number 06221-387 7821 from mobile phones.<\/li>\n\n\n\n<li>Please report all accidents to the conference officer at the registration desk.<\/li>\n<\/ul>\n\n\n\n<p>In case of fire &#8230;<\/p>\n\n\n\n<ul class=\"wp-block-list\">\n<li>Press the nearest fire alarm button or the Emergency number 222 from any internal phone.<\/li>\n\n\n\n<li>A loud fire alarm will go off if an evacuation is required. On hearing the alarm leave the building immediately following the escape route and fire wardens and head to one of the meeting points<\/li>\n\n\n\n<li>Do not use the lifts.<\/li>\n<\/ul>\n\n\n\n<p>Beyond first aid&#8230;<\/p>\n\n\n\n<p>Please remember to bring your own medication, if needed, to the conference. Note that the next pharmacy is a 4-minute drive from the EMBL, but for many medications you will be required to see a doctor to get a prescription.<\/p>\n\n\n\n<p>Ensure in advance that your medical insurance will cover you during your visit in the event that you do need to see a doctor while in Heidelberg. In any case, the EMBL Course and Conference Office will assist you to get to the pharmacy and a doctor of your choice if necessary.<\/p>\n\n\n\n<h3 class=\"wp-block-heading\" id=\"telephone\">Internet<\/h3>\n\n\n\n<p>Wi-Fi is available on campus using the <strong>EMBL-Events<\/strong> network and the event specific password, which will be provided on site. The eduroam network (secure, worldwide roaming access service developed for the international research and education community) is also available.<\/p>\n\n\n\n<h3 class=\"wp-block-heading\" id=\"lost\">Lost and found<\/h3>\n\n\n\n<p>\u2018\u2019Lost and Found\u2019\u2019 items are kept at the registration desk until the end of the conference.<\/p>\n\n\n\n<h3 class=\"wp-block-heading\" id=\"luggage\">Luggage<\/h3>\n\n\n\n<p>There are lockers available on-site to store your luggage, which require a 2 EURO coin to operate. There is another luggage room on level E0, which is free to use but remains unlocked during the conference.<\/p>\n\n\n\n<h3 class=\"wp-block-heading\" id=\"nursing\">Nursing room<\/h3>\n\n\n\n<p>There is a nursing room available in the ATC Rooftop Lounge on level A29.<\/p>\n\n\n\n<h3 class=\"wp-block-heading\" id=\"photography\">Photography<\/h3>\n\n\n\n<p>During the conference, an EMBL Photographer may be taking photos. If you would not like to appear in these, please inform the photographer or a member of the Course and Conference Office.<\/p>\n\n\n\n<h3 class=\"wp-block-heading\" id=\"printing\">Printing<\/h3>\n\n\n\n<p>We can help to print your boarding pass\/train ticket. Please send it to <a href=\"events@embl.de\">events@embl.de<\/a> and collect your print-outs at the registration desk.<\/p>\n\n\n\n<h3 class=\"wp-block-heading\" id=\"meditation\">Room for prayer, yoga and meditation<\/h3>\n\n\n\n<p>There is a room for prayer, meditation and yoga located on level E0 behind the Auditorium. Please be respectful of others using the room.<\/p>\n\n\n\n<h3 class=\"wp-block-heading\" id=\"sightseeing\">Sightseeing<\/h3>\n\n\n\n<p>A variety of <a href=\"http:\/\/www.heidelberg-marketing.com\/\">activities in Heidelberg can be found on the website of Heidelberg Marketing<\/a>. <\/p>\n\n\n\n<h3 class=\"wp-block-heading\" id=\"travel\">Travel to and from the venue<\/h3>\n\n\n\n<p>During the event, we provide conference shuttle buses to and from EMBL. In addition, there is the public bus 39A that serves the EMBL campus and taxis can be easily booked at any time. Information on the conference shuttle buses can be found on the individual event website and more detailed information on travelling to EMBL can be found on our<a href=\"https:\/\/www.embl.org\/about\/info\/course-and-conference-office\/information-for-participants\/travel-information\/\">&nbsp;Travel Information&nbsp;<\/a>page.<\/p>\n\n\n\n<h3 class=\"wp-block-heading\" id=\"german\">Useful German expressions<\/h3>\n\n\n\n<figure class=\"wp-block-table\"><table><tbody><tr><td>Hello<\/td><td>Hallo<\/td><\/tr><tr><td>Goodbye<\/td><td>Auf Wiedersehen (formal)<br>Tsch\u00fcss (informal)<\/td><\/tr><tr><td>Good morning<\/td><td>Guten Morgen<\/td><\/tr><tr><td>Good afternoon<\/td><td>Guten Tag<\/td><\/tr><tr><td>Good evening<\/td><td>Guten Abend<\/td><\/tr><tr><td>Good night<\/td><td>Gute Nacht<\/td><\/tr><tr><td>I\u2019m sorry<\/td><td>Es tut mir leid<\/td><\/tr><tr><td>Excuse me&#8230;<\/td><td>Entschuldigen Sie<\/td><\/tr><tr><td>How are you?<\/td><td>Wie gehts?<\/td><\/tr><tr><td>I\u2019m fine thanks. And you?<\/td><td>Mir geht es gut , danke. Und Dir\/Ihnen?<\/td><\/tr><tr><td>What is your name<\/td><td>Wie hei\u00dfen Sie? (formal)<br>Wie hei\u00dft Du? (informal)<\/td><\/tr><tr><td>My name is<\/td><td>Ich hei\u00dfe&#8230;<\/td><\/tr><tr><td>Do you speak English<\/td><td>Sprechen Sie englisch?<\/td><\/tr><tr><td>I don\u2019t understand<\/td><td>Ich verstehe nicht<\/td><\/tr><tr><td>Please speak more slowly<\/td><td>K\u00f6nnen Sie bitte langsamer sprechen<\/td><\/tr><tr><td>Thank you<\/td><td>Dankesch\u00f6n<\/td><\/tr><tr><td>Where is the toilet?<\/td><td>Wo ist die Toilette?<\/td><\/tr><tr><td>Please call me a taxi<\/td><td>Bitte rufen Sie mir ein Taxi<\/td><\/tr><tr><td>How do I get to&#8230;.?<\/td><td>Wie komme ich zum\/zur&#8230;..?<\/td><\/tr><tr><td>A beer\/two beers please<\/td><td>Ein Bier\/zwei Bier bitte<\/td><\/tr><tr><td>A glass of red\/white wine please<\/td><td>Ein Glas Rot\/Weisswein bitte<\/td><\/tr><tr><td>The menu, please<\/td><td>Die Speisekarte, bitte<\/td><\/tr><tr><td>Is there a local speciality?<\/td><td>Gibt es eine Spezialit\u00e4t aus dieser Gegend?<\/td><\/tr><tr><td>I\u2019m vegetarian<\/td><td>Ich bin Vegetarier<\/td><\/tr><tr><td>It was delicious<\/td><td>Es war hervorragend<\/td><\/tr><tr><td>The bill, please<\/td><td>Die Rechnung, bitte<\/td><\/tr><tr><td>I have a headache<\/td><td>Ich habe Kopfschmerzen<\/td><\/tr><tr><td>I have a sore throat<\/td><td>Ich habe Halsschmerzen<\/td><\/tr><tr><td>My stomach hurts<\/td><td>Ich habe Magenschmerzen<\/td><\/tr><tr><td>I\u2019m allergic to<\/td><td>Ich bin allergisch gegen<\/td><\/tr><tr><td>I need a doctor who speaks English<\/td><td>Ich brauche einen Arzt, der englisch spricht<\/td><\/tr><\/tbody><\/table><\/figure>\n\n<\/div>\n<\/details>\n\n\n\n<details  class=\"vf-details\" id=\"\"  >\n<summary class=\"vf-details--summary\">\nVirtual participation<\/summary>\n<div class=\"acf-innerblocks-container\">\n\n<h3 class=\"wp-block-heading\">What&#8217;s included?<\/h3>\n\n\n\n<ul class=\"wp-block-list\">\n<li>Access to all the livestreamed talks<\/li>\n\n\n\n<li>Video library of the recorded talks during the event and for 4 weeks afterwards. Please note: at the request of individual speakers, some talks are not recorded.<\/li>\n\n\n\n<li>Facility to submit questions<\/li>\n<\/ul>\n\n\n\n<p><\/p>\n\n\n\n<p><strong>Please note that only on-site participants are able to submit abstracts and participate in the poster sessions.<\/strong><\/p>\n\n\n\n<p><\/p>\n\n\n\n<h3 class=\"wp-block-heading\" id=\"platforms\">Event platform<\/h3>\n\n\n\n<p>We are using an event platform for this conference. More information about the platform will be shared ahead of the conference.<\/p>\n\n\n\n<h3 class=\"wp-block-heading\" id=\"guidelines\">Guidelines<\/h3>\n\n\n\n<ul class=\"wp-block-list\">\n<li>Do not&nbsp;broadcast&nbsp;the&nbsp;conference&nbsp;to&nbsp;unregistered&nbsp;participants.<\/li>\n\n\n\n<li>You are encouraged to tweet and post about the event. Tweet unless the speaker specifically says otherwise,&nbsp;but be mindful of unpublished data.&nbsp;<\/li>\n\n\n\n<li>Please do not capture, transmit or redistribute data presented at the meeting. <\/li>\n<\/ul>\n\n\n\n<p>Additional information can be found in our&nbsp;<a href=\"https:\/\/www.embl.org\/about\/info\/course-and-conference-office\/information-for-participants\/code-of-conduct\/\" target=\"_blank\" rel=\"noreferrer noopener\">Code of Conduct<\/a>.<\/p>\n\n\n\n<h3 class=\"wp-block-heading\" id=\"health\">Health and well-being<\/h3>\n\n\n\n<p>It is important to stay healthy and move around, especially when you are attending an event virtually. We have put together a few coffee break stretches and yoga videos in the conference platform for you to enjoy during the event.<\/p>\n\n\n\n<h3 class=\"wp-block-heading\" id=\"questions\">How to ask questions<\/h3>\n\n\n\n<p>Please use the Q&amp;A function in the event platform.<\/p>\n\n\n\n<p>If you have any other questions, you can go to the Help Desk in the event platform. Click on \u2018more\u2019 on the top menu and click Help Desk.&nbsp;<\/p>\n\n\n\n<h3 class=\"wp-block-heading\" id=\"time\">Time zone<\/h3>\n\n\n\n<p>The programme is planned based on the Europe\/Berlin time zone, unless otherwise stated. Please take your time zone into consideration when planning your attendance.<\/p>\n\n<\/div>\n<\/details>\n\n\n\n<details  class=\"vf-details\" id=\"\"  >\n<summary class=\"vf-details--summary\">\nAdditional information<\/summary>\n<div class=\"acf-innerblocks-container\">\n\n<p>Please find additional information including FAQs, terms and conditions, COVID-19 safety policy and travelling to EMBL on our <a href=\"https:\/\/www.embl.org\/about\/info\/course-and-conference-office\/information-for-participants\/\">Information for participants page.<\/a><\/p>\n\n<\/div>\n<\/details>\n\n\n\n<details  class=\"vf-details\" id=\"\"  >\n<summary class=\"vf-details--summary\">\nCOVID-19 related questions<\/summary>\n<div class=\"acf-innerblocks-container\">\n\n<p>COVID-19 information for on-site events at EMBL Heidelberg can be found in our <a href=\"https:\/\/www.embl.org\/about\/info\/course-and-conference-office\/faq-corona-questions\/\">COVID-19 FAQs<\/a>.<\/p>\n\n<\/div>\n<\/details>\n<\/section>\n\n\n\n<section class=\"vf-tabs__section\" id=\"vf-tabs__section-sponsors\"><h2>Sponsors<\/h2>\n<p><strong>Bronze sponsor<\/strong><\/p>\n\n\n\n<div class=\"vf-grid | vf-grid__col-4\"><div><!--[vf\/content]-->\n<div class=\"vf-content\">\n\n<figure class=\"vf-figure wp-block-image size-full\"><a href=\"https:\/\/excitinginstruments.com\/\" target=\"_blank\" rel=\" noreferrer noopener\"><img loading=\"lazy\" decoding=\"async\" width=\"480\" height=\"270\" class=\"vf-figure__image\" src=\"https:\/\/www.embl.org\/about\/info\/course-and-conference-office\/wp-content\/uploads\/Exciting-Instruments_website_480X270-1.jpg\" alt=\"\" class=\"wp-image-222635\" srcset=\"https:\/\/www.embl.org\/about\/info\/course-and-conference-office\/wp-content\/uploads\/Exciting-Instruments_website_480X270-1.jpg 480w, https:\/\/www.embl.org\/about\/info\/course-and-conference-office\/wp-content\/uploads\/Exciting-Instruments_website_480X270-1-300x169.jpg 300w\" sizes=\"auto, (max-width: 480px) 100vw, 480px\" \/><\/a><\/figure>\n\n<\/div>\n<\/div>\n\n\n<div><!--[vf\/content]-->\n<div class=\"vf-content\">\n\n<figure class=\"vf-figure wp-block-image size-full\"><a href=\"https:\/\/genxpro.net\/\" target=\"_blank\" rel=\" noreferrer noopener\"><img loading=\"lazy\" decoding=\"async\" width=\"480\" height=\"270\" class=\"vf-figure__image\" src=\"https:\/\/www.embl.org\/about\/info\/course-and-conference-office\/wp-content\/uploads\/GenXPro_website_480X270.jpg\" alt=\"\" class=\"wp-image-207985\" srcset=\"https:\/\/www.embl.org\/about\/info\/course-and-conference-office\/wp-content\/uploads\/GenXPro_website_480X270.jpg 480w, https:\/\/www.embl.org\/about\/info\/course-and-conference-office\/wp-content\/uploads\/GenXPro_website_480X270-300x169.jpg 300w\" sizes=\"auto, (max-width: 480px) 100vw, 480px\" \/><\/a><\/figure>\n\n<\/div>\n<\/div>\n\n\n<div><!--[vf\/content]-->\n<div class=\"vf-content\">\n\n<\/div>\n<\/div>\n\n\n<div><!--[vf\/content]-->\n<div class=\"vf-content\">\n\n<\/div>\n<\/div>\n<\/div>\n\n\n\n<p><\/p>\n\n\n\n<p><strong>Event sponsors<\/strong><br><a href=\"https:\/\/www.neb.com\/en\" target=\"_blank\" rel=\"noreferrer noopener\">New England Biolabs<\/a><\/p>\n\n\n\n<p><a href=\"https:\/\/www.ptglab.com\/\" target=\"_blank\" rel=\"noreferrer noopener\">Proteintech<\/a><a href=\"https:\/\/www.neb.com\/en\" target=\"_blank\" rel=\"noreferrer noopener\"><br><\/a><\/p>\n\n\n\n<p><strong>Media partners<\/strong><\/p>\n\n\n\n<p><a href=\"https:\/\/chemistry-europe.onlinelibrary.wiley.com\/journal\/14397633\" data-type=\"link\" data-id=\"https:\/\/chemistry-europe.onlinelibrary.wiley.com\/journal\/14397633\" target=\"_blank\" rel=\"noreferrer noopener\"><em>ChemBioChem, <\/em>a Wiley journal<\/a><\/p>\n\n\n\n<p><a href=\"https:\/\/www.embopress.org\/journal\/14693178\" target=\"_blank\" rel=\"noreferrer noopener\"><em>EMBO Reports<\/em>, an&nbsp;EMBO Press journal<\/a><\/p>\n\n\n\n<p><a href=\"https:\/\/iubmb.org\/\" data-type=\"link\" data-id=\"https:\/\/iubmb.org\/\" target=\"_blank\" rel=\"noreferrer noopener\">International Union of Biochemistry and Molecular Biology<\/a><\/p>\n\n\n\n<p><a href=\"https:\/\/ojs.bonviewpress.com\/index.php\/MEDIN\/index\" target=\"_blank\" rel=\"noreferrer noopener\"><em>Medinformatics<\/em>, a Bon View Publishing journal<\/a><\/p>\n\n\n\n<p><a href=\"https:\/\/royalsocietypublishing.org\/journal\/rsob\" target=\"_blank\" rel=\"noreferrer noopener\"><em>Open Biology,&nbsp;<\/em>a Royal Society journal<\/a><\/p>\n\n\n\n<p><strong>Sponsorship opportunities<\/strong><\/p>\n\n\n\n<p>We offer a variety of event sponsoring possibilities, with the flexibility to select a set sponsorship package or combine individual sponsorship options to suit your event budget.&nbsp;Discounts are available for companies sponsoring multiple events at EMBL Heidelberg.&nbsp;<a href=\"http:\/\/www.embl.org\/events\">View other conferences<\/a>, or contact&nbsp;<a href=\"mailto:sponsorship@embl.de\">sponsorship@embl.de<\/a>&nbsp;for further information on sponsoring possibilities.<\/p>\n\n\n\n<p>If you are interested in becoming a media partner of this event, please visit our<a href=\"https:\/\/www.embl.org\/about\/info\/course-and-conference-office\/sponsor-an-event\/#vf-tabs__section-08208670-4ad4-45ca-a4ff-ac6edb6ffd0b\" target=\"_blank\" rel=\"noreferrer noopener\">&nbsp;media partnerships webpage.<\/a><\/p>\n\n\n\n<div class=\"wp-block-buttons is-layout-flex wp-block-buttons-is-layout-flex\"><p><a href=\"mailto:sponsorship@embl-em.de?subject=%20Request%20a%20Sponsorship%20Brochure&#038;body=Please%20kindly%20send%20me%20the%20sponsorship%20brochure%20for%20the%20Conference:%20Gene%20regulation:%20one%20molecule%20at%20a%20time,%2015%20-%2018%20July%202025.\" class=\"vf-button vf-button--primary vf-button--pill\">Request a sponsorship brochure<\/a><\/p><\/div>\n\n\n\n<div class=\"vf-box vf-box--normal vf-box-theme--quaternary | vf-u-margin__bottom--400\">\n      <h3 class=\"vf-box__heading\">\n                Warning                  <\/h3> \n        <p class=\"vf-box__text\">EMBL wishes to warn sponsors of EMBL conferences and courses of fraudulent schemes purporting to offer sponsorship opportunities on behalf of EMBL or affiliated with EMBL officials. One current scam campaign of which we are aware is conducted using the name \u2018Judy Eastman\u2019 (judy@gopcontact.a2hosted.com) and entails approaches to sponsors offering sponsorship opportunities on EMBL\u2019s behalf. Please be kindly advised that all relevant communication regarding sponsorship of EMBL conferences, symposia and courses is handled by EMBL directly and is sent from an official EMBL account. EMBL does not work with any external providers on sponsorship acquisition.<\/p>\n<p class=\"vf-box__text\">Please also note that:<\/p>\n<ul>\n<li><span style=\"font-size: 12pt\">EMBL never provides attendee lists for purchase. Any offers of such are fraudulent.<\/span><\/li>\n<li><span style=\"font-size: 12pt\">EMBL will never call or email you to ask for your credit card details or to request a payment.<\/span><\/li>\n<li><span style=\"font-size: 12pt\">All payments are on invoice.<\/span><\/li>\n<\/ul>\n<p class=\"vf-box__text\">Suspicious communications purportedly from, for or on behalf of EMBL should be reported to EMBL at the following email address sponsorship@embl.de.<\/p>\n<\/div>\n<\/section>\n\n\n\n<section class=\"vf-tabs__section\" id=\"vf-tabs__section-mediakit\"><h2>Media kit<\/h2>\n<p><\/p>\n\n\n\n<p><\/p>\n\n\n\n<div class=\"vf-grid | vf-grid__col-3\"><div><!--[vf\/content]-->\n<div class=\"vf-content\">\n\n<figure class=\"vf-figure wp-block-image  | vf-figure--align vf-figure--align-centered  size-medium is-resized\"><a href=\"https:\/\/www.embl.org\/about\/info\/course-and-conference-office\/wp-content\/uploads\/GRG25-01_Igstory_KN-1.jpg\"><img loading=\"lazy\" decoding=\"async\" width=\"169\" height=\"300\" class=\"vf-figure__image\" src=\"https:\/\/www.embl.org\/about\/info\/course-and-conference-office\/wp-content\/uploads\/GRG25-01_Igstory_KN-1-169x300.jpg\" alt=\"\" class=\"wp-image-206761\" style=\"width:161px;height:auto\" srcset=\"https:\/\/www.embl.org\/about\/info\/course-and-conference-office\/wp-content\/uploads\/GRG25-01_Igstory_KN-1-169x300.jpg 169w, https:\/\/www.embl.org\/about\/info\/course-and-conference-office\/wp-content\/uploads\/GRG25-01_Igstory_KN-1-576x1024.jpg 576w, https:\/\/www.embl.org\/about\/info\/course-and-conference-office\/wp-content\/uploads\/GRG25-01_Igstory_KN-1-768x1365.jpg 768w, https:\/\/www.embl.org\/about\/info\/course-and-conference-office\/wp-content\/uploads\/GRG25-01_Igstory_KN-1-864x1536.jpg 864w, https:\/\/www.embl.org\/about\/info\/course-and-conference-office\/wp-content\/uploads\/GRG25-01_Igstory_KN-1.jpg 1080w\" sizes=\"auto, (max-width: 169px) 100vw, 169px\" \/><\/a><figcaption class=\"vf-figure__caption\">Social 1080&#215;1920<\/figcaption><\/figure>\n\n<\/div>\n<\/div>\n\n\n<div><!--[vf\/content]-->\n<div class=\"vf-content\">\n\n<figure class=\"vf-figure wp-block-image size-large is-style-default\"><a href=\"https:\/\/www.embl.org\/about\/info\/course-and-conference-office\/wp-content\/uploads\/GRG25-01_IG_media_kit.png\"><img loading=\"lazy\" decoding=\"async\" width=\"1024\" height=\"1024\" class=\"vf-figure__image\" src=\"https:\/\/www.embl.org\/about\/info\/course-and-conference-office\/wp-content\/uploads\/GRG25-01_IG_media_kit-1024x1024.png\" alt=\"\" class=\"wp-image-198467\" srcset=\"https:\/\/www.embl.org\/about\/info\/course-and-conference-office\/wp-content\/uploads\/GRG25-01_IG_media_kit-1024x1024.png 1024w, https:\/\/www.embl.org\/about\/info\/course-and-conference-office\/wp-content\/uploads\/GRG25-01_IG_media_kit-300x300.png 300w, https:\/\/www.embl.org\/about\/info\/course-and-conference-office\/wp-content\/uploads\/GRG25-01_IG_media_kit-150x150.png 150w, https:\/\/www.embl.org\/about\/info\/course-and-conference-office\/wp-content\/uploads\/GRG25-01_IG_media_kit-768x768.png 768w, https:\/\/www.embl.org\/about\/info\/course-and-conference-office\/wp-content\/uploads\/GRG25-01_IG_media_kit.png 1080w\" sizes=\"auto, (max-width: 1024px) 100vw, 1024px\" \/><\/a><figcaption class=\"vf-figure__caption\">Social 1080&#215;1080<\/figcaption><\/figure>\n\n<\/div>\n<\/div>\n\n\n<div><!--[vf\/content]-->\n<div class=\"vf-content\">\n\n<figure class=\"vf-figure wp-block-image size-medium\"><a href=\"https:\/\/www.embl.org\/about\/info\/course-and-conference-office\/wp-content\/uploads\/GRG25-01_X_LI_Fb.png\"><img loading=\"lazy\" decoding=\"async\" width=\"300\" height=\"169\" class=\"vf-figure__image\" src=\"https:\/\/www.embl.org\/about\/info\/course-and-conference-office\/wp-content\/uploads\/GRG25-01_X_LI_Fb-300x169.png\" alt=\"\" class=\"wp-image-198469\" srcset=\"https:\/\/www.embl.org\/about\/info\/course-and-conference-office\/wp-content\/uploads\/GRG25-01_X_LI_Fb-300x169.png 300w, https:\/\/www.embl.org\/about\/info\/course-and-conference-office\/wp-content\/uploads\/GRG25-01_X_LI_Fb-1024x576.png 1024w, https:\/\/www.embl.org\/about\/info\/course-and-conference-office\/wp-content\/uploads\/GRG25-01_X_LI_Fb-768x432.png 768w, https:\/\/www.embl.org\/about\/info\/course-and-conference-office\/wp-content\/uploads\/GRG25-01_X_LI_Fb-1536x864.png 1536w, https:\/\/www.embl.org\/about\/info\/course-and-conference-office\/wp-content\/uploads\/GRG25-01_X_LI_Fb.png 1600w\" sizes=\"auto, (max-width: 300px) 100vw, 300px\" \/><\/a><figcaption class=\"vf-figure__caption\">Social 1600&#215;900<\/figcaption><\/figure>\n\n<\/div>\n<\/div>\n<\/div>\n\n\n\n<div class=\"vf-grid | vf-grid__col-3\"><div><!--[vf\/content]-->\n<div class=\"vf-content\">\n\n<figure class=\"vf-figure wp-block-image size-large\"><img loading=\"lazy\" decoding=\"async\" width=\"1024\" height=\"576\" class=\"vf-figure__image\" src=\"https:\/\/www.embl.org\/about\/info\/course-and-conference-office\/wp-content\/uploads\/GRG25-01_SaveTheDate_holdingslide_16_9-1-1024x576.jpg\" alt=\"\" class=\"wp-image-199423\" srcset=\"https:\/\/www.embl.org\/about\/info\/course-and-conference-office\/wp-content\/uploads\/GRG25-01_SaveTheDate_holdingslide_16_9-1-1024x576.jpg 1024w, https:\/\/www.embl.org\/about\/info\/course-and-conference-office\/wp-content\/uploads\/GRG25-01_SaveTheDate_holdingslide_16_9-1-300x169.jpg 300w, https:\/\/www.embl.org\/about\/info\/course-and-conference-office\/wp-content\/uploads\/GRG25-01_SaveTheDate_holdingslide_16_9-1-768x432.jpg 768w, https:\/\/www.embl.org\/about\/info\/course-and-conference-office\/wp-content\/uploads\/GRG25-01_SaveTheDate_holdingslide_16_9-1-1536x864.jpg 1536w, https:\/\/www.embl.org\/about\/info\/course-and-conference-office\/wp-content\/uploads\/GRG25-01_SaveTheDate_holdingslide_16_9-1-2048x1152.jpg 2048w\" sizes=\"auto, (max-width: 1024px) 100vw, 1024px\" \/><figcaption class=\"vf-figure__caption\">PPT Slide 16\u00d79<\/figcaption><\/figure>\n\n<\/div>\n<\/div>\n\n\n<div><!--[vf\/content]-->\n<div class=\"vf-content\">\n\n<figure class=\"vf-figure wp-block-image size-full is-style-default\"><a href=\"https:\/\/www.embl.org\/about\/info\/course-and-conference-office\/wp-content\/uploads\/GRG25-01_Conferences_leaderboard_728x90px.gif\"><img loading=\"lazy\" decoding=\"async\" width=\"728\" height=\"90\" class=\"vf-figure__image\" src=\"https:\/\/www.embl.org\/about\/info\/course-and-conference-office\/wp-content\/uploads\/GRG25-01_Conferences_leaderboard_728x90px.gif\" alt=\"\" class=\"wp-image-199421\"\/><\/a><figcaption class=\"vf-figure__caption\">Leaderboard 728&#215;90 <\/figcaption><\/figure>\n\n<\/div>\n<\/div>\n\n\n<div><!--[vf\/content]-->\n<div class=\"vf-content\">\n\n<\/div>\n<\/div>\n<\/div>\n\n\n\n<p><\/p>\n<\/section>\n<\/div><\/div>\n\n\n\n<p><\/p>\n","protected":false},"excerpt":{"rendered":"","protected":false},"parent":0,"menu_order":0,"template":"","embl_taxonomy":[],"class_list":["post-172405","vf_event","type-vf_event","status-publish","hentry"],"acf":[],"embl_taxonomy_terms":[],"vf_event_start_date":{"value":"20250715","formatted":"15 July 2025"},"vf_event_end_date":{"value":"20250718","formatted":"18 July 2025"},"vf_event_submission_opening":{"value":"","formatted":""},"vf_event_submission_closing":{"value":"20250427","formatted":"27 Apr 2025"},"vf_event_registration_opening":{"value":"","formatted":""},"vf_event_registration_closing":{"value":"20250708","formatted":"8 Jul 2025"},"vf_event_summary":{"value":"","formatted":""},"vf_event_additional_info":{"value":"","formatted":""},"vf_event_registration_fee":{"value":"","formatted":""},"vf_event_canceled":{"value":"no","formatted":"no"},"vf_event_venue":{"value":"EMBL Advanced Training Centre","formatted":"EMBL Advanced Training Centre"},"vf_event_unique_identifier":{"value":"","formatted":""},"vf_event_event_type":{"value":"conference","formatted":{"value":"conference","label":"Conference"}},"vf_event_more_information_link":{"value":"https:\/\/www.embl.org\/about\/info\/course-and-conference-office\/events\/grg25-01\/","formatted":"https:\/\/www.embl.org\/about\/info\/course-and-conference-office\/events\/grg25-01\/"},"vf_event_registration_link":{"value":"https:\/\/embl.ungerboeck.com\/PROD\/emc00\/register.aspx?aat=64636576456c386d53716a5a6f55644a322f62455274786d496b7a62416f4c795467674573327233715a733d","formatted":"https:\/\/embl.ungerboeck.com\/PROD\/emc00\/register.aspx?aat=64636576456c386d53716a5a6f55644a322f62455274786d496b7a62416f4c795467674573327233715a733d"},"vf_event_start_time":{"value":"","formatted":""},"vf_event_end_time":{"value":"","formatted":""},"vf_event_location":{"value":["67","364"],"formatted":["EMBL Heidelberg","Virtual"]},"vf_event_time_zone":{"value":"europe\/london","formatted":"Europe\/London"},"vf_event_ss_subtype":{"value":null,"formatted":null},"vf_event_embo_subtype":{"value":"","formatted":""},"vf_event_featured":{"value":"0","formatted":false},"vf_event_organisers_listing":{"value":"Stirling Churchman, Arnaud Krebs, Mounia Lagha, Daniel Larson","formatted":"Stirling Churchman, Arnaud Krebs, Mounia Lagha, Daniel Larson"},"vf_event_displayed":{"value":"EMBL Conference","formatted":"EMBL Conference"},"vf_event_subjects_training":{"value":[],"formatted":[]},"vf_event_registration_closing_on-site":{"value":"20250613","formatted":"13 Jun 2025"},"vf_event_registration_link_on-site":{"value":"https:\/\/embl.ungerboeck.com\/PROD\/emc00\/register.aspx?aat=454d7032633846576d35655644726e772f4f373039763058466d376d61673979344d4d462b30656868656b3d","formatted":"https:\/\/embl.ungerboeck.com\/PROD\/emc00\/register.aspx?aat=454d7032633846576d35655644726e772f4f373039763058466d376d61673979344d4d462b30656868656b3d"},"vf_event_other_location":{"value":null,"formatted":null},"vf_event_qrcode":{"value":null,"formatted":null},"vf_event_custom_overview":{"value":null,"formatted":null},"vf_event_hashtag":{"value":"#EMBLSingleMolecule","formatted":"#EMBLSingleMolecule"},"vf_event_logo":{"value":"","formatted":false},"vf_event_hero":{"value":"198525","formatted":{"ID":198525,"id":198525,"title":"GRG25-01_hero","filename":"GRG25-01_hero-scaled.jpg","filesize":292928,"url":"https:\/\/www.embl.org\/about\/info\/course-and-conference-office\/wp-content\/uploads\/GRG25-01_hero-scaled.jpg","link":"https:\/\/www.embl.org\/about\/info\/course-and-conference-office\/events\/grg25-01\/grg25-01_hero\/","alt":"","author":"51","description":"","caption":"","name":"grg25-01_hero","status":"inherit","uploaded_to":172405,"date":"2025-01-09 16:08:47","modified":"2025-01-09 16:08:47","menu_order":0,"mime_type":"image\/jpeg","type":"image","subtype":"jpeg","icon":"https:\/\/www.embl.org\/about\/info\/course-and-conference-office\/wp-includes\/images\/media\/default.png","width":2560,"height":853,"sizes":{"thumbnail":"https:\/\/www.embl.org\/about\/info\/course-and-conference-office\/wp-content\/uploads\/GRG25-01_hero-150x150.jpg","thumbnail-width":150,"thumbnail-height":150,"medium":"https:\/\/www.embl.org\/about\/info\/course-and-conference-office\/wp-content\/uploads\/GRG25-01_hero-300x100.jpg","medium-width":300,"medium-height":100,"medium_large":"https:\/\/www.embl.org\/about\/info\/course-and-conference-office\/wp-content\/uploads\/GRG25-01_hero-768x256.jpg","medium_large-width":768,"medium_large-height":256,"large":"https:\/\/www.embl.org\/about\/info\/course-and-conference-office\/wp-content\/uploads\/GRG25-01_hero-1024x341.jpg","large-width":1024,"large-height":341,"1536x1536":"https:\/\/www.embl.org\/about\/info\/course-and-conference-office\/wp-content\/uploads\/GRG25-01_hero-1536x512.jpg","1536x1536-width":1536,"1536x1536-height":512,"2048x2048":"https:\/\/www.embl.org\/about\/info\/course-and-conference-office\/wp-content\/uploads\/GRG25-01_hero-2048x683.jpg","2048x2048-width":2048,"2048x2048-height":683,"vf-hero":"https:\/\/www.embl.org\/about\/info\/course-and-conference-office\/wp-content\/uploads\/GRG25-01_hero-scaled.jpg","vf-hero-width":2560,"vf-hero-height":853}}},"_links":{"self":[{"href":"https:\/\/www.embl.org\/about\/info\/course-and-conference-office\/wp-json\/wp\/v2\/vf_events\/172405","targetHints":{"allow":["GET"]}}],"collection":[{"href":"https:\/\/www.embl.org\/about\/info\/course-and-conference-office\/wp-json\/wp\/v2\/vf_events"}],"about":[{"href":"https:\/\/www.embl.org\/about\/info\/course-and-conference-office\/wp-json\/wp\/v2\/types\/vf_event"}],"version-history":[{"count":141,"href":"https:\/\/www.embl.org\/about\/info\/course-and-conference-office\/wp-json\/wp\/v2\/vf_events\/172405\/revisions"}],"predecessor-version":[{"id":224729,"href":"https:\/\/www.embl.org\/about\/info\/course-and-conference-office\/wp-json\/wp\/v2\/vf_events\/172405\/revisions\/224729"}],"wp:attachment":[{"href":"https:\/\/www.embl.org\/about\/info\/course-and-conference-office\/wp-json\/wp\/v2\/media?parent=172405"}],"wp:term":[{"taxonomy":"embl_taxonomy","embeddable":true,"href":"https:\/\/www.embl.org\/about\/info\/course-and-conference-office\/wp-json\/wp\/v2\/embl_taxonomy?post=172405"}],"curies":[{"name":"wp","href":"https:\/\/api.w.org\/{rel}","templated":true}]}}