{"id":121796,"date":"2023-07-12T14:30:38","date_gmt":"2023-07-12T13:30:38","guid":{"rendered":"https:\/\/www.embl.org\/about\/info\/course-and-conference-office\/?post_type=vf_event&#038;p=121796"},"modified":"2024-07-09T08:59:35","modified_gmt":"2024-07-09T07:59:35","slug":"mmo24-01","status":"publish","type":"vf_event","link":"https:\/\/www.embl.org\/about\/info\/course-and-conference-office\/events\/mmo24-01\/","title":{"rendered":"Structural characterisation of macromolecular complexes"},"content":{"rendered":"\n<div class=\"vf-tabs\"><ul class=\"vf-tabs__list\" data-vf-js-tabs=\"true\"><li class=\"vf-tabs__item\"><a class=\"vf-tabs__link\" href=\"#vf-tabs__section-overview\" data-vf-js-location-nearest-activation-target=\"\">Overview<\/a><\/li><li class=\"vf-tabs__item\"><a class=\"vf-tabs__link\" href=\"#vf-tabs__section-speakers\" data-vf-js-location-nearest-activation-target=\"\">Speakers and trainers<\/a><\/li><li class=\"vf-tabs__item\"><a class=\"vf-tabs__link\" href=\"#vf-tabs__section-programme\" data-vf-js-location-nearest-activation-target=\"\">Final programme<\/a><\/li><li class=\"vf-tabs__item\"><a class=\"vf-tabs__link\" href=\"#vf-tabs__section-information\" data-vf-js-location-nearest-activation-target=\"\">Practical information<\/a><\/li><li class=\"vf-tabs__item\"><a class=\"vf-tabs__link\" href=\"#vf-tabs__section-sponsors\" data-vf-js-location-nearest-activation-target=\"\">Sponsors<\/a><\/li><li class=\"vf-tabs__item\"><a class=\"vf-tabs__link\" href=\"#vf-tabs__section-media-kit\" data-vf-js-location-nearest-activation-target=\"\">Media kit<\/a><\/li><\/ul><div class=\"vf-tabs-content\" data-vf-js-tabs-content=\"true\">\n<section class=\"vf-tabs__section\" id=\"vf-tabs__section-overview\"><h2 class=\"vf-u-sr-only\">Overview<\/h2>\n<p><\/p>\n\n\n\n<h2 class=\"wp-block-heading\">Course overview<\/h2>\n\n\n\n<p>Recent developments in cryo-EM\/ET, super-resolution microscopy, and protein structure prediction \u2014 coupled with increasingly sophisticated methods of sample preparation \u2014 have revolutionised structural biology. Educating the next generation of researchers on how to strategically combine these disparate tools is critical for addressing the most challenging structural biology problems of the future. <\/p>\n\n\n\n<p>Course participants will receive a comprehensive overview of state-of-the-art structural methods, with a focus on sample preparation, characterisation, and data integration strategies. Key aspects covered by lectures and practicals include multi-subunit protein expression in bacteria, insect, and mammalian cells; isolation of native complexes and in-vitro reconstitution of protein and protein-nucleic acid complexes; biochemical and biophysical characterization to assess stoichiometry and sample homogeneity; 3D structure determination of macromolecular assemblies at different resolution regimes; and the integration of data from multiple experimental sources (X-ray crystallography, cryo-EM, SAXS, NMR, mass spectrometry, smFRET, and super-resolution light microscopy). The current edition of this long-standing course refreshes the portfolio of speakers and topics, including a new module on the strategic exploitation of the latest protein structure prediction methods.<\/p>\n\n\n\n<h2 class=\"wp-block-heading\">Audience<\/h2>\n\n\n\n<p>Advanced PhD students and postdocs, currently working on challenging projects in structural biology that would benefit form hybrid approaches<\/p>\n\n\n\n<h2 class=\"wp-block-heading\">Modules<\/h2>\n\n\n\n<ul class=\"wp-block-list\">\n<li>Protein expression and purification<\/li>\n\n\n\n<li>Biophysical characterisation of macromolecular complexes<\/li>\n\n\n\n<li>Introduction to electron microscopy<\/li>\n\n\n\n<li>X-ray crystallography, Small Angle X-ray Scattering and serial crystallography using synchrotron radiation<\/li>\n\n\n\n<li>Application of Nuclear Magnetic Resonance in structural biology<\/li>\n\n\n\n<li>Mass spectrometry in protein-protein interaction studies<\/li>\n\n\n\n<li>Single-molecule methods and super-resolution light microscopy<\/li>\n\n\n\n<li>AI-based structure prediction methods<\/li>\n<\/ul>\n\n\n\n<h2 class=\"wp-block-heading\">Learning outcomes<\/h2>\n\n\n\n<p>The primary goal of this course is to furnish participants with a comprehensive understanding of cutting-edge methods employed in the structural characterization of macromolecular complexes. Through over 20 thematic lectures, participants will gain a solid theoretical foundation in the covered methods. The course integrates hands-on experience through experimental and computational practicals, allowing participants to actively engage with a diverse range of methodologies discussed in the lectures. The course will also feature several case studies presented by leading scientists within their respective fields to showcase applications of the methods covered in the course employed in diverse scientific contexts. Ultimately, participants will emerge from the course equipped with the strategic expertise to effectively integrate various tools, enabling them to address the challenging structural biology problems of the future.<\/p>\n\n\n\n<p>&#8212;&#8212;&#8212;&#8212;&#8212;&#8212;&#8212;<\/p>\n\n\n\n<p>This course is jointly organised by <a href=\"https:\/\/www.embl.org\/sites\/grenoble\/\">EMBL Grenoble<\/a>, <a href=\"https:\/\/www.esrf.fr\/home.html\">ESRF<\/a> and <a href=\"https:\/\/www.ibs.fr\/\">IBS<\/a> and practical sessions will take place at all three institutes located on the EPN Campus in Grenoble.<\/p>\n<\/section>\n\n\n\n<section class=\"vf-tabs__section\" id=\"vf-tabs__section-speakers\"><h2>Speakers and trainers<\/h2>\n<div class=\"embl-grid\"><div><!--[vf\/content]-->\n<div class=\"vf-content\">\n\n<article class=\"vf-profile vf-profile--very-easy vf-profile--medium vf-profile--block | vf-u-margin__bottom--400\">\n\n    <img decoding=\"async\" width=\"200\" height=\"300\" src=\"https:\/\/www.embl.org\/about\/info\/course-and-conference-office\/wp-content\/uploads\/Bates_Mark.jpg\" class=\"vf-profile__image\" alt=\"\" loading=\"lazy\" itemprop=\"image\" \/>\n    <h3 class=\"vf-profile__title\" style=\"text-align: center;\">\n                    <a href=\"https:\/\/www.ifnano.de\/en\/\" target=\"_self\" class=\"vf-profile__link\">Mark Bates<\/a>\n            <\/h3>\n    \n                <p class=\"vf-profile__text\" style=\"text-align: center;\">\n                Institut f\u00fcr Nanophotonik G\u00f6ttingen            <\/p>\n                <p class=\"vf-profile__text\" style=\"text-align: center;\">\n                Germany            <\/p>\n    \n    \n      \n\n    \n<\/article>\n\n<\/div>\n<\/div>\n\n\n<div><!--[vf\/content]-->\n<div class=\"vf-content\">\n\n<article class=\"vf-profile vf-profile--very-easy vf-profile--medium vf-profile--block | vf-u-margin__bottom--400\">\n\n    <img decoding=\"async\" width=\"180\" height=\"240\" src=\"https:\/\/www.embl.org\/about\/info\/course-and-conference-office\/wp-content\/uploads\/Janusz_Bujnicki.jpg\" class=\"vf-profile__image\" alt=\"\" loading=\"lazy\" itemprop=\"image\" \/>\n    <h3 class=\"vf-profile__title\" style=\"text-align: center;\">\n                    <a href=\"https:\/\/genesilico.pl\/people\" target=\"_self\" class=\"vf-profile__link\">Janusz Bujnicki<\/a>\n            <\/h3>\n    \n                <p class=\"vf-profile__text\" style=\"text-align: center;\">\n                International Institute of Molecular and Cell Biology in Warsaw            <\/p>\n                <p class=\"vf-profile__text\" style=\"text-align: center;\">\n                Poland            <\/p>\n    \n    \n      \n\n    \n<\/article>\n\n<\/div>\n<\/div>\n\n\n<div><!--[vf\/content]-->\n<div class=\"vf-content\">\n\n<article class=\"vf-profile vf-profile--very-easy vf-profile--medium vf-profile--block | vf-u-margin__bottom--400\">\n\n    <img decoding=\"async\" width=\"155\" height=\"175\" src=\"https:\/\/www.embl.org\/about\/info\/course-and-conference-office\/wp-content\/uploads\/Bowler_Matthew.jpg\" class=\"vf-profile__image\" alt=\"\" loading=\"lazy\" itemprop=\"image\" \/>\n    <h3 class=\"vf-profile__title\" style=\"text-align: center;\">\n                    <a href=\"https:\/\/www.embl.org\/people\/person\/mbowler\/\" target=\"_self\" class=\"vf-profile__link\">Matthew Bowler<\/a>\n            <\/h3>\n    \n                <p class=\"vf-profile__text\" style=\"text-align: center;\">\n                EMBL Grenoble            <\/p>\n                <p class=\"vf-profile__text\" style=\"text-align: center;\">\n                France            <\/p>\n    \n    \n      \n\n    \n<\/article>\n\n<\/div>\n<\/div>\n<\/div>\n\n\n\n<div class=\"embl-grid\"><div><!--[vf\/content]-->\n<div class=\"vf-content\">\n\n<article class=\"vf-profile vf-profile--very-easy vf-profile--medium vf-profile--block | vf-u-margin__bottom--400\">\n\n    <img decoding=\"async\" width=\"233\" height=\"300\" src=\"https:\/\/www.embl.org\/about\/info\/course-and-conference-office\/wp-content\/uploads\/Conti_Elena-233x300.webp\" class=\"vf-profile__image\" alt=\"\" loading=\"lazy\" itemprop=\"image\" srcset=\"https:\/\/www.embl.org\/about\/info\/course-and-conference-office\/wp-content\/uploads\/Conti_Elena-233x300.webp 233w, https:\/\/www.embl.org\/about\/info\/course-and-conference-office\/wp-content\/uploads\/Conti_Elena.webp 280w\" sizes=\"auto, (max-width: 233px) 100vw, 233px\" \/>\n    <h3 class=\"vf-profile__title\" style=\"text-align: center;\">\n                    <a href=\"https:\/\/www.biochem.mpg.de\/conti\" target=\"_self\" class=\"vf-profile__link\">Elena Conti<\/a>\n            <\/h3>\n    \n                <p class=\"vf-profile__text\" style=\"text-align: center;\">\n                Max Planck Institute of Biochemistry            <\/p>\n                <p class=\"vf-profile__text\" style=\"text-align: center;\">\n                Germany            <\/p>\n    \n    \n      \n\n    \n<\/article>\n\n<\/div>\n<\/div>\n\n\n<div><!--[vf\/content]-->\n<div class=\"vf-content\">\n\n<article class=\"vf-profile vf-profile--very-easy vf-profile--medium vf-profile--block | vf-u-margin__bottom--400\">\n\n    <img decoding=\"async\" width=\"230\" height=\"230\" src=\"https:\/\/www.embl.org\/about\/info\/course-and-conference-office\/wp-content\/uploads\/carlmagno-teresa.jpg\" class=\"vf-profile__image\" alt=\"\" loading=\"lazy\" itemprop=\"image\" srcset=\"https:\/\/www.embl.org\/about\/info\/course-and-conference-office\/wp-content\/uploads\/carlmagno-teresa.jpg 230w, https:\/\/www.embl.org\/about\/info\/course-and-conference-office\/wp-content\/uploads\/carlmagno-teresa-150x150.jpg 150w\" sizes=\"auto, (max-width: 230px) 100vw, 230px\" \/>\n    <h3 class=\"vf-profile__title\" style=\"text-align: center;\">\n                    <a href=\"https:\/\/www.birmingham.ac.uk\/schools\/biosciences\/staff\/profile.aspx?ReferenceId=192756&#038;Name=professor-teresa-carlomagno\" target=\"_self\" class=\"vf-profile__link\">Teresa Carlomagno<\/a>\n            <\/h3>\n    \n                <p class=\"vf-profile__text\" style=\"text-align: center;\">\n                University of Birmingham            <\/p>\n                <p class=\"vf-profile__text\" style=\"text-align: center;\">\n                UK            <\/p>\n    \n    \n      \n\n    \n<\/article>\n\n<\/div>\n<\/div>\n\n\n<div><!--[vf\/content]-->\n<div class=\"vf-content\">\n\n<article class=\"vf-profile vf-profile--very-easy vf-profile--medium vf-profile--block | vf-u-margin__bottom--400\">\n\n    <img decoding=\"async\" width=\"248\" height=\"300\" src=\"https:\/\/www.embl.org\/about\/info\/course-and-conference-office\/wp-content\/uploads\/LucaCosta-248x300.jpeg\" class=\"vf-profile__image\" alt=\"\" loading=\"lazy\" itemprop=\"image\" srcset=\"https:\/\/www.embl.org\/about\/info\/course-and-conference-office\/wp-content\/uploads\/LucaCosta-248x300.jpeg 248w, https:\/\/www.embl.org\/about\/info\/course-and-conference-office\/wp-content\/uploads\/LucaCosta.jpeg 396w\" sizes=\"auto, (max-width: 248px) 100vw, 248px\" \/>\n    <h3 class=\"vf-profile__title\" style=\"text-align: center;\">\n                    <a href=\"https:\/\/www.cbs.cnrs.fr\/index.php\/fr\/personnel?PERS=Luca%20Costa\" target=\"_self\" class=\"vf-profile__link\">Luca Costa<\/a>\n            <\/h3>\n    \n                <p class=\"vf-profile__text\" style=\"text-align: center;\">\n                Centre de Biologie Structurale            <\/p>\n                <p class=\"vf-profile__text\" style=\"text-align: center;\">\n                France            <\/p>\n    \n    \n      \n\n    \n<\/article>\n\n<\/div>\n<\/div>\n<\/div>\n\n\n\n<div class=\"embl-grid\"><div><!--[vf\/content]-->\n<div class=\"vf-content\">\n\n<article class=\"vf-profile vf-profile--very-easy vf-profile--medium vf-profile--block | vf-u-margin__bottom--400\">\n\n            <img decoding=\"async\" class=\"vf-profile__image\" src=\"https:\/\/dev.assets.emblstatic.net\/vf\/v2.0.0-alpha.6\/assets\/vf-summary\/assets\/vf-icon--avatar.svg\" > \n    \n    <h3 class=\"vf-profile__title\" style=\"text-align: center;\">\n                    <a href=\"https:\/\/www.biozentrum.unibas.ch\/research\/research-groups\/research-groups-a-z\/overview\/unit\/research-group-maria-hondele\" target=\"_self\" class=\"vf-profile__link\">Maria Hondele<\/a>\n            <\/h3>\n    \n                <p class=\"vf-profile__text\" style=\"text-align: center;\">\n                The Biozentrum, University of Basel            <\/p>\n                <p class=\"vf-profile__text\" style=\"text-align: center;\">\n                Switzerland            <\/p>\n    \n    \n      \n\n    \n<\/article>\n\n<\/div>\n<\/div>\n\n\n<div><!--[vf\/content]-->\n<div class=\"vf-content\">\n\n<article class=\"vf-profile vf-profile--very-easy vf-profile--medium vf-profile--block | vf-u-margin__bottom--400\">\n\n    <img decoding=\"async\" width=\"160\" height=\"239\" src=\"https:\/\/www.embl.org\/about\/info\/course-and-conference-office\/wp-content\/uploads\/Janet-Iwasa-1.jpg\" class=\"vf-profile__image\" alt=\"\" loading=\"lazy\" itemprop=\"image\" \/>\n    <h3 class=\"vf-profile__title\" style=\"text-align: center;\">\n                    <a href=\"https:\/\/medicine.utah.edu\/faculty\/janet-iwasa\" target=\"_self\" class=\"vf-profile__link\">Janet Iwasa<\/a>\n            <\/h3>\n    \n                <p class=\"vf-profile__text\" style=\"text-align: center;\">\n                University of Utah            <\/p>\n                <p class=\"vf-profile__text\" style=\"text-align: center;\">\n                USA            <\/p>\n                <p class=\"vf-profile__text\" style=\"text-align: center;\">\n                Remote speaker            <\/p>\n    \n    \n      \n\n    \n<\/article>\n\n<\/div>\n<\/div>\n\n\n<div><!--[vf\/content]-->\n<div class=\"vf-content\">\n\n<article class=\"vf-profile vf-profile--very-easy vf-profile--medium vf-profile--block | vf-u-margin__bottom--400\">\n\n    <img decoding=\"async\" width=\"296\" height=\"300\" src=\"https:\/\/www.embl.org\/about\/info\/course-and-conference-office\/wp-content\/uploads\/mackereth-296x300.png\" class=\"vf-profile__image\" alt=\"\" loading=\"lazy\" itemprop=\"image\" srcset=\"https:\/\/www.embl.org\/about\/info\/course-and-conference-office\/wp-content\/uploads\/mackereth-296x300.png 296w, https:\/\/www.embl.org\/about\/info\/course-and-conference-office\/wp-content\/uploads\/mackereth-1011x1024.png 1011w, https:\/\/www.embl.org\/about\/info\/course-and-conference-office\/wp-content\/uploads\/mackereth-768x778.png 768w, https:\/\/www.embl.org\/about\/info\/course-and-conference-office\/wp-content\/uploads\/mackereth.png 1212w\" sizes=\"auto, (max-width: 296px) 100vw, 296px\" \/>\n    <h3 class=\"vf-profile__title\" style=\"text-align: center;\">\n                    <a href=\"https:\/\/www.nmrbordeaux.org\/index.html\" target=\"_self\" class=\"vf-profile__link\">Cameron Mackereth<\/a>\n            <\/h3>\n    \n                <p class=\"vf-profile__text\" style=\"text-align: center;\">\n                University of Bordeaux            <\/p>\n                <p class=\"vf-profile__text\" style=\"text-align: center;\">\n                France            <\/p>\n    \n    \n      \n\n    \n<\/article>\n\n<\/div>\n<\/div>\n<\/div>\n\n\n\n<div class=\"embl-grid\"><div><!--[vf\/content]-->\n<div class=\"vf-content\">\n\n<article class=\"vf-profile vf-profile--very-easy vf-profile--medium vf-profile--block | vf-u-margin__bottom--400\">\n\n    <img decoding=\"async\" width=\"155\" height=\"175\" src=\"https:\/\/www.embl.org\/about\/info\/course-and-conference-office\/wp-content\/uploads\/Julia-Mahamid-1.jpg\" class=\"vf-profile__image\" alt=\"\" loading=\"lazy\" itemprop=\"image\" \/>\n    <h3 class=\"vf-profile__title\" style=\"text-align: center;\">\n                    <a href=\"https:\/\/www.embl.org\/groups\/mahamid\/\" target=\"_self\" class=\"vf-profile__link\">Julia Mahamid<\/a>\n            <\/h3>\n    \n                <p class=\"vf-profile__text\" style=\"text-align: center;\">\n                EMBL Heidelberg            <\/p>\n                <p class=\"vf-profile__text\" style=\"text-align: center;\">\n                Germany            <\/p>\n    \n    \n      \n\n    \n<\/article>\n\n<\/div>\n<\/div>\n\n\n<div><!--[vf\/content]-->\n<div class=\"vf-content\">\n\n<article class=\"vf-profile vf-profile--very-easy vf-profile--medium vf-profile--block | vf-u-margin__bottom--400\">\n\n    <img decoding=\"async\" width=\"128\" height=\"128\" src=\"https:\/\/www.embl.org\/about\/info\/course-and-conference-office\/wp-content\/uploads\/Caroline-Mas.jpg\" class=\"vf-profile__image\" alt=\"\" loading=\"lazy\" itemprop=\"image\" \/>\n    <h3 class=\"vf-profile__title\" style=\"text-align: center;\">\n                    <a href=\"https:\/\/www.ibs.fr\/fr\/recherche\/microbiologie-infection-et-immunite\/groupe-machines-de-replication-virale-m-jamin\/team-members?lang=fr\" target=\"_self\" class=\"vf-profile__link\">Caroline Mas<\/a>\n            <\/h3>\n    \n                <p class=\"vf-profile__text\" style=\"text-align: center;\">\n                Institut de Biologie Structurale            <\/p>\n                <p class=\"vf-profile__text\" style=\"text-align: center;\">\n                France            <\/p>\n    \n    \n      \n\n    \n<\/article>\n\n<\/div>\n<\/div>\n\n\n<div><!--[vf\/content]-->\n<div class=\"vf-content\">\n\n<article class=\"vf-profile vf-profile--very-easy vf-profile--medium vf-profile--block | vf-u-margin__bottom--400\">\n\n    <img decoding=\"async\" width=\"200\" height=\"200\" src=\"https:\/\/www.embl.org\/about\/info\/course-and-conference-office\/wp-content\/uploads\/Sigrid_Milles.jpg\" class=\"vf-profile__image\" alt=\"\" loading=\"lazy\" itemprop=\"image\" srcset=\"https:\/\/www.embl.org\/about\/info\/course-and-conference-office\/wp-content\/uploads\/Sigrid_Milles.jpg 200w, https:\/\/www.embl.org\/about\/info\/course-and-conference-office\/wp-content\/uploads\/Sigrid_Milles-150x150.jpg 150w\" sizes=\"auto, (max-width: 200px) 100vw, 200px\" \/>\n    <h3 class=\"vf-profile__title\" style=\"text-align: center;\">\n                    <a href=\"https:\/\/leibniz-fmp.de\/de\/research\/research-areas\/structural-biology\/sigrid-milles\" target=\"_self\" class=\"vf-profile__link\">Sigrid Milles<\/a>\n            <\/h3>\n    \n                <p class=\"vf-profile__text\" style=\"text-align: center;\">\n                Leibniz-Forschungsinstitut f\u00fcr Molekulare Pharmakologie im Forschungsverbund Berlin e.V. (FMP)            <\/p>\n                <p class=\"vf-profile__text\" style=\"text-align: center;\">\n                Germany            <\/p>\n    \n    \n      \n\n    \n<\/article>\n\n<\/div>\n<\/div>\n<\/div>\n\n\n\n<div class=\"embl-grid\"><div><!--[vf\/content]-->\n<div class=\"vf-content\">\n\n<article class=\"vf-profile vf-profile--very-easy vf-profile--medium vf-profile--block | vf-u-margin__bottom--400\">\n\n            <img decoding=\"async\" class=\"vf-profile__image\" src=\"https:\/\/dev.assets.emblstatic.net\/vf\/v2.0.0-alpha.6\/assets\/vf-summary\/assets\/vf-icon--avatar.svg\" > \n    \n    <h3 class=\"vf-profile__title\" style=\"text-align: center;\">\n                    <a href=\"https:\/\/www.pacureanu.com\/home\" target=\"_self\" class=\"vf-profile__link\">Alexandra Pacureanu <\/a>\n            <\/h3>\n    \n                <p class=\"vf-profile__text\" style=\"text-align: center;\">\n                European Synchrotron Radiation Facility            <\/p>\n                <p class=\"vf-profile__text\" style=\"text-align: center;\">\n                France            <\/p>\n    \n    \n      \n\n    \n<\/article>\n\n<\/div>\n<\/div>\n\n\n<div><!--[vf\/content]-->\n<div class=\"vf-content\">\n\n<article class=\"vf-profile vf-profile--very-easy vf-profile--medium vf-profile--block | vf-u-margin__bottom--400\">\n\n            <img decoding=\"async\" class=\"vf-profile__image\" src=\"https:\/\/dev.assets.emblstatic.net\/vf\/v2.0.0-alpha.6\/assets\/vf-summary\/assets\/vf-icon--avatar.svg\" > \n    \n    <h3 class=\"vf-profile__title\" style=\"text-align: center;\">\n                    <a href=\"https:\/\/www.nki.nl\/research\/research-groups\/anastassis-tassos-perrakis\/\" target=\"_self\" class=\"vf-profile__link\">Anastassis (Tassos) Perrakis<\/a>\n            <\/h3>\n    \n                <p class=\"vf-profile__text\" style=\"text-align: center;\">\n                Netherlands Cancer Institute            <\/p>\n                <p class=\"vf-profile__text\" style=\"text-align: center;\">\n                The Netherlands            <\/p>\n    \n    \n      \n\n    \n<\/article>\n\n<\/div>\n<\/div>\n\n\n<div><!--[vf\/content]-->\n<div class=\"vf-content\">\n\n<article class=\"vf-profile vf-profile--very-easy vf-profile--medium vf-profile--block | vf-u-margin__bottom--400\">\n\n    <img decoding=\"async\" width=\"200\" height=\"300\" src=\"https:\/\/www.embl.org\/about\/info\/course-and-conference-office\/wp-content\/uploads\/Randy-Read.jpg\" class=\"vf-profile__image\" alt=\"\" loading=\"lazy\" itemprop=\"image\" \/>\n    <h3 class=\"vf-profile__title\" style=\"text-align: center;\">\n                    <a href=\"https:\/\/www.haem.cam.ac.uk\/staff\/senior-staff\/professor-randy-j-read\/\" target=\"_self\" class=\"vf-profile__link\">Randy Read<\/a>\n            <\/h3>\n    \n                <p class=\"vf-profile__text\" style=\"text-align: center;\">\n                University of Cambridge            <\/p>\n                <p class=\"vf-profile__text\" style=\"text-align: center;\">\n                UK            <\/p>\n    \n    \n      \n\n    \n<\/article>\n\n<\/div>\n<\/div>\n<\/div>\n\n\n\n<div class=\"embl-grid\"><div><!--[vf\/content]-->\n<div class=\"vf-content\">\n\n<article class=\"vf-profile vf-profile--very-easy vf-profile--medium vf-profile--block | vf-u-margin__bottom--400\">\n\n    <img decoding=\"async\" width=\"155\" height=\"175\" src=\"https:\/\/www.embl.org\/about\/info\/course-and-conference-office\/wp-content\/uploads\/Kim_Remans.jpg\" class=\"vf-profile__image\" alt=\"\" loading=\"lazy\" itemprop=\"image\" \/>\n    <h3 class=\"vf-profile__title\" style=\"text-align: center;\">\n                    <a href=\"https:\/\/www.embl.org\/groups\/protein-expression-purification\/\" target=\"_self\" class=\"vf-profile__link\">Kim Remans<\/a>\n            <\/h3>\n    \n                <p class=\"vf-profile__text\" style=\"text-align: center;\">\n                EMBL Heidelberg            <\/p>\n                <p class=\"vf-profile__text\" style=\"text-align: center;\">\n                Germany            <\/p>\n    \n    \n      \n\n    \n<\/article>\n\n<\/div>\n<\/div>\n\n\n<div><!--[vf\/content]-->\n<div class=\"vf-content\">\n\n<article class=\"vf-profile vf-profile--very-easy vf-profile--medium vf-profile--block | vf-u-margin__bottom--400\">\n\n    <img decoding=\"async\" width=\"142\" height=\"183\" src=\"https:\/\/www.embl.org\/about\/info\/course-and-conference-office\/wp-content\/uploads\/Christophe-Romier.jpeg\" class=\"vf-profile__image\" alt=\"\" loading=\"lazy\" itemprop=\"image\" \/>\n    <h3 class=\"vf-profile__title\" style=\"text-align: center;\">\n                    <a href=\"https:\/\/www.igbmc.fr\/igbmc\/missions\/annuaire\/christophe-romier\" target=\"_self\" class=\"vf-profile__link\">Christophe Romier<\/a>\n            <\/h3>\n    \n                <p class=\"vf-profile__text\" style=\"text-align: center;\">\n                Institut de g\u00e9n\u00e9tique et de biologie mol\u00e9culaire et cellulaire            <\/p>\n                <p class=\"vf-profile__text\" style=\"text-align: center;\">\n                France            <\/p>\n    \n    \n      \n\n    \n<\/article>\n\n<\/div>\n<\/div>\n\n\n<div><!--[vf\/content]-->\n<div class=\"vf-content\">\n\n<article class=\"vf-profile vf-profile--very-easy vf-profile--medium vf-profile--block | vf-u-margin__bottom--400\">\n\n            <img decoding=\"async\" class=\"vf-profile__image\" src=\"https:\/\/dev.assets.emblstatic.net\/vf\/v2.0.0-alpha.6\/assets\/vf-summary\/assets\/vf-icon--avatar.svg\" > \n    \n    <h3 class=\"vf-profile__title\" style=\"text-align: center;\">\n                    <a href=\"https:\/\/agsinz.pharmazie.uni-halle.de\/\" target=\"_self\" class=\"vf-profile__link\">Andrea Sinz<\/a>\n            <\/h3>\n    \n                <p class=\"vf-profile__text\" style=\"text-align: center;\">\n                Martin Luther University Halle-Wittenberg            <\/p>\n                <p class=\"vf-profile__text\" style=\"text-align: center;\">\n                Germany            <\/p>\n    \n    \n      \n\n    \n<\/article>\n\n<\/div>\n<\/div>\n<\/div>\n\n\n\n<div class=\"embl-grid\"><div><!--[vf\/content]-->\n<div class=\"vf-content\">\n\n<article class=\"vf-profile vf-profile--very-easy vf-profile--medium vf-profile--block | vf-u-margin__bottom--400\">\n\n    <img decoding=\"async\" width=\"226\" height=\"300\" src=\"https:\/\/www.embl.org\/about\/info\/course-and-conference-office\/wp-content\/uploads\/Joerg-Standfuss-226x300.png\" class=\"vf-profile__image\" alt=\"\" loading=\"lazy\" itemprop=\"image\" srcset=\"https:\/\/www.embl.org\/about\/info\/course-and-conference-office\/wp-content\/uploads\/Joerg-Standfuss-226x300.png 226w, https:\/\/www.embl.org\/about\/info\/course-and-conference-office\/wp-content\/uploads\/Joerg-Standfuss.png 350w\" sizes=\"auto, (max-width: 226px) 100vw, 226px\" \/>\n    <h3 class=\"vf-profile__title\" style=\"text-align: center;\">\n                    <a href=\"https:\/\/www.psi.ch\/en\/lbr\/people\/jorg-standfuss\" target=\"_self\" class=\"vf-profile__link\">J\u00f6rg Standfuss<\/a>\n            <\/h3>\n    \n                <p class=\"vf-profile__text\" style=\"text-align: center;\">\n                Paul Scherrer Institut            <\/p>\n                <p class=\"vf-profile__text\" style=\"text-align: center;\">\n                Switzerland            <\/p>\n    \n    \n      \n\n    \n<\/article>\n\n<\/div>\n<\/div>\n\n\n<div><!--[vf\/content]-->\n<div class=\"vf-content\">\n\n<article class=\"vf-profile vf-profile--very-easy vf-profile--medium vf-profile--block | vf-u-margin__bottom--400\">\n\n    <img decoding=\"async\" width=\"270\" height=\"270\" src=\"https:\/\/www.embl.org\/about\/info\/course-and-conference-office\/wp-content\/uploads\/Martin-Steinegger.png\" class=\"vf-profile__image\" alt=\"\" loading=\"lazy\" itemprop=\"image\" srcset=\"https:\/\/www.embl.org\/about\/info\/course-and-conference-office\/wp-content\/uploads\/Martin-Steinegger.png 270w, https:\/\/www.embl.org\/about\/info\/course-and-conference-office\/wp-content\/uploads\/Martin-Steinegger-150x150.png 150w\" sizes=\"auto, (max-width: 270px) 100vw, 270px\" \/>\n    <h3 class=\"vf-profile__title\" style=\"text-align: center;\">\n                    <a href=\"https:\/\/steineggerlab.com\/en\/\" target=\"_self\" class=\"vf-profile__link\">Martin Steinegger<\/a>\n            <\/h3>\n    \n                <p class=\"vf-profile__text\" style=\"text-align: center;\">\n                Seoul National University            <\/p>\n                <p class=\"vf-profile__text\" style=\"text-align: center;\">\n                South Korea            <\/p>\n    \n    \n      \n\n    \n<\/article>\n\n<\/div>\n<\/div>\n\n\n<div><!--[vf\/content]-->\n<div class=\"vf-content\">\n\n<article class=\"vf-profile vf-profile--very-easy vf-profile--medium vf-profile--block | vf-u-margin__bottom--400\">\n\n    <img decoding=\"async\" width=\"200\" height=\"200\" src=\"https:\/\/www.embl.org\/about\/info\/course-and-conference-office\/wp-content\/uploads\/Song-Tan.jpg\" class=\"vf-profile__image\" alt=\"\" loading=\"lazy\" itemprop=\"image\" srcset=\"https:\/\/www.embl.org\/about\/info\/course-and-conference-office\/wp-content\/uploads\/Song-Tan.jpg 200w, https:\/\/www.embl.org\/about\/info\/course-and-conference-office\/wp-content\/uploads\/Song-Tan-150x150.jpg 150w\" sizes=\"auto, (max-width: 200px) 100vw, 200px\" \/>\n    <h3 class=\"vf-profile__title\" style=\"text-align: center;\">\n                    <a href=\"https:\/\/sites.psu.edu\/tanlab\/\" target=\"_self\" class=\"vf-profile__link\">Song Tan<\/a>\n            <\/h3>\n    \n                <p class=\"vf-profile__text\" style=\"text-align: center;\">\n                Penn State University            <\/p>\n                <p class=\"vf-profile__text\" style=\"text-align: center;\">\n                USA            <\/p>\n    \n    \n      \n\n    \n<\/article>\n\n<\/div>\n<\/div>\n<\/div>\n\n\n\n<div class=\"embl-grid\"><div><!--[vf\/content]-->\n<div class=\"vf-content\">\n\n<article class=\"vf-profile vf-profile--very-easy vf-profile--medium vf-profile--block | vf-u-margin__bottom--400\">\n\n    <img decoding=\"async\" width=\"300\" height=\"283\" src=\"https:\/\/www.embl.org\/about\/info\/course-and-conference-office\/wp-content\/uploads\/Rebecca-Thompson-300x283.jpg\" class=\"vf-profile__image\" alt=\"\" loading=\"lazy\" itemprop=\"image\" srcset=\"https:\/\/www.embl.org\/about\/info\/course-and-conference-office\/wp-content\/uploads\/Rebecca-Thompson-300x283.jpg 300w, https:\/\/www.embl.org\/about\/info\/course-and-conference-office\/wp-content\/uploads\/Rebecca-Thompson-1024x967.jpg 1024w, https:\/\/www.embl.org\/about\/info\/course-and-conference-office\/wp-content\/uploads\/Rebecca-Thompson-768x725.jpg 768w, https:\/\/www.embl.org\/about\/info\/course-and-conference-office\/wp-content\/uploads\/Rebecca-Thompson-1536x1451.jpg 1536w, https:\/\/www.embl.org\/about\/info\/course-and-conference-office\/wp-content\/uploads\/Rebecca-Thompson-2048x1934.jpg 2048w\" sizes=\"auto, (max-width: 300px) 100vw, 300px\" \/>\n    <h3 class=\"vf-profile__title\" style=\"text-align: center;\">\n                    <a href=\"https:\/\/biologicalsciences.leeds.ac.uk\/molecular-and-cellular-biology\/staff\/405\/dr-rebecca-thompson\" target=\"_self\" class=\"vf-profile__link\">Rebecca Thompson<\/a>\n            <\/h3>\n    \n                <p class=\"vf-profile__text\" style=\"text-align: center;\">\n                Thermo Fisher Scientific            <\/p>\n                <p class=\"vf-profile__text\" style=\"text-align: center;\">\n                UK            <\/p>\n    \n    \n      \n\n    \n<\/article>\n\n<\/div>\n<\/div>\n\n\n<div><!--[vf\/content]-->\n<div class=\"vf-content\">\n\n<article class=\"vf-profile vf-profile--very-easy vf-profile--medium vf-profile--block | vf-u-margin__bottom--400\">\n\n            <img decoding=\"async\" class=\"vf-profile__image\" src=\"https:\/\/dev.assets.emblstatic.net\/vf\/v2.0.0-alpha.6\/assets\/vf-summary\/assets\/vf-icon--avatar.svg\" > \n    \n    <h3 class=\"vf-profile__title\" style=\"text-align: center;\">\n                    <a href=\"https:\/\/www.esrf.fr\/UsersAndScience\/Experiments\/MX\/team-members\" target=\"_self\" class=\"vf-profile__link\">Mark Tully<\/a>\n            <\/h3>\n    \n                <p class=\"vf-profile__text\" style=\"text-align: center;\">\n                European Synchrotron Radiation Facility            <\/p>\n                <p class=\"vf-profile__text\" style=\"text-align: center;\">\n                France            <\/p>\n    \n    \n      \n\n    \n<\/article>\n\n<\/div>\n<\/div>\n\n\n<div><!--[vf\/content]-->\n<div class=\"vf-content\">\n\n<\/div>\n<\/div>\n<\/div>\n\n\n\n<h2 class=\"wp-block-heading\">Trainers<\/h2>\n\n\n\n<p><\/p>\n\n\n\n<figure class=\"wp-block-table\"><table><tbody><tr><td><strong>Name<\/strong><\/td><td><strong>Affiliation<\/strong><\/td><\/tr><tr><td>Shibom Basu<\/td><td>EMBL Grenoble<\/td><\/tr><tr><td>Iskander Khusainov<\/td><td>EMBL Grenoble<\/td><\/tr><tr><td>Eva Kowalinski<\/td><td>EMBL Grenoble<\/td><\/tr><tr><td>Romain Linares<\/td><td>EMBL Grenoble<\/td><\/tr><tr><td>Daniele De Sanctis<\/td><td>European Synchrotron Radiation Facility (ESRF)<\/td><\/tr><tr><td>Eaazhisai Kandiah<\/td><td>European Synchrotron Radiation Facility (ESRF)<\/td><\/tr><tr><td>Hok Sau Kwong<\/td><td>European Synchrotron Radiation Facility (ESRF)<\/td><\/tr><tr><td>Mark Tully<\/td><td>European Synchrotron Radiation Facility (ESRF)<\/td><\/tr><tr><td>Ana Casa\u00f1al<\/td><td>Human Technopole<\/td><\/tr><tr><td>Andrea Graziadel<\/td><td>Human Technopole<\/td><\/tr><tr><td>Cameron Mackereth<\/td><td>INSERM<\/td><\/tr><tr><td>Elisabetta Boeri Erba<\/td><td>Institute de Biologie Structurale (IBS)<\/td><\/tr><tr><td>Bernhard Brutscher<\/td><td>Institute de Biologie Structurale (IBS)<\/td><\/tr><tr><td>Adrien Favier<\/td><td>Institute de Biologie Structurale (IBS)<\/td><\/tr><tr><td>Aline Le Roy<\/td><td>Institute de Biologie Structurale (IBS)<\/td><\/tr><tr><td>Caroline Mas<\/td><td>Institute de Biologie Structurale (IBS)<\/td><\/tr><tr><td>Philippe Mas<\/td><td>Institute de Biologie Structurale (IBS)<\/td><\/tr><tr><td>Felix Weis<\/td><td>Institute de Biologie Structurale (IBS)<\/td><\/tr><\/tbody><\/table><\/figure>\n\n\n\n<h2 class=\"wp-block-heading\">Scientific organisers<\/h2>\n\n\n\n<div class=\"embl-grid\"><div><!--[vf\/content]-->\n<div class=\"vf-content\">\n\n<article class=\"vf-profile vf-profile--very-easy vf-profile--medium vf-profile--block | vf-u-margin__bottom--400\">\n\n    <img decoding=\"async\" width=\"225\" height=\"300\" src=\"https:\/\/www.embl.org\/about\/info\/course-and-conference-office\/wp-content\/uploads\/Ana-Canasal-225x300.jpg\" class=\"vf-profile__image\" alt=\"\" loading=\"lazy\" itemprop=\"image\" srcset=\"https:\/\/www.embl.org\/about\/info\/course-and-conference-office\/wp-content\/uploads\/Ana-Canasal-225x300.jpg 225w, https:\/\/www.embl.org\/about\/info\/course-and-conference-office\/wp-content\/uploads\/Ana-Canasal-768x1024.jpg 768w, https:\/\/www.embl.org\/about\/info\/course-and-conference-office\/wp-content\/uploads\/Ana-Canasal-1152x1536.jpg 1152w, https:\/\/www.embl.org\/about\/info\/course-and-conference-office\/wp-content\/uploads\/Ana-Canasal-1536x2048.jpg 1536w, https:\/\/www.embl.org\/about\/info\/course-and-conference-office\/wp-content\/uploads\/Ana-Canasal.jpg 1920w\" sizes=\"auto, (max-width: 225px) 100vw, 225px\" \/>\n    <h3 class=\"vf-profile__title\" style=\"text-align: center;\">\n                    <a href=\"https:\/\/humantechnopole.it\/en\/people\/ana-casanal\/\" target=\"_self\" class=\"vf-profile__link\">Ana Casa\u00f1al<\/a>\n            <\/h3>\n    \n                <p class=\"vf-profile__text\" style=\"text-align: center;\">\n                Human Technopole            <\/p>\n                <p class=\"vf-profile__text\" style=\"text-align: center;\">\n                Italy            <\/p>\n    \n    \n      \n\n    \n<\/article>\n\n<\/div>\n<\/div>\n\n\n<div><!--[vf\/content]-->\n<div class=\"vf-content\">\n\n<article class=\"vf-profile vf-profile--very-easy vf-profile--medium vf-profile--block | vf-u-margin__bottom--400\">\n\n    <img decoding=\"async\" width=\"155\" height=\"175\" src=\"https:\/\/www.embl.org\/about\/info\/course-and-conference-office\/wp-content\/uploads\/Wojcieh-Galej.jpg\" class=\"vf-profile__image\" alt=\"\" loading=\"lazy\" itemprop=\"image\" \/>\n    <h3 class=\"vf-profile__title\" style=\"text-align: center;\">\n                    <a href=\"https:\/\/www.embl.org\/groups\/galej\/\" target=\"_self\" class=\"vf-profile__link\">Wojciech Galej<\/a>\n            <\/h3>\n    \n                <p class=\"vf-profile__text\" style=\"text-align: center;\">\n                EMBL Grenoble            <\/p>\n                <p class=\"vf-profile__text\" style=\"text-align: center;\">\n                France            <\/p>\n    \n    \n      \n\n    \n<\/article>\n\n<\/div>\n<\/div>\n\n\n<div><!--[vf\/content]-->\n<div class=\"vf-content\">\n\n<article class=\"vf-profile vf-profile--very-easy vf-profile--medium vf-profile--block | vf-u-margin__bottom--400\">\n\n    <img decoding=\"async\" width=\"155\" height=\"175\" src=\"https:\/\/www.embl.org\/about\/info\/course-and-conference-office\/wp-content\/uploads\/Eva-Kowalinski.jpg\" class=\"vf-profile__image\" alt=\"\" loading=\"lazy\" itemprop=\"image\" \/>\n    <h3 class=\"vf-profile__title\" style=\"text-align: center;\">\n                    <a href=\"https:\/\/www.embl.org\/groups\/kowalinski\/\" target=\"_self\" class=\"vf-profile__link\">Eva Kowalinski<\/a>\n            <\/h3>\n    \n                <p class=\"vf-profile__text\" style=\"text-align: center;\">\n                EMBL Grenoble            <\/p>\n                <p class=\"vf-profile__text\" style=\"text-align: center;\">\n                France            <\/p>\n    \n    \n      \n\n    \n<\/article>\n\n<\/div>\n<\/div>\n<\/div>\n\n\n\n<div class=\"embl-grid\"><div><!--[vf\/content]-->\n<div class=\"vf-content\">\n\n<article class=\"vf-profile vf-profile--very-easy vf-profile--medium vf-profile--block | vf-u-margin__bottom--400\">\n\n            <img decoding=\"async\" class=\"vf-profile__image\" src=\"https:\/\/dev.assets.emblstatic.net\/vf\/v2.0.0-alpha.6\/assets\/vf-summary\/assets\/vf-icon--avatar.svg\" > \n    \n    <h3 class=\"vf-profile__title\" style=\"text-align: center;\">\n                    <a href=\"https:\/\/www.ibs.fr\/en\/research\/assembly-dynamics-and-reactivity\/epigenetics-and-molecular-pathways-group-c-petosa\/petosa-team\/?lang=en\" target=\"_self\" class=\"vf-profile__link\">Carlo Petosa<\/a>\n            <\/h3>\n    \n                <p class=\"vf-profile__text\" style=\"text-align: center;\">\n                Institut de Biologie Structurale            <\/p>\n                <p class=\"vf-profile__text\" style=\"text-align: center;\">\n                France            <\/p>\n    \n    \n      \n\n    \n<\/article>\n\n<\/div>\n<\/div>\n\n\n<div><!--[vf\/content]-->\n<div class=\"vf-content\">\n\n<article class=\"vf-profile vf-profile--very-easy vf-profile--medium vf-profile--block | vf-u-margin__bottom--400\">\n\n    <img decoding=\"async\" width=\"92\" height=\"92\" src=\"https:\/\/www.embl.org\/about\/info\/course-and-conference-office\/wp-content\/uploads\/SolerLopez.jpg\" class=\"vf-profile__image\" alt=\"\" loading=\"lazy\" itemprop=\"image\" \/>\n    <h3 class=\"vf-profile__title\" style=\"text-align: center;\">\n                    <a href=\"https:\/\/www.esrf.fr\/home\/Members\/montserrat-soler-lopez.html\" target=\"_self\" class=\"vf-profile__link\">Montserrat Soler Lopez<\/a>\n            <\/h3>\n    \n                <p class=\"vf-profile__text\" style=\"text-align: center;\">\n                European Synchrotron Radiation Facility (ESRF)            <\/p>\n                <p class=\"vf-profile__text\" style=\"text-align: center;\">\n                France            <\/p>\n    \n    \n      \n\n    \n<\/article>\n\n<\/div>\n<\/div>\n\n\n<div><!--[vf\/content]-->\n<div class=\"vf-content\">\n\n<article class=\"vf-profile vf-profile--very-easy vf-profile--medium vf-profile--block | vf-u-margin__bottom--400\">\n\n    <img decoding=\"async\" width=\"155\" height=\"175\" src=\"https:\/\/www.embl.org\/about\/info\/course-and-conference-office\/wp-content\/uploads\/Zielonka-1.jpg\" class=\"vf-profile__image\" alt=\"\" loading=\"lazy\" itemprop=\"image\" \/>\n    <h3 class=\"vf-profile__title\" style=\"text-align: center;\">\n                    <a href=\"https:\/\/www.embl.org\/people\/person\/elisabeth-zielonka\/\" target=\"_self\" class=\"vf-profile__link\">Elisabeth Zielonka<\/a>\n            <\/h3>\n    \n                <p class=\"vf-profile__text\" style=\"text-align: center;\">\n                EMBL Heidelberg            <\/p>\n                <p class=\"vf-profile__text\" style=\"text-align: center;\">\n                German            <\/p>\n    \n    \n      \n\n    \n<\/article>\n\n<\/div>\n<\/div>\n<\/div>\n\n\n\n<h2 class=\"wp-block-heading\">Course organisers<\/h2>\n\n\n\n<div class=\"embl-grid\"><div><!--[vf\/content]-->\n<div class=\"vf-content\">\n\n<article class=\"vf-profile vf-profile--very-easy vf-profile--medium vf-profile--block | vf-u-margin__bottom--400\">\n\n    <img decoding=\"async\" width=\"100\" height=\"113\" src=\"https:\/\/www.embl.org\/about\/info\/course-and-conference-office\/wp-content\/uploads\/2021\/04\/Picture1.jpg\" class=\"vf-profile__image\" alt=\"\" loading=\"lazy\" itemprop=\"image\" \/>\n    <h3 class=\"vf-profile__title\" style=\"text-align: center;\">\n                    Irena Provaznikova            <\/h3>\n    \n                <p class=\"vf-profile__text\" style=\"text-align: center;\">\n                EMBL Heidelberg            <\/p>\n                <p class=\"vf-profile__text\" style=\"text-align: center;\">\n                Germany            <\/p>\n    \n    \n      \n\n    \n<\/article>\n\n<\/div>\n<\/div>\n\n\n<div><!--[vf\/content]-->\n<div class=\"vf-content\">\n\n<article class=\"vf-profile vf-profile--very-easy vf-profile--medium vf-profile--block | vf-u-margin__bottom--400\">\n\n    <img decoding=\"async\" width=\"115\" height=\"135\" src=\"https:\/\/www.embl.org\/about\/info\/course-and-conference-office\/wp-content\/uploads\/sneider_nathalie-6.jpg\" class=\"vf-profile__image\" alt=\"\" loading=\"lazy\" itemprop=\"image\" \/>\n    <h3 class=\"vf-profile__title\" style=\"text-align: center;\">\n                    Nathalie Sneider            <\/h3>\n    \n                <p class=\"vf-profile__text\" style=\"text-align: center;\">\n                EMBL Heidelberg            <\/p>\n                <p class=\"vf-profile__text\" style=\"text-align: center;\">\n                Germany            <\/p>\n    \n    \n      \n\n    \n<\/article>\n\n<\/div>\n<\/div>\n\n\n<div><!--[vf\/content]-->\n<div class=\"vf-content\">\n\n<article class=\"vf-profile vf-profile--very-easy vf-profile--medium vf-profile--block | vf-u-margin__bottom--400\">\n\n    <img decoding=\"async\" width=\"155\" height=\"175\" src=\"https:\/\/www.embl.org\/about\/info\/course-and-conference-office\/wp-content\/uploads\/AngelikaThomasson.jpg\" class=\"vf-profile__image\" alt=\"\" loading=\"lazy\" itemprop=\"image\" \/>\n    <h3 class=\"vf-profile__title\" style=\"text-align: center;\">\n                    Angelika Thomasson            <\/h3>\n    \n                <p class=\"vf-profile__text\" style=\"text-align: center;\">\n                EMBL Grenoble            <\/p>\n                <p class=\"vf-profile__text\" style=\"text-align: center;\">\n                France            <\/p>\n    \n    \n      \n\n    \n<\/article>\n\n<\/div>\n<\/div>\n<\/div>\n<\/section>\n\n\n\n<section class=\"vf-tabs__section\" id=\"vf-tabs__section-programme\"><h2>Final programme<\/h2>\n<p>Are you on social media? Post using<strong> #EMBOMacromolecular <\/strong>and don&#8217;t forget to tag <strong>@EMBLEvents<\/strong>.<\/p>\n\n\n\n<p>Some pre-course work (such as watching pre-recordings, protocol reading and computational exercises) with estimated time 0-10 hours may be required and will be shared in advance of the course.<\/p>\n\n\n\n<p>Some speakers may need to join virtually to give their lecture or Q&amp;A, and the programme is subject to change.<\/p>\n\n\n\n<details  class=\"vf-details\" id=\"\"  >\n<summary class=\"vf-details--summary\">\nDay 1 &#8211; Saturday 1 June 2024<\/summary>\n<div class=\"acf-innerblocks-container\">\n\n<figure class=\"wp-block-table\"><table><thead><tr><th>Time (Europe\/Grenoble)<\/th><th>Speaker<\/th><th>Location<\/th><\/tr><\/thead><tbody><tr><td>12:00 &#8211; 12:30<\/td><td><strong>Arrival and registration<\/strong><\/td><td>ILL\/EMBL Hall<\/td><\/tr><tr><td>12:30 &#8211; 13:30<\/td><td><strong>Buffet lunch<\/strong><\/td><td>ILL\/EMBL Hall<\/td><\/tr><tr><td>13:30 &#8211; 14:00<\/td><td><strong>Opening and course overview<\/strong><\/td><td>EMBL Seminar room<\/td><\/tr><tr><td>14:00 &#8211; 15:30<\/td><td><strong>Student presentations &#8211; Part 1<\/strong><\/td><td>EMBL Seminar room<\/td><\/tr><tr><td>15:30 &#8211; 16:00<\/td><td><strong>Coffee break<\/strong><\/td><td>ILL\/EMBL Hall<\/td><\/tr><tr><td>16:00 &#8211; 17:30<\/td><td><strong>Student presentations &#8211; Part 2<\/strong><\/td><td>EMBL Seminar room<\/td><\/tr><tr><td>17:30 &#8211; 18:00<\/td><td><strong>Break<\/strong><\/td><td>ILL\/EMBL Hall<\/td><\/tr><tr><td>18:00 &#8211; 18:45<\/td><td><strong>Lecture 1: Structural studies of<br>nucleosome binding complexes<\/strong><br>Song Tan &#8211; The Pennsylvania State University, USA<\/td><td>EMBL Seminar room<\/td><\/tr><tr><td>19:00 &#8211; 20:00<\/td><td><strong>Dinner at the EPN campus<\/strong><\/td><td>Bouillon A<\/td><\/tr><\/tbody><\/table><\/figure>\n\n<\/div>\n<\/details>\n\n\n\n<details  class=\"vf-details\" id=\"\"  >\n<summary class=\"vf-details--summary\">\nDay 2 &#8211; Sunday 2 June 2024<\/summary>\n<div class=\"acf-innerblocks-container\">\n\n<figure class=\"wp-block-table\"><table><thead><tr><th>Time (Europe\/Grenoble)<\/th><th>Speaker<\/th><th>Location<\/th><\/tr><\/thead><tbody><tr><td>08:45 &#8211; 09:00<\/td><td><strong>Overview of the day<\/strong><br>Wojciech Galej &#8211; EMBL Grenoble, France<\/td><td>EMBL Seminar room<\/td><\/tr><tr><td>09:00 &#8211; 09:45<\/td><td><strong>Lecture 2: Introduction to protein expression in E. coli<br><\/strong>Christophe Romier &#8211; Institut de g\u00e9n\u00e9tique et de biologie mol\u00e9culaire et cellulaire, France<\/td><td>EMBL Seminar room<\/td><\/tr><tr><td>09:45 &#8211; 10:30<\/td><td><strong>Lecture 3: Eukaryotic expression systems<\/strong><br>Kim Remans &#8211; EMBL Heidelberg, Germany<\/td><td>EMBL Seminar room<\/td><\/tr><tr><td>10:30 &#8211; 11:00<\/td><td><strong>Coffee break<\/strong><\/td><td>ILL\/EMBL Hall<\/td><\/tr><tr><td>11:00 &#8211; 11:45<\/td><td><strong><strong>Lecture 4: Mass spectrometry in structural biology<\/strong><br><\/strong>Andrea Sinz &#8211; Martin Luther University Halle-Wittenberg, Germany<\/td><td>EMBL Seminar room<\/td><\/tr><tr><td>11:45 &#8211; 13:00<\/td><td><strong>Lunch break<\/strong><\/td><td>Canteen<\/td><\/tr><tr><td>13:00 &#8211; 19:00<\/td><td><strong>Social event: visit to Vizille Castle<\/strong><\/td><td><\/td><\/tr><tr><td>19:00 &#8211; 21:00<\/td><td><strong>Group dinner<\/strong><\/td><td>Restaurant Epicurien<\/td><\/tr><\/tbody><\/table><\/figure>\n\n<\/div>\n<\/details>\n\n\n\n<details  class=\"vf-details\" id=\"\"  >\n<summary class=\"vf-details--summary\">\nDay 3 &#8211; Monday 3 June 2024<\/summary>\n<div class=\"acf-innerblocks-container\">\n\n<figure class=\"wp-block-table\"><table><thead><tr><th>Time (Europe\/Grenoble)<\/th><th>Speaker<\/th><th>Location<\/th><\/tr><\/thead><tbody><tr><td>08:45 &#8211; 09:00<\/td><td><strong>Overview of the day<\/strong><br>Carlo Petosa &#8211; Institut de Biologie Structurale, France<\/td><td>IBS<\/td><\/tr><tr><td>09:00 &#8211; 09:45<\/td><td><strong>Lecture 5: Introduction to super-resolution microscopy<\/strong><br>Mark Bates &#8211; Institut f\u00fcr Nanophotonik G\u00f6ttingen, Germany<\/td><td>IBS<\/td><\/tr><tr><td>09:45 &#8211; 10:30<\/td><td><strong>Lecture 6: Single molecule FRET in studying proteins interactions and dynamics<\/strong><br>Sigrid Milles &#8211; Leibniz-Forschungsinstitut f\u00fcr Molekulare Pharmakologie im Forschungsverbund Berlin e.V. (FMP), Germany<\/td><td>IBS<\/td><\/tr><tr><td>10:30 &#8211; 11:00<\/td><td><strong>Coffee break<\/strong><\/td><td><\/td><\/tr><tr><td>11:00 &#8211; 11:45<\/td><td><strong>Lecture 7: Introduction to small angle x-ray scattering<br><\/strong>Mark Tully &#8211; European Synchrotron Radiation Facility, France<\/td><td>IBS<\/td><\/tr><tr><td>11:45 &#8211; 13:15<\/td><td><strong>Poster session 1<\/strong><\/td><td>ILL\/EMBL Hall<\/td><\/tr><tr><td>13:15 &#8211; 14:15<\/td><td><strong>Lunch and networking<\/strong><\/td><td>ILL\/EMBL Hall<\/td><\/tr><tr><td>14:15 &#8211; 16:15<\/td><td><strong>Parallel practical session 1<br><\/strong>Practicals A, B, C, D<br>Participants divided into groups of 4<br>attend one of the practical sessions<br>A: EM intro (P1)<br>B: Biophysics (P9)<br>C: AF(P10)<br>D: MS(P7)<\/td><td>Meeting point ILL\/EMBL Hall<\/td><\/tr><tr><td>16:15 &#8211; 16:45<\/td><td><strong>Coffee break<\/strong><\/td><td>ILL\/EMBL Hall<\/td><\/tr><tr><td>16:45 &#8211; 18:45<\/td><td><strong>Parallel practical session 2<br><\/strong>Practicals A, B, C, D<br>Participants divided into groups of 4<br>attend one of the practical sessions<br>B: EM intro (P1)<br>A: EM analysis (P2)<br>C: Biophysics (P9)<br>D: AF(P10)<\/td><td>Meeting point ILL\/EMBL Hall<\/td><\/tr><tr><td>18:45 &#8211; 19:45<\/td><td><strong>Dinner<\/strong><\/td><td>Canteen<\/td><\/tr><\/tbody><\/table><\/figure>\n\n<\/div>\n<\/details>\n\n\n\n<details  class=\"vf-details\" id=\"\"  >\n<summary class=\"vf-details--summary\">\nDay 4 &#8211; Tuesday 4 June 2024<\/summary>\n<div class=\"acf-innerblocks-container\">\n\n<figure class=\"wp-block-table\"><table><thead><tr><th>Time (Europe\/Grenoble)<\/th><th>Speaker<\/th><th>Location<\/th><\/tr><\/thead><tbody><tr><td>08:45 &#8211; 09:00<\/td><td><strong>Overview of the day<\/strong><br>Montserrat Soler Lopez &#8211; European Synchrotron Radiation Facility, France<\/td><td>IBS<\/td><\/tr><tr><td>09:00 &#8211; 09:45<\/td><td><strong>Lecture 8: Introduction to automated synchrotron crystallography<br><\/strong>Matthew Bowler &#8211; EMBL Grenoble, France<\/td><td>IBS<\/td><\/tr><tr><td>09:45 &#8211; 10:30<\/td><td><strong>Lecture 9: Serial X-ray crystallography<\/strong><br>J\u00f6rg Standfuss &#8211; Paul Scherrer Institut, USA<\/td><td>IBS<\/td><\/tr><tr><td>10:30 &#8211; 11:00<\/td><td><strong>Coffee break<\/strong><\/td><td>IBS<\/td><\/tr><tr><td>11:00 &#8211; 11:45<\/td><td><strong>Lecture 10: Structure prediction and modeling of RNA<br>Janusz Bujnicki<\/strong><br>International Institute of Molecular and Cell Biology in Warsaw, Poland<\/td><td>IBS<\/td><\/tr><tr><td>11:45 &#8211; 12:30<\/td><td><strong>Lecture 11: Integrative structural biology of RNA-protein<br>complexes<br><\/strong>Teresa Carlomagno &#8211; University of Birmingham, UK<\/td><td>IBS<\/td><\/tr><tr><td>12:30 &#8211; 13:30<\/td><td><strong>Lunch<\/strong><\/td><td>Canteen<\/td><\/tr><tr><td>13:30 &#8211; 15:30<\/td><td><strong>Parallel practical session 3<br><\/strong>Practicals A, B, C, D<br>Participants divided into groups of 4<br>attend one of the practical sessions<br>D: Biophysics (P9)<br>C: EM intro (P1)<br>B: EM analysis (P2)<br>A: AF(P10)<\/td><td>Meeting point ILL\/EMBL Hall<\/td><\/tr><tr><td>15:30 &#8211; 16:00<\/td><td><strong>Coffee break<\/strong><\/td><td>ILL\/EMBL Hall<\/td><\/tr><tr><td>16:00 &#8211; 18:00<\/td><td><strong>Parallel practical session 4<br><\/strong>Practicals A, B, C, D<br>Participants divided into groups of 4<br>attend one of the practical sessions<br>A: Biophysics (P9)<br>D: EM intro (P1)<br>C: EM analysis (P2)<br>B: MS(P7)<\/td><td>Meeting point ILL\/EMBL Hall<\/td><\/tr><tr><td>18:00 &#8211; 22:00<\/td><td><strong>Get together with PSB scientists<\/strong><br>Networking event with local PSB scientists with buffet dinner and drinks<\/td><td>ILL\/EMBL Hall<\/td><\/tr><\/tbody><\/table><\/figure>\n\n<\/div>\n<\/details>\n\n\n\n<details  class=\"vf-details\" id=\"\"  >\n<summary class=\"vf-details--summary\">\nDay 5 &#8211; Wednesday 5 June 2024<\/summary>\n<div class=\"acf-innerblocks-container\">\n\n<figure class=\"wp-block-table\"><table><thead><tr><th>Time (Europe\/Grenoble)<\/th><th>Speaker<\/th><th>Location<\/th><\/tr><\/thead><tbody><tr><td>08:45 &#8211; 09:00<\/td><td><strong>Overview of the day<\/strong><br>Wojciech Galej &#8211; EMBL Grenoble, France<\/td><td>IBS<\/td><\/tr><tr><td>09:00 &#8211; 09:45<\/td><td><strong>Lecture 12: Introduction to cryo-EM <\/strong><br>Rebecca Thompson &#8211; Thermo Fisher Scientific, UK<\/td><td>IBS<\/td><\/tr><tr><td>09:45 &#8211; 10:30<\/td><td><strong>Lecture 13: Cryo-electron tomography<\/strong><br>Julia Mahamid &#8211; EMBL Heidelberg, Germany<\/td><td>IBS<\/td><\/tr><tr><td>10:30 &#8211; 11:00<\/td><td><strong>Coffee break<\/strong><\/td><td>ILL\/EMBL Hall<\/td><\/tr><tr><td>11:00 &#8211; 12:30<\/td><td><strong>Poster session 2<\/strong><\/td><td>ILL\/EMBL Hall<\/td><\/tr><tr><td>13:30 &#8211; 15:30<\/td><td><strong>Parallel practical session 5<\/strong><br>Practicals A+B, C, D<br>Participants divided into groups of 4<br>attend one of the practical sessions<br>A+B:NMR (P3)<br>C: MS(P7)<br>D: EM analysis (P2)<\/td><td>Meeting point ILL\/EMBL Hall<\/td><\/tr><tr><td>15:30 &#8211; 16:00<\/td><td><strong>Coffee break<\/strong><\/td><td>ILL\/EMBL Hall<\/td><\/tr><tr><td>16:00 &#8211; 18:00<\/td><td><strong>Parallel practical session 6<br><\/strong>Practicals C+D, A, B<br>Participants divided into groups of 4<br>attend one of the practical sessions<br>C+D:NMR (P3)<br>A: MS(P7)<br>B: AF(P10)<\/td><td>Meeting point ILL\/EMBL Hall<\/td><\/tr><tr><td>18:00<\/td><td><strong>Free evening<\/strong><\/td><td><\/td><\/tr><\/tbody><\/table><\/figure>\n\n<\/div>\n<\/details>\n\n\n\n<details  class=\"vf-details\" id=\"\"  >\n<summary class=\"vf-details--summary\">\nDay 6 &#8211; Thursday 6 June 2024<\/summary>\n<div class=\"acf-innerblocks-container\">\n\n<figure class=\"wp-block-table\"><table><thead><tr><th>Time (Europe\/Grenoble)<\/th><th>Speaker<\/th><th>Location<\/th><\/tr><\/thead><tbody><tr><td>08:45 &#8211; 09:00<\/td><td><strong>Overview of the day<\/strong><br>Eva Kowalinski &#8211; EMBL Grenoble, France<\/td><td>IBS<\/td><\/tr><tr><td>09:00 &#8211; 09:45<\/td><td><strong>Lecture 14: Atomic Force Microscopy<br><\/strong>Luca Costa &#8211; Centre de Biologie Structurale, France<\/td><td>IBS<\/td><\/tr><tr><td>09:45 &#8211; 10:30<\/td><td><strong>Lecture 15: Introduction to NMR spectroscopy<\/strong><br>Cameron Mackereth &#8211; University of Bordeaux, France<\/td><td>IBS<\/td><\/tr><tr><td>10:30 &#8211; 11:00<\/td><td><strong>Coffee break<\/strong><\/td><td>IBS<\/td><\/tr><tr><td>11:00 &#8211; 11:45<\/td><td><strong>Lecture 16: Biophysical characterisation of protein complexes<\/strong><br>Carolina Mas &#8211; Institut de Biologie Structurale, France<\/td><td>IBS<\/td><\/tr><tr><td>11:45 &#8211; 12:30<\/td><td><strong>Lecture 17: Talk title TBC<br><\/strong>Martin Steinegger &#8211; Seoul National University, South Korea<\/td><td>IBS<\/td><\/tr><tr><td>12:30 &#8211; 13:30<\/td><td><strong>Lunch<\/strong><\/td><td>Canteen<\/td><\/tr><tr><td>13:30 &#8211; 15:30<\/td><td><strong>Parallel practical session 7<\/strong><br>Practicals A+B, C, D<br>Participants divided into groups of 4<br>attend one of the practical sessions<br>A+B: Serial prep (P5)<br>C: SAXS (P4)<br>D: XL-MS (P8)<\/td><td>Meeting point ILL\/EMBL Hall<\/td><\/tr><tr><td>15:30 &#8211; 16:00<\/td><td><strong>Coffee break<\/strong><\/td><td>ILL\/EMBL Hall<\/td><\/tr><tr><td>16:00 &#8211; 18:00<\/td><td><strong>Parallel practical session 8<\/strong><br>Practicals A+B, C, D<br>Participants divided into groups of 4<br>attend one of the practical sessions<br>A+B: Serial-MX(P6)<br>D: SAXS (P4)<br>C: XL-MS (P8)<\/td><td>Meeting point ILL\/EMBL Hall<\/td><\/tr><tr><td>18:00<\/td><td><strong>Dinner<\/strong><\/td><td>La Chapelle Restaurant<\/td><\/tr><\/tbody><\/table><\/figure>\n\n<\/div>\n<\/details>\n\n\n\n<details  class=\"vf-details\" id=\"\"  >\n<summary class=\"vf-details--summary\">\nDay 7 &#8211; Friday 7 June 2024<\/summary>\n<div class=\"acf-innerblocks-container\">\n\n<figure class=\"wp-block-table\"><table><thead><tr><th>Time (Europe\/Grenoble)<\/th><th>Speaker<\/th><th>Location<\/th><\/tr><\/thead><tbody><tr><td>08:45 &#8211; 09:00<\/td><td><strong>Overview of the day<\/strong><br>Wojciech Galej &#8211; EMBL Grenoble, France<\/td><td>IBS Seminar Room<\/td><\/tr><tr><td>09:00 &#8211; 09:45<\/td><td><strong>Lecture 18: iNEXT-discovery and and large infrastructures for<br>structural biology<br><\/strong>Anastassis (Tassos) Perrakis &#8211; Netherlands Cancer Institut, The Netherlands<\/td><td>IBS Seminar Room<\/td><\/tr><tr><td>09:45 &#8211; 10:30<\/td><td><strong>Lecture 19: Opportunities and challenges of AI methods in structural<br>biology<\/strong><br>Randy Read &#8211; University of Cambridge, UK<\/td><td>IBS Seminar Room<\/td><\/tr><tr><td>10:30 &#8211; 11:00<\/td><td><strong>Coffee break<\/strong><\/td><td>IBS Seminar Room<\/td><\/tr><tr><td>11:00 &#8211; 11:45<\/td><td><strong>Lecture 20: Mechanistic studies of the<br>RNA surveillance pathways<br><\/strong>Elena Conti &#8211; Max Planck Institute of Biochemistry, Germany<br><\/td><td>IBS Seminar Room<\/td><\/tr><tr><td>11:45 &#8211; 12:30<\/td><td><strong>Panel discussion of responsible conduct of research<\/strong><\/td><td>IBS Seminar Room<\/td><\/tr><tr><td>12:30 &#8211; 13:30<\/td><td><strong>Lunch<\/strong><\/td><td>Canteen<\/td><\/tr><tr><td>13:30 &#8211; 15:30<\/td><td><strong>Parallel practical session 9<\/strong><br>Practicals A, B, C+D<br>Participants divided into groups of 4<br>attend one of the practical sessions<br>C+D: Serial prep (P5)<br>A: SAXS (P4)<br>B: XL-MS (P8)<\/td><td>Meeting point ILL\/EMBL Hall<\/td><\/tr><tr><td>15:30 &#8211; 16:00<\/td><td><strong>Coffee break<\/strong><\/td><td>ILL\/EMBL Hall<\/td><\/tr><tr><td>16:00 &#8211; 18:00<\/td><td><strong>Parallel practical session 10<\/strong><br>Practicals A, B, C+D<br>Participants divided into groups of 4<br>attend one of the practical sessions<br>C+D: Serial-MX(P6)<br>B: SAXS (P4)<br>A: XL-MS (P8)<\/td><td>Meeting point ILL\/EMBL Hall<\/td><\/tr><tr><td>18:00 &#8211; 18:30<\/td><td><strong>Break<\/strong><\/td><td>ILL\/EMBL Hall<\/td><\/tr><tr><td>18:30 &#8211; 19:15<\/td><td><strong>Lecture 21: Structural data<br>visualisation<br><\/strong>Janet Iwasa &#8211; University of Utah, USA<br>(Virtual speaker)<\/td><td>EMBL Seminar room<\/td><\/tr><tr><td>19:15 &#8211; 21:00<\/td><td><strong>Gala dinner<\/strong><\/td><td>Corne d&#8217;or Restaurant<\/td><\/tr><\/tbody><\/table><\/figure>\n\n<\/div>\n<\/details>\n\n\n\n<details  class=\"vf-details\" id=\"\"  >\n<summary class=\"vf-details--summary\">\nDay 8 &#8211; Saturday 8 June 2024<\/summary>\n<div class=\"acf-innerblocks-container\">\n\n<figure class=\"wp-block-table\"><table><thead><tr><th>Time (Europe\/Grenoble)<\/th><th>Speaker<\/th><th>Location<\/th><\/tr><\/thead><tbody><tr><td>08:45 &#8211; 09:00<\/td><td><strong>Overview of the day<\/strong><br>Carlo Petosa &#8211; Institut de Biologie Structurale, France<\/td><td>EMBL Seminar room<\/td><\/tr><tr><td>09:00 &#8211; 09:45<\/td><td><strong>Lecture 22: X-ray imaging in structural biology<br><\/strong>Alexandra Pacureanu &#8211; European Synchrotron Radiation Facility, France<\/td><td>EMBL Seminar room<\/td><\/tr><tr><td>09:45 &#8211; 10:30<\/td><td><strong>L<strong>ecture 23: <\/strong>Phase separation and membraneless organelles<\/strong><br>Maria Hondele &#8211; The Biozentrum, University of Basel, Switzerland<\/td><td>EMBL Seminar room<\/td><\/tr><tr><td>10:30 &#8211; 11:00<\/td><td><strong>Coffee break<\/strong><\/td><td>ILL\/EMBL Hall<\/td><\/tr><tr><td>11:00 &#8211; 11:45<\/td><td><strong>Lecture 25: Structural studies of RNA protein<\/strong> complexes<br>Wojtek Galej, EMBL Grenoble, France<\/td><td>EMBL Seminar room<\/td><\/tr><tr><td>11:45 &#8211; 12:30<\/td><td><strong>Course evaluation<\/strong><\/td><td>EMBL Seminar room<\/td><\/tr><tr><td>12:30 &#8211; 13:30<\/td><td><strong>Lunch<\/strong><\/td><td>Canteen<\/td><\/tr><tr><td>13:30<\/td><td><strong>Departure<\/strong><\/td><td><\/td><\/tr><\/tbody><\/table><\/figure>\n\n<\/div>\n<\/details>\n<\/section>\n\n\n\n<section class=\"vf-tabs__section\" id=\"vf-tabs__section-information\"><h2>Practical information<\/h2>\n<details  class=\"vf-details\" id=\"\"  >\n<summary class=\"vf-details--summary\">\nRegistration fees and motivation letter<\/summary>\n<div class=\"acf-innerblocks-container\">\n\n<p>The course is&nbsp;<strong>limited to 20 participants<\/strong>. For selection purposes, please note that your application will not be considered without a&nbsp;letter of motivation.<\/p>\n\n\n\n<h2 class=\"wp-block-heading\">Registration<\/h2>\n\n\n\n<p><strong>Registration fees<\/strong>&nbsp;include accommodation (location to be confirmed), all meals throughout the duration of the course, admission and course materials. Travel expenses are NOT covered with the registration fee. <br><\/p>\n\n\n\n<figure class=\"wp-block-table\"><table><tbody><tr><td><strong>Academia<\/strong><\/td><td>\u20ac500<\/td><\/tr><tr><td><strong>PhD Student<\/strong><\/td><td>\u20ac500<\/td><\/tr><tr><td><strong>Industry<\/strong><\/td><td>\u20ac1000<\/td><\/tr><\/tbody><\/table><\/figure>\n\n\n\n<p><\/p>\n\n\n\n<p><strong>A letter to support your <\/strong><strong>visa <\/strong><strong>application <\/strong>will be issued, on request, once payment of the registration fee is confirmed. We recommend that you book your visa appointment as soon as possible, to avoid any delay with your visa application.<\/p>\n\n\n\n<h2 class=\"wp-block-heading\">Confirmation and payment<\/h2>\n\n\n\n<p>The registration fee should be paid only after acceptance to the course.&nbsp;The results will be announced approximately 2-3 weeks after the application deadline.<\/p>\n\n\n\n<h2 class=\"wp-block-heading\" id=\"letter\">Motivation letter submission<\/h2>\n\n\n\n<p>After you have logged in and successfully registered, you will receive an email asking you to submit your motivation letter. Click on the link provided and enter your motivation letter in the text box provided. Alternatively you can submit your motivation letter by clicking on the link on the confirmation page directly after registering. <\/p>\n\n\n\n<p><strong>Instructions<\/strong><\/p>\n\n\n\n<ol class=\"wp-block-list\">\n<li>Include your relevant skills, experience and qualifications showing why you would be suitable for the course.<\/li>\n\n\n\n<li>Explain why you would like to attend, including what you can contribute and how you think you will benefit from the course.<\/li>\n<\/ol>\n\n\n\n<p>Please note: <\/p>\n\n\n\n<ul class=\"wp-block-list\">\n<li>The limit of 2000 characters refers to manually typed text and excludes spaces. If an error occurs try using a different web browser (preferably Google Chrome or Mozilla Firefox). <\/li>\n\n\n\n<li>If you copy-paste the text into the form, hidden formatting might still be included which may cause the text to exceed the 2,000 character limit resulting in an error message. We recommend you clear all formatting before pasting in the text. <\/li>\n\n\n\n<li>If you have special symbols in your text, make sure you are using Unicode characters, otherwise these will not be recognised. <\/li>\n<\/ul>\n\n\n\n<p>For detailed instructions, please watch our <a href=\"https:\/\/youtu.be\/M5OHYbAc4mA\">video on how to submit a course motivation letter<\/a>.<\/p>\n\n\n\n<h2 class=\"wp-block-heading\">Further details<\/h2>\n\n\n\n<p>For further information about registration and motivation letter submission please refer to the&nbsp;<a href=\"https:\/\/www.embl.org\/about\/info\/course-and-conference-office\/information-for-participants\/frequently-asked-questions\/#FAQ_motivationletter\">FAQ page<\/a>.<\/p>\n\n<\/div>\n<\/details>\n\n\n\n<details  class=\"vf-details\" id=\"\"  >\n<summary class=\"vf-details--summary\">\nFinancial assistance<\/summary>\n<div class=\"acf-innerblocks-container\">\n\n<h2 class=\"wp-block-heading\"><strong>Financial assistance<\/strong><\/h2>\n\n\n\n<p>Limited financial assistance is provided by the EMBL Advanced Training Centre Corporate Partnership Programme and EMBO in the form of<strong> registration fee waivers<\/strong>, <strong>travel grants and childcare grants<\/strong>.&nbsp;<\/p>\n\n\n\n<p>Your place in the meeting is only confirmed by paying the registration fee, which is mandatory even when receiving a fee waiver.<\/p>\n\n\n\n<p><\/p>\n\n\n\n<h3 class=\"wp-block-heading\"><strong>Registration fee waiver<\/strong><\/h3>\n\n\n\n<p>The <strong>fee waiver<\/strong> will cover the registration sum that you have paid to attend the course.<\/p>\n\n\n\n<h3 class=\"wp-block-heading\"><strong>Travel grant<\/strong><\/h3>\n\n\n\n<p>The <strong>travel grant<\/strong> will cover the cost of travel (airfare, train, bus, taxi, accommodation, visa, and\/or registration fees*) and is provided up to specified caps which are normally as follows:<\/p>\n\n\n\n<p>\u2013 up to \u20ac400 for participants travelling to an EMBL Course within Europe.<\/p>\n\n\n\n<p>\u2013 up to \u20ac1000 for participants travelling to an EMBL Course from outside Europe.<\/p>\n\n\n\n<p>\u2013 up to \u20ac500 for any participant travelling to an EMBO Practical Course.<\/p>\n\n\n\n<p>\u2013 up to \u20ac1000 for any participant working in Chile, India, Singapore or Taiwan travelling to an EMBO Practical Course.<\/p>\n\n\n\n<p>\u2013 up to \u20ac700 for any participant working in Croatia, Czech Republic, Estonia, Greece, Hungary, Italy, Lithuania, Luxembourg, Poland, Slovenia, and Turkey travelling to an EMBO Practical Course.<\/p>\n\n\n\n<p>*Registration fees are only covered for EMBO Practical Courses<\/p>\n\n\n\n<p>The organisers may reduce the grant cap to accommodate more participants. Recipients will be notified of their travel cap amount when they are informed of the outcome of their application. Original receipts must be provided with your signature for all costs incurred within two months of completion of travel. Scanned copies cannot be accepted.<\/p>\n\n\n\n<h3 class=\"wp-block-heading\"><strong>Childcare grant<\/strong><\/h3>\n\n\n\n<p>There is the possibility to apply for a childcare grant to offset child care costs incurred by participants, speakers, trainers and organisers when attending a course. Eligible costs include (but are not limited to) fees for a babysitter or child-care facility and travel costs for a caregiver. Please note that priority will be given to early-stage researchers. There is a limited amount of funding available for the childcare grants and funds will be distributed amongst eligible applicants.<\/p>\n\n\n\n<p><\/p>\n\n\n\n<h3 class=\"wp-block-heading\"><strong>Boehringer Ingelheim Fonds travel grant<\/strong><\/h3>\n\n\n\n<p>Applies to selected courses only. Availability will be indicated during the motivation letter submission process.<\/p>\n\n\n\n<p>This grant covers costs related to your attendance at the course (registration, travel and accommodation costs). The grant is restricted to PhD students and postdocs who conduct basic biomedical research.<\/p>\n\n\n\n<p>Whether you are eligible to apply for a travel grant, depends on when you received your university entrance qualification (e.g. Abitur, A-Levels, High School Diploma, Final State Examination):<\/p>\n\n\n\n<p>&#8211; for PhD and MD students, as well as graduates, the university entrance qualification must not have been obtained more than 11 years ago at the time of the envisaged course<\/p>\n\n\n\n<p>&#8211; for postdocs, the university entrance qualification must not have been obtained more than 13 years ago at the time of the envisaged course<\/p>\n\n\n\n<h2 class=\"wp-block-heading\"><strong>Application<\/strong><\/h2>\n\n\n\n<p>You may apply for financial assistance when submitting your motivation letter for courses. In your application, you will be asked to answer questions regarding why your lab cannot fund your attendance and how your attendance will make a difference to your career. Application for financial support will not affect the outcome of your registration application.<\/p>\n\n\n\n<p>For the Boehringer Ingelheim Fonds Travel Grant, there is a pre-application question during the motivation letter submission process, and if selected you will be requested to complete a standard form and documentation consisting of your travel expense estimation.<\/p>\n\n\n\n<h2 class=\"wp-block-heading\"><strong>Selection<\/strong><\/h2>\n\n\n\n<p>The scientific organisers will select the recipients of registration fee waivers and travel grants during the motivation letter or abstract selection process. Results will be announced approximately 6 \u2013 8 weeks before the event start date, however for some events this may be delayed. Selection results do not impact your admission to the meeting. Selection for registration fee waivers and travel grants is based on scientific merit, your current work or study location, the reasons for needing financial support, and the impact this event will have on your career.<\/p>\n\n\n\n<p>Childcare grants will be allocated in the same timeframe (6-8 weeks before the event start date). Please note that priority will be given to early-stage researchers.<\/p>\n\n\n\n<p><\/p>\n\n\n\n<h2 class=\"wp-block-heading\"><strong>Reimbursement<\/strong><\/h2>\n\n\n\n<p>Costs will be reimbursed after the meeting only once a reimbursement form and original receipts (from travel costs) have been received.<\/p>\n\n\n\n<h2 class=\"wp-block-heading\"><strong>Further details<\/strong><\/h2>\n\n\n\n<p>See our <a href=\"https:\/\/www.embl.org\/about\/info\/course-and-conference-office\/information-for-participants\/external-funding-sources\/\">list of external funding opportunities<\/a> and for further information about financial assistance please refer to the <a href=\"https:\/\/www.embl.org\/about\/info\/course-and-conference-office\/information-for-participants\/frequently-asked-questions\/#FAQ_financialassistance\">FAQ page<\/a>.<\/p>\n\n<\/div>\n<\/details>\n\n\n\n<details  class=\"vf-details\" id=\"\"  >\n<summary class=\"vf-details--summary\">\nAccommodation and travel<\/summary>\n<div class=\"acf-innerblocks-container\">\n\n<h2 class=\"wp-block-heading\">Hotel<\/h2>\n\n\n\n<p>Reservations have been made for course participants at accommodation near the EMBL Grenoble site. More details will be available soon. Note, accommodation is included in the registration fee.&nbsp;<\/p>\n\n\n\n<p><\/p>\n\n\n\n<h2 class=\"wp-block-heading\">Local transport<\/h2>\n\n\n\n<p>Shuttle buses will go from the hotel to EMBL campus and back, mornings and evenings. A bus schedule and location of the bus stops will be made available prior to the meeting.<\/p>\n\n\n\n<h2 class=\"wp-block-heading\">Further details<\/h2>\n\n\n\n<p>Address: EMBL Grenoble, 71 Av. des Martyrs, 38000 Grenoble, France<br><br>From Lyon-Saint Exup\u00e9ry Airport take the airport shuttle bus Lyon-Saint Exup\u00e9ry\u2013Grenoble counter (Satobus) inside the airport or in the bus. A single ticket costs 22\u20ac, a return ticket 33\u20ac.The stop &#8220;Place de la R\u00e9sistance&#8221; is within easy walking distance of the EMBL site.<\/p>\n\n\n\n<p>From Grenoble take Tram B towards \u201cResistance roundabout\u201d and exit at \u201cGrenoble Presquile\u201d. The site entry is 350m away from the stop.<\/p>\n\n\n\n<p>For further information on getting to EMBL Grenoble visit our&nbsp;<a href=\"https:\/\/www.embl.org\/sites\/grenoble\/travel\/\">Travel Information page<\/a>.<br><\/p>\n\n<\/div>\n<\/details>\n\n\n\n<details  class=\"vf-details\" id=\"\"  >\n<summary class=\"vf-details--summary\">\nTechnical requirements and event software<\/summary>\n<div class=\"acf-innerblocks-container\">\n\n<p><\/p>\n\n\n\n<h2 class=\"wp-block-heading\">Technical requirements<\/h2>\n\n\n\n<p>Information will be provided ahead of the course about installing any software required.<\/p>\n\n\n\n<p><\/p>\n\n\n\n<h2 class=\"wp-block-heading\">Event software<\/h2>\n\n\n\n<p>The EMBL eCampus learning platform will be used to collaborate, communicate and network with all of the course participants. All participants will receive information on how to join shortly before the course. We recommend using Chrome, Safari or Mozilla Firefox browsers for eCampus.&nbsp;<br><\/p>\n\n<\/div>\n<\/details>\n\n\n\n<details  class=\"vf-details\" id=\"\"  >\n<summary class=\"vf-details--summary\">\nCOVID-19 related questions<\/summary>\n<div class=\"acf-innerblocks-container\">\n\n<p>Updated information will be provided closer to the time as required.<\/p>\n\n<\/div>\n<\/details>\n<\/section>\n\n\n\n<section class=\"vf-tabs__section\" id=\"vf-tabs__section-sponsors\"><h2>Sponsors<\/h2>\n<p><strong>Event sponsors<\/strong><\/p>\n\n\n\n<div class=\"vf-grid | vf-grid__col-4\"><div><!--[vf\/content]-->\n<div class=\"vf-content\">\n\n<figure class=\"vf-figure wp-block-image size-full\"><img loading=\"lazy\" decoding=\"async\" width=\"480\" height=\"270\" class=\"vf-figure__image\" src=\"https:\/\/www.embl.org\/about\/info\/course-and-conference-office\/wp-content\/uploads\/FRISBI_website_480X270.jpg\" alt=\"\" class=\"wp-image-145655\" srcset=\"https:\/\/www.embl.org\/about\/info\/course-and-conference-office\/wp-content\/uploads\/FRISBI_website_480X270.jpg 480w, https:\/\/www.embl.org\/about\/info\/course-and-conference-office\/wp-content\/uploads\/FRISBI_website_480X270-300x169.jpg 300w\" sizes=\"auto, (max-width: 480px) 100vw, 480px\" \/><\/figure>\n\n<\/div>\n<\/div>\n\n\n<div><!--[vf\/content]-->\n<div class=\"vf-content\">\n\n<figure class=\"vf-figure wp-block-image size-full\"><a href=\"https:\/\/www.thermofisher.com\/\" target=\"_blank\" rel=\"noreferrer noopener\"><img loading=\"lazy\" decoding=\"async\" width=\"480\" height=\"270\" class=\"vf-figure__image\" src=\"https:\/\/www.embl.org\/about\/info\/course-and-conference-office\/wp-content\/uploads\/thermo-fisher-logo-480x270-copy2-14.jpg\" alt=\"\" class=\"wp-image-161349\" srcset=\"https:\/\/www.embl.org\/about\/info\/course-and-conference-office\/wp-content\/uploads\/thermo-fisher-logo-480x270-copy2-14.jpg 480w, https:\/\/www.embl.org\/about\/info\/course-and-conference-office\/wp-content\/uploads\/thermo-fisher-logo-480x270-copy2-14-300x169.jpg 300w\" sizes=\"auto, (max-width: 480px) 100vw, 480px\" \/><\/a><\/figure>\n\n<\/div>\n<\/div>\n\n\n<div><!--[vf\/content]-->\n<div class=\"vf-content\">\n\n<\/div>\n<\/div>\n\n\n<div><!--[vf\/content]-->\n<div class=\"vf-content\">\n\n<\/div>\n<\/div>\n<\/div>\n\n\n\n<p><br><\/p>\n\n\n\n<p><strong>Sponsorship opportunities<\/strong><\/p>\n\n\n\n<p>We offer a variety of event sponsoring possibilities, with the flexibility to select a set sponsorship package or combine individual sponsorship options to suit your event budget.&nbsp;Discounts are available for companies sponsoring multiple events at EMBL Heidelberg.&nbsp;<a href=\"https:\/\/www.embl.org\/events\/\">View other events<\/a>, or contact&nbsp;<a href=\"mailto:sponsorship@embl.de\">sponsorship@embl.de<\/a>&nbsp;for further information.<\/p>\n\n\n\n<p>If you are interested in becoming a media partner of this event, please visit our&nbsp;<a href=\"https:\/\/www.embl.org\/about\/info\/course-and-conference-office\/sponsor-an-event\/#vf-tabs__section-08208670-4ad4-45ca-a4ff-ac6edb6ffd0b\" target=\"_blank\" rel=\"noreferrer noopener\">media partnerships webpage<\/a>.<\/p>\n\n\n\n<div class=\"wp-block-buttons is-layout-flex wp-block-buttons-is-layout-flex\"><p><a href=\"mailto:sponsorship@embl-em.de?subject=%20Request%20a%20Sponsorship%20Brochure&#038;body=Please%20kindly%20send%20me%20the%20sponsorship%20brochure%20for%20(please%20indicate%20the%20event%20your%20are%20interested%20in).\" class=\"vf-button vf-button--primary vf-button--pill\">Request a sponsorship brochure<\/a><\/p><\/div>\n\n\n\n<div class=\"vf-box vf-box--normal vf-box-theme--quaternary | vf-u-margin__bottom--400\">\n      <h3 class=\"vf-box__heading\">\n                Warning                  <\/h3> \n        <p class=\"vf-box__text\">EMBL wishes to warn sponsors of EMBL conferences and courses of fraudulent schemes purporting to offer sponsorship opportunities on behalf of EMBL or affiliated with EMBL officials. One current scam campaign of which we are aware is conducted using the name \u2018Judy Eastman\u2019 (judy@gopcontact.a2hosted.com) and entails approaches to sponsors offering sponsorship opportunities on EMBL\u2019s behalf. Please be kindly advised that all relevant communication regarding sponsorship of EMBL conferences, symposia and courses is handled by EMBL directly and is sent from an official EMBL account. EMBL does not work with any external providers on sponsorship acquisition.<\/p>\n<p class=\"vf-box__text\">Please also note that:<\/p>\n<ul>\n<li><span style=\"font-size: 12pt;\">EMBL never provides attendee lists for purchase. Any offers of such are fraudulent.<\/span><\/li>\n<li><span style=\"font-size: 12pt;\">EMBL will never call or email you to ask for your credit card details or to request a payment.<\/span><\/li>\n<li><span style=\"font-size: 12pt;\">All payments are on invoice.<\/span><\/li>\n<\/ul>\n<p class=\"vf-box__text\">Suspicious communications purportedly from, for or on behalf of EMBL should be reported to EMBL at the following email address sponsorship@embl.de.<\/p>\n<\/div><\/section>\n\n\n\n<section class=\"vf-tabs__section\" id=\"vf-tabs__section-media-kit\"><h2>Media kit<\/h2>\n<p>Want to let others know you&#8217;re attending this event? Take a look at our shareable media and feel free to use them in your social media channels or presentations.<\/p>\n\n\n\n<div class=\"vf-grid | vf-grid__col-3\"><div><!--[vf\/content]-->\n<div class=\"vf-content\">\n\n<figure class=\"vf-figure wp-block-image  | vf-figure--align vf-figure--align-centered  size-medium\"><a href=\"https:\/\/www.embl.org\/about\/info\/course-and-conference-office\/wp-content\/uploads\/MMO24-01-IG-story.png\"><img loading=\"lazy\" decoding=\"async\" width=\"169\" height=\"300\" class=\"vf-figure__image\" src=\"https:\/\/www.embl.org\/about\/info\/course-and-conference-office\/wp-content\/uploads\/MMO24-01-IG-story-169x300.png\" alt=\"\" class=\"wp-image-147181\" srcset=\"https:\/\/www.embl.org\/about\/info\/course-and-conference-office\/wp-content\/uploads\/MMO24-01-IG-story-169x300.png 169w, https:\/\/www.embl.org\/about\/info\/course-and-conference-office\/wp-content\/uploads\/MMO24-01-IG-story-576x1024.png 576w, https:\/\/www.embl.org\/about\/info\/course-and-conference-office\/wp-content\/uploads\/MMO24-01-IG-story-768x1365.png 768w, https:\/\/www.embl.org\/about\/info\/course-and-conference-office\/wp-content\/uploads\/MMO24-01-IG-story-864x1536.png 864w, https:\/\/www.embl.org\/about\/info\/course-and-conference-office\/wp-content\/uploads\/MMO24-01-IG-story.png 1080w\" sizes=\"auto, (max-width: 169px) 100vw, 169px\" \/><\/a><figcaption class=\"vf-figure__caption\">Social 1080&#215;1920<\/figcaption><\/figure>\n\n<\/div>\n<\/div>\n\n\n<div><!--[vf\/content]-->\n<div class=\"vf-content\">\n\n<figure class=\"vf-figure wp-block-image size-large is-style-default\"><a href=\"https:\/\/www.embl.org\/about\/info\/course-and-conference-office\/wp-content\/uploads\/MMO24-01-media-kit-IG.png\"><img loading=\"lazy\" decoding=\"async\" width=\"1024\" height=\"1024\" class=\"vf-figure__image\" src=\"https:\/\/www.embl.org\/about\/info\/course-and-conference-office\/wp-content\/uploads\/MMO24-01-media-kit-IG-1024x1024.png\" alt=\"\" class=\"wp-image-147173\" srcset=\"https:\/\/www.embl.org\/about\/info\/course-and-conference-office\/wp-content\/uploads\/MMO24-01-media-kit-IG-1024x1024.png 1024w, https:\/\/www.embl.org\/about\/info\/course-and-conference-office\/wp-content\/uploads\/MMO24-01-media-kit-IG-300x300.png 300w, https:\/\/www.embl.org\/about\/info\/course-and-conference-office\/wp-content\/uploads\/MMO24-01-media-kit-IG-150x150.png 150w, https:\/\/www.embl.org\/about\/info\/course-and-conference-office\/wp-content\/uploads\/MMO24-01-media-kit-IG-768x768.png 768w, https:\/\/www.embl.org\/about\/info\/course-and-conference-office\/wp-content\/uploads\/MMO24-01-media-kit-IG.png 1080w\" sizes=\"auto, (max-width: 1024px) 100vw, 1024px\" \/><\/a><figcaption class=\"vf-figure__caption\">Social 1080&#215;1080<\/figcaption><\/figure>\n\n<\/div>\n<\/div>\n\n\n<div><!--[vf\/content]-->\n<div class=\"vf-content\">\n\n<figure class=\"vf-figure wp-block-image size-large\"><a href=\"https:\/\/www.embl.org\/about\/info\/course-and-conference-office\/wp-content\/uploads\/MMD24-01-Twitter.png\"><img loading=\"lazy\" decoding=\"async\" width=\"1024\" height=\"576\" class=\"vf-figure__image\" src=\"https:\/\/www.embl.org\/about\/info\/course-and-conference-office\/wp-content\/uploads\/MMD24-01-Twitter-1024x576.png\" alt=\"\" class=\"wp-image-147177\" srcset=\"https:\/\/www.embl.org\/about\/info\/course-and-conference-office\/wp-content\/uploads\/MMD24-01-Twitter-1024x576.png 1024w, https:\/\/www.embl.org\/about\/info\/course-and-conference-office\/wp-content\/uploads\/MMD24-01-Twitter-300x169.png 300w, https:\/\/www.embl.org\/about\/info\/course-and-conference-office\/wp-content\/uploads\/MMD24-01-Twitter-768x432.png 768w, https:\/\/www.embl.org\/about\/info\/course-and-conference-office\/wp-content\/uploads\/MMD24-01-Twitter-1536x864.png 1536w, https:\/\/www.embl.org\/about\/info\/course-and-conference-office\/wp-content\/uploads\/MMD24-01-Twitter.png 1600w\" sizes=\"auto, (max-width: 1024px) 100vw, 1024px\" \/><\/a><figcaption class=\"vf-figure__caption\">Social 1600&#215;900<\/figcaption><\/figure>\n\n<\/div>\n<\/div>\n<\/div>\n\n\n\n<div class=\"vf-grid | vf-grid__col-3\"><div><!--[vf\/content]-->\n<div class=\"vf-content\">\n\n<figure class=\"vf-figure wp-block-image size-large\"><a href=\"https:\/\/www.embl.org\/about\/info\/course-and-conference-office\/wp-content\/uploads\/MMO24-01-AD_EMBO_short_title_slide.png\"><img loading=\"lazy\" decoding=\"async\" width=\"1024\" height=\"576\" class=\"vf-figure__image\" src=\"https:\/\/www.embl.org\/about\/info\/course-and-conference-office\/wp-content\/uploads\/MMO24-01-AD_EMBO_short_title_slide-1024x576.png\" alt=\"\" class=\"wp-image-155091\" srcset=\"https:\/\/www.embl.org\/about\/info\/course-and-conference-office\/wp-content\/uploads\/MMO24-01-AD_EMBO_short_title_slide-1024x576.png 1024w, https:\/\/www.embl.org\/about\/info\/course-and-conference-office\/wp-content\/uploads\/MMO24-01-AD_EMBO_short_title_slide-300x169.png 300w, https:\/\/www.embl.org\/about\/info\/course-and-conference-office\/wp-content\/uploads\/MMO24-01-AD_EMBO_short_title_slide-768x432.png 768w, https:\/\/www.embl.org\/about\/info\/course-and-conference-office\/wp-content\/uploads\/MMO24-01-AD_EMBO_short_title_slide-1536x864.png 1536w, https:\/\/www.embl.org\/about\/info\/course-and-conference-office\/wp-content\/uploads\/MMO24-01-AD_EMBO_short_title_slide.png 1920w\" sizes=\"auto, (max-width: 1024px) 100vw, 1024px\" \/><\/a><figcaption class=\"vf-figure__caption\">PPT Slide 16&#215;9<\/figcaption><\/figure>\n\n<\/div>\n<\/div>\n\n\n<div><!--[vf\/content]-->\n<div class=\"vf-content\">\n\n<\/div>\n<\/div>\n\n\n<div><!--[vf\/content]-->\n<div class=\"vf-content\">\n\n<\/div>\n<\/div>\n<\/div>\n<\/section>\n<\/div><\/div>\n\n\n\n<div class=\"wp-block-group\"><div class=\"wp-block-group__inner-container is-layout-flow wp-block-group-is-layout-flow\"><\/div><\/div>\n","protected":false},"excerpt":{"rendered":"","protected":false},"parent":0,"menu_order":0,"template":"","embl_taxonomy":[],"class_list":["post-121796","vf_event","type-vf_event","status-publish","hentry"],"acf":[],"embl_taxonomy_terms":[],"vf_event_start_date":{"value":"20240601","formatted":"1 June 2024"},"vf_event_end_date":{"value":"20240608","formatted":"8 June 2024"},"vf_event_submission_opening":{"value":"","formatted":""},"vf_event_submission_closing":{"value":"","formatted":""},"vf_event_registration_opening":{"value":"","formatted":""},"vf_event_registration_closing":{"value":"","formatted":""},"vf_event_summary":{"value":"","formatted":""},"vf_event_additional_info":{"value":"","formatted":""},"vf_event_registration_fee":{"value":"","formatted":""},"vf_event_canceled":{"value":"no","formatted":"no"},"vf_event_venue":{"value":"EPN Campus, Grenoble","formatted":"EPN Campus, Grenoble"},"vf_event_unique_identifier":{"value":"","formatted":""},"vf_event_event_type":{"value":"course","formatted":{"value":"course","label":"Course"}},"vf_event_more_information_link":{"value":"https:\/\/www.embl.org\/about\/info\/course-and-conference-office\/events\/mmo24-01\/","formatted":"https:\/\/www.embl.org\/about\/info\/course-and-conference-office\/events\/mmo24-01\/"},"vf_event_registration_link":{"value":"","formatted":""},"vf_event_start_time":{"value":"","formatted":""},"vf_event_end_time":{"value":"","formatted":""},"vf_event_location":{"value":["71"],"formatted":["EMBL Grenoble"]},"vf_event_time_zone":{"value":"europe\/london","formatted":"Europe\/London"},"vf_event_ss_subtype":{"value":null,"formatted":null},"vf_event_embo_subtype":{"value":"embo_course","formatted":{"value":"embo_course","label":"EMBO Practical Course"}},"vf_event_featured":{"value":"0","formatted":false},"vf_event_organisers_listing":{"value":"Ana Casanal, Wojciech Galej, Eva Kowalinski, Carlo Petosa, Montserrat Soler L\u00f3pez","formatted":"Ana Casanal, Wojciech Galej, Eva Kowalinski, Carlo Petosa, Montserrat Soler L\u00f3pez"},"vf_event_displayed":{"value":"EMBO Practical Course","formatted":"EMBO Practical Course"},"vf_event_subjects_training":{"value":[],"formatted":[]},"vf_event_registration_closing_on-site":{"value":"20240310","formatted":"10 Mar 2024"},"vf_event_registration_link_on-site":{"value":"https:\/\/embl.ungerboeck.com\/PROD\/emc00\/register.aspx?aat=imQw4lCpz0VKdKOA6uzUmO07EmtjaCh2Y34Q3d7XMkA%3d","formatted":"https:\/\/embl.ungerboeck.com\/PROD\/emc00\/register.aspx?aat=imQw4lCpz0VKdKOA6uzUmO07EmtjaCh2Y34Q3d7XMkA%3d"},"vf_event_other_location":{"value":null,"formatted":null},"vf_event_qrcode":{"value":null,"formatted":null},"vf_event_custom_overview":{"value":null,"formatted":null},"vf_event_hashtag":{"value":"#EMBOMacromolecular","formatted":"#EMBOMacromolecular"},"vf_event_logo":{"value":"10280","formatted":{"ID":10280,"id":10280,"title":"Organiser_EMBO Practical Course","filename":"EMBO-EMBO-Practical-Course.png","filesize":5175,"url":"https:\/\/www.embl.org\/about\/info\/course-and-conference-office\/wp-content\/uploads\/2021\/03\/EMBO-EMBO-Practical-Course.png","link":"https:\/\/www.embl.org\/about\/info\/course-and-conference-office\/events\/lem21-01\/embo-embo-practical-course\/","alt":"","author":"8","description":"https:\/\/www.embl.org\/about\/info\/course-and-conference-office\/wp-content\/uploads\/2021\/03\/EMBO-EMBO-Practical-Course.png","caption":"","name":"embo-embo-practical-course","status":"inherit","uploaded_to":1151,"date":"2021-08-09 13:46:42","modified":"2022-11-11 10:26:10","menu_order":0,"mime_type":"image\/png","type":"image","subtype":"png","icon":"https:\/\/www.embl.org\/about\/info\/course-and-conference-office\/wp-includes\/images\/media\/default.png","width":383,"height":72,"sizes":{"thumbnail":"https:\/\/www.embl.org\/about\/info\/course-and-conference-office\/wp-content\/uploads\/2021\/03\/EMBO-EMBO-Practical-Course-150x72.png","thumbnail-width":150,"thumbnail-height":72,"medium":"https:\/\/www.embl.org\/about\/info\/course-and-conference-office\/wp-content\/uploads\/2021\/03\/EMBO-EMBO-Practical-Course-300x56.png","medium-width":300,"medium-height":56,"medium_large":"https:\/\/www.embl.org\/about\/info\/course-and-conference-office\/wp-content\/uploads\/2021\/03\/EMBO-EMBO-Practical-Course.png","medium_large-width":383,"medium_large-height":72,"large":"https:\/\/www.embl.org\/about\/info\/course-and-conference-office\/wp-content\/uploads\/2021\/03\/EMBO-EMBO-Practical-Course.png","large-width":383,"large-height":72,"1536x1536":"https:\/\/www.embl.org\/about\/info\/course-and-conference-office\/wp-content\/uploads\/2021\/03\/EMBO-EMBO-Practical-Course.png","1536x1536-width":383,"1536x1536-height":72,"2048x2048":"https:\/\/www.embl.org\/about\/info\/course-and-conference-office\/wp-content\/uploads\/2021\/03\/EMBO-EMBO-Practical-Course.png","2048x2048-width":383,"2048x2048-height":72,"vf-hero":"https:\/\/www.embl.org\/about\/info\/course-and-conference-office\/wp-content\/uploads\/2021\/03\/EMBO-EMBO-Practical-Course.png","vf-hero-width":383,"vf-hero-height":72}}},"vf_event_hero":{"value":"146935","formatted":{"ID":146935,"id":146935,"title":"MMO24-01_hero banner","filename":"MMO24-01_hero-banner.png","filesize":4276384,"url":"https:\/\/www.embl.org\/about\/info\/course-and-conference-office\/wp-content\/uploads\/MMO24-01_hero-banner.png","link":"https:\/\/www.embl.org\/about\/info\/course-and-conference-office\/events\/mmo24-01\/mmo24-01_hero-banner\/","alt":"","author":"56","description":"","caption":"","name":"mmo24-01_hero-banner","status":"inherit","uploaded_to":121796,"date":"2023-12-18 08:39:37","modified":"2023-12-18 08:39:37","menu_order":0,"mime_type":"image\/png","type":"image","subtype":"png","icon":"https:\/\/www.embl.org\/about\/info\/course-and-conference-office\/wp-includes\/images\/media\/default.png","width":3000,"height":1000,"sizes":{"thumbnail":"https:\/\/www.embl.org\/about\/info\/course-and-conference-office\/wp-content\/uploads\/MMO24-01_hero-banner-150x150.png","thumbnail-width":150,"thumbnail-height":150,"medium":"https:\/\/www.embl.org\/about\/info\/course-and-conference-office\/wp-content\/uploads\/MMO24-01_hero-banner-300x100.png","medium-width":300,"medium-height":100,"medium_large":"https:\/\/www.embl.org\/about\/info\/course-and-conference-office\/wp-content\/uploads\/MMO24-01_hero-banner-768x256.png","medium_large-width":768,"medium_large-height":256,"large":"https:\/\/www.embl.org\/about\/info\/course-and-conference-office\/wp-content\/uploads\/MMO24-01_hero-banner-1024x341.png","large-width":1024,"large-height":341,"1536x1536":"https:\/\/www.embl.org\/about\/info\/course-and-conference-office\/wp-content\/uploads\/MMO24-01_hero-banner-1536x512.png","1536x1536-width":1536,"1536x1536-height":512,"2048x2048":"https:\/\/www.embl.org\/about\/info\/course-and-conference-office\/wp-content\/uploads\/MMO24-01_hero-banner-2048x683.png","2048x2048-width":2048,"2048x2048-height":683,"vf-hero":"https:\/\/www.embl.org\/about\/info\/course-and-conference-office\/wp-content\/uploads\/MMO24-01_hero-banner-1224x348.png","vf-hero-width":1224,"vf-hero-height":348}}},"_links":{"self":[{"href":"https:\/\/www.embl.org\/about\/info\/course-and-conference-office\/wp-json\/wp\/v2\/vf_events\/121796","targetHints":{"allow":["GET"]}}],"collection":[{"href":"https:\/\/www.embl.org\/about\/info\/course-and-conference-office\/wp-json\/wp\/v2\/vf_events"}],"about":[{"href":"https:\/\/www.embl.org\/about\/info\/course-and-conference-office\/wp-json\/wp\/v2\/types\/vf_event"}],"version-history":[{"count":92,"href":"https:\/\/www.embl.org\/about\/info\/course-and-conference-office\/wp-json\/wp\/v2\/vf_events\/121796\/revisions"}],"predecessor-version":[{"id":173573,"href":"https:\/\/www.embl.org\/about\/info\/course-and-conference-office\/wp-json\/wp\/v2\/vf_events\/121796\/revisions\/173573"}],"wp:attachment":[{"href":"https:\/\/www.embl.org\/about\/info\/course-and-conference-office\/wp-json\/wp\/v2\/media?parent=121796"}],"wp:term":[{"taxonomy":"embl_taxonomy","embeddable":true,"href":"https:\/\/www.embl.org\/about\/info\/course-and-conference-office\/wp-json\/wp\/v2\/embl_taxonomy?post=121796"}],"curies":[{"name":"wp","href":"https:\/\/api.w.org\/{rel}","templated":true}]}}