{"id":7324,"date":"2021-11-12T09:50:55","date_gmt":"2021-11-12T09:50:55","guid":{"rendered":"https:\/\/www.embl.org\/about\/info\/alumni\/?page_id=7324"},"modified":"2024-07-29T11:51:40","modified_gmt":"2024-07-29T11:51:40","slug":"environmental-research-initiative","status":"publish","type":"page","link":"https:\/\/www.embl.org\/about\/info\/alumni\/make-a-difference\/give\/environmental-research-initiative\/","title":{"rendered":""},"content":{"rendered":"\n<div class=\"vf-grid | vf-grid__col-3\"><div class=\"vf-grid__col--span-2\"><!--[vf\/content]-->\n<div class=\"vf-content\">\n\n<h2 class=\"vf-text vf-text-heading--1\">\n         Environmental Research Initiative       <\/h2>\n\n<\/div>\n<\/div>\n\n\n<div class=\"\"><!--[vf\/content]-->\n<div class=\"vf-content\">\n\n<a href=\"https:\/\/www.embl.org\/about\/info\/support\/my-gift-to-embl\/\" target=\"_blank\">\n    <button class=\"vf-button vf-button--primary\">\n        Donate now    <\/button>\n<\/a>\n<!--\/vf-button-->\n\n\n\n<p><\/p>\n\n<\/div>\n<\/div>\n<\/div>\n\n\n\n<div class=\"vf-grid | vf-grid__col-3\"><div class=\"vf-grid__col--span-2\"><!--[vf\/content]-->\n<div class=\"vf-content\">\n\n<h2 class=\"wp-block-heading\"><strong>The&nbsp;Environmental Research Initiative (ERI), launched at EMBL in 2020, is addressing some of the pressing environmental challenges facing us today through what EMBL does best: molecular life science research. &nbsp;While lifestyle changes are important, we believe that research is urgently needed to deliver the scale and speed necessary for world-changing solutions.<\/strong><\/h2>\n\n<\/div>\n<\/div>\n\n\n<div class=\"\"><!--[vf\/content]-->\n<div class=\"vf-content\">\n\n<article class=\"vf-card vf-card--brand vf-card--bordered vf-u-margin__bottom--800\" default>\n  \n  <div class=\"vf-card__content | vf-stack vf-stack--400\">\n    \n    \n          <ul>\n<li>Amount raised: \u20ac160,340<\/li>\n<li>Original goal for funding one ERI project: \u20ac18,500<\/li>\n<\/ul>\n      <\/div>\n<\/article>\n\n<\/div>\n<\/div>\n<\/div>\n\n\n\n<div class=\"vf-grid | vf-grid__col-3\"><div class=\"vf-grid__col--span-2\"><!--[vf\/content]-->\n<div class=\"vf-content\">\n\n<div class=\"vf-tabs\"><ul class=\"vf-tabs__list\" data-vf-js-tabs=\"true\"><li class=\"vf-tabs__item\"><a class=\"vf-tabs__link\" href=\"#vf-tabs__section-042dab01-46dc-4f7c-b5f5-077b2729ffe6\" data-vf-js-location-nearest-activation-target=\"\">About<\/a><\/li><li class=\"vf-tabs__item\"><a class=\"vf-tabs__link\" href=\"#vf-tabs__section-40c35d5f-c9fc-44cc-9339-ba124b2e7f2a\" data-vf-js-location-nearest-activation-target=\"\">Outcomes<\/a><\/li><li class=\"vf-tabs__item\"><a class=\"vf-tabs__link\" href=\"#vf-tabs__section-6d301c9f-d109-4236-be5b-2d932baa5069\" data-vf-js-location-nearest-activation-target=\"\">FAQ<\/a><\/li><li class=\"vf-tabs__item\"><a class=\"vf-tabs__link\" href=\"#vf-tabs__section-65c72f8c-1279-4966-b819-da54f52dcfc5\" data-vf-js-location-nearest-activation-target=\"\">Donors<\/a><\/li><li class=\"vf-tabs__item\"><a class=\"vf-tabs__link\" href=\"#vf-tabs__section-c2667bcc-a857-4b4d-987e-b933d5f1a17b\" data-vf-js-location-nearest-activation-target=\"\">Contact<\/a><\/li><\/ul><div class=\"vf-tabs-content\" data-vf-js-tabs-content=\"true\">\n<section class=\"vf-tabs__section\" id=\"vf-tabs__section-042dab01-46dc-4f7c-b5f5-077b2729ffe6\"><h2>About<\/h2>\n<p>The Environmental Research Initiative (ERI) provides financial support to EMBL scientists seeking to better understand and tackle environmental challenges. This is done at the moment by funding catalyst projects. In the future, we aspire towards the support of new groups, each focusing on a specific area of research linked to tackling pressing environmental challenges. <\/p>\n\n\n\n<p><strong>The first catalyst project we chose to fund on behalf of alumni was the EMBL Zimmermann group\u2019s exploration of plankton as a tool to combat marine pollution<\/strong>. <strong>Our goal was to raise \u20ac18,500 in support of this project. We raised \u20ac160,000 through donations from 50 alumni. Thank you!<\/strong><\/p>\n\n\n\n<p>In April 2022, the alumni community raised \u20ac7,355 towards funding this project. The second phase of the campaign began in October 2022, bringing in a total of   \u20ac10.340 for the year. This meant that the project could begin. <\/p>\n\n\n\n<p>In early 2023, the project became a collaboration between the Zimmermann and Vincent labs, with postdoctoral fellow Richard Jacoby and predoctoral fellow Soraya Zwahlen recruiting and supervising a masters student, Sandra Kindler, to pilot-test innovative methods and protocols to measure how plankton respond to pollutants. Sandra helped assemble a comprehensive library of approximately 250 chemicals representing priority marine pollutants.<\/p>\n\n\n\n<p>A further success story from this campaign was the engagement of EMBL alumni Roel and Marijke Wijnaendts, who contributed to the campaign and visited EMBL to learn how they could do more. \u201cPlankton is the start of life, and it could also save life,\u201d Roel pointed out during their second visit on 20th June. A week later, Roel and Marijke donated \u20ac150,000 towards ERI. This substantial donation started a chain reaction that led to the order of a plankton scanner for EMBL.<\/p>\n\n\n\n<p>The ERI Plankton catalyst project is still in its early stages. The plankton scanner, however, will open a whole new world of possibilities for seeing plankton, and dramatically advancing research in this area. <strong>This outcome highlights the impact of many smaller donations, without which this larger gift would not have happened.<\/strong><\/p>\n\n\n\n<p>We would once again like to express our heartfelt gratitude to the EMBL community, sharing with you the thank you message from Flora Vincent and her predoctoral fellow, Thomas Beavis, sent to Roel and Marijke while they were on their fieldwork in Tallinn, Estonia.<\/p>\n\n\n\n<figure class=\"vf-figure wp-block-image  | vf-figure--align vf-figure--align-inline-start   size-full is-resized\"><img loading=\"lazy\" decoding=\"async\" width=\"922\" height=\"691\" class=\"vf-figure__image\" src=\"https:\/\/www.embl.org\/about\/info\/alumni\/wp-content\/uploads\/2023\/11\/Picture1.png\" alt=\"\" class=\"wp-image-28931\" style=\"width:703px;height:527px\" srcset=\"https:\/\/www.embl.org\/about\/info\/alumni\/wp-content\/uploads\/2023\/11\/Picture1.png 922w, https:\/\/www.embl.org\/about\/info\/alumni\/wp-content\/uploads\/2023\/11\/Picture1-300x225.png 300w, https:\/\/www.embl.org\/about\/info\/alumni\/wp-content\/uploads\/2023\/11\/Picture1-768x576.png 768w\" sizes=\"auto, (max-width: 922px) 100vw, 922px\" \/><\/figure>\n\n\n\n<p><\/p>\n\n\n\n<h2 class=\"wp-block-heading\">Exploring plankton as a tool to combat marine pollution<\/h2>\n\n\n\n<div class=\"vf-grid | vf-grid__col-3\"><div class=\"\"><!--[vf\/content]-->\n<div class=\"vf-content\">\n\n<figure class=\"vf-figure wp-block-image size-full\"><img loading=\"lazy\" decoding=\"async\" width=\"289\" height=\"214\" class=\"vf-figure__image\" src=\"https:\/\/www.embl.org\/about\/info\/alumni\/wp-content\/uploads\/2022\/04\/Picture2.png\" alt=\"\" class=\"wp-image-10992\"\/><\/figure>\n\n<\/div>\n<\/div>\n\n\n<div class=\"vf-grid__col--span-2\"><!--[vf\/content]-->\n<div class=\"vf-content\">\n\n<p>An accumulation of pollutants in organisms caused by agriculture, industry, and pharmaceuticals is harming marine biodiversity, ecosystems and seafood.<\/p>\n\n\n\n<p>Plankton, tiny organisms carried by tides and currents, are gatekeepers of bioaccumulation, but there is currently a knowledge gap in this area.<\/p>\n\n<\/div>\n<\/div>\n<\/div>\n\n\n\n<p>This project will research plankton as bioindicators rather than fish or molluscs which are typically used as marine bioindicators. Plankton have advantages compared to bigger species, because they control the first step of bioaccumulation, and because they initiate cascades that have knock-on effects on the rest of the ecosystem.<\/p>\n\n\n\n<p>Another key point of difference in this project, compared to other environmental monitoring work, is the use of advanced technologies like sequencing and mass spectrometry. Cutting-edge analytical methods will be deployed to define specific plankton species, the toxic pollutants they absorb and the mechanisms of bioaccumulation.<\/p>\n\n\n\n<p>This pilot will allow us to explore the potential and feasibility of using plankton to study pollutants and their fate in the environment.<\/p>\n\n\n\n<p>This 1-year project costs \u20ac18,500 for a designated masters project plus the consumable costs used in mass spectrometry and sequencing.<\/p>\n\n\n\n<div class=\"vf-embed vf-embed--16x9 | vf-u-margin__bottom--400\"\n>\n<iframe src=\"https:\/\/www.youtube.com\/embed\/2XZifCo8qrQ\" frameborder=\"0\" controls allowfullscreen><\/iframe><\/div>\n\n<\/section>\n\n\n\n<section class=\"vf-tabs__section\" id=\"vf-tabs__section-40c35d5f-c9fc-44cc-9339-ba124b2e7f2a\"><h2>Outcomes<\/h2>\n<p><\/p>\n\n\n\n<p>Three catalyst projects that address pollution from pesticides,&nbsp;nanoplastics&nbsp;and&nbsp;artificial hormones&nbsp;were funded in 2021 from donations amounting to just over \u20ac60,000, thanks to the <a href=\"https:\/\/www.embl.org\/about\/info\/support\/join-the-friends-of-embl\/\">Friends of EMBL programme<\/a> and generous individuals. Find out more about the outcomes of the three projects below:<\/p>\n\n\n\n<ol class=\"wp-block-list\">\n<li>Fighting pesticides with microbes<\/li>\n\n\n\n<li>Cleaning wastewater from artificial hormones<\/li>\n\n\n\n<li>Tackling plastic pollution in the oceans<\/li>\n<\/ol>\n\n\n\n<h2 class=\"wp-block-heading\">1. Fighting pesticides with microbes<\/h2>\n\n\n\n<div class=\"vf-grid | vf-grid__col-3\"><div class=\"\"><!--[vf\/content]-->\n<div class=\"vf-content\">\n\n<figure class=\"vf-figure wp-block-image size-full\"><img loading=\"lazy\" decoding=\"async\" width=\"260\" height=\"206\" class=\"vf-figure__image\" src=\"https:\/\/www.embl.org\/about\/info\/alumni\/wp-content\/uploads\/2022\/04\/Picture4.png\" alt=\"\" class=\"wp-image-10994\"\/><\/figure>\n\n<\/div>\n<\/div>\n\n\n<div class=\"vf-grid__col--span-2\"><!--[vf\/content]-->\n<div class=\"vf-content\">\n\n<p>Pesticides used in agriculture are a major threat for soil and water ecosystems. Although it is known that microbes can break down pesticides, it is still not well understood which microbes do this and how they do it.<\/p>\n\n\n\n<p>In the past year, this project has established a chemical library of 1033 agricultural pesticides,&nbsp;which is a unique resource because no pesticide library was previously commercially available.<\/p>\n\n<\/div>\n<\/div>\n<\/div>\n\n\n\n<p>EMBL developed analytical methods to systematically map which microbes degrade which pesticides and established protocols to monitor pesticide pollution in the field on a large-scale level.<\/p>\n\n\n\n<p>Furthermore, this project made it possible to recruit a dedicated scientist, whose success secured an ARISE fellowship to continue working on this project until 2024.<\/p>\n\n\n\n<p>In the future, this research will help identify ways to better remove pesticides from the environment and to design greener chemicals.<\/p>\n\n\n\n<div class=\"vf-embed vf-embed--16x9 | vf-u-margin__bottom--400\"\n>\n<iframe src=\"https:\/\/www.youtube.com\/embed\/IE0sVHSkMDo\" frameborder=\"0\" controls allowfullscreen><\/iframe><\/div>\n\n\n\n\n<hr class=\"vf-divider\">\n\n\n\n<h2 class=\"wp-block-heading\">2. Cleaning wastewater from artificial hormones<\/h2>\n\n\n\n<div class=\"vf-grid | vf-grid__col-3\"><div class=\"\"><!--[vf\/content]-->\n<div class=\"vf-content\">\n\n<figure class=\"vf-figure wp-block-image size-full\"><img loading=\"lazy\" decoding=\"async\" width=\"233\" height=\"177\" class=\"vf-figure__image\" src=\"https:\/\/www.embl.org\/about\/info\/alumni\/wp-content\/uploads\/2022\/04\/Picture5-1.png\" alt=\"\" class=\"wp-image-10998\"\/><\/figure>\n\n<\/div>\n<\/div>\n\n\n<div class=\"vf-grid__col--span-2\"><!--[vf\/content]-->\n<div class=\"vf-content\">\n\n<p><meta charset=\"utf-8\">The daily use of pharmaceuticals introduces a high load of artificial hormones into the wastewater and the environment, which is harmful to fish and local ecosystems.<strong> <\/strong>However, it is currently a major hurdle to be able to detect and identify these hormones.<\/p>\n\n<\/div>\n<\/div>\n<\/div>\n\n\n\n<p>In 2021, EMBL developed a preliminary computational pipeline, a series of data processing calculations that may help improve the detection of artificial hormones in wastewater. In the near future, real-world samples will be sampled from a local wastewater treatment plant and the computational pipeline will be expanded for more diverse compounds such as steroids. <\/p>\n\n\n\n<p>This will improve the validity and performance of the computational pipeline, which is necessary to improve the detection and identification of artificial hormones.<\/p>\n\n\n\n<div class=\"vf-embed vf-embed--16x9 | vf-u-margin__bottom--400\"\n>\n<iframe src=\"https:\/\/www.youtube.com\/embed\/BZUxcG-dbys\" frameborder=\"0\" controls allowfullscreen><\/iframe><\/div>\n\n\n\n\n<p><\/p>\n\n\n\n<hr class=\"vf-divider\">\n\n\n\n<h2 class=\"wp-block-heading\">3. Tackling plastic pollution in the oceans <\/h2>\n\n\n\n<div class=\"vf-grid | vf-grid__col-3\"><div class=\"\"><!--[vf\/content]-->\n<div class=\"vf-content\">\n\n<figure class=\"vf-figure wp-block-image size-full\"><img loading=\"lazy\" decoding=\"async\" width=\"231\" height=\"177\" class=\"vf-figure__image\" src=\"https:\/\/www.embl.org\/about\/info\/alumni\/wp-content\/uploads\/2022\/04\/Picture6.png\" alt=\"\" class=\"wp-image-11000\"\/><\/figure>\n\n<\/div>\n<\/div>\n\n\n<div class=\"vf-grid__col--span-2\"><!--[vf\/content]-->\n<div class=\"vf-content\">\n\n<p><meta charset=\"utf-8\">Eight million tonnes of plastic waste end up in the oceans each year. This plastic waste eventually breaks down into tiny particles called microplastics and nanoplastics, which can cause serious problems for animals, humans, and ecosystems. However, the precise impacts of nanoplastics remain largely unexplored. <\/p>\n\n<\/div>\n<\/div>\n<\/div>\n\n\n\n<p>Combining advanced X-ray technology and biophysical techniques, EMBL scientists have successfully established a \u2018tool set\u2019, allowing them to take a closer look at the size and shape of nanoplastics. With this new information, they will be able to start analysing the behavior of nanoplastics in \u2018real life samples\u2019 such as water from the rivers, oceans and in physiological relevant solutions such as blood. <\/p>\n\n\n\n<p>This will help them better understand what happens to nanoplastics when they enter the ocean and our bodies and the potential threats to our marine ecosystems and to human health. Key experiments are ongoing. Watch this space for outcomes.<\/p>\n\n\n\n<div class=\"vf-embed vf-embed--16x9 | vf-u-margin__bottom--400\"\n>\n<iframe src=\"https:\/\/www.youtube.com\/embed\/84HZbkxTABA\" frameborder=\"0\" controls allowfullscreen><\/iframe><\/div>\n\n<\/section>\n\n\n\n<section class=\"vf-tabs__section\" id=\"vf-tabs__section-6d301c9f-d109-4236-be5b-2d932baa5069\"><h2>FAQ<\/h2>\n<div class=\"vf-grid | vf-grid__col-1\"><div class=\"\"><!--[vf\/content]-->\n<div class=\"vf-content\">\n\n<details  class=\"vf-details\" id=\"\"  >\n<summary class=\"vf-details--summary\">\nHow does ERI fit with the EMBL Programme?<\/summary>\n<div class=\"acf-innerblocks-container\">\n\n<p>ERI complements the <a href=\"https:\/\/www.embl.org\/about\/programme\/\">EMBL Programme<\/a> by addressing an area of need which is not covered by the EMBL Budget.<\/p>\n\n<\/div>\n<\/details>\n\n<\/div>\n<\/div>\n<\/div>\n\n\n\n<div class=\"vf-grid | vf-grid__col-1\"><div class=\"\"><!--[vf\/content]-->\n<div class=\"vf-content\">\n\n<details  class=\"vf-details\" id=\"\"  >\n<summary class=\"vf-details--summary\">\nWhat is the long-term vision<\/summary>\n<div class=\"acf-innerblocks-container\">\n\n<p>In the future, we aspire towards supporting new groups at EMBL which will focus on a specific area of research linked to tackling pressing environmental challenges.<\/p>\n\n<\/div>\n<\/details>\n\n<\/div>\n<\/div>\n<\/div>\n\n\n\n<div class=\"vf-grid | vf-grid__col-1\"><div class=\"\"><!--[vf\/content]-->\n<div class=\"vf-content\">\n\n<details  class=\"vf-details\" id=\"\"  >\n<summary class=\"vf-details--summary\">\nHow will the money be spent?<\/summary>\n<div class=\"acf-innerblocks-container\">\n\n<p>Donations will be used to fund and kickstart catalyst projects which will build on those already set up. Ultimately, we hope that this grassroots alumni campaign will encourage philanthropists and charitable trusts to help fund ERI on an even larger scale.<\/p>\n\n<\/div>\n<\/details>\n\n<\/div>\n<\/div>\n<\/div>\n\n\n\n<div class=\"vf-grid | vf-grid__col-1\"><div class=\"\"><!--[vf\/content]-->\n<div class=\"vf-content\">\n\n<details  class=\"vf-details\" id=\"\"  >\n<summary class=\"vf-details--summary\">\nHow do I propose a catalyst project?<\/summary>\n<div class=\"acf-innerblocks-container\">\n\n<p>Applications, which are only open to EMBL scientists, are now closed for 2022. To find out more, <a href=\"https:\/\/intranet.embl.de\/communication_outreach\/internal_news\/2020\/201113-eri-catalyst-project-internal-call\/index.html\">click here<\/a> (internal access only)<\/p>\n\n<\/div>\n<\/details>\n\n<\/div>\n<\/div>\n<\/div>\n\n\n\n<div class=\"vf-grid | vf-grid__col-1\"><div class=\"\"><!--[vf\/content]-->\n<div class=\"vf-content\">\n\n<details  class=\"vf-details\" id=\"\"  >\n<summary class=\"vf-details--summary\">\nCan I get involved in other ways?<\/summary>\n<div class=\"acf-innerblocks-container\">\n\n<p>Your support as an ambassador for ERI is invaluable. You can help by spreading the word within your networks and raising awareness of ERI amongst potential donors and anyone with interest or expertise in tackling global environmental challenges.<\/p>\n\n<\/div>\n<\/details>\n\n<\/div>\n<\/div>\n<\/div>\n<\/section>\n\n\n\n<section class=\"vf-tabs__section\" id=\"vf-tabs__section-65c72f8c-1279-4966-b819-da54f52dcfc5\"><h2>Donors<\/h2>\n<p>A huge thanks to all the donors supporting the ERI Alumni fundraising campaign, who are listed below.<\/p>\n\n\n\n<div class=\"embl-grid\"><div class=\"\"><!--[vf\/content]-->\n<div class=\"vf-content\">\n\n<ul class=\"wp-block-list\">\n<li>Andres Gaytan de Ayala Alonso<\/li>\n\n\n\n<li>Maria Teresa Alonso<\/li>\n\n\n\n<li>Bernhard Dobberstein<\/li>\n\n\n\n<li>Alexander Bezler<\/li>\n\n\n\n<li>Christine Blaumueller<\/li>\n\n\n\n<li>Otto Br\u00e4unling<\/li>\n\n\n\n<li>Ma\u00efwen Caudron-Herger<\/li>\n\n\n\n<li>Andrea Cerase<\/li>\n\n\n\n<li>Christian Desaintes<\/li>\n\n\n\n<li>Foteini Fotiadou<\/li>\n\n\n\n<li>Bj\u00f6rn Fritz<\/li>\n\n\n\n<li>Tom Furnival-Adams<\/li>\n\n\n\n<li>F\u00e1tima Gebauer<\/li>\n\n\n\n<li>Gregor Gilfillan<\/li>\n\n\n\n<li>Mark Green<\/li>\n\n\n\n<li>Gareth Griffiths<\/li>\n\n\n\n<li>Matthias Hentze<\/li>\n\n\n\n<li>Stephanie Jones<\/li>\n\n\n\n<li>Norbert Kraut<\/li>\n\n\n\n<li>Armin Lahm<\/li>\n\n\n\n<li>G\u00e0bor Lamm<\/li>\n\n\n\n<li>Tomi M\u00e4\u00e4tt\u00e4<\/li>\n\n\n\n<li>Mark Marsh<\/li>\n\n\n\n<li>Aurora Martinez<\/li>\n\n\n\n<li>Anne-Marie Michon<\/li>\n\n\n\n<li>Tam\u00e1s Orb\u00e1n<\/li>\n\n\n\n<li>Peter Papagiannis<\/li>\n<\/ul>\n\n<\/div>\n<\/div>\n\n\n<div class=\"\"><!--[vf\/content]-->\n<div class=\"vf-content\">\n\n<ul class=\"wp-block-list\">\n<li>Lidia P\u00e9rez<\/li>\n\n\n\n<li>Stephanie Peter<\/li>\n\n\n\n<li>Savvas Petridis<\/li>\n\n\n\n<li>Jean Pieters<\/li>\n\n\n\n<li>Ramesh Pillai<\/li>\n\n\n\n<li>Laure Plantard<\/li>\n\n\n\n<li>Vasileios Rantos<\/li>\n\n\n\n<li>Mehrnoosh Rayner<\/li>\n\n\n\n<li>Brendan Rouse<\/li>\n\n\n\n<li>Chris Sander<\/li>\n\n\n\n<li>Julia and Daniel Schaft<\/li>\n\n\n\n<li>Thomas Schell<\/li>\n\n\n\n<li>Wibke Schwarzer<\/li>\n\n\n\n<li>Gemma Texido<\/li>\n\n\n\n<li>David Tollervey<\/li>\n\n\n\n<li>Peitz Ulrich<\/li>\n\n\n\n<li>Gerrit van Meer<\/li>\n\n\n\n<li>David Venzke<\/li>\n\n\n\n<li>Sonja Welsch<\/li>\n\n\n\n<li>Ambra Villani and Kamil Wolanin<\/li>\n\n\n\n<li>Matthias Wilm<\/li>\n\n\n\n<li>Roelof and Marijke Wijnaendts-van-Resandt<\/li>\n\n\n\n<li>Joana Witkowski<\/li>\n\n\n\n<li>Janos (Hans) Wittmann<\/li>\n\n\n\n<li>Other anonymous donors<\/li>\n<\/ul>\n\n<\/div>\n<\/div>\n\n\n<div class=\"\"><!--[vf\/content]-->\n<div class=\"vf-content\">\n\n<\/div>\n<\/div>\n<\/div>\n\n\n\n<p><em>Funds raised in April were supplemented by a \u20ac1,000 personal donation from Matthias Hentze, as promised during the campaign.<\/em><\/p>\n\n\n\n<p>To view all donors supporting ERI outside this campaign please visit the <a rel=\"noreferrer noopener\" href=\"https:\/\/www.embl.org\/about\/info\/support\/environmental-research-initiative\/eri-supporters\/\" data-type=\"URL\" data-id=\"https:\/\/www.embl.org\/about\/info\/support\/environmental-research-initiative\/eri-supporters\/\" target=\"_blank\">ERI Donors page.<\/a><\/p>\n<\/section>\n\n\n\n<section class=\"vf-tabs__section\" id=\"vf-tabs__section-c2667bcc-a857-4b4d-987e-b933d5f1a17b\"><h2>Contact<\/h2><article class=\"vf-summary vf-summary--has-image\">\n  <img decoding=\"async\" width=\"155\" height=\"120\" src=\"https:\/\/www.embl.org\/about\/info\/alumni\/wp-content\/uploads\/2021\/12\/CP-60002714.jpg\" class=\"vf-summary__image\" alt=\"\" style=\"width: 180px; height: auto; border: 1px solid #d0d0ce\" loading=\"lazy\" itemprop=\"image\" \/>  <h3 class=\"vf-summary__title\">\n                <\/h3>\n  <p class=\"vf-summary__text\">Please get in touch if you would like to find out more:<br \/>\n<a href=\"https:\/\/www.embl.org\/people\/person\/f0b35c7e980f9599a935f119b9b4bd8652631414365cd76709f8887c9071fa63\/\">Mehrnoosh Rayner<\/a><br \/>\nEMBL Head of Alumni Relations<br \/>\nE-mail: rayner[at]embl.de<br \/>\nTel: +49-6221-3878102<\/p>\n<\/article>\n<\/section>\n<\/div><\/div>\n\n<\/div>\n<\/div>\n\n\n<div class=\"\"><!--[vf\/content]-->\n<div class=\"vf-content\">\n\n<\/div>\n<\/div>\n<\/div>\n\n\n\n<div class=\"vf-grid | vf-grid__col-3\"><div class=\"vf-grid__col--span-2\"><!--[vf\/content]-->\n<div class=\"vf-content\">\n\n<h2 class=\"wp-block-heading\"><strong>Alumni support<\/strong><\/h2>\n\n\n\n<p>Through the collective impact of the global EMBL alumni community of more than 5,000 members, we hope to raise sufficient funds on EMBL\u2019s 50th anniversary in 2024 to contribute to an ERI-funded fellowship.<\/p>\n\n\n\n<ul class=\"wp-block-list\">\n<li>Mark EMBL&#8217;s 50th anniversary or the special occasion of a friend, colleague or loved one by creating a Gift Certificate in their name through the online <a href=\"https:\/\/www.embl.org\/about\/info\/support\/my-gift-to-embl\/\">donation form<\/a>&nbsp; \u2013 we will send this to you via e-mail.<\/li>\n\n\n\n<li>Ask us about tax efficient giving if your donation is over \u20ac300, and you live in Germany or the USA.<\/li>\n<\/ul>\n\n\n\n<p><strong><a href=\"https:\/\/www.embl.org\/about\/info\/support\/my-gift-to-embl\/\">Donate now<\/a> and help us support research that addresses urgent global challenges.<br><\/strong><\/p>\n\n<\/div>\n<\/div>\n\n\n<div class=\"\"><!--[vf\/content]-->\n<div class=\"vf-content\">\n\n<\/div>\n<\/div>\n<\/div>\n\n\n\n<div class=\"vf-grid | vf-grid__col-2\"><div class=\"\"><!--[vf\/content]-->\n<div class=\"vf-content\">\n\n<article class=\"vf-profile vf-profile--very-easy vf-profile--small vf-profile--inline | vf-u-margin__bottom--400\">\n\n    <img decoding=\"async\" width=\"155\" height=\"175\" src=\"https:\/\/www.embl.org\/about\/info\/alumni\/wp-content\/uploads\/2022\/04\/Hentze.jpeg\" class=\"vf-profile__image\" alt=\"\" loading=\"lazy\" itemprop=\"image\" \/>\n    <h3 class=\"vf-profile__title\" >\n                    Matthias Hentze            <\/h3>\n    \n                <p class=\"vf-profile__text\" >\n                Director, Co-Director of MMPU            <\/p>\n                <p class=\"vf-profile__text\" >\n                EMBL            <\/p>\n    \n    \n      \n\n    \n<\/article>\n\n\n\n<figure class=\"wp-block-pullquote is-style-default\"><blockquote><p><br><span style=\"background-color: initial;\">&#8220;I started the Environmental Research Initiative (ERI) because I see a tremendous chance in bringing EMBL\u2019s world-leading know-how in the life sciences to the pressing problems of our times. Join me to help find new and creative solutions through research as the most effective way to preserve our environment.\u201d<\/span><\/p><\/blockquote><\/figure>\n\n<\/div>\n<\/div>\n\n\n<div class=\"\"><!--[vf\/content]-->\n<div class=\"vf-content\">\n\n<div class=\"vf-grid | vf-grid__col-1\"><div class=\"\"><!--[vf\/content]-->\n<div class=\"vf-content\">\n\n<article class=\"vf-profile vf-profile--very-easy vf-profile--small vf-profile--inline | vf-u-margin__bottom--400\">\n\n    <img decoding=\"async\" width=\"115\" height=\"130\" src=\"https:\/\/www.embl.org\/about\/info\/alumni\/wp-content\/uploads\/2022\/04\/22_green.jpeg\" class=\"vf-profile__image\" alt=\"\" loading=\"lazy\" itemprop=\"image\" \/>\n    <h3 class=\"vf-profile__title\" >\n                    Mark Green            <\/h3>\n    \n                <p class=\"vf-profile__text\" >\n                EMBL Alumni Association Board member, Former EMBL-EBI Head of Administration            <\/p>\n    \n    \n      \n\n    \n<\/article>\n\n<\/div>\n<\/div>\n<\/div>\n\n\n\n<figure class=\"wp-block-pullquote\"><blockquote><p><br><span style=\"background-color: initial;\">\u201cEMBL is well-placed, within its existing networks, to deepen and deploy the understanding of molecular biology to help combat climate change as it affects the environment, the biodiversity of life, food chains, human disease and wellbeing.&nbsp; Supporting EMBL is one way of supporting these endeavours.\u201d<\/span><\/p><\/blockquote><\/figure>\n\n<\/div>\n<\/div>\n<\/div>\n\n\n\n<p><\/p>\n\n\n\n<hr class=\"vf-divider\">\n\n\n\n<p><\/p>\n","protected":false},"excerpt":{"rendered":"","protected":false},"author":7,"featured_media":0,"parent":695,"menu_order":0,"comment_status":"closed","ping_status":"closed","template":"vf_template_eri.php","meta":{"_acf_changed":false,"footnotes":""},"embl_taxonomy":[],"class_list":["post-7324","page","type-page","status-publish","hentry"],"acf":[],"embl_taxonomy_terms":[],"_links":{"self":[{"href":"https:\/\/www.embl.org\/about\/info\/alumni\/wp-json\/wp\/v2\/pages\/7324","targetHints":{"allow":["GET"]}}],"collection":[{"href":"https:\/\/www.embl.org\/about\/info\/alumni\/wp-json\/wp\/v2\/pages"}],"about":[{"href":"https:\/\/www.embl.org\/about\/info\/alumni\/wp-json\/wp\/v2\/types\/page"}],"author":[{"embeddable":true,"href":"https:\/\/www.embl.org\/about\/info\/alumni\/wp-json\/wp\/v2\/users\/7"}],"replies":[{"embeddable":true,"href":"https:\/\/www.embl.org\/about\/info\/alumni\/wp-json\/wp\/v2\/comments?post=7324"}],"version-history":[{"count":425,"href":"https:\/\/www.embl.org\/about\/info\/alumni\/wp-json\/wp\/v2\/pages\/7324\/revisions"}],"predecessor-version":[{"id":36053,"href":"https:\/\/www.embl.org\/about\/info\/alumni\/wp-json\/wp\/v2\/pages\/7324\/revisions\/36053"}],"up":[{"embeddable":true,"href":"https:\/\/www.embl.org\/about\/info\/alumni\/wp-json\/wp\/v2\/pages\/695"}],"wp:attachment":[{"href":"https:\/\/www.embl.org\/about\/info\/alumni\/wp-json\/wp\/v2\/media?parent=7324"}],"wp:term":[{"taxonomy":"embl_taxonomy","embeddable":true,"href":"https:\/\/www.embl.org\/about\/info\/alumni\/wp-json\/wp\/v2\/embl_taxonomy?post=7324"}],"curies":[{"name":"wp","href":"https:\/\/api.w.org\/{rel}","templated":true}]}}